{"id":21447,"date":"2023-02-16T15:26:12","date_gmt":"2023-02-16T14:26:12","guid":{"rendered":"https:\/\/www.toleranzraeume.org\/%d0%b8%d0%bd%d1%84%d0%be%d1%80%d0%bc%d0%b0%d1%86%d0%b8%d1%8f\/%d1%8d%d0%ba%d1%81%d0%bf%d0%be%d0%b7%d0%b8%d1%86%d0%b8%d1%8f\/"},"modified":"2024-05-23T14:21:34","modified_gmt":"2024-05-23T12:21:34","slug":"%d1%8d%d0%ba%d1%81%d0%bf%d0%be%d0%b7%d0%b8%d1%86%d0%b8%d1%8f","status":"publish","type":"page","link":"https:\/\/www.toleranzraeume.org\/ru\/%d0%b8%d0%bd%d1%84%d0%be%d1%80%d0%bc%d0%b0%d1%86%d0%b8%d1%8f\/%d1%8d%d0%ba%d1%81%d0%bf%d0%be%d0%b7%d0%b8%d1%86%d0%b8%d1%8f\/","title":{"rendered":"\u042d\u043a\u0441\u043f\u043e\u0437\u0438\u0446\u0438\u044f"},"content":{"rendered":"\t\t<div data-elementor-type=\"wp-page\" data-elementor-id=\"21447\" class=\"elementor elementor-21447 elementor-6476\" data-elementor-post-type=\"page\">\n\t\t\t\t\t\t<section class=\"elementor-section elementor-top-section elementor-element elementor-element-a41ae76 elementor-section-boxed elementor-section-height-default elementor-section-height-default\" data-id=\"a41ae76\" data-element_type=\"section\" data-settings=\"{&quot;background_background&quot;:&quot;classic&quot;}\">\n\t\t\t\t\t\t<div class=\"elementor-container elementor-column-gap-default\">\n\t\t\t\t\t<div class=\"elementor-column elementor-col-100 elementor-top-column elementor-element elementor-element-86ed24c\" data-id=\"86ed24c\" data-element_type=\"column\">\n\t\t\t<div class=\"elementor-widget-wrap elementor-element-populated\">\n\t\t\t\t\t\t<div class=\"elementor-element elementor-element-2f1825a elementor-widget elementor-widget-heading\" data-id=\"2f1825a\" data-element_type=\"widget\" data-widget_type=\"heading.default\">\n\t\t\t\t<div class=\"elementor-widget-container\">\n\t\t\t\t\t<h1 class=\"elementor-heading-title elementor-size-default\">\u042d\u043a\u0441\u043f\u043e\u0437\u0438\u0446\u0438\u044f<\/h1>\t\t\t\t<\/div>\n\t\t\t\t<\/div>\n\t\t\t\t\t<\/div>\n\t\t<\/div>\n\t\t\t\t\t<\/div>\n\t\t<\/section>\n\t\t\t\t<section class=\"elementor-section elementor-top-section elementor-element elementor-element-5cc57de elementor-reverse-mobile elementor-section-boxed elementor-section-height-default elementor-section-height-default\" data-id=\"5cc57de\" data-element_type=\"section\">\n\t\t\t\t\t\t<div class=\"elementor-container elementor-column-gap-default\">\n\t\t\t\t\t<div class=\"elementor-column elementor-col-50 elementor-top-column elementor-element elementor-element-9145320\" data-id=\"9145320\" data-element_type=\"column\">\n\t\t\t<div class=\"elementor-widget-wrap elementor-element-populated\">\n\t\t\t\t\t\t<div class=\"elementor-element elementor-element-29143e5 elementor-widget elementor-widget-text-editor\" data-id=\"29143e5\" data-element_type=\"widget\" data-widget_type=\"text-editor.default\">\n\t\t\t\t<div class=\"elementor-widget-container\">\n\t\t\t\t\t\t\t\t\t<p>\u042d\u043a\u0441\u043f\u043e\u0437\u0438\u0446\u0438\u044f ToleranzR\u00e4ume \u043e\u0444\u043e\u0440\u043c\u043b\u0435\u043d\u0430 \u0432 \u0432\u0438\u0434\u0435 \u043a\u0440\u0430\u0441\u043e\u0447\u043d\u044b\u0445 \u0432\u044b\u0441\u0442\u0430\u0432\u043e\u0447\u043d\u044b\u0445 \u043a\u043e\u043d\u0442\u0435\u0439\u043d\u0435\u0440\u043e\u0432, \u043a\u043e\u0442\u043e\u0440\u044b\u0435 \u0440\u0430\u0441\u043f\u043e\u043b\u0430\u0433\u0430\u044e\u0442\u0441\u044f \u0432 \u043e\u0436\u0438\u0432\u043b\u0435\u043d\u043d\u044b\u0445 \u043c\u0435\u0441\u0442\u0430\u0445 \u043d\u0435\u043c\u0435\u0446\u043a\u0438\u0445 \u0441\u043e\u043e\u0431\u0449\u0435\u0441\u0442\u0432. \u0415\u0435 \u0446\u0435\u043b\u044c \u2014 \u043f\u043e\u0437\u0432\u043e\u043b\u0438\u0442\u044c \u0430\u0443\u0434\u0438\u0442\u043e\u0440\u0438\u0438 \u043f\u043e-\u043d\u043e\u0432\u043e\u043c\u0443 \u0432\u0437\u0433\u043b\u044f\u043d\u0443\u0442\u044c \u043d\u0430 \u0442\u0435\u043c\u0443 \u0442\u043e\u043b\u0435\u0440\u0430\u043d\u0442\u043d\u043e\u0441\u0442\u0438 \u0438 \u043d\u0430 \u0436\u0438\u0437\u043d\u0435\u043d\u043d\u044b\u0435 \u043c\u0438\u0440\u044b \u0434\u0440\u0443\u0433\u0438\u0445 \u043b\u044e\u0434\u0435\u0439. \u0412\u0435\u0434\u044c \u0441\u043e\u0441\u0442\u0440\u0430\u0434\u0430\u043d\u0438\u0435 \u044f\u0432\u043b\u044f\u0435\u0442\u0441\u044f \u043f\u0440\u043e\u0438\u0437\u0432\u043e\u0434\u043d\u044b\u043c \u043e\u0442 \u043f\u043e\u043d\u0438\u043c\u0430\u043d\u0438\u044f. \u041f\u043e\u043d\u0438\u043c\u0430\u043d\u0438\u0435 \u2014 \u044d\u0442\u043e \u043e\u0441\u043d\u043e\u0432\u0430 \u0432\u0437\u0430\u0438\u043c\u043e\u0443\u0432\u0430\u0436\u0435\u043d\u0438\u044f<\/p>\n\t\t\t\t\t\t\t\t<\/div>\n\t\t\t\t<\/div>\n\t\t\t\t\t<\/div>\n\t\t<\/div>\n\t\t\t\t<div class=\"elementor-column elementor-col-50 elementor-top-column elementor-element elementor-element-9be4e32\" data-id=\"9be4e32\" data-element_type=\"column\">\n\t\t\t<div class=\"elementor-widget-wrap elementor-element-populated\">\n\t\t\t\t\t\t<div class=\"elementor-element elementor-element-77be95f elementor-widget elementor-widget-image\" data-id=\"77be95f\" data-element_type=\"widget\" data-widget_type=\"image.default\">\n\t\t\t\t<div class=\"elementor-widget-container\">\n\t\t\t\t\t\t\t\t\t\t\t\t\t\t\t<img fetchpriority=\"high\" decoding=\"async\" width=\"1024\" height=\"683\" src=\"https:\/\/www.toleranzraeume.org\/wp-content\/uploads\/2023\/05\/DSCF1647-1024x683.jpg\" class=\"attachment-large size-large wp-image-20668\" alt=\"\" srcset=\"https:\/\/www.toleranzraeume.org\/wp-content\/uploads\/2023\/05\/DSCF1647-1024x683.jpg 1024w, https:\/\/www.toleranzraeume.org\/wp-content\/uploads\/2023\/05\/DSCF1647-300x200.jpg 300w, https:\/\/www.toleranzraeume.org\/wp-content\/uploads\/2023\/05\/DSCF1647-768x512.jpg 768w, https:\/\/www.toleranzraeume.org\/wp-content\/uploads\/2023\/05\/DSCF1647.jpg 1200w\" sizes=\"(max-width: 1024px) 100vw, 1024px\" \/>\t\t\t\t\t\t\t\t\t\t\t\t\t\t\t<\/div>\n\t\t\t\t<\/div>\n\t\t\t\t\t<\/div>\n\t\t<\/div>\n\t\t\t\t\t<\/div>\n\t\t<\/section>\n\t\t\t\t<section class=\"elementor-section elementor-top-section elementor-element elementor-element-5940ee5a elementor-section-boxed elementor-section-height-default elementor-section-height-default\" data-id=\"5940ee5a\" data-element_type=\"section\" id=\"toleranzraeume\">\n\t\t\t\t\t\t<div class=\"elementor-container elementor-column-gap-default\">\n\t\t\t\t\t<div class=\"elementor-column elementor-col-100 elementor-top-column elementor-element elementor-element-3bbd1d9c\" data-id=\"3bbd1d9c\" data-element_type=\"column\">\n\t\t\t<div class=\"elementor-widget-wrap elementor-element-populated\">\n\t\t\t\t\t\t<section class=\"elementor-section elementor-inner-section elementor-element elementor-element-b8a728d elementor-section-boxed elementor-section-height-default elementor-section-height-default\" data-id=\"b8a728d\" data-element_type=\"section\">\n\t\t\t\t\t\t<div class=\"elementor-container elementor-column-gap-default\">\n\t\t\t\t\t<div class=\"elementor-column elementor-col-66 elementor-inner-column elementor-element elementor-element-0f18932\" data-id=\"0f18932\" data-element_type=\"column\">\n\t\t\t<div class=\"elementor-widget-wrap elementor-element-populated\">\n\t\t\t\t\t\t<div class=\"elementor-element elementor-element-c11fc6f elementor-widget elementor-widget-heading\" data-id=\"c11fc6f\" data-element_type=\"widget\" id=\"toleranzraeume\" data-widget_type=\"heading.default\">\n\t\t\t\t<div class=\"elementor-widget-container\">\n\t\t\t\t\t<h2 class=\"elementor-heading-title elementor-size-default\">ToleranzR\u00e4ume<\/h2>\t\t\t\t<\/div>\n\t\t\t\t<\/div>\n\t\t\t\t<div class=\"elementor-element elementor-element-4aa99d65 elementor-widget elementor-widget-heading\" data-id=\"4aa99d65\" data-element_type=\"widget\" data-widget_type=\"heading.default\">\n\t\t\t\t<div class=\"elementor-widget-container\">\n\t\t\t\t\t<h3 class=\"elementor-heading-title elementor-size-default\">\u042d\u043a\u0441\u043f\u043e\u0437\u0438\u0446\u0438\u044f \u0432 \u043f\u0443\u0431\u043b\u0438\u0447\u043d\u043e\u043c \u043f\u0440\u043e\u0441\u0442\u0440\u0430\u043d\u0441\u0442\u0432\u0435 <\/h3>\t\t\t\t<\/div>\n\t\t\t\t<\/div>\n\t\t\t\t<div class=\"elementor-element elementor-element-2178321a elementor-widget elementor-widget-text-editor\" data-id=\"2178321a\" data-element_type=\"widget\" data-widget_type=\"text-editor.default\">\n\t\t\t\t<div class=\"elementor-widget-container\">\n\t\t\t\t\t\t\t\t\t<p>\u041e\u0431\u0449\u0435\u0441\u0442\u0432\u043e \u043c\u043e\u0436\u0435\u0442 \u0444\u0443\u043d\u043a\u0446\u0438\u043e\u043d\u0438\u0440\u043e\u0432\u0430\u0442\u044c \u0442\u043e\u043b\u044c\u043a\u043e \u0442\u043e\u0433\u0434\u0430, \u043a\u043e\u0433\u0434\u0430 \u0435\u0433\u043e \u0447\u043b\u0435\u043d\u044b \u043e\u0442\u043d\u043e\u0441\u044f\u0442\u0441\u044f \u0434\u0440\u0443\u0433 \u043a \u0434\u0440\u0443\u0433\u0443 \u0441 \u0443\u0432\u0430\u0436\u0435\u043d\u0438\u0435\u043c \u0438 \u043e\u0442\u043a\u0440\u044b\u0442\u043e\u0441\u0442\u044c\u044e. \u041e\u0434\u043d\u0430\u043a\u043e \u0441\u0435\u0439\u0447\u0430\u0441 \u0432 \u0413\u0435\u0440\u043c\u0430\u043d\u0438\u0438 \u043c\u044b \u043d\u0430\u0431\u043b\u044e\u0434\u0430\u0435\u043c \u0437\u0430 \u0442\u0435\u043c, \u043a\u0430\u043a \u0447\u0430\u0441\u0442\u043d\u044b\u0435 \u0438 \u043f\u0443\u0431\u043b\u0438\u0447\u043d\u044b\u0435 \u0434\u0438\u0441\u043a\u0443\u0441\u0441\u0438\u0438 \u0441\u0442\u0430\u043d\u043e\u0432\u044f\u0442\u0441\u044f \u0432\u0441\u0435 \u0431\u043e\u043b\u0435\u0435 \u0433\u043e\u0440\u044f\u0447\u0438\u043c\u0438, \u0430 \u043f\u043e\u0440\u043e\u0439 \u0438 \u0432\u043e\u0432\u0441\u0435 \u0438\u0434\u0443\u0442 \u043f\u043e \u043d\u0435\u0432\u0435\u0440\u043d\u043e\u043c\u0443 \u043f\u0443\u0442\u0438. \u0426\u0435\u043b\u044c\u044e \u044d\u043a\u0441\u043f\u043e\u0437\u0438\u0446\u0438\u0438 ToleranzR\u00e4ume \u044f\u0432\u043b\u044f\u0435\u0442\u0441\u044f \u043f\u0440\u043e\u0442\u0438\u0432\u043e\u0434\u0435\u0439\u0441\u0442\u0432\u0438\u0435 \u043f\u043e\u0434\u043e\u0431\u043d\u044b\u043c \u044f\u0432\u043b\u0435\u043d\u0438\u044f\u043c.<\/p>\n\t\t\t\t\t\t\t\t<\/div>\n\t\t\t\t<\/div>\n\t\t\t\t<div class=\"elementor-element elementor-element-59278649 elementor-widget elementor-widget-heading\" data-id=\"59278649\" data-element_type=\"widget\" data-widget_type=\"heading.default\">\n\t\t\t\t<div class=\"elementor-widget-container\">\n\t\t\t\t\t<h3 class=\"elementor-heading-title elementor-size-default\">\u041a \u0447\u0435\u043c\u0443 \u043c\u044b \u043c\u043e\u0436\u0435\u043c \u0431\u044b\u0442\u044c \u0442\u0435\u0440\u043f\u0438\u043c\u044b?<\/h3>\t\t\t\t<\/div>\n\t\t\t\t<\/div>\n\t\t\t\t<div class=\"elementor-element elementor-element-12ebff54 elementor-widget elementor-widget-text-editor\" data-id=\"12ebff54\" data-element_type=\"widget\" data-widget_type=\"text-editor.default\">\n\t\t\t\t<div class=\"elementor-widget-container\">\n\t\t\t\t\t\t\t\t\t<p>\u042d\u043a\u0441\u043f\u043e\u043d\u0430\u0442\u044b ToleranzR\u00e4ume \u0430\u0431\u0441\u043e\u043b\u044e\u0442\u043d\u043e \u0447\u0435\u0442\u043a\u043e \u043e\u043f\u0440\u0435\u0434\u0435\u043b\u044f\u044e\u0442 \u0442\u043e\u043b\u0435\u0440\u0430\u043d\u0442\u043d\u043e\u0441\u0442\u044c \u043a\u0430\u043a \u043f\u0440\u0435\u0434\u043c\u0435\u0442 \u043e\u0431\u0441\u0443\u0436\u0434\u0435\u043d\u0438\u044f. \u041d\u0435 \u043a\u0430\u0436\u0434\u044b\u0439 \u0434\u043e\u043b\u0436\u0435\u043d \u0438\u043b\u0438 \u043c\u043e\u0436\u0435\u0442 \u0431\u044b\u0442\u044c \u0442\u043e\u043b\u0435\u0440\u0430\u043d\u0442\u043d\u044b\u043c \u0432\u043e \u0432\u0441\u0435\u043c. \u0421\u043e\u043e\u0442\u0432\u0435\u0442\u0441\u0442\u0432\u0435\u043d\u043d\u043e, \u0442\u0430\u043a\u0436\u0435 \u0443\u0441\u0442\u0430\u043d\u0430\u0432\u043b\u0438\u0432\u0430\u044e\u0442\u0441\u044f \u0433\u0440\u0430\u043d\u0438\u0446\u044b \u0442\u043e\u043b\u0435\u0440\u0430\u043d\u0442\u043d\u043e\u0441\u0442\u0438: \u0427\u0442\u043e \u043c\u043e\u0436\u0435\u0442 \u0438 \u0447\u0442\u043e \u0445\u043e\u0447\u0435\u0442 \u0442\u0435\u0440\u043f\u0435\u0442\u044c \u043d\u0430\u0448\u0435 \u043e\u0431\u0449\u0435\u0441\u0442\u0432\u043e? \u0410 \u043a\u0430\u043a \u043d\u0430\u0441\u0447\u0435\u0442 \u043c\u0435\u043d\u044f \u0441\u0430\u043c\u043e\u0433\u043e? \u041d\u0435\u043a\u043e\u0442\u043e\u0440\u044b\u0435 \u043e\u0441\u043d\u043e\u0432\u044b \u043d\u0435\u0432\u043e\u0437\u043c\u043e\u0436\u043d\u043e \u043f\u043e\u043a\u043e\u043b\u0435\u0431\u0430\u0442\u044c, \u0438 \u043d\u0435 \u0441\u0442\u043e\u0438\u0442. \u042d\u0442\u043e \u043a\u0430\u0441\u0430\u0435\u0442\u0441\u044f \u043d\u0430\u0448\u0435\u0439 \u041a\u043e\u043d\u0441\u0442\u0438\u0442\u0443\u0446\u0438\u0438 \u0438 \u043f\u0440\u043e\u043f\u0438\u0441\u0430\u043d\u043d\u044b\u0445 \u0432 \u043d\u0435\u0439 \u043e\u0441\u043d\u043e\u0432\u043d\u044b\u0445 \u043f\u0440\u0430\u0432.<\/p>\n\t\t\t\t\t\t\t\t<\/div>\n\t\t\t\t<\/div>\n\t\t\t\t<div class=\"elementor-element elementor-element-1479e322 elementor-widget elementor-widget-heading\" data-id=\"1479e322\" data-element_type=\"widget\" data-widget_type=\"heading.default\">\n\t\t\t\t<div class=\"elementor-widget-container\">\n\t\t\t\t\t<h3 class=\"elementor-heading-title elementor-size-default\">\u0412\u0434\u043e\u0445\u043d\u043e\u0432\u0435\u043d\u0438\u0435 \u0434\u043b\u044f \u043f\u043e\u0432\u0441\u0435\u0434\u043d\u0435\u0432\u043d\u043e\u0439 \u0436\u0438\u0437\u043d\u0438<\/h3>\t\t\t\t<\/div>\n\t\t\t\t<\/div>\n\t\t\t\t<div class=\"elementor-element elementor-element-6c197f5 elementor-widget elementor-widget-text-editor\" data-id=\"6c197f5\" data-element_type=\"widget\" data-widget_type=\"text-editor.default\">\n\t\t\t\t<div class=\"elementor-widget-container\">\n\t\t\t\t\t\t\t\t\t<p>\u041f\u043e\u0441\u0435\u0442\u0438\u0442\u0435\u043b\u0438 \u0434\u043e\u043b\u0436\u043d\u044b \u043f\u043e\u043b\u0443\u0447\u0438\u0442\u044c \u0432\u0434\u043e\u0445\u043d\u043e\u0432\u0435\u043d\u0438\u0435, \u0447\u0442\u043e\u0431\u044b \u0441\u0430\u043c\u043e\u0441\u0442\u043e\u044f\u0442\u0435\u043b\u044c\u043d\u043e \u043d\u0430\u0445\u043e\u0434\u0438\u0442\u044c \u043c\u0430\u043b\u044b\u0435 \u0438 \u0431\u043e\u043b\u044c\u0448\u0438\u0435 \u0432\u043e\u0437\u043c\u043e\u0436\u043d\u043e\u0441\u0442\u0438 \u0434\u043b\u044f \u043f\u043e\u0432\u044b\u0448\u0435\u043d\u0438\u044f \u0443\u0440\u043e\u0432\u043d\u044f \u0443\u0432\u0430\u0436\u0435\u043d\u0438\u044f \u0438 \u0442\u043e\u043b\u0435\u0440\u0430\u043d\u0442\u043d\u043e\u0441\u0442\u0438 \u0432 \u043e\u0431\u0449\u0435\u0441\u0442\u0432\u0435. \u0418\u0431\u043e \u043a\u0430\u0436\u0434\u043e\u043c\u0443 \u0438\u0437 \u043d\u0430\u0441 \u043f\u043e \u0441\u0438\u043b\u0430\u043c \u0441\u0434\u0435\u043b\u0430\u0442\u044c \u043d\u0430\u0448\u0443 \u0441\u043e\u0432\u043c\u0435\u0441\u0442\u043d\u0443\u044e \u0436\u0438\u0437\u043d\u044c \u043d\u0435\u043c\u043d\u043e\u0433\u043e \u043b\u0443\u0447\u0448\u0435. \u042d\u0442\u043e \u0432\u0430\u0436\u043d\u0435\u0439\u0448\u0435\u0435 \u043f\u043e\u0441\u043b\u0430\u043d\u0438\u0435 \u044d\u043a\u0441\u043f\u043e\u0437\u0438\u0446\u0438\u0438 ToleranzR\u00e4ume.<\/p>\n\t\t\t\t\t\t\t\t<\/div>\n\t\t\t\t<\/div>\n\t\t\t\t\t<\/div>\n\t\t<\/div>\n\t\t\t\t<div class=\"elementor-column elementor-col-33 elementor-inner-column elementor-element elementor-element-c52fb4f elementor-hidden-tablet elementor-hidden-mobile\" data-id=\"c52fb4f\" data-element_type=\"column\">\n\t\t\t<div class=\"elementor-widget-wrap\">\n\t\t\t\t\t\t\t<\/div>\n\t\t<\/div>\n\t\t\t\t\t<\/div>\n\t\t<\/section>\n\t\t\t\t<section class=\"elementor-section elementor-inner-section elementor-element elementor-element-1f9a3caf elementor-section-boxed elementor-section-height-default elementor-section-height-default\" data-id=\"1f9a3caf\" data-element_type=\"section\" data-settings=\"{&quot;background_background&quot;:&quot;classic&quot;}\">\n\t\t\t\t\t\t<div class=\"elementor-container elementor-column-gap-default\">\n\t\t\t\t\t<div class=\"elementor-column elementor-col-50 elementor-inner-column elementor-element elementor-element-3a1a3aeb\" data-id=\"3a1a3aeb\" data-element_type=\"column\">\n\t\t\t<div class=\"elementor-widget-wrap elementor-element-populated\">\n\t\t\t\t\t\t<div class=\"elementor-element elementor-element-12c1119c elementor-widget elementor-widget-heading\" data-id=\"12c1119c\" data-element_type=\"widget\" data-widget_type=\"heading.default\">\n\t\t\t\t<div class=\"elementor-widget-container\">\n\t\t\t\t\t<h2 class=\"elementor-heading-title elementor-size-default\">\u0427\u0442\u043e \u043e\u0442\u043a\u0440\u044b\u0432\u0430\u044e\u0442 \u0434\u043b\u044f \u043d\u0430\u0441 \u044d\u043a\u0441\u043f\u043e\u043d\u0430\u0442\u044b ToleranzR\u00e4ume?<\/h2>\t\t\t\t<\/div>\n\t\t\t\t<\/div>\n\t\t\t\t\t<\/div>\n\t\t<\/div>\n\t\t\t\t<div class=\"elementor-column elementor-col-50 elementor-inner-column elementor-element elementor-element-146a27f6\" data-id=\"146a27f6\" data-element_type=\"column\">\n\t\t\t<div class=\"elementor-widget-wrap elementor-element-populated\">\n\t\t\t\t\t\t<div class=\"elementor-element elementor-element-69a59dff elementor-align-left elementor-widget elementor-widget-button\" data-id=\"69a59dff\" data-element_type=\"widget\" data-widget_type=\"button.default\">\n\t\t\t\t<div class=\"elementor-widget-container\">\n\t\t\t\t\t\t\t\t\t<div class=\"elementor-button-wrapper\">\n\t\t\t\t\t<a class=\"elementor-button elementor-button-link elementor-size-sm\" href=\"https:\/\/www.toleranzraeume.org\/ru\/%d0%bf%d0%be%d1%81%d1%80%d0%b5%d0%b4%d0%bd%d0%b8%d1%87%d0%b5%d1%81%d1%82%d0%b2%d0%be\/\">\n\t\t\t\t\t\t<span class=\"elementor-button-content-wrapper\">\n\t\t\t\t\t\t\t\t\t<span class=\"elementor-button-text\">\u041e \u0441\u043e\u0434\u0435\u0440\u0436\u0430\u043d\u0438\u0438 \u044d\u043a\u0441\u043f\u043e\u0437\u0438\u0446\u0438\u0438<\/span>\n\t\t\t\t\t<\/span>\n\t\t\t\t\t<\/a>\n\t\t\t\t<\/div>\n\t\t\t\t\t\t\t\t<\/div>\n\t\t\t\t<\/div>\n\t\t\t\t\t<\/div>\n\t\t<\/div>\n\t\t\t\t\t<\/div>\n\t\t<\/section>\n\t\t\t\t<section class=\"elementor-section elementor-inner-section elementor-element elementor-element-0f8101f elementor-section-boxed elementor-section-height-default elementor-section-height-default\" data-id=\"0f8101f\" data-element_type=\"section\">\n\t\t\t\t\t\t<div class=\"elementor-container elementor-column-gap-default\">\n\t\t\t\t\t<div class=\"elementor-column elementor-col-66 elementor-inner-column elementor-element elementor-element-37963d7\" data-id=\"37963d7\" data-element_type=\"column\">\n\t\t\t<div class=\"elementor-widget-wrap elementor-element-populated\">\n\t\t\t\t\t\t<div class=\"elementor-element elementor-element-f1be680 elementor-widget elementor-widget-heading\" data-id=\"f1be680\" data-element_type=\"widget\" data-widget_type=\"heading.default\">\n\t\t\t\t<div class=\"elementor-widget-container\">\n\t\t\t\t\t<h3 class=\"elementor-heading-title elementor-size-default\">\u041a\u0440\u0430\u0441\u043e\u0447\u043d\u044b\u0435 \u043a\u043e\u043d\u0442\u0435\u0439\u043d\u0435\u0440\u044b \u2014 \u043a\u0440\u0430\u0441\u043e\u0447\u043d\u0430\u044f \u043f\u0440\u043e\u0433\u0440\u0430\u043c\u043c\u0430<\/h3>\t\t\t\t<\/div>\n\t\t\t\t<\/div>\n\t\t\t\t<div class=\"elementor-element elementor-element-6a88ad18 elementor-widget elementor-widget-text-editor\" data-id=\"6a88ad18\" data-element_type=\"widget\" data-widget_type=\"text-editor.default\">\n\t\t\t\t<div class=\"elementor-widget-container\">\n\t\t\t\t\t\t\t\t\t<p>\u041e\u0436\u0438\u0434\u0430\u0435\u0442\u0441\u044f, \u0447\u0442\u043e \u0432 \u0442\u0435\u0447\u0435\u043d\u0438\u0435 \u0441\u043b\u0435\u0434\u0443\u044e\u0449\u0438\u0445 \u043d\u0435\u0441\u043a\u043e\u043b\u044c\u043a\u0438\u0445 \u043b\u0435\u0442 \u043f\u043e \u0441\u0442\u0440\u0430\u043d\u0435 \u0431\u0443\u0434\u0435\u0442 \u043f\u0443\u0442\u0435\u0448\u0435\u0441\u0442\u0432\u043e\u0432\u0430\u0442\u044c \u0434\u043e \u0434\u0435\u0441\u044f\u0442\u0438 \u0442\u0430\u043a\u0438\u0445 \u043a\u043e\u043d\u0442\u0435\u0439\u043d\u0435\u0440\u043e\u0432. \u041e\u043d\u0438 \u0431\u0443\u0434\u0443\u0442 \u0441\u043e\u043f\u0440\u043e\u0432\u043e\u0436\u0434\u0430\u0442\u044c\u0441\u044f \u0440\u0430\u0437\u043d\u043e\u043e\u0431\u0440\u0430\u0437\u043d\u044b\u043c\u0438 \u043c\u0435\u0440\u043e\u043f\u0440\u0438\u044f\u0442\u0438\u044f\u043c\u0438, \u043f\u0440\u043e\u0433\u0440\u0430\u043c\u043c\u0443 \u043a\u043e\u0442\u043e\u0440\u044b\u0445 \u0433\u043e\u0440\u043e\u0434\u0430-\u043e\u0440\u0433\u0430\u043d\u0438\u0437\u0430\u0442\u043e\u0440\u044b \u0431\u0443\u0434\u0443\u0442 \u0440\u0430\u0437\u0440\u0430\u0431\u0430\u0442\u044b\u0432\u0430\u0442\u044c \u0441\u0430\u043c\u043e\u0441\u0442\u043e\u044f\u0442\u0435\u043b\u044c\u043d\u043e.<\/p>\n<p>\u0412\u0435\u0437\u0434\u0435, \u0433\u0434\u0435 \u0431\u0443\u0434\u0435\u0442 \u043e\u0441\u0442\u0430\u043d\u0430\u0432\u043b\u0438\u0432\u0430\u0442\u044c\u0441\u044f \u044d\u043a\u0441\u043f\u043e\u0437\u0438\u0446\u0438\u044f, \u0432 \u0437\u0430\u0432\u0438\u0441\u0438\u043c\u043e\u0441\u0442\u0438 \u043e\u0442 \u0433\u043e\u0440\u043e\u0434\u0430, \u043f\u043e\u043c\u0438\u043c\u043e \u043f\u0440\u043e\u0433\u0440\u0430\u043c\u043c\u044b \u043a\u0443\u043b\u044c\u0442\u0443\u0440\u043d\u044b\u0445 \u043c\u0435\u0440\u043e\u043f\u0440\u0438\u044f\u0442\u0438\u0439, \u0431\u0443\u0434\u0443\u0442 \u043f\u0440\u043e\u0432\u043e\u0434\u0438\u0442\u044c\u0441\u044f \u0441\u0435\u043c\u0438\u043d\u0430\u0440\u044b \u0438 \u043e\u0440\u0433\u0430\u043d\u0438\u0437\u043e\u0432\u044b\u0432\u0430\u0442\u044c\u0441\u044f \u044d\u043a\u0441\u043a\u0443\u0440\u0441\u0438\u043e\u043d\u043d\u044b\u0435 \u043c\u0430\u0440\u0448\u0440\u0443\u0442\u044b \u043a \u044d\u043a\u0441\u043f\u043e\u0437\u0438\u0446\u0438\u0438 \u0438 \u043f\u043e \u043d\u0435\u0439. \u041e\u0440\u0433\u0430\u043d\u0438\u0437\u0430\u0442\u043e\u0440\u043e\u043c \u043f\u0440\u043e\u0435\u043a\u0442\u0430 \u044f\u0432\u043b\u044f\u0435\u0442\u0441\u044f \u043d\u0435\u043a\u043e\u043c\u043c\u0435\u0440\u0447\u0435\u0441\u043a\u043e\u0435 \u043e\u0431\u0449\u0435\u0441\u0442\u0432\u043e Toleranz-Tunnel e.V.<\/p>\n\t\t\t\t\t\t\t\t<\/div>\n\t\t\t\t<\/div>\n\t\t\t\t<div class=\"elementor-element elementor-element-827bdd7 elementor-widget elementor-widget-menu-anchor\" data-id=\"827bdd7\" data-element_type=\"widget\" data-widget_type=\"menu-anchor.default\">\n\t\t\t\t<div class=\"elementor-widget-container\">\n\t\t\t\t\t\t\t<div class=\"elementor-menu-anchor\" id=\"rundgang\"><\/div>\n\t\t\t\t\t\t<\/div>\n\t\t\t\t<\/div>\n\t\t\t\t\t<\/div>\n\t\t<\/div>\n\t\t\t\t<div class=\"elementor-column elementor-col-33 elementor-inner-column elementor-element elementor-element-16faa10 elementor-hidden-tablet elementor-hidden-mobile\" data-id=\"16faa10\" data-element_type=\"column\">\n\t\t\t<div class=\"elementor-widget-wrap\">\n\t\t\t\t\t\t\t<\/div>\n\t\t<\/div>\n\t\t\t\t\t<\/div>\n\t\t<\/section>\n\t\t\t\t\t<\/div>\n\t\t<\/div>\n\t\t\t\t\t<\/div>\n\t\t<\/section>\n\t\t\t\t<section class=\"elementor-section elementor-top-section elementor-element elementor-element-c4a8e2c elementor-section-boxed elementor-section-height-default elementor-section-height-default\" data-id=\"c4a8e2c\" data-element_type=\"section\">\n\t\t\t\t\t\t<div class=\"elementor-container elementor-column-gap-no\">\n\t\t\t\t\t<div class=\"elementor-column elementor-col-100 elementor-top-column elementor-element elementor-element-d0245b8\" data-id=\"d0245b8\" data-element_type=\"column\">\n\t\t\t<div class=\"elementor-widget-wrap elementor-element-populated\">\n\t\t\t\t\t\t<section class=\"elementor-section elementor-inner-section elementor-element elementor-element-32704ad elementor-section-boxed elementor-section-height-default elementor-section-height-default\" data-id=\"32704ad\" data-element_type=\"section\" data-settings=\"{&quot;background_background&quot;:&quot;classic&quot;}\">\n\t\t\t\t\t\t<div class=\"elementor-container elementor-column-gap-default\">\n\t\t\t\t\t<div class=\"elementor-column elementor-col-100 elementor-inner-column elementor-element elementor-element-0974c52\" data-id=\"0974c52\" data-element_type=\"column\">\n\t\t\t<div class=\"elementor-widget-wrap elementor-element-populated\">\n\t\t\t\t\t\t<div class=\"elementor-element elementor-element-2c80b62 elementor-widget elementor-widget-heading\" data-id=\"2c80b62\" data-element_type=\"widget\" data-widget_type=\"heading.default\">\n\t\t\t\t<div class=\"elementor-widget-container\">\n\t\t\t\t\t<h2 class=\"elementor-heading-title elementor-size-default\">\u042d\u043a\u0441\u043a\u0443\u0440\u0441\u0438\u044f \u043f\u043e \u0432\u044b\u0441\u0442\u0430\u0432\u043a\u0435<\/h2>\t\t\t\t<\/div>\n\t\t\t\t<\/div>\n\t\t\t\t\t<\/div>\n\t\t<\/div>\n\t\t\t\t\t<\/div>\n\t\t<\/section>\n\t\t\t\t<div class=\"elementor-element elementor-element-96451e8 uael-img-carousel-arrow-inside uael-ins-normal uael-img-caption-valign-bottom elementor-widget elementor-widget-uael-image-gallery\" data-id=\"96451e8\" data-element_type=\"widget\" data-settings=\"{&quot;slides_to_show&quot;:3,&quot;column_gap&quot;:{&quot;unit&quot;:&quot;px&quot;,&quot;size&quot;:26,&quot;sizes&quot;:[]},&quot;slides_to_show_tablet&quot;:3,&quot;slides_to_show_mobile&quot;:2,&quot;slides_to_scroll&quot;:1,&quot;slides_to_scroll_tablet&quot;:1,&quot;slides_to_scroll_mobile&quot;:1,&quot;column_gap_tablet&quot;:{&quot;unit&quot;:&quot;px&quot;,&quot;size&quot;:&quot;&quot;,&quot;sizes&quot;:[]},&quot;column_gap_mobile&quot;:{&quot;unit&quot;:&quot;px&quot;,&quot;size&quot;:&quot;&quot;,&quot;sizes&quot;:[]},&quot;caption_padding&quot;:{&quot;unit&quot;:&quot;px&quot;,&quot;top&quot;:&quot;&quot;,&quot;right&quot;:&quot;&quot;,&quot;bottom&quot;:&quot;&quot;,&quot;left&quot;:&quot;&quot;,&quot;isLinked&quot;:true},&quot;caption_padding_tablet&quot;:{&quot;unit&quot;:&quot;px&quot;,&quot;top&quot;:&quot;&quot;,&quot;right&quot;:&quot;&quot;,&quot;bottom&quot;:&quot;&quot;,&quot;left&quot;:&quot;&quot;,&quot;isLinked&quot;:true},&quot;caption_padding_mobile&quot;:{&quot;unit&quot;:&quot;px&quot;,&quot;top&quot;:&quot;&quot;,&quot;right&quot;:&quot;&quot;,&quot;bottom&quot;:&quot;&quot;,&quot;left&quot;:&quot;&quot;,&quot;isLinked&quot;:true}}\" data-widget_type=\"uael-image-gallery.default\">\n\t\t\t\t<div class=\"elementor-widget-container\">\n\t\t\t\t\t<div class=\"uael-gallery-parent uael-caption-on-hover uael-gallery-unjustified\"><div data-image_carousel=\"{&quot;slidesToShow&quot;:3,&quot;slidesToScroll&quot;:1,&quot;autoplaySpeed&quot;:3000,&quot;autoplay&quot;:false,&quot;infinite&quot;:true,&quot;pauseOnHover&quot;:true,&quot;speed&quot;:500,&quot;arrows&quot;:true,&quot;dots&quot;:true,&quot;rtl&quot;:false,&quot;responsive&quot;:[{&quot;breakpoint&quot;:1024,&quot;settings&quot;:{&quot;slidesToShow&quot;:3,&quot;slidesToScroll&quot;:1}},{&quot;breakpoint&quot;:767,&quot;settings&quot;:{&quot;slidesToShow&quot;:2,&quot;slidesToScroll&quot;:1}}]}\" class=\"uael-img-gallery-wrap uael-img-carousel-wrap uael-nav-both uael-image-lightbox-wrap\" data-filter-default=\"All\" data-lightbox_actions=\"[&quot;close&quot;]\" data-lightbox-gallery-loop=\"\"><div class=\"uael-grid-item  uael-img-gallery-item-1\"><div class=\"uael-grid-item-content\"><a class=\"uael-grid-img uael-grid-gallery-img uael-ins-hover elementor-clickable\" data-fancybox=\"uael-gallery\" href=\"https:\/\/www.toleranzraeume.org\/wp-content\/uploads\/2024\/05\/L1030282.jpg\" data-elementor-open-lightbox=\"no\"><div class=\"uael-grid-img-thumbnail uael-ins-target\"><img decoding=\"async\" width=\"1000\" height=\"1000\" src=\"https:\/\/www.toleranzraeume.org\/wp-content\/uploads\/2024\/05\/L1030282.jpg\" class=\"attachment-large size-large wp-image-22028\" alt=\"\" srcset=\"https:\/\/www.toleranzraeume.org\/wp-content\/uploads\/2024\/05\/L1030282.jpg 1000w, https:\/\/www.toleranzraeume.org\/wp-content\/uploads\/2024\/05\/L1030282-300x300.jpg 300w, https:\/\/www.toleranzraeume.org\/wp-content\/uploads\/2024\/05\/L1030282-150x150.jpg 150w, https:\/\/www.toleranzraeume.org\/wp-content\/uploads\/2024\/05\/L1030282-768x768.jpg 768w\" sizes=\"(max-width: 1000px) 100vw, 1000px\" \/><\/div><div class=\"uael-grid-img-overlay\"><\/div><\/a><figcaption class=\"uael-grid-img-content\"><div class=\"uael-grid-img-caption\"><h4 class=\"uael-grid-caption-text\">Impressionen aus...<\/h4><\/div><\/figcaption><\/div><\/div><div class=\"uael-grid-item  uael-img-gallery-item-2\"><div class=\"uael-grid-item-content\"><a class=\"uael-grid-img uael-grid-gallery-img uael-ins-hover elementor-clickable\" data-fancybox=\"uael-gallery\" href=\"https:\/\/www.toleranzraeume.org\/wp-content\/uploads\/2024\/05\/IMG_2545.jpg\" data-elementor-open-lightbox=\"no\"><div class=\"uael-grid-img-thumbnail uael-ins-target\"><img decoding=\"async\" width=\"1000\" height=\"1000\" src=\"https:\/\/www.toleranzraeume.org\/wp-content\/uploads\/2024\/05\/IMG_2545.jpg\" class=\"attachment-large size-large wp-image-22013\" alt=\"\" srcset=\"https:\/\/www.toleranzraeume.org\/wp-content\/uploads\/2024\/05\/IMG_2545.jpg 1000w, https:\/\/www.toleranzraeume.org\/wp-content\/uploads\/2024\/05\/IMG_2545-300x300.jpg 300w, https:\/\/www.toleranzraeume.org\/wp-content\/uploads\/2024\/05\/IMG_2545-150x150.jpg 150w, https:\/\/www.toleranzraeume.org\/wp-content\/uploads\/2024\/05\/IMG_2545-768x768.jpg 768w\" sizes=\"(max-width: 1000px) 100vw, 1000px\" \/><\/div><div class=\"uael-grid-img-overlay\"><\/div><\/a><figcaption class=\"uael-grid-img-content\"><div class=\"uael-grid-img-caption\"><h4 class=\"uael-grid-caption-text\">Bochum<\/h4><\/div><\/figcaption><\/div><\/div><div class=\"uael-grid-item  uael-img-gallery-item-3\"><div class=\"uael-grid-item-content\"><a class=\"uael-grid-img uael-grid-gallery-img uael-ins-hover elementor-clickable\" data-fancybox=\"uael-gallery\" href=\"https:\/\/www.toleranzraeume.org\/wp-content\/uploads\/2024\/05\/DSCF2193-Bearbeitet.jpg\" data-elementor-open-lightbox=\"no\"><div class=\"uael-grid-img-thumbnail uael-ins-target\"><img loading=\"lazy\" decoding=\"async\" width=\"1000\" height=\"1000\" src=\"https:\/\/www.toleranzraeume.org\/wp-content\/uploads\/2024\/05\/DSCF2193-Bearbeitet.jpg\" class=\"attachment-large size-large wp-image-21988\" alt=\"\" srcset=\"https:\/\/www.toleranzraeume.org\/wp-content\/uploads\/2024\/05\/DSCF2193-Bearbeitet.jpg 1000w, https:\/\/www.toleranzraeume.org\/wp-content\/uploads\/2024\/05\/DSCF2193-Bearbeitet-300x300.jpg 300w, https:\/\/www.toleranzraeume.org\/wp-content\/uploads\/2024\/05\/DSCF2193-Bearbeitet-150x150.jpg 150w, https:\/\/www.toleranzraeume.org\/wp-content\/uploads\/2024\/05\/DSCF2193-Bearbeitet-768x768.jpg 768w\" sizes=\"(max-width: 1000px) 100vw, 1000px\" \/><\/div><div class=\"uael-grid-img-overlay\"><\/div><\/a><figcaption class=\"uael-grid-img-content\"><div class=\"uael-grid-img-caption\"><h4 class=\"uael-grid-caption-text\">M\u00fcnchen<\/h4><\/div><\/figcaption><\/div><\/div><div class=\"uael-grid-item  uael-img-gallery-item-4\"><div class=\"uael-grid-item-content\"><a class=\"uael-grid-img uael-grid-gallery-img uael-ins-hover elementor-clickable\" data-fancybox=\"uael-gallery\" href=\"https:\/\/www.toleranzraeume.org\/wp-content\/uploads\/2024\/05\/L1030279.jpg\" data-elementor-open-lightbox=\"no\"><div class=\"uael-grid-img-thumbnail uael-ins-target\"><img loading=\"lazy\" decoding=\"async\" width=\"1000\" height=\"1000\" src=\"https:\/\/www.toleranzraeume.org\/wp-content\/uploads\/2024\/05\/L1030279.jpg\" class=\"attachment-large size-large wp-image-22023\" alt=\"\" srcset=\"https:\/\/www.toleranzraeume.org\/wp-content\/uploads\/2024\/05\/L1030279.jpg 1000w, https:\/\/www.toleranzraeume.org\/wp-content\/uploads\/2024\/05\/L1030279-300x300.jpg 300w, https:\/\/www.toleranzraeume.org\/wp-content\/uploads\/2024\/05\/L1030279-150x150.jpg 150w, https:\/\/www.toleranzraeume.org\/wp-content\/uploads\/2024\/05\/L1030279-768x768.jpg 768w\" sizes=\"(max-width: 1000px) 100vw, 1000px\" \/><\/div><div class=\"uael-grid-img-overlay\"><\/div><\/a><figcaption class=\"uael-grid-img-content\"><div class=\"uael-grid-img-caption\"><h4 class=\"uael-grid-caption-text\">Detmold<\/h4><\/div><\/figcaption><\/div><\/div><div class=\"uael-grid-item  uael-img-gallery-item-5\"><div class=\"uael-grid-item-content\"><a class=\"uael-grid-img uael-grid-gallery-img uael-ins-hover elementor-clickable\" data-fancybox=\"uael-gallery\" href=\"https:\/\/www.toleranzraeume.org\/wp-content\/uploads\/2024\/05\/IMG_0624.jpg\" data-elementor-open-lightbox=\"no\"><div class=\"uael-grid-img-thumbnail uael-ins-target\"><img loading=\"lazy\" decoding=\"async\" width=\"1000\" height=\"1000\" src=\"https:\/\/www.toleranzraeume.org\/wp-content\/uploads\/2024\/05\/IMG_0624.jpg\" class=\"attachment-large size-large wp-image-22003\" alt=\"\" srcset=\"https:\/\/www.toleranzraeume.org\/wp-content\/uploads\/2024\/05\/IMG_0624.jpg 1000w, https:\/\/www.toleranzraeume.org\/wp-content\/uploads\/2024\/05\/IMG_0624-300x300.jpg 300w, https:\/\/www.toleranzraeume.org\/wp-content\/uploads\/2024\/05\/IMG_0624-150x150.jpg 150w, https:\/\/www.toleranzraeume.org\/wp-content\/uploads\/2024\/05\/IMG_0624-768x768.jpg 768w\" sizes=\"(max-width: 1000px) 100vw, 1000px\" \/><\/div><div class=\"uael-grid-img-overlay\"><\/div><\/a><figcaption class=\"uael-grid-img-content\"><div class=\"uael-grid-img-caption\"><h4 class=\"uael-grid-caption-text\">Bayreuth<\/h4><\/div><\/figcaption><\/div><\/div><div class=\"uael-grid-item  uael-img-gallery-item-6\"><div class=\"uael-grid-item-content\"><a class=\"uael-grid-img uael-grid-gallery-img uael-ins-hover elementor-clickable\" data-fancybox=\"uael-gallery\" href=\"https:\/\/www.toleranzraeume.org\/wp-content\/uploads\/2024\/05\/DSCF2283.jpg\" data-elementor-open-lightbox=\"no\"><div class=\"uael-grid-img-thumbnail uael-ins-target\"><img loading=\"lazy\" decoding=\"async\" width=\"1000\" height=\"1000\" src=\"https:\/\/www.toleranzraeume.org\/wp-content\/uploads\/2024\/05\/DSCF2283.jpg\" class=\"attachment-large size-large wp-image-21993\" alt=\"\" srcset=\"https:\/\/www.toleranzraeume.org\/wp-content\/uploads\/2024\/05\/DSCF2283.jpg 1000w, https:\/\/www.toleranzraeume.org\/wp-content\/uploads\/2024\/05\/DSCF2283-300x300.jpg 300w, https:\/\/www.toleranzraeume.org\/wp-content\/uploads\/2024\/05\/DSCF2283-150x150.jpg 150w, https:\/\/www.toleranzraeume.org\/wp-content\/uploads\/2024\/05\/DSCF2283-768x768.jpg 768w\" sizes=\"(max-width: 1000px) 100vw, 1000px\" \/><\/div><div class=\"uael-grid-img-overlay\"><\/div><\/a><figcaption class=\"uael-grid-img-content\"><div class=\"uael-grid-img-caption\"><h4 class=\"uael-grid-caption-text\">Hannover<\/h4><\/div><\/figcaption><\/div><\/div><div class=\"uael-grid-item  uael-img-gallery-item-7\"><div class=\"uael-grid-item-content\"><a class=\"uael-grid-img uael-grid-gallery-img uael-ins-hover elementor-clickable\" data-fancybox=\"uael-gallery\" href=\"https:\/\/www.toleranzraeume.org\/wp-content\/uploads\/2024\/05\/A72C1F7C-FABE-424F-B3DF-73F2E9924A03-47688-000004CB52171392.jpg\" data-elementor-open-lightbox=\"no\"><div class=\"uael-grid-img-thumbnail uael-ins-target\"><img loading=\"lazy\" decoding=\"async\" width=\"1000\" height=\"1000\" src=\"https:\/\/www.toleranzraeume.org\/wp-content\/uploads\/2024\/05\/A72C1F7C-FABE-424F-B3DF-73F2E9924A03-47688-000004CB52171392.jpg\" class=\"attachment-large size-large wp-image-22038\" alt=\"\" srcset=\"https:\/\/www.toleranzraeume.org\/wp-content\/uploads\/2024\/05\/A72C1F7C-FABE-424F-B3DF-73F2E9924A03-47688-000004CB52171392.jpg 1000w, https:\/\/www.toleranzraeume.org\/wp-content\/uploads\/2024\/05\/A72C1F7C-FABE-424F-B3DF-73F2E9924A03-47688-000004CB52171392-300x300.jpg 300w, https:\/\/www.toleranzraeume.org\/wp-content\/uploads\/2024\/05\/A72C1F7C-FABE-424F-B3DF-73F2E9924A03-47688-000004CB52171392-150x150.jpg 150w, https:\/\/www.toleranzraeume.org\/wp-content\/uploads\/2024\/05\/A72C1F7C-FABE-424F-B3DF-73F2E9924A03-47688-000004CB52171392-768x768.jpg 768w\" sizes=\"(max-width: 1000px) 100vw, 1000px\" \/><\/div><div class=\"uael-grid-img-overlay\"><\/div><\/a><figcaption class=\"uael-grid-img-content\"><div class=\"uael-grid-img-caption\"><h4 class=\"uael-grid-caption-text\">Krefeld<\/h4><\/div><\/figcaption><\/div><\/div><div class=\"uael-grid-item  uael-img-gallery-item-8\"><div class=\"uael-grid-item-content\"><a class=\"uael-grid-img uael-grid-gallery-img uael-ins-hover elementor-clickable\" data-fancybox=\"uael-gallery\" href=\"https:\/\/www.toleranzraeume.org\/wp-content\/uploads\/2023\/05\/DSCF1392-1x1-1.jpg\" data-elementor-open-lightbox=\"no\"><div class=\"uael-grid-img-thumbnail uael-ins-target\"><img loading=\"lazy\" decoding=\"async\" width=\"800\" height=\"800\" src=\"https:\/\/www.toleranzraeume.org\/wp-content\/uploads\/2023\/05\/DSCF1392-1x1-1.jpg\" class=\"attachment-large size-large wp-image-12097\" alt=\"\" srcset=\"https:\/\/www.toleranzraeume.org\/wp-content\/uploads\/2023\/05\/DSCF1392-1x1-1.jpg 800w, https:\/\/www.toleranzraeume.org\/wp-content\/uploads\/2023\/05\/DSCF1392-1x1-1-300x300.jpg 300w, https:\/\/www.toleranzraeume.org\/wp-content\/uploads\/2023\/05\/DSCF1392-1x1-1-150x150.jpg 150w, https:\/\/www.toleranzraeume.org\/wp-content\/uploads\/2023\/05\/DSCF1392-1x1-1-768x768.jpg 768w\" sizes=\"(max-width: 800px) 100vw, 800px\" \/><\/div><div class=\"uael-grid-img-overlay\"><\/div><\/a><figcaption class=\"uael-grid-img-content\"><div class=\"uael-grid-img-caption\"><h4 class=\"uael-grid-caption-text\">Ich bin...<\/h4><\/div><\/figcaption><\/div><\/div><div class=\"uael-grid-item  uael-img-gallery-item-9\"><div class=\"uael-grid-item-content\"><a class=\"uael-grid-img uael-grid-gallery-img uael-ins-hover elementor-clickable\" data-fancybox=\"uael-gallery\" href=\"https:\/\/www.toleranzraeume.org\/wp-content\/uploads\/2023\/05\/22424_ToleranzRaeume_Detmold_059-1.jpg\" data-elementor-open-lightbox=\"no\"><div class=\"uael-grid-img-thumbnail uael-ins-target\"><img loading=\"lazy\" decoding=\"async\" width=\"800\" height=\"800\" src=\"https:\/\/www.toleranzraeume.org\/wp-content\/uploads\/2023\/05\/22424_ToleranzRaeume_Detmold_059-1.jpg\" class=\"attachment-large size-large wp-image-11844\" alt=\"\" srcset=\"https:\/\/www.toleranzraeume.org\/wp-content\/uploads\/2023\/05\/22424_ToleranzRaeume_Detmold_059-1.jpg 800w, https:\/\/www.toleranzraeume.org\/wp-content\/uploads\/2023\/05\/22424_ToleranzRaeume_Detmold_059-1-300x300.jpg 300w, https:\/\/www.toleranzraeume.org\/wp-content\/uploads\/2023\/05\/22424_ToleranzRaeume_Detmold_059-1-150x150.jpg 150w, https:\/\/www.toleranzraeume.org\/wp-content\/uploads\/2023\/05\/22424_ToleranzRaeume_Detmold_059-1-768x768.jpg 768w\" sizes=\"(max-width: 800px) 100vw, 800px\" \/><\/div><div class=\"uael-grid-img-overlay\"><\/div><\/a><figcaption class=\"uael-grid-img-content\"><div class=\"uael-grid-img-caption\"><h4 class=\"uael-grid-caption-text\">...Mensch<\/h4><\/div><\/figcaption><\/div><\/div><div class=\"uael-grid-item  uael-img-gallery-item-10\"><div class=\"uael-grid-item-content\"><a class=\"uael-grid-img uael-grid-gallery-img uael-ins-hover elementor-clickable\" data-fancybox=\"uael-gallery\" href=\"https:\/\/www.toleranzraeume.org\/wp-content\/uploads\/2023\/05\/DSCF1422-klein.jpg\" data-elementor-open-lightbox=\"no\"><div class=\"uael-grid-img-thumbnail uael-ins-target\"><img loading=\"lazy\" decoding=\"async\" width=\"800\" height=\"800\" src=\"https:\/\/www.toleranzraeume.org\/wp-content\/uploads\/2023\/05\/DSCF1422-klein.jpg\" class=\"attachment-large size-large wp-image-12098\" alt=\"\" srcset=\"https:\/\/www.toleranzraeume.org\/wp-content\/uploads\/2023\/05\/DSCF1422-klein.jpg 800w, https:\/\/www.toleranzraeume.org\/wp-content\/uploads\/2023\/05\/DSCF1422-klein-300x300.jpg 300w, https:\/\/www.toleranzraeume.org\/wp-content\/uploads\/2023\/05\/DSCF1422-klein-150x150.jpg 150w, https:\/\/www.toleranzraeume.org\/wp-content\/uploads\/2023\/05\/DSCF1422-klein-768x768.jpg 768w\" sizes=\"(max-width: 800px) 100vw, 800px\" \/><\/div><div class=\"uael-grid-img-overlay\"><\/div><\/a><figcaption class=\"uael-grid-img-content\"><div class=\"uael-grid-img-caption\"><h4 class=\"uael-grid-caption-text\">Wimmelbild<\/h4><\/div><\/figcaption><\/div><\/div><div class=\"uael-grid-item  uael-img-gallery-item-11\"><div class=\"uael-grid-item-content\"><a class=\"uael-grid-img uael-grid-gallery-img uael-ins-hover elementor-clickable\" data-fancybox=\"uael-gallery\" href=\"https:\/\/www.toleranzraeume.org\/wp-content\/uploads\/2023\/12\/i3-web-2.jpg\" data-elementor-open-lightbox=\"no\"><div class=\"uael-grid-img-thumbnail uael-ins-target\"><img loading=\"lazy\" decoding=\"async\" width=\"1000\" height=\"1000\" src=\"https:\/\/www.toleranzraeume.org\/wp-content\/uploads\/2023\/12\/i3-web-2.jpg\" class=\"attachment-large size-large wp-image-17244\" alt=\"\" srcset=\"https:\/\/www.toleranzraeume.org\/wp-content\/uploads\/2023\/12\/i3-web-2.jpg 1000w, https:\/\/www.toleranzraeume.org\/wp-content\/uploads\/2023\/12\/i3-web-2-300x300.jpg 300w, https:\/\/www.toleranzraeume.org\/wp-content\/uploads\/2023\/12\/i3-web-2-150x150.jpg 150w, https:\/\/www.toleranzraeume.org\/wp-content\/uploads\/2023\/12\/i3-web-2-768x768.jpg 768w\" sizes=\"(max-width: 1000px) 100vw, 1000px\" \/><\/div><div class=\"uael-grid-img-overlay\"><\/div><\/a><figcaption class=\"uael-grid-img-content\"><div class=\"uael-grid-img-caption\"><h4 class=\"uael-grid-caption-text\">Wimmelbild<\/h4><\/div><\/figcaption><\/div><\/div><div class=\"uael-grid-item  uael-img-gallery-item-12\"><div class=\"uael-grid-item-content\"><a class=\"uael-grid-img uael-grid-gallery-img uael-ins-hover elementor-clickable\" data-fancybox=\"uael-gallery\" href=\"https:\/\/www.toleranzraeume.org\/wp-content\/uploads\/2023\/05\/DSCF1425-klein.jpg\" data-elementor-open-lightbox=\"no\"><div class=\"uael-grid-img-thumbnail uael-ins-target\"><img loading=\"lazy\" decoding=\"async\" width=\"800\" height=\"800\" src=\"https:\/\/www.toleranzraeume.org\/wp-content\/uploads\/2023\/05\/DSCF1425-klein.jpg\" class=\"attachment-large size-large wp-image-12099\" alt=\"\" srcset=\"https:\/\/www.toleranzraeume.org\/wp-content\/uploads\/2023\/05\/DSCF1425-klein.jpg 800w, https:\/\/www.toleranzraeume.org\/wp-content\/uploads\/2023\/05\/DSCF1425-klein-300x300.jpg 300w, https:\/\/www.toleranzraeume.org\/wp-content\/uploads\/2023\/05\/DSCF1425-klein-150x150.jpg 150w, https:\/\/www.toleranzraeume.org\/wp-content\/uploads\/2023\/05\/DSCF1425-klein-768x768.jpg 768w\" sizes=\"(max-width: 800px) 100vw, 800px\" \/><\/div><div class=\"uael-grid-img-overlay\"><\/div><\/a><figcaption class=\"uael-grid-img-content\"><div class=\"uael-grid-img-caption\"><h4 class=\"uael-grid-caption-text\">Wimmelbild Aufgaben<\/h4><\/div><\/figcaption><\/div><\/div><div class=\"uael-grid-item  uael-img-gallery-item-13\"><div class=\"uael-grid-item-content\"><a class=\"uael-grid-img uael-grid-gallery-img uael-ins-hover elementor-clickable\" data-fancybox=\"uael-gallery\" href=\"https:\/\/www.toleranzraeume.org\/wp-content\/uploads\/2024\/05\/IMG_2271.jpg\" data-elementor-open-lightbox=\"no\"><div class=\"uael-grid-img-thumbnail uael-ins-target\"><img loading=\"lazy\" decoding=\"async\" width=\"1000\" height=\"1000\" src=\"https:\/\/www.toleranzraeume.org\/wp-content\/uploads\/2024\/05\/IMG_2271.jpg\" class=\"attachment-large size-large wp-image-22008\" alt=\"\" srcset=\"https:\/\/www.toleranzraeume.org\/wp-content\/uploads\/2024\/05\/IMG_2271.jpg 1000w, https:\/\/www.toleranzraeume.org\/wp-content\/uploads\/2024\/05\/IMG_2271-300x300.jpg 300w, https:\/\/www.toleranzraeume.org\/wp-content\/uploads\/2024\/05\/IMG_2271-150x150.jpg 150w, https:\/\/www.toleranzraeume.org\/wp-content\/uploads\/2024\/05\/IMG_2271-768x768.jpg 768w\" sizes=\"(max-width: 1000px) 100vw, 1000px\" \/><\/div><div class=\"uael-grid-img-overlay\"><\/div><\/a><figcaption class=\"uael-grid-img-content\"><div class=\"uael-grid-img-caption\"><h4 class=\"uael-grid-caption-text\">Erste Hilfe<\/h4><\/div><\/figcaption><\/div><\/div><div class=\"uael-grid-item  uael-img-gallery-item-14\"><div class=\"uael-grid-item-content\"><a class=\"uael-grid-img uael-grid-gallery-img uael-ins-hover elementor-clickable\" data-fancybox=\"uael-gallery\" href=\"https:\/\/www.toleranzraeume.org\/wp-content\/uploads\/2023\/12\/i3-web.jpg\" data-elementor-open-lightbox=\"no\"><div class=\"uael-grid-img-thumbnail uael-ins-target\"><img loading=\"lazy\" decoding=\"async\" width=\"1000\" height=\"1000\" src=\"https:\/\/www.toleranzraeume.org\/wp-content\/uploads\/2023\/12\/i3-web.jpg\" class=\"attachment-large size-large wp-image-17235\" alt=\"\" srcset=\"https:\/\/www.toleranzraeume.org\/wp-content\/uploads\/2023\/12\/i3-web.jpg 1000w, https:\/\/www.toleranzraeume.org\/wp-content\/uploads\/2023\/12\/i3-web-300x300.jpg 300w, https:\/\/www.toleranzraeume.org\/wp-content\/uploads\/2023\/12\/i3-web-150x150.jpg 150w, https:\/\/www.toleranzraeume.org\/wp-content\/uploads\/2023\/12\/i3-web-768x768.jpg 768w\" sizes=\"(max-width: 1000px) 100vw, 1000px\" \/><\/div><div class=\"uael-grid-img-overlay\"><\/div><\/a><figcaption class=\"uael-grid-img-content\"><div class=\"uael-grid-img-caption\"><h4 class=\"uael-grid-caption-text\">Wimmelbild Aufl\u00f6sung<\/h4><\/div><\/figcaption><\/div><\/div><div class=\"uael-grid-item  uael-img-gallery-item-15\"><div class=\"uael-grid-item-content\"><a class=\"uael-grid-img uael-grid-gallery-img uael-ins-hover elementor-clickable\" data-fancybox=\"uael-gallery\" href=\"https:\/\/www.toleranzraeume.org\/wp-content\/uploads\/2023\/12\/i4-web.jpg\" data-elementor-open-lightbox=\"no\"><div class=\"uael-grid-img-thumbnail uael-ins-target\"><img loading=\"lazy\" decoding=\"async\" width=\"1000\" height=\"1000\" src=\"https:\/\/www.toleranzraeume.org\/wp-content\/uploads\/2023\/12\/i4-web.jpg\" class=\"attachment-large size-large wp-image-17241\" alt=\"\" srcset=\"https:\/\/www.toleranzraeume.org\/wp-content\/uploads\/2023\/12\/i4-web.jpg 1000w, https:\/\/www.toleranzraeume.org\/wp-content\/uploads\/2023\/12\/i4-web-300x300.jpg 300w, https:\/\/www.toleranzraeume.org\/wp-content\/uploads\/2023\/12\/i4-web-150x150.jpg 150w, https:\/\/www.toleranzraeume.org\/wp-content\/uploads\/2023\/12\/i4-web-768x768.jpg 768w\" sizes=\"(max-width: 1000px) 100vw, 1000px\" \/><\/div><div class=\"uael-grid-img-overlay\"><\/div><\/a><figcaption class=\"uael-grid-img-content\"><div class=\"uael-grid-img-caption\"><h4 class=\"uael-grid-caption-text\">ToleranzTipps<\/h4><\/div><\/figcaption><\/div><\/div><div class=\"uael-grid-item  uael-img-gallery-item-16\"><div class=\"uael-grid-item-content\"><a class=\"uael-grid-img uael-grid-gallery-img uael-ins-hover elementor-clickable\" data-fancybox=\"uael-gallery\" href=\"https:\/\/www.toleranzraeume.org\/wp-content\/uploads\/2023\/05\/DSCF1614-klein.jpg\" data-elementor-open-lightbox=\"no\"><div class=\"uael-grid-img-thumbnail uael-ins-target\"><img loading=\"lazy\" decoding=\"async\" width=\"800\" height=\"800\" src=\"https:\/\/www.toleranzraeume.org\/wp-content\/uploads\/2023\/05\/DSCF1614-klein.jpg\" class=\"attachment-large size-large wp-image-12094\" alt=\"\" srcset=\"https:\/\/www.toleranzraeume.org\/wp-content\/uploads\/2023\/05\/DSCF1614-klein.jpg 800w, https:\/\/www.toleranzraeume.org\/wp-content\/uploads\/2023\/05\/DSCF1614-klein-300x300.jpg 300w, https:\/\/www.toleranzraeume.org\/wp-content\/uploads\/2023\/05\/DSCF1614-klein-150x150.jpg 150w, https:\/\/www.toleranzraeume.org\/wp-content\/uploads\/2023\/05\/DSCF1614-klein-768x768.jpg 768w\" sizes=\"(max-width: 800px) 100vw, 800px\" \/><\/div><div class=\"uael-grid-img-overlay\"><\/div><\/a><figcaption class=\"uael-grid-img-content\"><div class=\"uael-grid-img-caption\"><h4 class=\"uael-grid-caption-text\">Tr\u00fcmmerhaufen<\/h4><\/div><\/figcaption><\/div><\/div><div class=\"uael-grid-item  uael-img-gallery-item-17\"><div class=\"uael-grid-item-content\"><a class=\"uael-grid-img uael-grid-gallery-img uael-ins-hover elementor-clickable\" data-fancybox=\"uael-gallery\" href=\"https:\/\/www.toleranzraeume.org\/wp-content\/uploads\/2023\/12\/i5-web.jpg\" data-elementor-open-lightbox=\"no\"><div class=\"uael-grid-img-thumbnail uael-ins-target\"><img loading=\"lazy\" decoding=\"async\" width=\"1000\" height=\"1000\" src=\"https:\/\/www.toleranzraeume.org\/wp-content\/uploads\/2023\/12\/i5-web.jpg\" class=\"attachment-large size-large wp-image-17217\" alt=\"\" srcset=\"https:\/\/www.toleranzraeume.org\/wp-content\/uploads\/2023\/12\/i5-web.jpg 1000w, https:\/\/www.toleranzraeume.org\/wp-content\/uploads\/2023\/12\/i5-web-300x300.jpg 300w, https:\/\/www.toleranzraeume.org\/wp-content\/uploads\/2023\/12\/i5-web-150x150.jpg 150w, https:\/\/www.toleranzraeume.org\/wp-content\/uploads\/2023\/12\/i5-web-768x768.jpg 768w\" sizes=\"(max-width: 1000px) 100vw, 1000px\" \/><\/div><div class=\"uael-grid-img-overlay\"><\/div><\/a><figcaption class=\"uael-grid-img-content\"><div class=\"uael-grid-img-caption\"><h4 class=\"uael-grid-caption-text\">Tr\u00fcmmerhaufen<\/h4><\/div><\/figcaption><\/div><\/div><div class=\"uael-grid-item  uael-img-gallery-item-18\"><div class=\"uael-grid-item-content\"><a class=\"uael-grid-img uael-grid-gallery-img uael-ins-hover elementor-clickable\" data-fancybox=\"uael-gallery\" href=\"https:\/\/www.toleranzraeume.org\/wp-content\/uploads\/2024\/05\/DSCF1578.jpg\" data-elementor-open-lightbox=\"no\"><div class=\"uael-grid-img-thumbnail uael-ins-target\"><img loading=\"lazy\" decoding=\"async\" width=\"1000\" height=\"1000\" src=\"https:\/\/www.toleranzraeume.org\/wp-content\/uploads\/2024\/05\/DSCF1578.jpg\" class=\"attachment-large size-large wp-image-22095\" alt=\"\" srcset=\"https:\/\/www.toleranzraeume.org\/wp-content\/uploads\/2024\/05\/DSCF1578.jpg 1000w, https:\/\/www.toleranzraeume.org\/wp-content\/uploads\/2024\/05\/DSCF1578-300x300.jpg 300w, https:\/\/www.toleranzraeume.org\/wp-content\/uploads\/2024\/05\/DSCF1578-150x150.jpg 150w, https:\/\/www.toleranzraeume.org\/wp-content\/uploads\/2024\/05\/DSCF1578-768x768.jpg 768w\" sizes=\"(max-width: 1000px) 100vw, 1000px\" \/><\/div><div class=\"uael-grid-img-overlay\"><\/div><\/a><figcaption class=\"uael-grid-img-content\"><div class=\"uael-grid-img-caption\"><h4 class=\"uael-grid-caption-text\">Stimme ab!<\/h4><\/div><\/figcaption><\/div><\/div><div class=\"uael-grid-item  uael-img-gallery-item-19\"><div class=\"uael-grid-item-content\"><a class=\"uael-grid-img uael-grid-gallery-img uael-ins-hover elementor-clickable\" data-fancybox=\"uael-gallery\" href=\"https:\/\/www.toleranzraeume.org\/wp-content\/uploads\/2023\/09\/impressionen-web-4.jpg\" data-elementor-open-lightbox=\"no\"><div class=\"uael-grid-img-thumbnail uael-ins-target\"><img loading=\"lazy\" decoding=\"async\" width=\"1000\" height=\"1000\" src=\"https:\/\/www.toleranzraeume.org\/wp-content\/uploads\/2023\/09\/impressionen-web-4.jpg\" class=\"attachment-large size-large wp-image-14856\" alt=\"\" srcset=\"https:\/\/www.toleranzraeume.org\/wp-content\/uploads\/2023\/09\/impressionen-web-4.jpg 1000w, https:\/\/www.toleranzraeume.org\/wp-content\/uploads\/2023\/09\/impressionen-web-4-300x300.jpg 300w, https:\/\/www.toleranzraeume.org\/wp-content\/uploads\/2023\/09\/impressionen-web-4-150x150.jpg 150w, https:\/\/www.toleranzraeume.org\/wp-content\/uploads\/2023\/09\/impressionen-web-4-768x768.jpg 768w\" sizes=\"(max-width: 1000px) 100vw, 1000px\" \/><\/div><div class=\"uael-grid-img-overlay\"><\/div><\/a><figcaption class=\"uael-grid-img-content\"><div class=\"uael-grid-img-caption\"><h4 class=\"uael-grid-caption-text\">Toleranz. Was halte ich aus?<\/h4><\/div><\/figcaption><\/div><\/div><div class=\"uael-grid-item  uael-img-gallery-item-20\"><div class=\"uael-grid-item-content\"><a class=\"uael-grid-img uael-grid-gallery-img uael-ins-hover elementor-clickable\" data-fancybox=\"uael-gallery\" href=\"https:\/\/www.toleranzraeume.org\/wp-content\/uploads\/2024\/05\/20230915_093623886_iOS.jpg\" data-elementor-open-lightbox=\"no\"><div class=\"uael-grid-img-thumbnail uael-ins-target\"><img loading=\"lazy\" decoding=\"async\" width=\"1000\" height=\"1000\" src=\"https:\/\/www.toleranzraeume.org\/wp-content\/uploads\/2024\/05\/20230915_093623886_iOS.jpg\" class=\"attachment-large size-large wp-image-22033\" alt=\"\" srcset=\"https:\/\/www.toleranzraeume.org\/wp-content\/uploads\/2024\/05\/20230915_093623886_iOS.jpg 1000w, https:\/\/www.toleranzraeume.org\/wp-content\/uploads\/2024\/05\/20230915_093623886_iOS-300x300.jpg 300w, https:\/\/www.toleranzraeume.org\/wp-content\/uploads\/2024\/05\/20230915_093623886_iOS-150x150.jpg 150w, https:\/\/www.toleranzraeume.org\/wp-content\/uploads\/2024\/05\/20230915_093623886_iOS-768x768.jpg 768w\" sizes=\"(max-width: 1000px) 100vw, 1000px\" \/><\/div><div class=\"uael-grid-img-overlay\"><\/div><\/a><\/div><\/div><div class=\"uael-grid-item  uael-img-gallery-item-21\"><div class=\"uael-grid-item-content\"><a class=\"uael-grid-img uael-grid-gallery-img uael-ins-hover elementor-clickable\" data-fancybox=\"uael-gallery\" href=\"https:\/\/www.toleranzraeume.org\/wp-content\/uploads\/2023\/12\/a4-web-1.jpg\" data-elementor-open-lightbox=\"no\"><div class=\"uael-grid-img-thumbnail uael-ins-target\"><img loading=\"lazy\" decoding=\"async\" width=\"1000\" height=\"1000\" src=\"https:\/\/www.toleranzraeume.org\/wp-content\/uploads\/2023\/12\/a4-web-1.jpg\" class=\"attachment-large size-large wp-image-17214\" alt=\"\" srcset=\"https:\/\/www.toleranzraeume.org\/wp-content\/uploads\/2023\/12\/a4-web-1.jpg 1000w, https:\/\/www.toleranzraeume.org\/wp-content\/uploads\/2023\/12\/a4-web-1-300x300.jpg 300w, https:\/\/www.toleranzraeume.org\/wp-content\/uploads\/2023\/12\/a4-web-1-150x150.jpg 150w, https:\/\/www.toleranzraeume.org\/wp-content\/uploads\/2023\/12\/a4-web-1-768x768.jpg 768w\" sizes=\"(max-width: 1000px) 100vw, 1000px\" \/><\/div><div class=\"uael-grid-img-overlay\"><\/div><\/a><figcaption class=\"uael-grid-img-content\"><div class=\"uael-grid-img-caption\"><h4 class=\"uael-grid-caption-text\">Toleranz. Ganz nah!<\/h4><\/div><\/figcaption><\/div><\/div><div class=\"uael-grid-item  uael-img-gallery-item-22\"><div class=\"uael-grid-item-content\"><a class=\"uael-grid-img uael-grid-gallery-img uael-ins-hover elementor-clickable\" data-fancybox=\"uael-gallery\" href=\"https:\/\/www.toleranzraeume.org\/wp-content\/uploads\/2023\/12\/a4-web.jpg\" data-elementor-open-lightbox=\"no\"><div class=\"uael-grid-img-thumbnail uael-ins-target\"><img loading=\"lazy\" decoding=\"async\" width=\"1000\" height=\"1000\" src=\"https:\/\/www.toleranzraeume.org\/wp-content\/uploads\/2023\/12\/a4-web.jpg\" class=\"attachment-large size-large wp-image-17238\" alt=\"\" srcset=\"https:\/\/www.toleranzraeume.org\/wp-content\/uploads\/2023\/12\/a4-web.jpg 1000w, https:\/\/www.toleranzraeume.org\/wp-content\/uploads\/2023\/12\/a4-web-300x300.jpg 300w, https:\/\/www.toleranzraeume.org\/wp-content\/uploads\/2023\/12\/a4-web-150x150.jpg 150w, https:\/\/www.toleranzraeume.org\/wp-content\/uploads\/2023\/12\/a4-web-768x768.jpg 768w\" sizes=\"(max-width: 1000px) 100vw, 1000px\" \/><\/div><div class=\"uael-grid-img-overlay\"><\/div><\/a><figcaption class=\"uael-grid-img-content\"><div class=\"uael-grid-img-caption\"><h4 class=\"uael-grid-caption-text\">Feedback hinterlassen<\/h4><\/div><\/figcaption><\/div><\/div><div class=\"uael-grid-item  uael-img-gallery-item-23\"><div class=\"uael-grid-item-content\"><a class=\"uael-grid-img uael-grid-gallery-img uael-ins-hover elementor-clickable\" data-fancybox=\"uael-gallery\" href=\"https:\/\/www.toleranzraeume.org\/wp-content\/uploads\/2024\/05\/IMG_2596.jpg\" data-elementor-open-lightbox=\"no\"><div class=\"uael-grid-img-thumbnail uael-ins-target\"><img loading=\"lazy\" decoding=\"async\" width=\"1000\" height=\"1000\" src=\"https:\/\/www.toleranzraeume.org\/wp-content\/uploads\/2024\/05\/IMG_2596.jpg\" class=\"attachment-large size-large wp-image-22018\" alt=\"\" srcset=\"https:\/\/www.toleranzraeume.org\/wp-content\/uploads\/2024\/05\/IMG_2596.jpg 1000w, https:\/\/www.toleranzraeume.org\/wp-content\/uploads\/2024\/05\/IMG_2596-300x300.jpg 300w, https:\/\/www.toleranzraeume.org\/wp-content\/uploads\/2024\/05\/IMG_2596-150x150.jpg 150w, https:\/\/www.toleranzraeume.org\/wp-content\/uploads\/2024\/05\/IMG_2596-768x768.jpg 768w\" sizes=\"(max-width: 1000px) 100vw, 1000px\" \/><\/div><div class=\"uael-grid-img-overlay\"><\/div><\/a><figcaption class=\"uael-grid-img-content\"><div class=\"uael-grid-img-caption\"><h4 class=\"uael-grid-caption-text\">Die Au\u00dfenstationen<\/h4><\/div><\/figcaption><\/div><\/div><div class=\"uael-grid-item  uael-img-gallery-item-24\"><div class=\"uael-grid-item-content\"><a class=\"uael-grid-img uael-grid-gallery-img uael-ins-hover elementor-clickable\" data-fancybox=\"uael-gallery\" href=\"https:\/\/www.toleranzraeume.org\/wp-content\/uploads\/2023\/12\/as2-web.jpg\" data-elementor-open-lightbox=\"no\"><div class=\"uael-grid-img-thumbnail uael-ins-target\"><img loading=\"lazy\" decoding=\"async\" width=\"1000\" height=\"1000\" src=\"https:\/\/www.toleranzraeume.org\/wp-content\/uploads\/2023\/12\/as2-web.jpg\" class=\"attachment-large size-large wp-image-17232\" alt=\"\" srcset=\"https:\/\/www.toleranzraeume.org\/wp-content\/uploads\/2023\/12\/as2-web.jpg 1000w, https:\/\/www.toleranzraeume.org\/wp-content\/uploads\/2023\/12\/as2-web-300x300.jpg 300w, https:\/\/www.toleranzraeume.org\/wp-content\/uploads\/2023\/12\/as2-web-150x150.jpg 150w, https:\/\/www.toleranzraeume.org\/wp-content\/uploads\/2023\/12\/as2-web-768x768.jpg 768w\" sizes=\"(max-width: 1000px) 100vw, 1000px\" \/><\/div><div class=\"uael-grid-img-overlay\"><\/div><\/a><figcaption class=\"uael-grid-img-content\"><div class=\"uael-grid-img-caption\"><h4 class=\"uael-grid-caption-text\">Kinderrechte<\/h4><\/div><\/figcaption><\/div><\/div><div class=\"uael-grid-item  uael-img-gallery-item-25\"><div class=\"uael-grid-item-content\"><a class=\"uael-grid-img uael-grid-gallery-img uael-ins-hover elementor-clickable\" data-fancybox=\"uael-gallery\" href=\"https:\/\/www.toleranzraeume.org\/wp-content\/uploads\/2023\/05\/DSCF1593-klein.jpg\" data-elementor-open-lightbox=\"no\"><div class=\"uael-grid-img-thumbnail uael-ins-target\"><img loading=\"lazy\" decoding=\"async\" width=\"800\" height=\"800\" src=\"https:\/\/www.toleranzraeume.org\/wp-content\/uploads\/2023\/05\/DSCF1593-klein.jpg\" class=\"attachment-large size-large wp-image-12093\" alt=\"\" srcset=\"https:\/\/www.toleranzraeume.org\/wp-content\/uploads\/2023\/05\/DSCF1593-klein.jpg 800w, https:\/\/www.toleranzraeume.org\/wp-content\/uploads\/2023\/05\/DSCF1593-klein-300x300.jpg 300w, https:\/\/www.toleranzraeume.org\/wp-content\/uploads\/2023\/05\/DSCF1593-klein-150x150.jpg 150w, https:\/\/www.toleranzraeume.org\/wp-content\/uploads\/2023\/05\/DSCF1593-klein-768x768.jpg 768w\" sizes=\"(max-width: 800px) 100vw, 800px\" \/><\/div><div class=\"uael-grid-img-overlay\"><\/div><\/a><figcaption class=\"uael-grid-img-content\"><div class=\"uael-grid-img-caption\"><h4 class=\"uael-grid-caption-text\">1x um die Welt &amp; zur\u00fcck<\/h4><\/div><\/figcaption><\/div><\/div><div class=\"uael-grid-item  uael-img-gallery-item-26\"><div class=\"uael-grid-item-content\"><a class=\"uael-grid-img uael-grid-gallery-img uael-ins-hover elementor-clickable\" data-fancybox=\"uael-gallery\" href=\"https:\/\/www.toleranzraeume.org\/wp-content\/uploads\/2023\/12\/as4-web.jpg\" data-elementor-open-lightbox=\"no\"><div class=\"uael-grid-img-thumbnail uael-ins-target\"><img loading=\"lazy\" decoding=\"async\" width=\"1000\" height=\"1000\" src=\"https:\/\/www.toleranzraeume.org\/wp-content\/uploads\/2023\/12\/as4-web.jpg\" class=\"attachment-large size-large wp-image-17226\" alt=\"\" srcset=\"https:\/\/www.toleranzraeume.org\/wp-content\/uploads\/2023\/12\/as4-web.jpg 1000w, https:\/\/www.toleranzraeume.org\/wp-content\/uploads\/2023\/12\/as4-web-300x300.jpg 300w, https:\/\/www.toleranzraeume.org\/wp-content\/uploads\/2023\/12\/as4-web-150x150.jpg 150w, https:\/\/www.toleranzraeume.org\/wp-content\/uploads\/2023\/12\/as4-web-768x768.jpg 768w\" sizes=\"(max-width: 1000px) 100vw, 1000px\" \/><\/div><div class=\"uael-grid-img-overlay\"><\/div><\/a><figcaption class=\"uael-grid-img-content\"><div class=\"uael-grid-img-caption\"><h4 class=\"uael-grid-caption-text\">1x um die Welt &amp; zur\u00fcck<\/h4><\/div><\/figcaption><\/div><\/div><div class=\"uael-grid-item  uael-img-gallery-item-27\"><div class=\"uael-grid-item-content\"><a class=\"uael-grid-img uael-grid-gallery-img uael-ins-hover elementor-clickable\" data-fancybox=\"uael-gallery\" href=\"https:\/\/www.toleranzraeume.org\/wp-content\/uploads\/2023\/12\/as4-web-2.jpg\" data-elementor-open-lightbox=\"no\"><div class=\"uael-grid-img-thumbnail uael-ins-target\"><img loading=\"lazy\" decoding=\"async\" width=\"1000\" height=\"1000\" src=\"https:\/\/www.toleranzraeume.org\/wp-content\/uploads\/2023\/12\/as4-web-2.jpg\" class=\"attachment-large size-large wp-image-17220\" alt=\"\" srcset=\"https:\/\/www.toleranzraeume.org\/wp-content\/uploads\/2023\/12\/as4-web-2.jpg 1000w, https:\/\/www.toleranzraeume.org\/wp-content\/uploads\/2023\/12\/as4-web-2-300x300.jpg 300w, https:\/\/www.toleranzraeume.org\/wp-content\/uploads\/2023\/12\/as4-web-2-150x150.jpg 150w, https:\/\/www.toleranzraeume.org\/wp-content\/uploads\/2023\/12\/as4-web-2-768x768.jpg 768w\" sizes=\"(max-width: 1000px) 100vw, 1000px\" \/><\/div><div class=\"uael-grid-img-overlay\"><\/div><\/a><figcaption class=\"uael-grid-img-content\"><div class=\"uael-grid-img-caption\"><h4 class=\"uael-grid-caption-text\">1x um die Welt &amp; zur\u00fcck<\/h4><\/div><\/figcaption><\/div><\/div><div class=\"uael-grid-item  uael-img-gallery-item-28\"><div class=\"uael-grid-item-content\"><a class=\"uael-grid-img uael-grid-gallery-img uael-ins-hover elementor-clickable\" data-fancybox=\"uael-gallery\" href=\"https:\/\/www.toleranzraeume.org\/wp-content\/uploads\/2023\/12\/as3-web.jpg\" data-elementor-open-lightbox=\"no\"><div class=\"uael-grid-img-thumbnail uael-ins-target\"><img loading=\"lazy\" decoding=\"async\" width=\"1000\" height=\"1000\" src=\"https:\/\/www.toleranzraeume.org\/wp-content\/uploads\/2023\/12\/as3-web.jpg\" class=\"attachment-large size-large wp-image-17229\" alt=\"\" srcset=\"https:\/\/www.toleranzraeume.org\/wp-content\/uploads\/2023\/12\/as3-web.jpg 1000w, https:\/\/www.toleranzraeume.org\/wp-content\/uploads\/2023\/12\/as3-web-300x300.jpg 300w, https:\/\/www.toleranzraeume.org\/wp-content\/uploads\/2023\/12\/as3-web-150x150.jpg 150w, https:\/\/www.toleranzraeume.org\/wp-content\/uploads\/2023\/12\/as3-web-768x768.jpg 768w\" sizes=\"(max-width: 1000px) 100vw, 1000px\" \/><\/div><div class=\"uael-grid-img-overlay\"><\/div><\/a><figcaption class=\"uael-grid-img-content\"><div class=\"uael-grid-img-caption\"><h4 class=\"uael-grid-caption-text\">An einem Tisch?<\/h4><\/div><\/figcaption><\/div><\/div><div class=\"uael-grid-item  uael-img-gallery-item-29\"><div class=\"uael-grid-item-content\"><a class=\"uael-grid-img uael-grid-gallery-img uael-ins-hover elementor-clickable\" data-fancybox=\"uael-gallery\" href=\"https:\/\/www.toleranzraeume.org\/wp-content\/uploads\/2023\/12\/as5-web.jpg\" data-elementor-open-lightbox=\"no\"><div class=\"uael-grid-img-thumbnail uael-ins-target\"><img loading=\"lazy\" decoding=\"async\" width=\"1000\" height=\"1000\" src=\"https:\/\/www.toleranzraeume.org\/wp-content\/uploads\/2023\/12\/as5-web.jpg\" class=\"attachment-large size-large wp-image-17223\" alt=\"\" srcset=\"https:\/\/www.toleranzraeume.org\/wp-content\/uploads\/2023\/12\/as5-web.jpg 1000w, https:\/\/www.toleranzraeume.org\/wp-content\/uploads\/2023\/12\/as5-web-300x300.jpg 300w, https:\/\/www.toleranzraeume.org\/wp-content\/uploads\/2023\/12\/as5-web-150x150.jpg 150w, https:\/\/www.toleranzraeume.org\/wp-content\/uploads\/2023\/12\/as5-web-768x768.jpg 768w\" sizes=\"(max-width: 1000px) 100vw, 1000px\" \/><\/div><div class=\"uael-grid-img-overlay\"><\/div><\/a><figcaption class=\"uael-grid-img-content\"><div class=\"uael-grid-img-caption\"><h4 class=\"uael-grid-caption-text\">ToleranzTreff<\/h4><\/div><\/figcaption><\/div><\/div><\/div><\/div>\t\t\t\t<\/div>\n\t\t\t\t<\/div>\n\t\t\t\t<section class=\"elementor-section elementor-inner-section elementor-element elementor-element-206c15d elementor-section-boxed elementor-section-height-default elementor-section-height-default\" data-id=\"206c15d\" data-element_type=\"section\" data-settings=\"{&quot;background_background&quot;:&quot;classic&quot;}\">\n\t\t\t\t\t\t<div class=\"elementor-container elementor-column-gap-default\">\n\t\t\t\t\t<div class=\"elementor-column elementor-col-50 elementor-inner-column elementor-element elementor-element-e31ed4a\" data-id=\"e31ed4a\" data-element_type=\"column\">\n\t\t\t<div class=\"elementor-widget-wrap elementor-element-populated\">\n\t\t\t\t\t\t<div class=\"elementor-element elementor-element-11bf45a elementor-widget elementor-widget-heading\" data-id=\"11bf45a\" data-element_type=\"widget\" data-widget_type=\"heading.default\">\n\t\t\t\t<div class=\"elementor-widget-container\">\n\t\t\t\t\t<h2 class=\"elementor-heading-title elementor-size-default\">\u042d\u043a\u0441\u043a\u0443\u0440\u0441\u0438\u044f \u043f\u043e \u0432\u044b\u0441\u0442\u0430\u0432\u043a\u0435 \u0442\u0435\u043f\u0435\u0440\u044c \u0434\u043e\u0441\u0442\u0443\u043f\u043d\u0430 \u0438 \u0432 \u0432\u0438\u0434\u0435\u043e\u0444\u043e\u0440\u043c\u0430\u0442\u0435!<\/h2>\t\t\t\t<\/div>\n\t\t\t\t<\/div>\n\t\t\t\t\t<\/div>\n\t\t<\/div>\n\t\t\t\t<div class=\"elementor-column elementor-col-50 elementor-inner-column elementor-element elementor-element-4ec8c57\" data-id=\"4ec8c57\" data-element_type=\"column\">\n\t\t\t<div class=\"elementor-widget-wrap elementor-element-populated\">\n\t\t\t\t\t\t<div class=\"elementor-element elementor-element-2fcd22e elementor-align-left elementor-widget elementor-widget-button\" data-id=\"2fcd22e\" data-element_type=\"widget\" data-widget_type=\"button.default\">\n\t\t\t\t<div class=\"elementor-widget-container\">\n\t\t\t\t\t\t\t\t\t<div class=\"elementor-button-wrapper\">\n\t\t\t\t\t<a class=\"elementor-button elementor-button-link elementor-size-sm\" href=\"https:\/\/www.youtube.com\/playlist?list=PLQTy600hk0T33m2kakwYHb9yNgq9aiW02\" rel=\"nofollow noopener\" target=\"_blank\">\n\t\t\t\t\t\t<span class=\"elementor-button-content-wrapper\">\n\t\t\t\t\t\t\t\t\t<span class=\"elementor-button-text\">\u0422\u0430\u043a\u0438\u043c \u043e\u0431\u0440\u0430\u0437\u043e\u043c<\/span>\n\t\t\t\t\t<\/span>\n\t\t\t\t\t<\/a>\n\t\t\t\t<\/div>\n\t\t\t\t\t\t\t\t<\/div>\n\t\t\t\t<\/div>\n\t\t\t\t\t<\/div>\n\t\t<\/div>\n\t\t\t\t\t<\/div>\n\t\t<\/section>\n\t\t\t\t\t<\/div>\n\t\t<\/div>\n\t\t\t\t\t<\/div>\n\t\t<\/section>\n\t\t\t\t<section class=\"elementor-section elementor-top-section elementor-element elementor-element-2e9eff8 elementor-section-boxed elementor-section-height-default elementor-section-height-default\" data-id=\"2e9eff8\" data-element_type=\"section\">\n\t\t\t\t\t\t<div class=\"elementor-container elementor-column-gap-default\">\n\t\t\t\t\t<div class=\"elementor-column elementor-col-100 elementor-top-column elementor-element elementor-element-4b96f62\" data-id=\"4b96f62\" data-element_type=\"column\">\n\t\t\t<div class=\"elementor-widget-wrap elementor-element-populated\">\n\t\t\t\t\t\t<div class=\"elementor-element elementor-element-06c4988 elementor-widget elementor-widget-menu-anchor\" data-id=\"06c4988\" data-element_type=\"widget\" data-widget_type=\"menu-anchor.default\">\n\t\t\t\t<div class=\"elementor-widget-container\">\n\t\t\t\t\t\t\t<div class=\"elementor-menu-anchor\" id=\"Indoor\"><\/div>\n\t\t\t\t\t\t<\/div>\n\t\t\t\t<\/div>\n\t\t\t\t<section class=\"elementor-section elementor-inner-section elementor-element elementor-element-c700fb4 elementor-section-boxed elementor-section-height-default elementor-section-height-default\" data-id=\"c700fb4\" data-element_type=\"section\">\n\t\t\t\t\t\t<div class=\"elementor-container elementor-column-gap-default\">\n\t\t\t\t\t<div class=\"elementor-column elementor-col-66 elementor-inner-column elementor-element elementor-element-81d7541\" data-id=\"81d7541\" data-element_type=\"column\">\n\t\t\t<div class=\"elementor-widget-wrap elementor-element-populated\">\n\t\t\t\t\t\t<div class=\"elementor-element elementor-element-159efca elementor-widget elementor-widget-heading\" data-id=\"159efca\" data-element_type=\"widget\" data-widget_type=\"heading.default\">\n\t\t\t\t<div class=\"elementor-widget-container\">\n\t\t\t\t\t<h2 class=\"elementor-heading-title elementor-size-default\">Toleranzr\u00e4ume - Indoor<\/h2>\t\t\t\t<\/div>\n\t\t\t\t<\/div>\n\t\t\t\t<div class=\"elementor-element elementor-element-7ec935d elementor-widget elementor-widget-heading\" data-id=\"7ec935d\" data-element_type=\"widget\" data-widget_type=\"heading.default\">\n\t\t\t\t<div class=\"elementor-widget-container\">\n\t\t\t\t\t<h3 class=\"elementor-heading-title elementor-size-default\">\u0412\u044b\u0441\u0442\u0430\u0432\u043a\u0430 \u0432 \u0437\u0430\u043a\u0440\u044b\u0442\u043e\u043c \u0432\u0430\u0440\u0438\u0430\u043d\u0442\u0435<\/h3>\t\t\t\t<\/div>\n\t\t\t\t<\/div>\n\t\t\t\t<div class=\"elementor-element elementor-element-539ecc7 elementor-widget elementor-widget-text-editor\" data-id=\"539ecc7\" data-element_type=\"widget\" data-widget_type=\"text-editor.default\">\n\t\t\t\t<div class=\"elementor-widget-container\">\n\t\t\t\t\t\t\t\t\t<p>\u0412 \u0434\u043e\u043f\u043e\u043b\u043d\u0435\u043d\u0438\u0435 \u043a \u0431\u043e\u043b\u044c\u0448\u043e\u0439 \u0432\u044b\u0441\u0442\u0430\u0432\u043a\u0435 \u043f\u043e\u0434 \u043e\u0442\u043a\u0440\u044b\u0442\u044b\u043c \u043d\u0435\u0431\u043e\u043c ToleranzR\u00e4ume \u0441 2024 \u0433\u043e\u0434\u0430 \u0431\u0443\u0434\u0435\u0442 \u043f\u0440\u043e\u0432\u043e\u0434\u0438\u0442\u044c\u0441\u044f \u0438 \u043a\u0440\u044b\u0442\u0430\u044f \u0432\u0435\u0440\u0441\u0438\u044f \u043a\u043e\u043d\u0442\u0435\u0439\u043d\u0435\u0440\u0430. \u042d\u0442\u043e \u043f\u043e\u0437\u0432\u043e\u043b\u0438\u0442 \u043f\u0435\u0440\u0435\u043d\u0435\u0441\u0442\u0438 \u0432\u044b\u0441\u0442\u0430\u0432\u043a\u0443 \u043f\u0440\u044f\u043c\u043e \u0432 \u0446\u0435\u043d\u0442\u0440 \u0448\u043a\u043e\u043b, \u043a\u043e\u043c\u043f\u0430\u043d\u0438\u0439 \u0438\u043b\u0438 \u0430\u0441\u0441\u043e\u0446\u0438\u0430\u0446\u0438\u0439. \u0412\u044b\u0441\u0442\u0430\u0432\u043a\u0430 \u00abToleranzR\u00e4ume indoor\u00bb \u043b\u0435\u0433\u043a\u0430\u044f, \u0443\u0434\u043e\u0431\u043d\u0430\u044f, \u0431\u044b\u0441\u0442\u0440\u043e \u043c\u043e\u043d\u0442\u0438\u0440\u0443\u0435\u0442\u0441\u044f \u0438 \u0434\u0435\u043c\u043e\u043d\u0442\u0438\u0440\u0443\u0435\u0442\u0441\u044f, \u043b\u0435\u0433\u043a\u043e \u0442\u0440\u0430\u043d\u0441\u043f\u043e\u0440\u0442\u0438\u0440\u0443\u0435\u0442\u0441\u044f \u0438, \u043f\u0440\u0435\u0436\u0434\u0435 \u0432\u0441\u0435\u0433\u043e, \u0443\u043d\u0438\u0432\u0435\u0440\u0441\u0430\u043b\u044c\u043d\u0430 \u0432 \u0441\u043e\u0447\u0435\u0442\u0430\u043d\u0438\u0438 \u0441 \u043e\u0431\u0440\u0430\u0437\u043e\u0432\u0430\u0442\u0435\u043b\u044c\u043d\u043e\u0439 \u043f\u0440\u043e\u0433\u0440\u0430\u043c\u043c\u043e\u0439.<\/p>\n\t\t\t\t\t\t\t\t<\/div>\n\t\t\t\t<\/div>\n\t\t\t\t<div class=\"elementor-element elementor-element-e894578 elementor-widget elementor-widget-heading\" data-id=\"e894578\" data-element_type=\"widget\" data-widget_type=\"heading.default\">\n\t\t\t\t<div class=\"elementor-widget-container\">\n\t\t\t\t\t<h3 class=\"elementor-heading-title elementor-size-default\">\u0427\u0442\u043e \u043d\u043e\u0432\u043e\u0433\u043e?<\/h3>\t\t\t\t<\/div>\n\t\t\t\t<\/div>\n\t\t\t\t<div class=\"elementor-element elementor-element-585b15c elementor-widget elementor-widget-text-editor\" data-id=\"585b15c\" data-element_type=\"widget\" data-widget_type=\"text-editor.default\">\n\t\t\t\t<div class=\"elementor-widget-container\">\n\t\t\t\t\t\t\t\t\t<p>\u0425\u043e\u0442\u044f \u043c\u043d\u043e\u0433\u0438\u0435 \u0441\u0442\u0435\u043d\u044b \u0432\u044b\u0441\u0442\u0430\u0432\u043a\u0438 \u0431\u044b\u043b\u0438 \u0430\u0434\u0430\u043f\u0442\u0438\u0440\u043e\u0432\u0430\u043d\u044b \u0434\u043b\u044f \u043a\u0440\u044b\u0442\u043e\u0439 \u0432\u0435\u0440\u0441\u0438\u0438, \u0441\u043e\u0434\u0435\u0440\u0436\u0430\u043d\u0438\u0435 \u043d\u0435 \u0438\u0437\u043c\u0435\u043d\u0438\u043b\u043e\u0441\u044c. \u041d\u043e\u0432\u044b\u043c \u044f\u0432\u043b\u044f\u0435\u0442\u0441\u044f \u0442\u043e, \u0447\u0442\u043e \u0432\u044b\u0441\u0442\u0430\u0432\u043a\u0430 \u0440\u0430\u0437\u043c\u0435\u0449\u0435\u043d\u0430 \u0432 \u043f\u043e\u043c\u0435\u0449\u0435\u043d\u0438\u0438, \u0447\u0442\u043e \u043f\u043e\u0437\u0432\u043e\u043b\u044f\u0435\u0442 \u043f\u043e-\u0434\u0440\u0443\u0433\u043e\u043c\u0443 \u043f\u043e\u0433\u0440\u0443\u0437\u0438\u0442\u044c\u0441\u044f \u0432 \u0441\u043e\u0434\u0435\u0440\u0436\u0430\u043d\u0438\u0435. \u041d\u0430 \u043c\u0430\u0441\u0442\u0435\u0440-\u043a\u043b\u0430\u0441\u0441\u0430\u0445, \u0441\u043e\u043f\u0440\u043e\u0432\u043e\u0436\u0434\u0430\u044e\u0449\u0438\u0445 \u0432\u044b\u0441\u0442\u0430\u0432\u043a\u0443, \u0443\u0447\u0430\u0441\u0442\u043d\u0438\u043a\u0438 \u0440\u0430\u0431\u043e\u0442\u0430\u044e\u0442 \u043d\u0435\u043f\u043e\u0441\u0440\u0435\u0434\u0441\u0442\u0432\u0435\u043d\u043d\u043e \u0441 \u0432\u044b\u0441\u0442\u0430\u0432\u043e\u0447\u043d\u044b\u043c\u0438 \u0441\u0442\u0435\u043d\u0430\u043c\u0438 \u0438 \u0442\u0430\u043a\u0438\u043c \u043e\u0431\u0440\u0430\u0437\u043e\u043c \u0443\u0433\u043b\u0443\u0431\u043b\u044f\u044e\u0442 \u0441\u0432\u043e\u0435 \u0432\u0437\u0430\u0438\u043c\u043e\u0434\u0435\u0439\u0441\u0442\u0432\u0438\u0435 \u0441 \u0441\u043e\u0434\u0435\u0440\u0436\u0430\u043d\u0438\u0435\u043c.<\/p>\n\t\t\t\t\t\t\t\t<\/div>\n\t\t\t\t<\/div>\n\t\t\t\t\t<\/div>\n\t\t<\/div>\n\t\t\t\t<div class=\"elementor-column elementor-col-33 elementor-inner-column elementor-element elementor-element-9384dc2 elementor-hidden-tablet elementor-hidden-mobile\" data-id=\"9384dc2\" data-element_type=\"column\">\n\t\t\t<div class=\"elementor-widget-wrap elementor-element-populated\">\n\t\t\t\t\t\t<div class=\"elementor-element elementor-element-741ae05 elementor-widget elementor-widget-gallery\" data-id=\"741ae05\" data-element_type=\"widget\" data-settings=\"{&quot;gallery_layout&quot;:&quot;justified&quot;,&quot;image_hover_animation&quot;:&quot;grow&quot;,&quot;lazyload&quot;:&quot;yes&quot;,&quot;ideal_row_height&quot;:{&quot;unit&quot;:&quot;px&quot;,&quot;size&quot;:200,&quot;sizes&quot;:[]},&quot;ideal_row_height_tablet&quot;:{&quot;unit&quot;:&quot;px&quot;,&quot;size&quot;:150,&quot;sizes&quot;:[]},&quot;ideal_row_height_mobile&quot;:{&quot;unit&quot;:&quot;px&quot;,&quot;size&quot;:150,&quot;sizes&quot;:[]},&quot;gap&quot;:{&quot;unit&quot;:&quot;px&quot;,&quot;size&quot;:10,&quot;sizes&quot;:[]},&quot;gap_tablet&quot;:{&quot;unit&quot;:&quot;px&quot;,&quot;size&quot;:10,&quot;sizes&quot;:[]},&quot;gap_mobile&quot;:{&quot;unit&quot;:&quot;px&quot;,&quot;size&quot;:10,&quot;sizes&quot;:[]},&quot;link_to&quot;:&quot;file&quot;,&quot;overlay_background&quot;:&quot;yes&quot;,&quot;content_hover_animation&quot;:&quot;fade-in&quot;}\" data-widget_type=\"gallery.default\">\n\t\t\t\t<div class=\"elementor-widget-container\">\n\t\t\t\t\t\t\t<div class=\"elementor-gallery__container\">\n\t\t\t\t\t\t\t<a class=\"e-gallery-item elementor-gallery-item elementor-animated-content\" href=\"https:\/\/www.toleranzraeume.org\/wp-content\/uploads\/2024\/05\/indoor-web-3.jpg\" data-elementor-open-lightbox=\"yes\" data-elementor-lightbox-slideshow=\"741ae05\" data-elementor-lightbox-title=\"indoor-web-3\" data-e-action-hash=\"#elementor-action%3Aaction%3Dlightbox%26settings%3DeyJpZCI6MjE5MTUsInVybCI6Imh0dHBzOlwvXC93d3cudG9sZXJhbnpyYWV1bWUub3JnXC93cC1jb250ZW50XC91cGxvYWRzXC8yMDI0XC8wNVwvaW5kb29yLXdlYi0zLmpwZyIsInNsaWRlc2hvdyI6Ijc0MWFlMDUifQ%3D%3D\">\n\t\t\t\t\t<div class=\"e-gallery-image elementor-gallery-item__image\" data-thumbnail=\"https:\/\/www.toleranzraeume.org\/wp-content\/uploads\/2024\/05\/indoor-web-3-768x512.jpg\" data-width=\"768\" data-height=\"512\" aria-label=\"\" role=\"img\" ><\/div>\n\t\t\t\t\t\t\t\t\t\t\t<div class=\"elementor-gallery-item__overlay\"><\/div>\n\t\t\t\t\t\t\t\t\t\t\t\t\t\t<\/a>\n\t\t\t\t\t\t\t<a class=\"e-gallery-item elementor-gallery-item elementor-animated-content\" href=\"https:\/\/www.toleranzraeume.org\/wp-content\/uploads\/2024\/05\/indoor-web-4.jpg\" data-elementor-open-lightbox=\"yes\" data-elementor-lightbox-slideshow=\"741ae05\" data-elementor-lightbox-title=\"indoor-web-4\" data-e-action-hash=\"#elementor-action%3Aaction%3Dlightbox%26settings%3DeyJpZCI6MjE5MTAsInVybCI6Imh0dHBzOlwvXC93d3cudG9sZXJhbnpyYWV1bWUub3JnXC93cC1jb250ZW50XC91cGxvYWRzXC8yMDI0XC8wNVwvaW5kb29yLXdlYi00LmpwZyIsInNsaWRlc2hvdyI6Ijc0MWFlMDUifQ%3D%3D\">\n\t\t\t\t\t<div class=\"e-gallery-image elementor-gallery-item__image\" data-thumbnail=\"https:\/\/www.toleranzraeume.org\/wp-content\/uploads\/2024\/05\/indoor-web-4-768x512.jpg\" data-width=\"768\" data-height=\"512\" aria-label=\"\" role=\"img\" ><\/div>\n\t\t\t\t\t\t\t\t\t\t\t<div class=\"elementor-gallery-item__overlay\"><\/div>\n\t\t\t\t\t\t\t\t\t\t\t\t\t\t<\/a>\n\t\t\t\t\t\t\t<a class=\"e-gallery-item elementor-gallery-item elementor-animated-content\" href=\"https:\/\/www.toleranzraeume.org\/wp-content\/uploads\/2024\/05\/indoor-web-9.jpg\" data-elementor-open-lightbox=\"yes\" data-elementor-lightbox-slideshow=\"741ae05\" data-elementor-lightbox-title=\"indoor-web-9\" data-e-action-hash=\"#elementor-action%3Aaction%3Dlightbox%26settings%3DeyJpZCI6MjE4ODUsInVybCI6Imh0dHBzOlwvXC93d3cudG9sZXJhbnpyYWV1bWUub3JnXC93cC1jb250ZW50XC91cGxvYWRzXC8yMDI0XC8wNVwvaW5kb29yLXdlYi05LmpwZyIsInNsaWRlc2hvdyI6Ijc0MWFlMDUifQ%3D%3D\">\n\t\t\t\t\t<div class=\"e-gallery-image elementor-gallery-item__image\" data-thumbnail=\"https:\/\/www.toleranzraeume.org\/wp-content\/uploads\/2024\/05\/indoor-web-9-768x1152.jpg\" data-width=\"768\" data-height=\"1152\" aria-label=\"\" role=\"img\" ><\/div>\n\t\t\t\t\t\t\t\t\t\t\t<div class=\"elementor-gallery-item__overlay\"><\/div>\n\t\t\t\t\t\t\t\t\t\t\t\t\t\t<\/a>\n\t\t\t\t\t\t\t<a class=\"e-gallery-item elementor-gallery-item elementor-animated-content\" href=\"https:\/\/www.toleranzraeume.org\/wp-content\/uploads\/2024\/05\/indoor-web-5.jpg\" data-elementor-open-lightbox=\"yes\" data-elementor-lightbox-slideshow=\"741ae05\" data-elementor-lightbox-title=\"indoor-web-5\" data-e-action-hash=\"#elementor-action%3Aaction%3Dlightbox%26settings%3DeyJpZCI6MjE5MDUsInVybCI6Imh0dHBzOlwvXC93d3cudG9sZXJhbnpyYWV1bWUub3JnXC93cC1jb250ZW50XC91cGxvYWRzXC8yMDI0XC8wNVwvaW5kb29yLXdlYi01LmpwZyIsInNsaWRlc2hvdyI6Ijc0MWFlMDUifQ%3D%3D\">\n\t\t\t\t\t<div class=\"e-gallery-image elementor-gallery-item__image\" data-thumbnail=\"https:\/\/www.toleranzraeume.org\/wp-content\/uploads\/2024\/05\/indoor-web-5-768x512.jpg\" data-width=\"768\" data-height=\"512\" aria-label=\"\" role=\"img\" ><\/div>\n\t\t\t\t\t\t\t\t\t\t\t<div class=\"elementor-gallery-item__overlay\"><\/div>\n\t\t\t\t\t\t\t\t\t\t\t\t\t\t<\/a>\n\t\t\t\t\t\t\t<a class=\"e-gallery-item elementor-gallery-item elementor-animated-content\" href=\"https:\/\/www.toleranzraeume.org\/wp-content\/uploads\/2024\/05\/indoor-web-1.jpg\" data-elementor-open-lightbox=\"yes\" data-elementor-lightbox-slideshow=\"741ae05\" data-elementor-lightbox-title=\"indoor-web-1\" data-e-action-hash=\"#elementor-action%3Aaction%3Dlightbox%26settings%3DeyJpZCI6MjE5MjUsInVybCI6Imh0dHBzOlwvXC93d3cudG9sZXJhbnpyYWV1bWUub3JnXC93cC1jb250ZW50XC91cGxvYWRzXC8yMDI0XC8wNVwvaW5kb29yLXdlYi0xLmpwZyIsInNsaWRlc2hvdyI6Ijc0MWFlMDUifQ%3D%3D\">\n\t\t\t\t\t<div class=\"e-gallery-image elementor-gallery-item__image\" data-thumbnail=\"https:\/\/www.toleranzraeume.org\/wp-content\/uploads\/2024\/05\/indoor-web-1-768x512.jpg\" data-width=\"768\" data-height=\"512\" aria-label=\"\" role=\"img\" ><\/div>\n\t\t\t\t\t\t\t\t\t\t\t<div class=\"elementor-gallery-item__overlay\"><\/div>\n\t\t\t\t\t\t\t\t\t\t\t\t\t\t<\/a>\n\t\t\t\t\t\t\t<a class=\"e-gallery-item elementor-gallery-item elementor-animated-content\" href=\"https:\/\/www.toleranzraeume.org\/wp-content\/uploads\/2024\/05\/indoor-web-7.jpg\" data-elementor-open-lightbox=\"yes\" data-elementor-lightbox-slideshow=\"741ae05\" data-elementor-lightbox-title=\"indoor-web-7\" data-e-action-hash=\"#elementor-action%3Aaction%3Dlightbox%26settings%3DeyJpZCI6MjE4OTUsInVybCI6Imh0dHBzOlwvXC93d3cudG9sZXJhbnpyYWV1bWUub3JnXC93cC1jb250ZW50XC91cGxvYWRzXC8yMDI0XC8wNVwvaW5kb29yLXdlYi03LmpwZyIsInNsaWRlc2hvdyI6Ijc0MWFlMDUifQ%3D%3D\">\n\t\t\t\t\t<div class=\"e-gallery-image elementor-gallery-item__image\" data-thumbnail=\"https:\/\/www.toleranzraeume.org\/wp-content\/uploads\/2024\/05\/indoor-web-7-768x1152.jpg\" data-width=\"768\" data-height=\"1152\" aria-label=\"\" role=\"img\" ><\/div>\n\t\t\t\t\t\t\t\t\t\t\t<div class=\"elementor-gallery-item__overlay\"><\/div>\n\t\t\t\t\t\t\t\t\t\t\t\t\t\t<\/a>\n\t\t\t\t\t\t\t<a class=\"e-gallery-item elementor-gallery-item elementor-animated-content\" href=\"https:\/\/www.toleranzraeume.org\/wp-content\/uploads\/2024\/05\/indoor-web-8.jpg\" data-elementor-open-lightbox=\"yes\" data-elementor-lightbox-slideshow=\"741ae05\" data-elementor-lightbox-title=\"indoor-web-8\" data-e-action-hash=\"#elementor-action%3Aaction%3Dlightbox%26settings%3DeyJpZCI6MjE4OTAsInVybCI6Imh0dHBzOlwvXC93d3cudG9sZXJhbnpyYWV1bWUub3JnXC93cC1jb250ZW50XC91cGxvYWRzXC8yMDI0XC8wNVwvaW5kb29yLXdlYi04LmpwZyIsInNsaWRlc2hvdyI6Ijc0MWFlMDUifQ%3D%3D\">\n\t\t\t\t\t<div class=\"e-gallery-image elementor-gallery-item__image\" data-thumbnail=\"https:\/\/www.toleranzraeume.org\/wp-content\/uploads\/2024\/05\/indoor-web-8-768x1152.jpg\" data-width=\"768\" data-height=\"1152\" aria-label=\"\" role=\"img\" ><\/div>\n\t\t\t\t\t\t\t\t\t\t\t<div class=\"elementor-gallery-item__overlay\"><\/div>\n\t\t\t\t\t\t\t\t\t\t\t\t\t\t<\/a>\n\t\t\t\t\t\t\t<a class=\"e-gallery-item elementor-gallery-item elementor-animated-content\" href=\"https:\/\/www.toleranzraeume.org\/wp-content\/uploads\/2024\/05\/indoor-web-6.jpg\" data-elementor-open-lightbox=\"yes\" data-elementor-lightbox-slideshow=\"741ae05\" data-elementor-lightbox-title=\"indoor-web-6\" data-e-action-hash=\"#elementor-action%3Aaction%3Dlightbox%26settings%3DeyJpZCI6MjE5MDAsInVybCI6Imh0dHBzOlwvXC93d3cudG9sZXJhbnpyYWV1bWUub3JnXC93cC1jb250ZW50XC91cGxvYWRzXC8yMDI0XC8wNVwvaW5kb29yLXdlYi02LmpwZyIsInNsaWRlc2hvdyI6Ijc0MWFlMDUifQ%3D%3D\">\n\t\t\t\t\t<div class=\"e-gallery-image elementor-gallery-item__image\" data-thumbnail=\"https:\/\/www.toleranzraeume.org\/wp-content\/uploads\/2024\/05\/indoor-web-6-768x512.jpg\" data-width=\"768\" data-height=\"512\" aria-label=\"\" role=\"img\" ><\/div>\n\t\t\t\t\t\t\t\t\t\t\t<div class=\"elementor-gallery-item__overlay\"><\/div>\n\t\t\t\t\t\t\t\t\t\t\t\t\t\t<\/a>\n\t\t\t\t\t\t\t<a class=\"e-gallery-item elementor-gallery-item elementor-animated-content\" href=\"https:\/\/www.toleranzraeume.org\/wp-content\/uploads\/2024\/05\/indoor-web-2.jpg\" data-elementor-open-lightbox=\"yes\" data-elementor-lightbox-slideshow=\"741ae05\" data-elementor-lightbox-title=\"indoor-web-2\" data-e-action-hash=\"#elementor-action%3Aaction%3Dlightbox%26settings%3DeyJpZCI6MjE5MjAsInVybCI6Imh0dHBzOlwvXC93d3cudG9sZXJhbnpyYWV1bWUub3JnXC93cC1jb250ZW50XC91cGxvYWRzXC8yMDI0XC8wNVwvaW5kb29yLXdlYi0yLmpwZyIsInNsaWRlc2hvdyI6Ijc0MWFlMDUifQ%3D%3D\">\n\t\t\t\t\t<div class=\"e-gallery-image elementor-gallery-item__image\" data-thumbnail=\"https:\/\/www.toleranzraeume.org\/wp-content\/uploads\/2024\/05\/indoor-web-2-768x1152.jpg\" data-width=\"768\" data-height=\"1152\" aria-label=\"\" role=\"img\" ><\/div>\n\t\t\t\t\t\t\t\t\t\t\t<div class=\"elementor-gallery-item__overlay\"><\/div>\n\t\t\t\t\t\t\t\t\t\t\t\t\t\t<\/a>\n\t\t\t\t\t<\/div>\n\t\t\t\t\t<\/div>\n\t\t\t\t<\/div>\n\t\t\t\t\t<\/div>\n\t\t<\/div>\n\t\t\t\t\t<\/div>\n\t\t<\/section>\n\t\t\t\t<section class=\"elementor-section elementor-inner-section elementor-element elementor-element-045975f elementor-section-boxed elementor-section-height-default elementor-section-height-default\" data-id=\"045975f\" data-element_type=\"section\" data-settings=\"{&quot;background_background&quot;:&quot;classic&quot;}\">\n\t\t\t\t\t\t<div class=\"elementor-container elementor-column-gap-default\">\n\t\t\t\t\t<div class=\"elementor-column elementor-col-50 elementor-inner-column elementor-element elementor-element-656195e\" data-id=\"656195e\" data-element_type=\"column\">\n\t\t\t<div class=\"elementor-widget-wrap elementor-element-populated\">\n\t\t\t\t\t\t<div class=\"elementor-element elementor-element-a456858 elementor-widget elementor-widget-heading\" data-id=\"a456858\" data-element_type=\"widget\" data-widget_type=\"heading.default\">\n\t\t\t\t<div class=\"elementor-widget-container\">\n\t\t\t\t\t<h2 class=\"elementor-heading-title elementor-size-default\">\u0425\u043e\u0442\u0438\u0442\u0435 \u043f\u043e\u043a\u0430\u0437\u0430\u0442\u044c \u044d\u043a\u0441\u043f\u043e\u0437\u0438\u0446\u0438\u044e ToleranzR\u00e4ume Indoor \u0432 \u0441\u0432\u043e\u0435\u043c \u0440\u0435\u0433\u0438\u043e\u043d\u0435? <\/h2>\t\t\t\t<\/div>\n\t\t\t\t<\/div>\n\t\t\t\t\t<\/div>\n\t\t<\/div>\n\t\t\t\t<div class=\"elementor-column elementor-col-50 elementor-inner-column elementor-element elementor-element-344235e\" data-id=\"344235e\" data-element_type=\"column\">\n\t\t\t<div class=\"elementor-widget-wrap elementor-element-populated\">\n\t\t\t\t\t\t<div class=\"elementor-element elementor-element-022ff72 elementor-align-left elementor-widget elementor-widget-button\" data-id=\"022ff72\" data-element_type=\"widget\" data-widget_type=\"button.default\">\n\t\t\t\t<div class=\"elementor-widget-container\">\n\t\t\t\t\t\t\t\t\t<div class=\"elementor-button-wrapper\">\n\t\t\t\t\t<a class=\"elementor-button elementor-button-link elementor-size-sm\" href=\"https:\/\/forms.monday.com\/forms\/e274d488ddbac16297e30c8efc405de0?r=use1\" rel=\"nofollow noopener\" target=\"_blank\">\n\t\t\t\t\t\t<span class=\"elementor-button-content-wrapper\">\n\t\t\t\t\t\t\t\t\t<span class=\"elementor-button-text\">\u0421\u0432\u044f\u0436\u0438\u0442\u0435\u0441\u044c \u0441 \u043d\u0430\u043c\u0438<\/span>\n\t\t\t\t\t<\/span>\n\t\t\t\t\t<\/a>\n\t\t\t\t<\/div>\n\t\t\t\t\t\t\t\t<\/div>\n\t\t\t\t<\/div>\n\t\t\t\t\t<\/div>\n\t\t<\/div>\n\t\t\t\t\t<\/div>\n\t\t<\/section>\n\t\t\t\t<section class=\"elementor-section elementor-inner-section elementor-element elementor-element-9d42135 elementor-section-boxed elementor-section-height-default elementor-section-height-default\" data-id=\"9d42135\" data-element_type=\"section\">\n\t\t\t\t\t\t<div class=\"elementor-container elementor-column-gap-default\">\n\t\t\t\t\t<div class=\"elementor-column elementor-col-100 elementor-inner-column elementor-element elementor-element-835e58c elementor-hidden-tablet elementor-hidden-mobile\" data-id=\"835e58c\" data-element_type=\"column\">\n\t\t\t<div class=\"elementor-widget-wrap\">\n\t\t\t\t\t\t\t<\/div>\n\t\t<\/div>\n\t\t\t\t\t<\/div>\n\t\t<\/section>\n\t\t\t\t\t<\/div>\n\t\t<\/div>\n\t\t\t\t\t<\/div>\n\t\t<\/section>\n\t\t\t\t<section class=\"elementor-section elementor-top-section elementor-element elementor-element-3f74f386 elementor-section-boxed elementor-section-height-default elementor-section-height-default\" data-id=\"3f74f386\" data-element_type=\"section\">\n\t\t\t\t\t\t<div class=\"elementor-container elementor-column-gap-default\">\n\t\t\t\t\t<div class=\"elementor-column elementor-col-100 elementor-top-column elementor-element elementor-element-2072611a\" data-id=\"2072611a\" data-element_type=\"column\">\n\t\t\t<div class=\"elementor-widget-wrap elementor-element-populated\">\n\t\t\t\t\t\t<section class=\"elementor-section elementor-inner-section elementor-element elementor-element-38abb1b elementor-section-boxed elementor-section-height-default elementor-section-height-default\" data-id=\"38abb1b\" data-element_type=\"section\">\n\t\t\t\t\t\t<div class=\"elementor-container elementor-column-gap-default\">\n\t\t\t\t\t<div class=\"elementor-column elementor-col-66 elementor-inner-column elementor-element elementor-element-e43bb05\" data-id=\"e43bb05\" data-element_type=\"column\">\n\t\t\t<div class=\"elementor-widget-wrap elementor-element-populated\">\n\t\t\t\t\t\t<div class=\"elementor-element elementor-element-6e0a221 elementor-widget elementor-widget-heading\" data-id=\"6e0a221\" data-element_type=\"widget\" id=\"faq\" data-widget_type=\"heading.default\">\n\t\t\t\t<div class=\"elementor-widget-container\">\n\t\t\t\t\t<h2 class=\"elementor-heading-title elementor-size-default\">\u0412\u043e\u043f\u0440\u043e\u0441\u044b \u0438 \u043e\u0442\u0432\u0435\u0442\u044b <\/h2>\t\t\t\t<\/div>\n\t\t\t\t<\/div>\n\t\t\t\t<div class=\"elementor-element elementor-element-7e56d9dd elementor-widget elementor-widget-accordion\" data-id=\"7e56d9dd\" data-element_type=\"widget\" data-widget_type=\"accordion.default\">\n\t\t\t\t<div class=\"elementor-widget-container\">\n\t\t\t\t\t\t\t<div class=\"elementor-accordion\">\n\t\t\t\t\t\t\t<div class=\"elementor-accordion-item\">\n\t\t\t\t\t<div id=\"elementor-tab-title-2111\" class=\"elementor-tab-title\" data-tab=\"1\" role=\"button\" aria-controls=\"elementor-tab-content-2111\" aria-expanded=\"false\">\n\t\t\t\t\t\t\t\t\t\t\t\t\t<span class=\"elementor-accordion-icon elementor-accordion-icon-left\" aria-hidden=\"true\">\n\t\t\t\t\t\t\t\t\t\t\t\t\t\t\t<span class=\"elementor-accordion-icon-closed\"><i class=\"fas fa-plus\"><\/i><\/span>\n\t\t\t\t\t\t\t\t<span class=\"elementor-accordion-icon-opened\"><i class=\"fas fa-minus\"><\/i><\/span>\n\t\t\t\t\t\t\t\t\t\t\t\t\t\t<\/span>\n\t\t\t\t\t\t\t\t\t\t\t\t<a class=\"elementor-accordion-title\" tabindex=\"0\">\u0427\u0442\u043e \u043e\u0437\u043d\u0430\u0447\u0430\u0435\u0442 \u043d\u0430\u0437\u0432\u0430\u043d\u0438\u0435 ToleranzR\u00e4ume?  <\/a>\n\t\t\t\t\t<\/div>\n\t\t\t\t\t<div id=\"elementor-tab-content-2111\" class=\"elementor-tab-content elementor-clearfix\" data-tab=\"1\" role=\"region\" aria-labelledby=\"elementor-tab-title-2111\"><p>\u041c\u044b \u0432\u0441\u0435 \u043f\u043e\u0441\u0442\u043e\u044f\u043d\u043d\u043e \u043f\u0435\u0440\u0435\u043c\u0435\u0449\u0430\u0435\u043c\u0441\u044f \u043f\u043e \u0440\u0430\u0437\u043d\u044b\u043c \u043f\u0440\u043e\u0441\u0442\u0440\u0430\u043d\u0441\u0442\u0432\u0430\u043c: \u0434\u043e\u043c\u0430, \u0432 \u043d\u0430\u0448\u0438\u0445 \u0433\u043e\u0440\u043e\u0434\u0430\u0445 \u0438 \u043f\u043e\u0441\u0435\u043b\u043a\u0430\u0445, \u0430 \u0442\u0430\u043a\u0436\u0435 \u0432 \u0418\u043d\u0442\u0435\u0440\u043d\u0435\u0442\u0435, \u0432 \u0441\u043e\u0446\u0438\u0430\u043b\u044c\u043d\u044b\u0445 \u0441\u0435\u0442\u044f\u0445 \u043b\u0438\u0431\u043e \u0432 \u0441\u043f\u043e\u0440\u0442\u0438\u0432\u043d\u043e\u043c \u043e\u0431\u0449\u0435\u0441\u0442\u0432\u0435, \u043d\u0430 \u0440\u0430\u0431\u043e\u0442\u0435 \u0438\u043b\u0438 \u0432 \u0448\u043a\u043e\u043b\u0435. \u0420\u0430\u0437\u0432\u0435 \u043d\u0435 \u0445\u043e\u0440\u043e\u0448\u043e \u0431\u044b \u0431\u044b\u043b\u043e, \u0435\u0441\u043b\u0438 \u0431\u044b \u0432\u043e \u0432\u0441\u0435\u0445 \u044d\u0442\u0438\u0445 \u043f\u0440\u043e\u0441\u0442\u0440\u0430\u043d\u0441\u0442\u0432\u0430\u0445 \u0446\u0430\u0440\u0438\u043b\u0438 \u0442\u043e\u043b\u0435\u0440\u0430\u043d\u0442\u043d\u043e\u0441\u0442\u044c \u0438 \u0443\u0432\u0430\u0436\u0435\u043d\u0438\u0435? \u042d\u0442\u0443 \u0438\u0434\u0435\u044e \u0438 \u0441\u0438\u043c\u0432\u043e\u043b\u0438\u0437\u0438\u0440\u0443\u0435\u0442 \u043d\u0430\u0437\u0432\u0430\u043d\u0438\u0435 \u043f\u0440\u043e\u0435\u043a\u0442\u0430 <strong>ToleranzR\u00e4ume (\u041f\u0440\u043e\u0441\u0442\u0440\u0430\u043d\u0441\u0442\u0432\u0430 \u0442\u043e\u043b\u0435\u0440\u0430\u043d\u0442\u043d\u043e\u0441\u0442\u0438)<\/strong>, \u0432\u0435\u0434\u044c \u0438\u043c\u0435\u043d\u043d\u043e \u044d\u0442\u043e\u0433\u043e \u043c\u044b \u0438 \u0441\u0442\u0440\u0435\u043c\u0438\u043c\u0441\u044f \u0434\u043e\u0441\u0442\u0438\u0447\u044c.<\/p>\n<p>\u041e\u0431\u0440\u0430\u0437\u0446\u043e\u043c \u0434\u043b\u044f \u0441\u043e\u0437\u0434\u0430\u043d\u0438\u044f <strong>ToleranzR\u00e4ume<\/strong> \u0441\u0442\u0430\u043b \u0440\u0435\u0430\u043b\u0438\u0437\u043e\u0432\u0430\u043d\u043d\u044b\u0439 \u0432 \u041c\u0435\u043a\u0441\u0438\u043a\u0435 \u043f\u0440\u043e\u0435\u043a\u0442 Tunel de Memorial et Tolerancia (\u0422\u043e\u043d\u043d\u0435\u043b\u044c \u043f\u0430\u043c\u044f\u0442\u0438 \u0438 \u0442\u043e\u043b\u0435\u0440\u0430\u043d\u0442\u043d\u043e\u0441\u0442\u0438) \u041c\u0443\u0437\u0435\u044f \u043f\u0430\u043c\u044f\u0442\u0438 \u0438 \u0442\u043e\u043b\u0435\u0440\u0430\u043d\u0442\u043d\u043e\u0441\u0442\u0438 (<a href=\"https:\/\/www.myt.org.mx\/tunel)\" rel=\"nofollow noopener\" target=\"_blank\">https:\/\/www.myt.org.mx\/tunel)<\/a>. \u0412\u0434\u043e\u0445\u043d\u043e\u0432\u0438\u0432\u0448\u0438\u0441\u044c \u044d\u0442\u0438\u043c \u043f\u0440\u0438\u043c\u0435\u0440\u043e\u043c, \u0438\u043d\u0438\u0446\u0438\u0430\u0442\u043e\u0440\u044b \u043f\u0440\u043e\u0435\u043a\u0442\u0430 \u043d\u0430\u0437\u0432\u0430\u043b\u0438 \u0441\u0432\u043e\u0435 \u043e\u0431\u044a\u0435\u0434\u0438\u043d\u0435\u043d\u0438\u0435 Toleranz-Tunnel e.V.<\/p>\n<\/div>\n\t\t\t\t<\/div>\n\t\t\t\t\t\t\t<div class=\"elementor-accordion-item\">\n\t\t\t\t\t<div id=\"elementor-tab-title-2112\" class=\"elementor-tab-title\" data-tab=\"2\" role=\"button\" aria-controls=\"elementor-tab-content-2112\" aria-expanded=\"false\">\n\t\t\t\t\t\t\t\t\t\t\t\t\t<span class=\"elementor-accordion-icon elementor-accordion-icon-left\" aria-hidden=\"true\">\n\t\t\t\t\t\t\t\t\t\t\t\t\t\t\t<span class=\"elementor-accordion-icon-closed\"><i class=\"fas fa-plus\"><\/i><\/span>\n\t\t\t\t\t\t\t\t<span class=\"elementor-accordion-icon-opened\"><i class=\"fas fa-minus\"><\/i><\/span>\n\t\t\t\t\t\t\t\t\t\t\t\t\t\t<\/span>\n\t\t\t\t\t\t\t\t\t\t\t\t<a class=\"elementor-accordion-title\" tabindex=\"0\">\u0412 \u0447\u0435\u043c \u0446\u0435\u043b\u044c \u043f\u0440\u043e\u0441\u0442\u0440\u0430\u043d\u0441\u0442\u0432\u0430 \u0442\u043e\u043b\u0435\u0440\u0430\u043d\u0442\u043d\u043e\u0441\u0442\u0438?<\/a>\n\t\t\t\t\t<\/div>\n\t\t\t\t\t<div id=\"elementor-tab-content-2112\" class=\"elementor-tab-content elementor-clearfix\" data-tab=\"2\" role=\"region\" aria-labelledby=\"elementor-tab-title-2112\"><p>\u0422\u043e\u043b\u0435\u0440\u0430\u043d\u0442\u043d\u043e\u0441\u0442\u044c \u043d\u0435 \u0432\u043e\u0437\u043d\u0438\u043a\u0430\u0435\u0442 \u0441\u0430\u043c\u0430 \u043f\u043e \u0441\u0435\u0431\u0435. \u041d\u0430\u0434 \u043d\u0435\u0439 \u043d\u0443\u0436\u043d\u043e \u0430\u043a\u0442\u0438\u0432\u043d\u043e \u0440\u0430\u0431\u043e\u0442\u0430\u0442\u044c. \u0414\u0430\u0436\u0435 \u0432 \u0441\u0430\u043c\u044b\u0445 \u043e\u0431\u044b\u0434\u0435\u043d\u043d\u044b\u0445 \u0441\u0438\u0442\u0443\u0430\u0446\u0438\u044f\u0445. \u042d\u043a\u0441\u043f\u043e\u043d\u0430\u0442\u044b ToleranzR\u00e4ume \u043f\u043e\u043a\u0430\u0437\u044b\u0432\u0430\u044e\u0442\u00a0\u2014 \u0438\u043d\u0442\u0435\u0440\u0430\u043a\u0442\u0438\u0432\u043d\u043e \u0438 \u0434\u043e\u0441\u0442\u0443\u043f\u043d\u043e \u0434\u043b\u044f \u043f\u043e\u043d\u0438\u043c\u0430\u043d\u0438\u044f,\u00a0\u2014 \u043a\u0430\u043a \u044d\u0442\u043e \u043c\u043e\u0436\u0435\u0442 \u043f\u0440\u043e\u0438\u0441\u0445\u043e\u0434\u0438\u0442\u044c.<\/p>\n<\/div>\n\t\t\t\t<\/div>\n\t\t\t\t\t\t\t<div class=\"elementor-accordion-item\">\n\t\t\t\t\t<div id=\"elementor-tab-title-2113\" class=\"elementor-tab-title\" data-tab=\"3\" role=\"button\" aria-controls=\"elementor-tab-content-2113\" aria-expanded=\"false\">\n\t\t\t\t\t\t\t\t\t\t\t\t\t<span class=\"elementor-accordion-icon elementor-accordion-icon-left\" aria-hidden=\"true\">\n\t\t\t\t\t\t\t\t\t\t\t\t\t\t\t<span class=\"elementor-accordion-icon-closed\"><i class=\"fas fa-plus\"><\/i><\/span>\n\t\t\t\t\t\t\t\t<span class=\"elementor-accordion-icon-opened\"><i class=\"fas fa-minus\"><\/i><\/span>\n\t\t\t\t\t\t\t\t\t\t\t\t\t\t<\/span>\n\t\t\t\t\t\t\t\t\t\t\t\t<a class=\"elementor-accordion-title\" tabindex=\"0\">\u041a\u0430\u043a\u0438\u0435 \u0442\u0435\u043c\u044b \u043e\u0445\u0432\u0430\u0442\u044b\u0432\u0430\u0435\u0442 \u044d\u043a\u0441\u043f\u043e\u0437\u0438\u0446\u0438\u044f ToleranzR\u00e4ume? <\/a>\n\t\t\t\t\t<\/div>\n\t\t\t\t\t<div id=\"elementor-tab-content-2113\" class=\"elementor-tab-content elementor-clearfix\" data-tab=\"3\" role=\"region\" aria-labelledby=\"elementor-tab-title-2113\"><p>\u042d\u043a\u0441\u043f\u043e\u0437\u0438\u0446\u0438\u044f \u0440\u0430\u0437\u0434\u0435\u043b\u0435\u043d\u0430 \u043d\u0430 \u0434\u0432\u0435 \u0437\u043e\u043d\u044b: \u0432\u043d\u0443\u0442\u0440\u0435\u043d\u043d\u044f\u044f \u0437\u043e\u043d\u0430 \u043f\u043e\u0441\u0432\u044f\u0449\u0435\u043d\u0430 \u043f\u043e\u043d\u044f\u0442\u0438\u044e \u0442\u043e\u043b\u0435\u0440\u0430\u043d\u0442\u043d\u043e\u0441\u0442\u0438 \u0438 \u043e\u0442\u0434\u0435\u043b\u044c\u043d\u044b\u043c \u043f\u0440\u0438\u043c\u0435\u0440\u0430\u043c \u0438\u0437 \u0438\u0441\u0442\u043e\u0440\u0438\u0438. \u0412 \u043d\u0430\u0440\u0443\u0436\u043d\u043e\u0439 \u0437\u043e\u043d\u0435 \u0441 \u043f\u043e\u043c\u043e\u0449\u044c\u044e \u043f\u043e\u0432\u0441\u0435\u0434\u043d\u0435\u0432\u043d\u044b\u0445 \u043f\u0440\u0438\u043c\u0435\u0440\u043e\u0432 \u0434\u0435\u043c\u043e\u043d\u0441\u0442\u0440\u0438\u0440\u0443\u0435\u0442\u0441\u044f \u0432\u0430\u0436\u043d\u043e\u0441\u0442\u044c \u0442\u043e\u043b\u0435\u0440\u0430\u043d\u0442\u043d\u043e\u0441\u0442\u0438, \u0430 \u0442\u0430\u043a\u0436\u0435 \u0442\u043e, \u043a\u0430\u043a \u043a\u0430\u0436\u0434\u044b\u0439 \u0438\u0437 \u043d\u0430\u0441 \u043c\u043e\u0436\u0435\u0442 \u0440\u0430\u0431\u043e\u0442\u0430\u0442\u044c \u043d\u0430\u0434 \u043f\u0440\u043e\u044f\u0432\u043b\u0435\u043d\u0438\u0435\u043c \u0431\u043e\u043b\u044c\u0448\u0435\u0433\u043e \u0443\u0432\u0430\u0436\u0435\u043d\u0438\u044f \u0432\u043e \u0432\u0437\u0430\u0438\u043c\u043d\u044b\u0445 \u043e\u0442\u043d\u043e\u0448\u0435\u043d\u0438\u044f\u0445. \u041f\u043e \u044d\u043a\u0441\u043f\u043e\u0437\u0438\u0446\u0438\u0438 \u043c\u043e\u0436\u043d\u043e \u043f\u0435\u0440\u0435\u043c\u0435\u0449\u0430\u0442\u044c\u0441\u044f \u0432 \u043b\u044e\u0431\u043e\u043c \u043d\u0430\u043f\u0440\u0430\u0432\u043b\u0435\u043d\u0438\u0438\u00a0\u2014 \u0438\u0437\u043d\u0443\u0442\u0440\u0438 \u043d\u0430\u0440\u0443\u0436\u0443 \u0438\u043b\u0438 \u043d\u0430\u043e\u0431\u043e\u0440\u043e\u0442: \u043a \u044d\u043a\u0441\u043f\u043e\u043d\u0430\u0442\u0430\u043c ToleranzR\u00e4ume \u043c\u043e\u0436\u043d\u043e \u043f\u043e\u0434\u0445\u043e\u0434\u0438\u0442\u044c \u0441\u043e \u0432\u0441\u0435\u0445 \u0441\u0442\u043e\u0440\u043e\u043d.<\/p>\n<\/div>\n\t\t\t\t<\/div>\n\t\t\t\t\t\t\t<div class=\"elementor-accordion-item\">\n\t\t\t\t\t<div id=\"elementor-tab-title-2114\" class=\"elementor-tab-title\" data-tab=\"4\" role=\"button\" aria-controls=\"elementor-tab-content-2114\" aria-expanded=\"false\">\n\t\t\t\t\t\t\t\t\t\t\t\t\t<span class=\"elementor-accordion-icon elementor-accordion-icon-left\" aria-hidden=\"true\">\n\t\t\t\t\t\t\t\t\t\t\t\t\t\t\t<span class=\"elementor-accordion-icon-closed\"><i class=\"fas fa-plus\"><\/i><\/span>\n\t\t\t\t\t\t\t\t<span class=\"elementor-accordion-icon-opened\"><i class=\"fas fa-minus\"><\/i><\/span>\n\t\t\t\t\t\t\t\t\t\t\t\t\t\t<\/span>\n\t\t\t\t\t\t\t\t\t\t\t\t<a class=\"elementor-accordion-title\" tabindex=\"0\">\u041c\u043e\u0436\u0435\u0442\u0435 \u043b\u0438 \u0432\u044b \u043f\u0440\u0435\u0434\u0441\u0442\u0430\u0432\u0438\u0442\u044c \u044d\u043a\u0441\u043f\u043e\u0437\u0438\u0446\u0438\u044e \u0432 \u0432\u0438\u0434\u0435 \u0445\u0443\u0434\u043e\u0436\u0435\u0441\u0442\u0432\u0435\u043d\u043d\u043e\u0433\u043e \u043c\u0443\u0437\u0435\u044f?<\/a>\n\t\t\t\t\t<\/div>\n\t\t\t\t\t<div id=\"elementor-tab-content-2114\" class=\"elementor-tab-content elementor-clearfix\" data-tab=\"4\" role=\"region\" aria-labelledby=\"elementor-tab-title-2114\"><p>\u042d\u043a\u0441\u043f\u043e\u0437\u0438\u0446\u0438\u044f <strong>ToleranzR\u00e4ume<\/strong> \u0441\u043e\u0441\u0442\u043e\u0438\u0442 \u0438\u0437 \u043a\u0440\u0430\u0441\u043e\u0447\u043d\u044b\u0445 \u043a\u043e\u043d\u0442\u0435\u0439\u043d\u0435\u0440\u043e\u0432, \u0440\u0430\u0441\u043f\u043e\u043b\u0430\u0433\u0430\u044e\u0449\u0438\u0445\u0441\u044f \u0432 \u0446\u0435\u043d\u0442\u0440\u0430\u043b\u044c\u043d\u044b\u0445 \u043c\u0435\u0441\u0442\u0430\u0445; \u0434\u043e\u0441\u0442\u0443\u043f \u043a \u043d\u0438\u043c \u043e\u0442\u043a\u0440\u044b\u0442 \u0434\u043b\u044f \u0432\u0441\u0435\u0445. \u0421 \u043a\u0430\u0436\u0434\u044b\u043c \u043f\u043e\u0441\u0435\u0449\u0435\u043d\u0438\u0435\u043c \u043e\u043d\u0438 \u043c\u0435\u043d\u044f\u044e\u0442\u0441\u044f: \u043f\u0440\u0438 \u0436\u0435\u043b\u0430\u043d\u0438\u0438 \u0432\u044b \u043c\u043e\u0436\u0435\u0442\u0435 \u0437\u0430\u043f\u0438\u0441\u044b\u0432\u0430\u0442\u044c \u0441\u043e\u0432\u0435\u0442\u044b \u0438\u043b\u0438 \u043c\u044b\u0441\u043b\u0438 \u0438 \u0431\u0440\u0430\u0442\u044c \u0441 \u0441\u043e\u0431\u043e\u0439 \u0432\u0434\u043e\u0445\u043d\u043e\u0432\u043b\u044f\u044e\u0449\u0438\u0435 \u0440\u0438\u0441\u0443\u043d\u043a\u0438. \u041a\u0440\u043e\u043c\u0435 \u0442\u043e\u0433\u043e, \u0432 \u043a\u0430\u0436\u0434\u043e\u043c \u043c\u0435\u0441\u0442\u0435 \u043f\u0440\u043e\u0432\u0435\u0434\u0435\u043d\u0438\u044f \u044d\u043a\u0441\u043f\u043e\u0437\u0438\u0446\u0438\u0438 \u0431\u0443\u0434\u0435\u0442 \u043f\u0440\u0435\u0434\u043b\u0430\u0433\u0430\u0442\u044c\u0441\u044f \u044f\u0440\u043a\u0430\u044f \u0441\u043e\u043f\u0440\u043e\u0432\u043e\u0434\u0438\u0442\u0435\u043b\u044c\u043d\u0430\u044f \u043f\u0440\u043e\u0433\u0440\u0430\u043c\u043c\u0430, \u0432\u043a\u043b\u044e\u0447\u0430\u044e\u0449\u0430\u044f \u0432 \u0441\u0435\u0431\u044f \u043a\u0443\u043b\u044c\u0442\u0443\u0440\u043d\u044b\u0435 \u043c\u0435\u0440\u043e\u043f\u0440\u0438\u044f\u0442\u0438\u044f, \u0441\u0435\u043c\u0438\u043d\u0430\u0440\u044b \u0438 \u043c\u043d\u043e\u0433\u043e\u0435 \u0434\u0440\u0443\u0433\u043e\u0435. \u0415\u0441\u0442\u0435\u0441\u0442\u0432\u0435\u043d\u043d\u043e, \u044d\u043a\u0441\u043f\u043e\u043d\u0430\u0442\u044b <strong>ToleranzR\u00e4ume<\/strong> \u043c\u043e\u0433\u0443\u0442 \u043c\u043d\u043e\u0433\u043e\u043c\u0443 \u043d\u0430\u0443\u0447\u0438\u0442\u044c. \u041e\u0434\u043d\u0430\u043a\u043e \u043e\u043d\u0438 \u0441\u043a\u043e\u0440\u0435\u0435 \u043d\u0435 \u043c\u0443\u0437\u0435\u0439\u043d\u044b\u0435 \u043f\u043e \u0441\u0432\u043e\u0435\u043c\u0443 \u0445\u0430\u0440\u0430\u043a\u0442\u0435\u0440\u0443.<\/p>\n<\/div>\n\t\t\t\t<\/div>\n\t\t\t\t\t\t\t<div class=\"elementor-accordion-item\">\n\t\t\t\t\t<div id=\"elementor-tab-title-2115\" class=\"elementor-tab-title\" data-tab=\"5\" role=\"button\" aria-controls=\"elementor-tab-content-2115\" aria-expanded=\"false\">\n\t\t\t\t\t\t\t\t\t\t\t\t\t<span class=\"elementor-accordion-icon elementor-accordion-icon-left\" aria-hidden=\"true\">\n\t\t\t\t\t\t\t\t\t\t\t\t\t\t\t<span class=\"elementor-accordion-icon-closed\"><i class=\"fas fa-plus\"><\/i><\/span>\n\t\t\t\t\t\t\t\t<span class=\"elementor-accordion-icon-opened\"><i class=\"fas fa-minus\"><\/i><\/span>\n\t\t\t\t\t\t\t\t\t\t\t\t\t\t<\/span>\n\t\t\t\t\t\t\t\t\t\t\t\t<a class=\"elementor-accordion-title\" tabindex=\"0\">\u041d\u0430 \u043a\u0430\u043a\u043e\u043c \u044f\u0437\u044b\u043a\u0435 \u043e\u0444\u043e\u0440\u043c\u043b\u0435\u043d\u0430 \u044d\u043a\u0441\u043f\u043e\u0437\u0438\u0446\u0438\u044f?<\/a>\n\t\t\t\t\t<\/div>\n\t\t\t\t\t<div id=\"elementor-tab-content-2115\" class=\"elementor-tab-content elementor-clearfix\" data-tab=\"5\" role=\"region\" aria-labelledby=\"elementor-tab-title-2115\"><p>\u0421\u043e\u0434\u0435\u0440\u0436\u0430\u043d\u0438\u0435 \u044d\u043a\u0441\u043f\u043e\u0437\u0438\u0446\u0438\u0438 \u0438\u0437\u043b\u043e\u0436\u0435\u043d\u043e \u043d\u0430 \u043d\u0435\u043c\u0435\u0446\u043a\u043e\u043c \u044f\u0437\u044b\u043a\u0435. \u041d\u0430 \u0432\u0435\u0431-\u0441\u0430\u0439\u0442\u0435 \u0442\u0430\u043a\u0436\u0435 \u0440\u0430\u0437\u043c\u0435\u0449\u0435\u043d\u044b \u043c\u0430\u0442\u0435\u0440\u0438\u0430\u043b\u044b \u0438 \u043d\u0430 \u0434\u0440\u0443\u0433\u0438\u0445 \u044f\u0437\u044b\u043a\u0430\u0445.<\/p>\n<\/div>\n\t\t\t\t<\/div>\n\t\t\t\t\t\t\t<div class=\"elementor-accordion-item\">\n\t\t\t\t\t<div id=\"elementor-tab-title-2116\" class=\"elementor-tab-title\" data-tab=\"6\" role=\"button\" aria-controls=\"elementor-tab-content-2116\" aria-expanded=\"false\">\n\t\t\t\t\t\t\t\t\t\t\t\t\t<span class=\"elementor-accordion-icon elementor-accordion-icon-left\" aria-hidden=\"true\">\n\t\t\t\t\t\t\t\t\t\t\t\t\t\t\t<span class=\"elementor-accordion-icon-closed\"><i class=\"fas fa-plus\"><\/i><\/span>\n\t\t\t\t\t\t\t\t<span class=\"elementor-accordion-icon-opened\"><i class=\"fas fa-minus\"><\/i><\/span>\n\t\t\t\t\t\t\t\t\t\t\t\t\t\t<\/span>\n\t\t\t\t\t\t\t\t\t\t\t\t<a class=\"elementor-accordion-title\" tabindex=\"0\">\u0421\u043b\u043e\u0436\u043d\u044b\u0435 \u0442\u0435\u043c\u044b \u043f\u043e\u0434\u0430\u044e\u0442\u0441\u044f \u0441 \u0443\u0447\u0435\u0442\u043e\u043c \u0442\u0440\u0430\u0432\u043c\u0438\u0440\u0443\u044e\u0449\u0435\u0433\u043e \u0432\u043e\u0437\u0434\u0435\u0439\u0441\u0442\u0432\u0438\u044f?<\/a>\n\t\t\t\t\t<\/div>\n\t\t\t\t\t<div id=\"elementor-tab-content-2116\" class=\"elementor-tab-content elementor-clearfix\" data-tab=\"6\" role=\"region\" aria-labelledby=\"elementor-tab-title-2116\"><p>\u0414\u0430. \u0420\u0430\u0437\u0440\u0430\u0431\u0430\u0442\u044b\u0432\u0430\u044f \u044d\u043a\u0441\u043f\u043e\u0437\u0438\u0446\u0438\u044e, \u043c\u044b \u0440\u0443\u043a\u043e\u0432\u043e\u0434\u0441\u0442\u0432\u043e\u0432\u0430\u043b\u0438\u0441\u044c \u043f\u0440\u0438\u043d\u0446\u0438\u043f\u0430\u043c\u0438 \u0411\u043e\u0439\u0442\u0435\u043b\u044c\u0441\u0431\u0430\u0445\u0441\u043a\u043e\u0433\u043e \u043a\u043e\u043d\u0441\u0435\u043d\u0441\u0443\u0441\u0430. \u041e\u043d\u043b\u0430\u0439\u043d-\u0434\u043e\u0441\u0442\u0443\u043f \u043a \u0441\u043e\u0434\u0435\u0440\u0436\u0430\u043d\u0438\u044e \u043f\u0440\u0435\u0434\u043e\u0441\u0442\u0430\u0432\u043b\u044f\u0435\u0442\u0441\u044f \u0441 \u0441\u043e\u043e\u0442\u0432\u0435\u0442\u0441\u0442\u0432\u0443\u044e\u0449\u0438\u043c \u0443\u0432\u0435\u0434\u043e\u043c\u043b\u0435\u043d\u0438\u0435\u043c.<\/p>\n<\/div>\n\t\t\t\t<\/div>\n\t\t\t\t\t\t\t<div class=\"elementor-accordion-item\">\n\t\t\t\t\t<div id=\"elementor-tab-title-2117\" class=\"elementor-tab-title\" data-tab=\"7\" role=\"button\" aria-controls=\"elementor-tab-content-2117\" aria-expanded=\"false\">\n\t\t\t\t\t\t\t\t\t\t\t\t\t<span class=\"elementor-accordion-icon elementor-accordion-icon-left\" aria-hidden=\"true\">\n\t\t\t\t\t\t\t\t\t\t\t\t\t\t\t<span class=\"elementor-accordion-icon-closed\"><i class=\"fas fa-plus\"><\/i><\/span>\n\t\t\t\t\t\t\t\t<span class=\"elementor-accordion-icon-opened\"><i class=\"fas fa-minus\"><\/i><\/span>\n\t\t\t\t\t\t\t\t\t\t\t\t\t\t<\/span>\n\t\t\t\t\t\t\t\t\t\t\t\t<a class=\"elementor-accordion-title\" tabindex=\"0\">\u041a\u0442\u043e \u0443\u0447\u0430\u0441\u0442\u0432\u0443\u0435\u0442 \u0432 \u0440\u0435\u0430\u043b\u0438\u0437\u0430\u0446\u0438\u0438 \u043f\u0440\u043e\u0435\u043a\u0442\u0430 ToleranzR\u00e4ume? <\/a>\n\t\t\t\t\t<\/div>\n\t\t\t\t\t<div id=\"elementor-tab-content-2117\" class=\"elementor-tab-content elementor-clearfix\" data-tab=\"7\" role=\"region\" aria-labelledby=\"elementor-tab-title-2117\"><p>\u041e\u0431\u0449\u0435\u0441\u0442\u0432\u043e Toleranz-Tunnel e.V. \u0440\u0435\u0430\u043b\u0438\u0437\u0443\u0435\u0442 \u043f\u0440\u043e\u0435\u043a\u0442 <strong>ToleranzR\u00e4ume<\/strong> \u0441\u043e\u0432\u043c\u0435\u0441\u0442\u043d\u043e \u0441 \u043e\u0431\u044a\u0435\u0434\u0438\u043d\u0435\u043d\u0438\u0435\u043c Kreuzberger Initiative gegen Antisemitismus e.V. (KIgA e.V.). \u041d\u0430\u0443\u0447\u043d\u0443\u044e \u043f\u043e\u0434\u0434\u0435\u0440\u0436\u043a\u0443 \u043e\u043a\u0430\u0437\u044b\u0432\u0430\u0435\u0442 \u0411\u0438\u043b\u0435\u0444\u0435\u043b\u044c\u0434\u0441\u043a\u0438\u0439 \u0443\u043d\u0438\u0432\u0435\u0440\u0441\u0438\u0442\u0435\u0442 (\u0424\u0430\u043a\u0443\u043b\u044c\u0442\u0435\u0442 \u043f\u0435\u0434\u0430\u0433\u043e\u0433\u0438\u0447\u0435\u0441\u043a\u0438\u0445 \u043d\u0430\u0443\u043a; AG10). \u0411\u043e\u043b\u044c\u0448\u0435 \u043e \u043f\u0430\u0440\u0442\u043d\u0435\u0440\u0430\u0445 \u043f\u0440\u043e\u0435\u043a\u0442\u0430 \u043c\u043e\u0436\u043d\u043e \u0443\u0437\u043d\u0430\u0442\u044c \u0432 \u0440\u0430\u0437\u0434\u0435\u043b\u0435 \u00ab\u041a\u043e\u043c\u0430\u043d\u0434\u0430 \u043f\u0440\u043e\u0435\u043a\u0442\u0430\u00bb.<\/p>\n<\/div>\n\t\t\t\t<\/div>\n\t\t\t\t\t\t\t<div class=\"elementor-accordion-item\">\n\t\t\t\t\t<div id=\"elementor-tab-title-2118\" class=\"elementor-tab-title\" data-tab=\"8\" role=\"button\" aria-controls=\"elementor-tab-content-2118\" aria-expanded=\"false\">\n\t\t\t\t\t\t\t\t\t\t\t\t\t<span class=\"elementor-accordion-icon elementor-accordion-icon-left\" aria-hidden=\"true\">\n\t\t\t\t\t\t\t\t\t\t\t\t\t\t\t<span class=\"elementor-accordion-icon-closed\"><i class=\"fas fa-plus\"><\/i><\/span>\n\t\t\t\t\t\t\t\t<span class=\"elementor-accordion-icon-opened\"><i class=\"fas fa-minus\"><\/i><\/span>\n\t\t\t\t\t\t\t\t\t\t\t\t\t\t<\/span>\n\t\t\t\t\t\t\t\t\t\t\t\t<a class=\"elementor-accordion-title\" tabindex=\"0\">\u041a\u0430\u043a \u0444\u0438\u043d\u0430\u043d\u0441\u0438\u0440\u0443\u0435\u0442\u0441\u044f \u043f\u0440\u043e\u0435\u043a\u0442?<\/a>\n\t\t\t\t\t<\/div>\n\t\t\t\t\t<div id=\"elementor-tab-content-2118\" class=\"elementor-tab-content elementor-clearfix\" data-tab=\"8\" role=\"region\" aria-labelledby=\"elementor-tab-title-2118\"><p>\u042d\u043a\u0441\u043f\u043e\u0437\u0438\u0446\u0438\u044e <strong>ToleranzR\u00e4ume<\/strong> \u0444\u0438\u043d\u0430\u043d\u0441\u0438\u0440\u0443\u0435\u0442 \u0411\u0443\u043d\u0434\u0435\u0441\u0442\u0430\u0433 \u0413\u0435\u0440\u043c\u0430\u043d\u0438\u0438\u00a0\u2014 \u0437\u0430 \u044d\u0442\u043e \u0440\u0435\u0448\u0435\u043d\u0438\u0435 \u043f\u0440\u043e\u0433\u043e\u043b\u043e\u0441\u043e\u0432\u0430\u043b\u0438 \u043f\u043e\u0447\u0442\u0438 \u0432\u0441\u0435 \u0444\u0440\u0430\u043a\u0446\u0438\u0438. \u0421\u043e\u043f\u0440\u043e\u0432\u043e\u0436\u0434\u0435\u043d\u0438\u0435 \u043f\u0440\u043e\u0435\u043a\u0442\u0430 \u043e\u0441\u0443\u0449\u0435\u0441\u0442\u0432\u043b\u044f\u0435\u0442 \u0424\u0435\u0434\u0435\u0440\u0430\u043b\u044c\u043d\u043e\u0435 \u0430\u0433\u0435\u043d\u0442\u0441\u0442\u0432\u043e \u043f\u043e \u0432\u043e\u043f\u0440\u043e\u0441\u0430\u043c \u0433\u0440\u0430\u0436\u0434\u0430\u043d\u0441\u043a\u043e\u0433\u043e \u043e\u0431\u0440\u0430\u0437\u043e\u0432\u0430\u043d\u0438\u044f.<\/p>\n<\/div>\n\t\t\t\t<\/div>\n\t\t\t\t\t\t\t<div class=\"elementor-accordion-item\">\n\t\t\t\t\t<div id=\"elementor-tab-title-2119\" class=\"elementor-tab-title\" data-tab=\"9\" role=\"button\" aria-controls=\"elementor-tab-content-2119\" aria-expanded=\"false\">\n\t\t\t\t\t\t\t\t\t\t\t\t\t<span class=\"elementor-accordion-icon elementor-accordion-icon-left\" aria-hidden=\"true\">\n\t\t\t\t\t\t\t\t\t\t\t\t\t\t\t<span class=\"elementor-accordion-icon-closed\"><i class=\"fas fa-plus\"><\/i><\/span>\n\t\t\t\t\t\t\t\t<span class=\"elementor-accordion-icon-opened\"><i class=\"fas fa-minus\"><\/i><\/span>\n\t\t\t\t\t\t\t\t\t\t\t\t\t\t<\/span>\n\t\t\t\t\t\t\t\t\t\t\t\t<a class=\"elementor-accordion-title\" tabindex=\"0\">\u041a\u0430\u043a \u044f \u043c\u043e\u0433\u0443 \u043e\u0440\u0433\u0430\u043d\u0438\u0437\u043e\u0432\u0430\u0442\u044c \u043f\u0440\u043e\u0432\u0435\u0434\u0435\u043d\u0438\u0435 \u044d\u043a\u0441\u043f\u043e\u0437\u0438\u0446\u0438\u0438 \u0443 \u0441\u0435\u0431\u044f?   <\/a>\n\t\t\t\t\t<\/div>\n\t\t\t\t\t<div id=\"elementor-tab-content-2119\" class=\"elementor-tab-content elementor-clearfix\" data-tab=\"9\" role=\"region\" aria-labelledby=\"elementor-tab-title-2119\"><p>\u0421\u043e\u043e\u0442\u0432\u0435\u0442\u0441\u0442\u0432\u0443\u044e\u0449\u0438\u0435 \u0438\u043d\u0441\u0442\u0438\u0442\u0443\u0442\u044b (\u0433\u043e\u0440\u043e\u0434\u0430, \u043c\u0443\u043d\u0438\u0446\u0438\u043f\u0430\u043b\u0438\u0442\u0435\u0442\u044b, \u043c\u0443\u0437\u0435\u0438, \u0443\u0447\u0435\u0431\u043d\u044b\u0435 \u0437\u0430\u0432\u0435\u0434\u0435\u043d\u0438\u044f, \u0440\u0435\u043b\u0438\u0433\u0438\u043e\u0437\u043d\u044b\u0435 \u043e\u0431\u0449\u0438\u043d\u044b, \u043f\u0440\u0435\u0434\u043f\u0440\u0438\u044f\u0442\u0438\u044f) \u043c\u043e\u0433\u0443\u0442 \u0441\u0432\u044f\u0437\u0430\u0442\u044c\u0441\u044f \u0441 \u043d\u0430\u043c\u0438 \u0438 \u0432\u044b\u0440\u0430\u0437\u0438\u0442\u044c \u0441\u0432\u043e\u044e \u0437\u0430\u0438\u043d\u0442\u0435\u0440\u0435\u0441\u043e\u0432\u0430\u043d\u043d\u043e\u0441\u0442\u044c. \u041f\u0440\u043e\u0441\u0442\u043e \u043e\u0442\u043f\u0440\u0430\u0432\u044c\u0442\u0435 \u044d\u043b\u0435\u043a\u0442\u0440\u043e\u043d\u043d\u043e\u0435 \u043f\u0438\u0441\u044c\u043c\u043e \u043d\u0430 \u0430\u0434\u0440\u0435\u0441 <a href=\"mailto:ausstellungen@toleranzraeume.org\">ausstellungen@toleranzraeume.org<\/a>, \u0438 \u043c\u044b \u043e\u0442\u043f\u0440\u0430\u0432\u0438\u043c \u0432\u0430\u043c \u043a\u043e\u043d\u043a\u0440\u0435\u0442\u043d\u0443\u044e \u0438\u043d\u0444\u043e\u0440\u043c\u0430\u0446\u0438\u044e \u043e \u043f\u0440\u043e\u0446\u0435\u0441\u0441\u0435 \u043f\u043b\u0430\u043d\u0438\u0440\u043e\u0432\u0430\u043d\u0438\u044f \u0438 \u0440\u0435\u0430\u043b\u0438\u0437\u0430\u0446\u0438\u0438 \u044d\u043a\u0441\u043f\u043e\u0437\u0438\u0446\u0438\u0438 <strong>ToleranzR\u00e4ume<\/strong> \u043d\u0430 \u043c\u0435\u0441\u0442\u0430\u0445.<\/p>\n<p>\u0414\u043b\u044f \u043f\u043e\u043b\u0443\u0447\u0435\u043d\u0438\u044f \u0434\u043e\u043f\u043e\u043b\u043d\u0438\u0442\u0435\u043b\u044c\u043d\u043e\u0439 \u0438\u043d\u0444\u043e\u0440\u043c\u0430\u0446\u0438\u0438 \u0441\u043c. \u0440\u0430\u0437\u0434\u0435\u043b \u00ab\u0421\u0442\u0430\u0442\u044c \u043c\u0435\u0441\u0442\u043e\u043c \u043f\u0440\u043e\u0432\u0435\u0434\u0435\u043d\u0438\u044f \u044d\u043a\u0441\u043f\u043e\u0437\u0438\u0446\u0438\u0438\u00bb.<\/p>\n<\/div>\n\t\t\t\t<\/div>\n\t\t\t\t\t\t\t<div class=\"elementor-accordion-item\">\n\t\t\t\t\t<div id=\"elementor-tab-title-21110\" class=\"elementor-tab-title\" data-tab=\"10\" role=\"button\" aria-controls=\"elementor-tab-content-21110\" aria-expanded=\"false\">\n\t\t\t\t\t\t\t\t\t\t\t\t\t<span class=\"elementor-accordion-icon elementor-accordion-icon-left\" aria-hidden=\"true\">\n\t\t\t\t\t\t\t\t\t\t\t\t\t\t\t<span class=\"elementor-accordion-icon-closed\"><i class=\"fas fa-plus\"><\/i><\/span>\n\t\t\t\t\t\t\t\t<span class=\"elementor-accordion-icon-opened\"><i class=\"fas fa-minus\"><\/i><\/span>\n\t\t\t\t\t\t\t\t\t\t\t\t\t\t<\/span>\n\t\t\t\t\t\t\t\t\t\t\t\t<a class=\"elementor-accordion-title\" tabindex=\"0\">\u041a\u0430\u043a \u044f \u043c\u043e\u0433\u0443 \u043f\u043e\u0434\u0434\u0435\u0440\u0436\u0430\u0442\u044c \u043f\u0440\u043e\u0435\u043a\u0442 ToleranzR\u00e4ume? <\/a>\n\t\t\t\t\t<\/div>\n\t\t\t\t\t<div id=\"elementor-tab-content-21110\" class=\"elementor-tab-content elementor-clearfix\" data-tab=\"10\" role=\"region\" aria-labelledby=\"elementor-tab-title-21110\"><p>\u0415\u0441\u0442\u044c \u0440\u0430\u0437\u043d\u044b\u0435 \u0432\u043e\u0437\u043c\u043e\u0436\u043d\u043e\u0441\u0442\u0438 \u0432\u044b\u0440\u0430\u0437\u0438\u0442\u044c \u043f\u043e\u0434\u0434\u0435\u0440\u0436\u043a\u0443 \u043f\u0440\u043e\u0435\u043a\u0442\u0443 <strong>ToleranzR\u00e4ume<\/strong>. \u0421 \u043e\u0434\u043d\u043e\u0439 \u0441\u0442\u043e\u0440\u043e\u043d\u044b, \u0432\u044b \u043c\u043e\u0436\u0435\u0442\u0435 \u043f\u043e\u0434\u0434\u0435\u0440\u0436\u0430\u0442\u044c \u043d\u0430\u0448\u0435 \u043e\u0431\u0449\u0435\u0441\u0442\u0432\u043e Toleranz-Tunnel e.V. \u043f\u043e\u0436\u0435\u0440\u0442\u0432\u043e\u0432\u0430\u043d\u0438\u0435\u043c, \u043a\u043e\u0442\u043e\u0440\u043e\u0435 \u0441\u0434\u0435\u043b\u0430\u0435\u0442 \u0432\u043e\u0437\u043c\u043e\u0436\u043d\u044b\u043c \u0434\u0430\u043b\u044c\u043d\u0435\u0439\u0448\u0438\u0435 \u043f\u0440\u043e\u0435\u043a\u0442\u044b \u043d\u0430 \u0442\u0435\u043c\u0443 \u0443\u0432\u0430\u0436\u0435\u043d\u0438\u044f \u0438 \u0442\u043e\u043b\u0435\u0440\u0430\u043d\u0442\u043d\u043e\u0441\u0442\u0438 \u0432 \u043e\u0431\u0449\u0435\u0441\u0442\u0432\u0435. \u0421 \u0434\u0440\u0443\u0433\u043e\u0439 \u0441\u0442\u043e\u0440\u043e\u043d\u044b, \u0432\u044b \u043c\u043e\u0436\u0435\u0442\u0435 \u043d\u0430\u0443\u0447\u0438\u0442\u044c\u0441\u044f \u0431\u044b\u0442\u044c \u043f\u043e\u0441\u043b\u043e\u043c \u0442\u043e\u043b\u0435\u0440\u0430\u043d\u0442\u043d\u043e\u0441\u0442\u0438, \u0447\u0442\u043e\u0431\u044b \u0440\u0430\u0441\u0441\u043a\u0430\u0437\u044b\u0432\u0430\u0442\u044c \u043f\u043e\u0441\u0435\u0442\u0438\u0442\u0435\u043b\u044f\u043c \u043e\u0431 \u044d\u043a\u0441\u043f\u043e\u0437\u0438\u0446\u0438\u0438 \u0438 \u043f\u0440\u043e\u0432\u043e\u0434\u0438\u0442\u044c \u0441\u0435\u043c\u0438\u043d\u0430\u0440\u044b \u043f\u043e \u044d\u0442\u0438\u043c \u0442\u0435\u043c\u0430\u043c \u0432 \u0443\u0447\u0435\u0431\u043d\u044b\u0445 \u0437\u0430\u0432\u0435\u0434\u0435\u043d\u0438\u044f\u0445.<\/p>\n<p>\u041a\u043e\u0433\u0434\u0430 \u044d\u043a\u0441\u043f\u043e\u0437\u0438\u0446\u0438\u044f \u043f\u0440\u0438\u0435\u0434\u0435\u0442 \u0432 \u0432\u0430\u0448 \u0433\u043e\u0440\u043e\u0434, \u0432\u044b \u0441\u043c\u043e\u0436\u0435\u0442\u0435 \u043f\u0440\u0438\u0441\u043e\u0435\u0434\u0438\u043d\u0438\u0442\u044c\u0441\u044f \u043a \u0435\u0435 \u043f\u0440\u043e\u0432\u0435\u0434\u0435\u043d\u0438\u044e \u0438 \u043f\u0440\u0438\u043d\u044f\u0442\u044c \u0432 \u043d\u0435\u0439 \u0443\u0447\u0430\u0441\u0442\u0438\u0435, \u043b\u0438\u0431\u043e \u0436\u0435 \u0432\u044b \u043c\u043e\u0436\u0435\u0442\u0435 \u043e\u0431\u0441\u0443\u0434\u0438\u0442\u044c \u0435\u0435 \u0441\u043e\u0434\u0435\u0440\u0436\u0430\u043d\u0438\u0435 \u0441 \u0434\u0440\u0443\u0437\u044c\u044f\u043c\u0438, \u0441\u0435\u043c\u044c\u0435\u0439 \u0438 \u043a\u043e\u043b\u043b\u0435\u0433\u0430\u043c\u0438. \u0412\u044b \u0442\u0430\u043a\u0436\u0435 \u043c\u043e\u0436\u0435\u0442\u0435 \u0437\u0430\u0440\u0435\u0433\u0438\u0441\u0442\u0440\u0438\u0440\u043e\u0432\u0430\u0442\u044c\u0441\u044f \u0432 \u043a\u0430\u0447\u0435\u0441\u0442\u0432\u0435 \u0441\u043f\u043e\u043d\u0441\u043e\u0440\u0430 \u0438 \u0431\u044b\u0442\u044c \u0432\u043a\u043b\u044e\u0447\u0435\u043d\u043d\u044b\u043c \u0432 \u0441\u043f\u0438\u0441\u043e\u043a \u043d\u0430\u0448\u0438\u0445 \u0441\u043f\u043e\u043d\u0441\u043e\u0440\u043e\u0432. \u0422\u0430\u043a \u0432\u044b \u0432\u043d\u0435\u0441\u0435\u0442\u0435 \u0441\u0432\u043e\u0439 \u0432\u043a\u043b\u0430\u0434 \u0432 \u0441\u043e\u0434\u0435\u0439\u0441\u0442\u0432\u0438\u0435 \u0443\u0432\u0430\u0436\u0438\u0442\u0435\u043b\u044c\u043d\u043e\u043c\u0443 \u0441\u043e\u0441\u0443\u0449\u0435\u0441\u0442\u0432\u043e\u0432\u0430\u043d\u0438\u044e \u0432 \u043d\u0430\u0448\u0435\u043c \u043e\u0431\u0449\u0435\u0441\u0442\u0432\u0435.<\/p>\n<\/div>\n\t\t\t\t<\/div>\n\t\t\t\t\t\t\t\t<\/div>\n\t\t\t\t\t\t<\/div>\n\t\t\t\t<\/div>\n\t\t\t\t\t<\/div>\n\t\t<\/div>\n\t\t\t\t<div class=\"elementor-column elementor-col-33 elementor-inner-column elementor-element elementor-element-a611052 elementor-hidden-tablet elementor-hidden-mobile\" data-id=\"a611052\" data-element_type=\"column\">\n\t\t\t<div class=\"elementor-widget-wrap\">\n\t\t\t\t\t\t\t<\/div>\n\t\t<\/div>\n\t\t\t\t\t<\/div>\n\t\t<\/section>\n\t\t\t\t\t<\/div>\n\t\t<\/div>\n\t\t\t\t\t<\/div>\n\t\t<\/section>\n\t\t\t\t<section class=\"elementor-section elementor-top-section elementor-element elementor-element-44c9ba6f elementor-section-boxed elementor-section-height-default elementor-section-height-default\" data-id=\"44c9ba6f\" data-element_type=\"section\">\n\t\t\t\t\t\t<div class=\"elementor-container elementor-column-gap-default\">\n\t\t\t\t\t<div class=\"elementor-column elementor-col-100 elementor-top-column elementor-element elementor-element-1b16ed88\" data-id=\"1b16ed88\" data-element_type=\"column\">\n\t\t\t<div class=\"elementor-widget-wrap elementor-element-populated\">\n\t\t\t\t\t\t<section class=\"elementor-section elementor-inner-section elementor-element elementor-element-339090f elementor-section-boxed elementor-section-height-default elementor-section-height-default\" data-id=\"339090f\" data-element_type=\"section\">\n\t\t\t\t\t\t<div class=\"elementor-container elementor-column-gap-default\">\n\t\t\t\t\t<div class=\"elementor-column elementor-col-66 elementor-inner-column elementor-element elementor-element-2cfdff7\" data-id=\"2cfdff7\" data-element_type=\"column\">\n\t\t\t<div class=\"elementor-widget-wrap elementor-element-populated\">\n\t\t\t\t\t\t<div class=\"elementor-element elementor-element-2c1f2f1 elementor-widget elementor-widget-heading\" data-id=\"2c1f2f1\" data-element_type=\"widget\" id=\"unterstuetzerinnen\" data-widget_type=\"heading.default\">\n\t\t\t\t<div class=\"elementor-widget-container\">\n\t\t\t\t\t<h2 class=\"elementor-heading-title elementor-size-default\">\u0421\u043f\u043e\u043d\u0441\u043e\u0440\u044b<\/h2>\t\t\t\t<\/div>\n\t\t\t\t<\/div>\n\t\t\t\t<div class=\"elementor-element elementor-element-35fe852 elementor-widget elementor-widget-text-editor\" data-id=\"35fe852\" data-element_type=\"widget\" data-widget_type=\"text-editor.default\">\n\t\t\t\t<div class=\"elementor-widget-container\">\n\t\t\t\t\t\t\t\t\t<p>\u041f\u0440\u043e\u0435\u043a\u0442 ToleranzR\u00e4ume \u0444\u0438\u043d\u0430\u043d\u0441\u0438\u0440\u0443\u0435\u0442\u0441\u044f \u0411\u0443\u043d\u0434\u0435\u0441\u0442\u0430\u0433\u043e\u043c \u0413\u0435\u0440\u043c\u0430\u043d\u0438\u0438 \u2014\u0437\u0430 \u044d\u0442\u043e \u0440\u0435\u0448\u0435\u043d\u0438\u0435 \u043f\u0440\u043e\u0433\u043e\u043b\u043e\u0441\u043e\u0432\u0430\u043b\u0438 \u043f\u043e\u0447\u0442\u0438 \u0432\u0441\u0435 \u0444\u0440\u0430\u043a\u0446\u0438\u0438. \u0421\u0440\u0435\u0434\u0438 \u0441\u043f\u043e\u043d\u0441\u043e\u0440\u043e\u0432 \u0442\u0430\u043a\u0436\u0435 \u0435\u0441\u0442\u044c \u0434\u0435\u044f\u0442\u0435\u043b\u0438 \u043a\u0443\u043b\u044c\u0442\u0443\u0440\u044b, \u0438\u0437\u0432\u0435\u0441\u0442\u043d\u044b\u0435 \u0443\u0447\u0435\u043d\u044b\u0435 \u0438 \u043c\u043d\u043e\u0433\u0438\u0435 \u0434\u0440\u0443\u0433\u0438\u0435.<\/p>\n\t\t\t\t\t\t\t\t<\/div>\n\t\t\t\t<\/div>\n\t\t\t\t\t<\/div>\n\t\t<\/div>\n\t\t\t\t<div class=\"elementor-column elementor-col-33 elementor-inner-column elementor-element elementor-element-56e9e66 elementor-hidden-tablet elementor-hidden-mobile\" data-id=\"56e9e66\" data-element_type=\"column\">\n\t\t\t<div class=\"elementor-widget-wrap\">\n\t\t\t\t\t\t\t<\/div>\n\t\t<\/div>\n\t\t\t\t\t<\/div>\n\t\t<\/section>\n\t\t\t\t<div class=\"elementor-element elementor-element-68baf3c uael-img-grid__column-4 uael-img-grid-tablet__column-3 uael-img-grid-mobile__column-2 uael-ins-normal uael-img-caption-valign-bottom elementor-widget elementor-widget-uael-image-gallery\" data-id=\"68baf3c\" data-element_type=\"widget\" data-settings=\"{&quot;gallery_columns&quot;:&quot;4&quot;,&quot;gallery_columns_tablet&quot;:&quot;3&quot;,&quot;gallery_columns_mobile&quot;:&quot;2&quot;,&quot;column_gap&quot;:{&quot;unit&quot;:&quot;px&quot;,&quot;size&quot;:20,&quot;sizes&quot;:[]},&quot;column_gap_tablet&quot;:{&quot;unit&quot;:&quot;px&quot;,&quot;size&quot;:&quot;&quot;,&quot;sizes&quot;:[]},&quot;column_gap_mobile&quot;:{&quot;unit&quot;:&quot;px&quot;,&quot;size&quot;:&quot;&quot;,&quot;sizes&quot;:[]},&quot;row_gap&quot;:{&quot;unit&quot;:&quot;px&quot;,&quot;size&quot;:20,&quot;sizes&quot;:[]},&quot;row_gap_tablet&quot;:{&quot;unit&quot;:&quot;px&quot;,&quot;size&quot;:&quot;&quot;,&quot;sizes&quot;:[]},&quot;row_gap_mobile&quot;:{&quot;unit&quot;:&quot;px&quot;,&quot;size&quot;:&quot;&quot;,&quot;sizes&quot;:[]},&quot;images_valign&quot;:&quot;flex-start&quot;,&quot;caption_padding&quot;:{&quot;unit&quot;:&quot;px&quot;,&quot;top&quot;:&quot;&quot;,&quot;right&quot;:&quot;&quot;,&quot;bottom&quot;:&quot;&quot;,&quot;left&quot;:&quot;&quot;,&quot;isLinked&quot;:true},&quot;caption_padding_tablet&quot;:{&quot;unit&quot;:&quot;px&quot;,&quot;top&quot;:&quot;&quot;,&quot;right&quot;:&quot;&quot;,&quot;bottom&quot;:&quot;&quot;,&quot;left&quot;:&quot;&quot;,&quot;isLinked&quot;:true},&quot;caption_padding_mobile&quot;:{&quot;unit&quot;:&quot;px&quot;,&quot;top&quot;:&quot;&quot;,&quot;right&quot;:&quot;&quot;,&quot;bottom&quot;:&quot;&quot;,&quot;left&quot;:&quot;&quot;,&quot;isLinked&quot;:true}}\" data-widget_type=\"uael-image-gallery.default\">\n\t\t\t\t<div class=\"elementor-widget-container\">\n\t\t\t\t\t<div class=\"uael-gallery-parent uael-caption-on-image uael-gallery-unjustified\"><div class=\"uael-img-gallery-wrap uael-img-grid-wrap uael-img-grid-masonry-wrap\" data-filter-default=\"All\"><div class=\"uael-grid-item  uael-img-gallery-item-33\"><div class=\"uael-grid-item-content\"><span class=\"uael-grid-img uael-grid-gallery-img uael-ins-hover elementor-clickable\" data-elementor-open-lightbox=\"no\"><div class=\"uael-grid-img-thumbnail uael-ins-target\"><img loading=\"lazy\" decoding=\"async\" width=\"720\" height=\"1080\" src=\"https:\/\/www.toleranzraeume.org\/wp-content\/uploads\/2022\/09\/toleranzraeume-unterstuetzerinnen-niermann-dr-ralf-e1666347051920.jpg\" class=\"attachment-medium_large size-medium_large wp-image-4210\" alt=\"\" srcset=\"https:\/\/www.toleranzraeume.org\/wp-content\/uploads\/2022\/09\/toleranzraeume-unterstuetzerinnen-niermann-dr-ralf-e1666347051920.jpg 720w, https:\/\/www.toleranzraeume.org\/wp-content\/uploads\/2022\/09\/toleranzraeume-unterstuetzerinnen-niermann-dr-ralf-e1666347051920-200x300.jpg 200w, https:\/\/www.toleranzraeume.org\/wp-content\/uploads\/2022\/09\/toleranzraeume-unterstuetzerinnen-niermann-dr-ralf-e1666347051920-683x1024.jpg 683w\" sizes=\"(max-width: 720px) 100vw, 720px\" \/><\/div><div class=\"uael-grid-img-overlay\"><\/div><\/span><figcaption class=\"uael-grid-img-content\"><div class=\"uael-grid-img-caption\"><h4 class=\"uael-grid-caption-text\"><b>Dr. Ralf Niermann<\/b><br \/>Landrat a.D. Kreis Minden-L\u00fcbbecke<\/h4><\/div><\/figcaption><\/div><\/div><div class=\"uael-grid-item  uael-img-gallery-item-16\"><div class=\"uael-grid-item-content\"><a class=\"uael-grid-img uael-grid-gallery-img uael-ins-hover elementor-clickable\" target=\"_blank\" rel=\"dofollow noopener\" href=\"https:\/\/www.rhein-sieg-kreis.de\/\" data-elementor-open-lightbox=\"no\"><div class=\"uael-grid-img-thumbnail uael-ins-target\"><img loading=\"lazy\" decoding=\"async\" width=\"768\" height=\"1151\" src=\"https:\/\/www.toleranzraeume.org\/wp-content\/uploads\/2022\/09\/toleranzraeume-unterstuetzerinnen-schuster-sebastian-768x1151.jpg\" class=\"attachment-medium_large size-medium_large wp-image-4228\" alt=\"\" srcset=\"https:\/\/www.toleranzraeume.org\/wp-content\/uploads\/2022\/09\/toleranzraeume-unterstuetzerinnen-schuster-sebastian-768x1151.jpg 768w, https:\/\/www.toleranzraeume.org\/wp-content\/uploads\/2022\/09\/toleranzraeume-unterstuetzerinnen-schuster-sebastian-200x300.jpg 200w, https:\/\/www.toleranzraeume.org\/wp-content\/uploads\/2022\/09\/toleranzraeume-unterstuetzerinnen-schuster-sebastian-683x1024.jpg 683w, https:\/\/www.toleranzraeume.org\/wp-content\/uploads\/2022\/09\/toleranzraeume-unterstuetzerinnen-schuster-sebastian-1025x1536.jpg 1025w, https:\/\/www.toleranzraeume.org\/wp-content\/uploads\/2022\/09\/toleranzraeume-unterstuetzerinnen-schuster-sebastian-1366x2048.jpg 1366w, https:\/\/www.toleranzraeume.org\/wp-content\/uploads\/2022\/09\/toleranzraeume-unterstuetzerinnen-schuster-sebastian.jpg 1535w\" sizes=\"(max-width: 768px) 100vw, 768px\" \/><\/div><div class=\"uael-grid-img-overlay\"><\/div><\/a><figcaption class=\"uael-grid-img-content\"><div class=\"uael-grid-img-caption\"><h4 class=\"uael-grid-caption-text\"><b>Sebastian Schuster<\/b><br \/>Landrat Rhein-Sieg-Kreis<\/h4><\/div><\/figcaption><\/div><\/div><div class=\"uael-grid-item  uael-img-gallery-item-144\"><div class=\"uael-grid-item-content\"><span class=\"uael-grid-img uael-grid-gallery-img uael-ins-hover elementor-clickable\" data-elementor-open-lightbox=\"no\"><div class=\"uael-grid-img-thumbnail uael-ins-target\"><img loading=\"lazy\" decoding=\"async\" width=\"1\" height=\"1\" src=\"https:\/\/www.toleranzraeume.org\/wp-content\/uploads\/2022\/10\/Kachel_light-orange_00002.svg\" class=\"attachment-medium_large size-medium_large wp-image-5205\" alt=\"\" \/><\/div><div class=\"uael-grid-img-overlay\"><\/div><\/span><figcaption class=\"uael-grid-img-content\"><div class=\"uael-grid-img-caption\"><h4 class=\"uael-grid-caption-text\"><b>Christian Rautzenberg<\/b><br \/>Musiker<\/h4><\/div><\/figcaption><\/div><\/div><div class=\"uael-grid-item  uael-img-gallery-item-95\"><div class=\"uael-grid-item-content\"><a class=\"uael-grid-img uael-grid-gallery-img uael-ins-hover elementor-clickable\" target=\"_blank\" rel=\"dofollow noopener\" href=\"https:\/\/www.katrin-budde.de\/\" data-elementor-open-lightbox=\"no\"><div class=\"uael-grid-img-thumbnail uael-ins-target\"><img loading=\"lazy\" decoding=\"async\" width=\"253\" height=\"379\" src=\"https:\/\/www.toleranzraeume.org\/wp-content\/uploads\/2022\/09\/toleranzraeume-unterstuetzerinnen-budde-katrin.jpg\" class=\"attachment-medium_large size-medium_large wp-image-4134\" alt=\"\" srcset=\"https:\/\/www.toleranzraeume.org\/wp-content\/uploads\/2022\/09\/toleranzraeume-unterstuetzerinnen-budde-katrin.jpg 253w, https:\/\/www.toleranzraeume.org\/wp-content\/uploads\/2022\/09\/toleranzraeume-unterstuetzerinnen-budde-katrin-200x300.jpg 200w\" sizes=\"(max-width: 253px) 100vw, 253px\" \/><\/div><div class=\"uael-grid-img-overlay\"><\/div><\/a><figcaption class=\"uael-grid-img-content\"><div class=\"uael-grid-img-caption\"><h4 class=\"uael-grid-caption-text\"><b>Katrin Budde<\/b><br \/>MdB, Vorsitzende Ausschuss Kultur und Medien, SPD<\/h4><\/div><\/figcaption><\/div><\/div><div class=\"uael-grid-item  uael-img-gallery-item-157\"><div class=\"uael-grid-item-content\"><a class=\"uael-grid-img uael-grid-gallery-img uael-ins-hover elementor-clickable\" target=\"_blank\" rel=\"dofollow noopener\" href=\"https:\/\/www.hfm-detmold.de\/\" data-elementor-open-lightbox=\"no\"><div class=\"uael-grid-img-thumbnail uael-ins-target\"><img loading=\"lazy\" decoding=\"async\" width=\"1\" height=\"1\" src=\"https:\/\/www.toleranzraeume.org\/wp-content\/uploads\/2022\/10\/Kachel_cyan_00005.svg\" class=\"attachment-medium_large size-medium_large wp-image-5188\" alt=\"\" \/><\/div><div class=\"uael-grid-img-overlay\"><\/div><\/a><figcaption class=\"uael-grid-img-content\"><div class=\"uael-grid-img-caption\"><h4 class=\"uael-grid-caption-text\"><b>Hans Bertels<\/b><br \/>Kanzler, HfM Detmold<\/h4><\/div><\/figcaption><\/div><\/div><div class=\"uael-grid-item  uael-img-gallery-item-23\"><div class=\"uael-grid-item-content\"><a class=\"uael-grid-img uael-grid-gallery-img uael-ins-hover elementor-clickable\" target=\"_blank\" rel=\"dofollow noopener\" href=\"https:\/\/claudia-roth.de\/\" data-elementor-open-lightbox=\"no\"><div class=\"uael-grid-img-thumbnail uael-ins-target\"><img loading=\"lazy\" decoding=\"async\" width=\"253\" height=\"379\" src=\"https:\/\/www.toleranzraeume.org\/wp-content\/uploads\/2022\/09\/toleranzraeume-unterstuetzerinnen-roth-claudia.jpg\" class=\"attachment-medium_large size-medium_large wp-image-4221\" alt=\"\" srcset=\"https:\/\/www.toleranzraeume.org\/wp-content\/uploads\/2022\/09\/toleranzraeume-unterstuetzerinnen-roth-claudia.jpg 253w, https:\/\/www.toleranzraeume.org\/wp-content\/uploads\/2022\/09\/toleranzraeume-unterstuetzerinnen-roth-claudia-200x300.jpg 200w\" sizes=\"(max-width: 253px) 100vw, 253px\" \/><\/div><div class=\"uael-grid-img-overlay\"><\/div><\/a><figcaption class=\"uael-grid-img-content\"><div class=\"uael-grid-img-caption\"><h4 class=\"uael-grid-caption-text\"><b>Claudia Roth<\/b><br \/> MdB, Staatsministerin f\u00fcr Kultur und Medien<\/h4><\/div><\/figcaption><\/div><\/div><div class=\"uael-grid-item  uael-img-gallery-item-28\"><div class=\"uael-grid-item-content\"><a class=\"uael-grid-img uael-grid-gallery-img uael-ins-hover elementor-clickable\" target=\"_blank\" rel=\"dofollow noopener\" href=\"https:\/\/achim-post.de\/cms\/\" data-elementor-open-lightbox=\"no\"><div class=\"uael-grid-img-thumbnail uael-ins-target\"><img loading=\"lazy\" decoding=\"async\" width=\"253\" height=\"379\" src=\"https:\/\/www.toleranzraeume.org\/wp-content\/uploads\/2022\/09\/toleranzraeume-unterstuetzerinnen-post-achim.jpg\" class=\"attachment-medium_large size-medium_large wp-image-4215\" alt=\"\" srcset=\"https:\/\/www.toleranzraeume.org\/wp-content\/uploads\/2022\/09\/toleranzraeume-unterstuetzerinnen-post-achim.jpg 253w, https:\/\/www.toleranzraeume.org\/wp-content\/uploads\/2022\/09\/toleranzraeume-unterstuetzerinnen-post-achim-200x300.jpg 200w\" sizes=\"(max-width: 253px) 100vw, 253px\" \/><\/div><div class=\"uael-grid-img-overlay\"><\/div><\/a><figcaption class=\"uael-grid-img-content\"><div class=\"uael-grid-img-caption\"><h4 class=\"uael-grid-caption-text\"><b>Achim Post<\/b><br \/>MdB, Stellvertretender Fraktionsvorsitzender der SPD-Fraktion<\/h4><\/div><\/figcaption><\/div><\/div><div class=\"uael-grid-item  uael-img-gallery-item-142\"><div class=\"uael-grid-item-content\"><span class=\"uael-grid-img uael-grid-gallery-img uael-ins-hover elementor-clickable\" data-elementor-open-lightbox=\"no\"><div class=\"uael-grid-img-thumbnail uael-ins-target\"><img loading=\"lazy\" decoding=\"async\" width=\"1\" height=\"1\" src=\"https:\/\/www.toleranzraeume.org\/wp-content\/uploads\/2022\/10\/Kachel_light-orange_00004.svg\" class=\"attachment-medium_large size-medium_large wp-image-5207\" alt=\"\" \/><\/div><div class=\"uael-grid-img-overlay\"><\/div><\/span><figcaption class=\"uael-grid-img-content\"><div class=\"uael-grid-img-caption\"><h4 class=\"uael-grid-caption-text\"><b>Dario Schach<\/b><br \/>Mobile Beratung gegen Rechtsextremismus im Regierungs-bezirk Detmold<\/h4><\/div><\/figcaption><\/div><\/div><div class=\"uael-grid-item  uael-img-gallery-item-35\"><div class=\"uael-grid-item-content\"><span class=\"uael-grid-img uael-grid-gallery-img uael-ins-hover elementor-clickable\" data-elementor-open-lightbox=\"no\"><div class=\"uael-grid-img-thumbnail uael-ins-target\"><img loading=\"lazy\" decoding=\"async\" width=\"768\" height=\"1152\" src=\"https:\/\/www.toleranzraeume.org\/wp-content\/uploads\/2022\/09\/toleranzraeume-unterstuetzerinnen-muentefering-franz-768x1152.jpg\" class=\"attachment-medium_large size-medium_large wp-image-4206\" alt=\"\" srcset=\"https:\/\/www.toleranzraeume.org\/wp-content\/uploads\/2022\/09\/toleranzraeume-unterstuetzerinnen-muentefering-franz-768x1152.jpg 768w, https:\/\/www.toleranzraeume.org\/wp-content\/uploads\/2022\/09\/toleranzraeume-unterstuetzerinnen-muentefering-franz-200x300.jpg 200w, https:\/\/www.toleranzraeume.org\/wp-content\/uploads\/2022\/09\/toleranzraeume-unterstuetzerinnen-muentefering-franz-683x1024.jpg 683w, https:\/\/www.toleranzraeume.org\/wp-content\/uploads\/2022\/09\/toleranzraeume-unterstuetzerinnen-muentefering-franz-1024x1536.jpg 1024w, https:\/\/www.toleranzraeume.org\/wp-content\/uploads\/2022\/09\/toleranzraeume-unterstuetzerinnen-muentefering-franz-1366x2048.jpg 1366w, https:\/\/www.toleranzraeume.org\/wp-content\/uploads\/2022\/09\/toleranzraeume-unterstuetzerinnen-muentefering-franz-scaled.jpg 1707w\" sizes=\"(max-width: 768px) 100vw, 768px\" \/><\/div><div class=\"uael-grid-img-overlay\"><\/div><\/span><figcaption class=\"uael-grid-img-content\"><div class=\"uael-grid-img-caption\"><h4 class=\"uael-grid-caption-text\"><b>Franz M\u00fcntefering<\/b><br \/>Vorsitzender, BAGSO<\/h4><\/div><\/figcaption><\/div><\/div><div class=\"uael-grid-item  uael-img-gallery-item-29\"><div class=\"uael-grid-item-content\"><span class=\"uael-grid-img uael-grid-gallery-img uael-ins-hover elementor-clickable\" data-elementor-open-lightbox=\"no\"><div class=\"uael-grid-img-thumbnail uael-ins-target\"><img loading=\"lazy\" decoding=\"async\" width=\"768\" height=\"1152\" src=\"https:\/\/www.toleranzraeume.org\/wp-content\/uploads\/2022\/09\/toleranzraeume-unterstuetzerinnen-posdorf-dorit-768x1152.jpg\" class=\"attachment-medium_large size-medium_large wp-image-4214\" alt=\"\" srcset=\"https:\/\/www.toleranzraeume.org\/wp-content\/uploads\/2022\/09\/toleranzraeume-unterstuetzerinnen-posdorf-dorit-768x1152.jpg 768w, https:\/\/www.toleranzraeume.org\/wp-content\/uploads\/2022\/09\/toleranzraeume-unterstuetzerinnen-posdorf-dorit-200x300.jpg 200w, https:\/\/www.toleranzraeume.org\/wp-content\/uploads\/2022\/09\/toleranzraeume-unterstuetzerinnen-posdorf-dorit-683x1024.jpg 683w, https:\/\/www.toleranzraeume.org\/wp-content\/uploads\/2022\/09\/toleranzraeume-unterstuetzerinnen-posdorf-dorit-1024x1536.jpg 1024w, https:\/\/www.toleranzraeume.org\/wp-content\/uploads\/2022\/09\/toleranzraeume-unterstuetzerinnen-posdorf-dorit-1366x2048.jpg 1366w, https:\/\/www.toleranzraeume.org\/wp-content\/uploads\/2022\/09\/toleranzraeume-unterstuetzerinnen-posdorf-dorit-scaled.jpg 1707w\" sizes=\"(max-width: 768px) 100vw, 768px\" \/><\/div><div class=\"uael-grid-img-overlay\"><\/div><\/span><figcaption class=\"uael-grid-img-content\"><div class=\"uael-grid-img-caption\"><h4 class=\"uael-grid-caption-text\"><b>Dorit Posdorf<\/b><br \/>Unternehmensberaterin<\/h4><\/div><\/figcaption><\/div><\/div><div class=\"uael-grid-item  uael-img-gallery-item-113\"><div class=\"uael-grid-item-content\"><a class=\"uael-grid-img uael-grid-gallery-img uael-ins-hover elementor-clickable\" target=\"_blank\" rel=\"dofollow noopener\" href=\"https:\/\/www.amem-ouaga.org\/\" data-elementor-open-lightbox=\"no\"><div class=\"uael-grid-img-thumbnail uael-ins-target\"><img loading=\"lazy\" decoding=\"async\" width=\"1\" height=\"1\" src=\"https:\/\/www.toleranzraeume.org\/wp-content\/uploads\/2022\/10\/Kachel_vital-orange_00003.svg\" class=\"attachment-medium_large size-medium_large wp-image-5236\" alt=\"\" \/><\/div><div class=\"uael-grid-img-overlay\"><\/div><\/a><figcaption class=\"uael-grid-img-content\"><div class=\"uael-grid-img-caption\"><h4 class=\"uael-grid-caption-text\"><b>Maria Behrens u. Laura Relitzki<\/b><br \/>1. und 2. Vorstandsvorsitzende, F\u00f6rderverein der Musikschule Ouagadougou A.M.E.M. e.V<\/h4><\/div><\/figcaption><\/div><\/div><div class=\"uael-grid-item  uael-img-gallery-item-30\"><div class=\"uael-grid-item-content\"><span class=\"uael-grid-img uael-grid-gallery-img uael-ins-hover elementor-clickable\" data-elementor-open-lightbox=\"no\"><div class=\"uael-grid-img-thumbnail uael-ins-target\"><img loading=\"lazy\" decoding=\"async\" width=\"455\" height=\"683\" src=\"https:\/\/www.toleranzraeume.org\/wp-content\/uploads\/2022\/09\/toleranzraeume-unterstuetzerinnen-pirscher-judith.jpg\" class=\"attachment-medium_large size-medium_large wp-image-4213\" alt=\"\" srcset=\"https:\/\/www.toleranzraeume.org\/wp-content\/uploads\/2022\/09\/toleranzraeume-unterstuetzerinnen-pirscher-judith.jpg 455w, https:\/\/www.toleranzraeume.org\/wp-content\/uploads\/2022\/09\/toleranzraeume-unterstuetzerinnen-pirscher-judith-200x300.jpg 200w\" sizes=\"(max-width: 455px) 100vw, 455px\" \/><\/div><div class=\"uael-grid-img-overlay\"><\/div><\/span><figcaption class=\"uael-grid-img-content\"><div class=\"uael-grid-img-caption\"><h4 class=\"uael-grid-caption-text\"><b>Judith Pirscher<\/b><br \/>Staatssekret\u00e4rin, Bundesministerium f\u00fcr Bildung und Forschung<\/h4><\/div><\/figcaption><\/div><\/div><div class=\"uael-grid-item  uael-img-gallery-item-159\"><div class=\"uael-grid-item-content\"><a class=\"uael-grid-img uael-grid-gallery-img uael-ins-hover elementor-clickable\" target=\"_blank\" rel=\"dofollow noopener\" href=\"https:\/\/www.zellentrakt.de\/kuratorium\/\" data-elementor-open-lightbox=\"no\"><div class=\"uael-grid-img-thumbnail uael-ins-target\"><img loading=\"lazy\" decoding=\"async\" width=\"1\" height=\"1\" src=\"https:\/\/www.toleranzraeume.org\/wp-content\/uploads\/2022\/10\/Kachel_cyan_00008.svg\" class=\"attachment-medium_large size-medium_large wp-image-5191\" alt=\"\" \/><\/div><div class=\"uael-grid-img-overlay\"><\/div><\/a><figcaption class=\"uael-grid-img-content\"><div class=\"uael-grid-img-caption\"><h4 class=\"uael-grid-caption-text\"><b>Gisela K\u00fcster<\/b><br \/>Vorsitzende, Kuratorium Erinnern Forschen Gedenken e.V.<\/h4><\/div><\/figcaption><\/div><\/div><div class=\"uael-grid-item  uael-img-gallery-item-67\"><div class=\"uael-grid-item-content\"><a class=\"uael-grid-img uael-grid-gallery-img uael-ins-hover elementor-clickable\" target=\"_blank\" rel=\"dofollow noopener\" href=\"https:\/\/gero-hocker.abgeordnete.fdpbt.de\/\" data-elementor-open-lightbox=\"no\"><div class=\"uael-grid-img-thumbnail uael-ins-target\"><img loading=\"lazy\" decoding=\"async\" width=\"253\" height=\"379\" src=\"https:\/\/www.toleranzraeume.org\/wp-content\/uploads\/2022\/09\/toleranzraeume-unterstuetzerinnen-hocker-dr-gero.jpg\" class=\"attachment-medium_large size-medium_large wp-image-4170\" alt=\"\" srcset=\"https:\/\/www.toleranzraeume.org\/wp-content\/uploads\/2022\/09\/toleranzraeume-unterstuetzerinnen-hocker-dr-gero.jpg 253w, https:\/\/www.toleranzraeume.org\/wp-content\/uploads\/2022\/09\/toleranzraeume-unterstuetzerinnen-hocker-dr-gero-200x300.jpg 200w\" sizes=\"(max-width: 253px) 100vw, 253px\" \/><\/div><div class=\"uael-grid-img-overlay\"><\/div><\/a><figcaption class=\"uael-grid-img-content\"><div class=\"uael-grid-img-caption\"><h4 class=\"uael-grid-caption-text\"><b>Dr. Gero Hocker<\/b><br \/>MdB, FDP<\/h4><\/div><\/figcaption><\/div><\/div><div class=\"uael-grid-item  uael-img-gallery-item-80\"><div class=\"uael-grid-item-content\"><a class=\"uael-grid-img uael-grid-gallery-img uael-ins-hover elementor-clickable\" target=\"_blank\" rel=\"dofollow noopener\" href=\"https:\/\/www.helene-grass.com\" data-elementor-open-lightbox=\"no\"><div class=\"uael-grid-img-thumbnail uael-ins-target\"><img loading=\"lazy\" decoding=\"async\" width=\"768\" height=\"1152\" src=\"https:\/\/www.toleranzraeume.org\/wp-content\/uploads\/2022\/09\/toleranzraeume-unterstuetzerinnen-grass-helene-768x1152.jpg\" class=\"attachment-medium_large size-medium_large wp-image-4157\" alt=\"\" srcset=\"https:\/\/www.toleranzraeume.org\/wp-content\/uploads\/2022\/09\/toleranzraeume-unterstuetzerinnen-grass-helene-768x1152.jpg 768w, https:\/\/www.toleranzraeume.org\/wp-content\/uploads\/2022\/09\/toleranzraeume-unterstuetzerinnen-grass-helene-200x300.jpg 200w, https:\/\/www.toleranzraeume.org\/wp-content\/uploads\/2022\/09\/toleranzraeume-unterstuetzerinnen-grass-helene-683x1024.jpg 683w, https:\/\/www.toleranzraeume.org\/wp-content\/uploads\/2022\/09\/toleranzraeume-unterstuetzerinnen-grass-helene-1024x1536.jpg 1024w, https:\/\/www.toleranzraeume.org\/wp-content\/uploads\/2022\/09\/toleranzraeume-unterstuetzerinnen-grass-helene-1365x2048.jpg 1365w, https:\/\/www.toleranzraeume.org\/wp-content\/uploads\/2022\/09\/toleranzraeume-unterstuetzerinnen-grass-helene-scaled.jpg 1707w\" sizes=\"(max-width: 768px) 100vw, 768px\" \/><\/div><div class=\"uael-grid-img-overlay\"><\/div><\/a><figcaption class=\"uael-grid-img-content\"><div class=\"uael-grid-img-caption\"><h4 class=\"uael-grid-caption-text\"><b>Helene Grass<\/b><br \/>Schauspielerin<\/h4><\/div><\/figcaption><\/div><\/div><div class=\"uael-grid-item  uael-img-gallery-item-121\"><div class=\"uael-grid-item-content\"><a class=\"uael-grid-img uael-grid-gallery-img uael-ins-hover elementor-clickable\" target=\"_blank\" rel=\"dofollow noopener\" href=\"https:\/\/www.lippische-landeskirche.de\/1-4-36\" data-elementor-open-lightbox=\"no\"><div class=\"uael-grid-img-thumbnail uael-ins-target\"><img loading=\"lazy\" decoding=\"async\" width=\"1\" height=\"1\" src=\"https:\/\/www.toleranzraeume.org\/wp-content\/uploads\/2022\/10\/Kachel_soft-purple_00004.svg\" class=\"attachment-medium_large size-medium_large wp-image-5227\" alt=\"\" \/><\/div><div class=\"uael-grid-img-overlay\"><\/div><\/a><figcaption class=\"uael-grid-img-content\"><div class=\"uael-grid-img-caption\"><h4 class=\"uael-grid-caption-text\"><b>Bettina Hanke-Postma<\/b><br \/>Beauftragte f\u00fcr christlichen-j\u00fcdischen Dialog, Lippische Landeskirche<\/h4><\/div><\/figcaption><\/div><\/div><div class=\"uael-grid-item  uael-img-gallery-item-100\"><div class=\"uael-grid-item-content\"><a class=\"uael-grid-img uael-grid-gallery-img uael-ins-hover elementor-clickable\" target=\"_blank\" rel=\"dofollow noopener\" href=\"https:\/\/www.juergen-berghahn.de\/\" data-elementor-open-lightbox=\"no\"><div class=\"uael-grid-img-thumbnail uael-ins-target\"><img loading=\"lazy\" decoding=\"async\" width=\"768\" height=\"1152\" src=\"https:\/\/www.toleranzraeume.org\/wp-content\/uploads\/2022\/09\/toleranzraeume-unterstuetzerinnen-berghahn-juergen-768x1152.jpg\" class=\"attachment-medium_large size-medium_large wp-image-4127\" alt=\"\" srcset=\"https:\/\/www.toleranzraeume.org\/wp-content\/uploads\/2022\/09\/toleranzraeume-unterstuetzerinnen-berghahn-juergen-768x1152.jpg 768w, https:\/\/www.toleranzraeume.org\/wp-content\/uploads\/2022\/09\/toleranzraeume-unterstuetzerinnen-berghahn-juergen-200x300.jpg 200w, https:\/\/www.toleranzraeume.org\/wp-content\/uploads\/2022\/09\/toleranzraeume-unterstuetzerinnen-berghahn-juergen-682x1024.jpg 682w, https:\/\/www.toleranzraeume.org\/wp-content\/uploads\/2022\/09\/toleranzraeume-unterstuetzerinnen-berghahn-juergen-1024x1536.jpg 1024w, https:\/\/www.toleranzraeume.org\/wp-content\/uploads\/2022\/09\/toleranzraeume-unterstuetzerinnen-berghahn-juergen.jpg 1165w\" sizes=\"(max-width: 768px) 100vw, 768px\" \/><\/div><div class=\"uael-grid-img-overlay\"><\/div><\/a><figcaption class=\"uael-grid-img-content\"><div class=\"uael-grid-img-caption\"><h4 class=\"uael-grid-caption-text\"><b>J\u00fcrgen Berghahn<\/b><br \/>MdB, SPD<br \/><span style=\"font-size:0.8em\">\u00a9 Photothek<\/span><\/h4><\/div><\/figcaption><\/div><\/div><div class=\"uael-grid-item  uael-img-gallery-item-119\"><div class=\"uael-grid-item-content\"><span class=\"uael-grid-img uael-grid-gallery-img uael-ins-hover elementor-clickable\" data-elementor-open-lightbox=\"no\"><div class=\"uael-grid-img-thumbnail uael-ins-target\"><img loading=\"lazy\" decoding=\"async\" width=\"1\" height=\"1\" src=\"https:\/\/www.toleranzraeume.org\/wp-content\/uploads\/2022\/10\/Kachel_soft-purple_00006.svg\" class=\"attachment-medium_large size-medium_large wp-image-5229\" alt=\"\" \/><\/div><div class=\"uael-grid-img-overlay\"><\/div><\/span><figcaption class=\"uael-grid-img-content\"><div class=\"uael-grid-img-caption\"><h4 class=\"uael-grid-caption-text\"><b>Ruben Heinemann<\/b><br \/>Gesch\u00e4ftsf\u00fchrer, Heinemann &amp; B\u00e4\u00dfler Immobilien oHG<\/h4><\/div><\/figcaption><\/div><\/div><div class=\"uael-grid-item  uael-img-gallery-item-12\"><div class=\"uael-grid-item-content\"><a class=\"uael-grid-img uael-grid-gallery-img uael-ins-hover elementor-clickable\" target=\"_blank\" rel=\"dofollow noopener\" href=\"https:\/\/www.ellen-stock.de\/\" data-elementor-open-lightbox=\"no\"><div class=\"uael-grid-img-thumbnail uael-ins-target\"><img loading=\"lazy\" decoding=\"async\" width=\"400\" height=\"600\" src=\"https:\/\/www.toleranzraeume.org\/wp-content\/uploads\/2022\/09\/toleranzraeume-unterstuetzerinnen-stock-ellen.png\" class=\"attachment-medium_large size-medium_large wp-image-4232\" alt=\"\" srcset=\"https:\/\/www.toleranzraeume.org\/wp-content\/uploads\/2022\/09\/toleranzraeume-unterstuetzerinnen-stock-ellen.png 400w, https:\/\/www.toleranzraeume.org\/wp-content\/uploads\/2022\/09\/toleranzraeume-unterstuetzerinnen-stock-ellen-200x300.png 200w\" sizes=\"(max-width: 400px) 100vw, 400px\" \/><\/div><div class=\"uael-grid-img-overlay\"><\/div><\/a><figcaption class=\"uael-grid-img-content\"><div class=\"uael-grid-img-caption\"><h4 class=\"uael-grid-caption-text\"><b>Ellen Stock<\/b><br \/>MdL NRW, SPD<\/h4><\/div><\/figcaption><\/div><\/div><div class=\"uael-grid-item  uael-img-gallery-item-163\"><div class=\"uael-grid-item-content\"><a class=\"uael-grid-img uael-grid-gallery-img uael-ins-hover elementor-clickable\" target=\"_blank\" rel=\"dofollow noopener\" href=\"https:\/\/www.brandenburg.de\" data-elementor-open-lightbox=\"no\"><div class=\"uael-grid-img-thumbnail uael-ins-target\"><img loading=\"lazy\" decoding=\"async\" width=\"1\" height=\"1\" src=\"https:\/\/www.toleranzraeume.org\/wp-content\/uploads\/2022\/10\/Kachel_blueberry_00010.svg\" class=\"attachment-medium_large size-medium_large wp-image-5183\" alt=\"\" \/><\/div><div class=\"uael-grid-img-overlay\"><\/div><\/a><figcaption class=\"uael-grid-img-content\"><div class=\"uael-grid-img-caption\"><h4 class=\"uael-grid-caption-text\"><b>Angelika Thiel-Vigh<\/b><br \/>Antisemitismus-Beauftragte<\/h4><\/div><\/figcaption><\/div><\/div><div class=\"uael-grid-item  uael-img-gallery-item-65\"><div class=\"uael-grid-item-content\"><a class=\"uael-grid-img uael-grid-gallery-img uael-ins-hover elementor-clickable\" target=\"_blank\" rel=\"dofollow noopener\" href=\"https:\/\/toni-hofreiter.de\/\" data-elementor-open-lightbox=\"no\"><div class=\"uael-grid-img-thumbnail uael-ins-target\"><img loading=\"lazy\" decoding=\"async\" width=\"768\" height=\"1151\" src=\"https:\/\/www.toleranzraeume.org\/wp-content\/uploads\/2022\/09\/toleranzraeume-unterstuetzerinnen-hofreiter-anton-768x1151.jpg\" class=\"attachment-medium_large size-medium_large wp-image-4172\" alt=\"\" srcset=\"https:\/\/www.toleranzraeume.org\/wp-content\/uploads\/2022\/09\/toleranzraeume-unterstuetzerinnen-hofreiter-anton-768x1151.jpg 768w, https:\/\/www.toleranzraeume.org\/wp-content\/uploads\/2022\/09\/toleranzraeume-unterstuetzerinnen-hofreiter-anton-200x300.jpg 200w, https:\/\/www.toleranzraeume.org\/wp-content\/uploads\/2022\/09\/toleranzraeume-unterstuetzerinnen-hofreiter-anton-683x1024.jpg 683w, https:\/\/www.toleranzraeume.org\/wp-content\/uploads\/2022\/09\/toleranzraeume-unterstuetzerinnen-hofreiter-anton-1025x1536.jpg 1025w, https:\/\/www.toleranzraeume.org\/wp-content\/uploads\/2022\/09\/toleranzraeume-unterstuetzerinnen-hofreiter-anton.jpg 1200w\" sizes=\"(max-width: 768px) 100vw, 768px\" \/><\/div><div class=\"uael-grid-img-overlay\"><\/div><\/a><figcaption class=\"uael-grid-img-content\"><div class=\"uael-grid-img-caption\"><h4 class=\"uael-grid-caption-text\"><b>Dr. Anton Hofreiter<\/b><br \/>MdB, B\u00fcndnis 90\/Die Gr\u00fcnen<\/h4><\/div><\/figcaption><\/div><\/div><div class=\"uael-grid-item  uael-img-gallery-item-18\"><div class=\"uael-grid-item-content\"><a class=\"uael-grid-img uael-grid-gallery-img uael-ins-hover elementor-clickable\" target=\"_blank\" rel=\"dofollow noopener\" href=\"https:\/\/www.fes.de\" data-elementor-open-lightbox=\"no\"><div class=\"uael-grid-img-thumbnail uael-ins-target\"><img loading=\"lazy\" decoding=\"async\" width=\"272\" height=\"408\" src=\"https:\/\/www.toleranzraeume.org\/wp-content\/uploads\/2022\/09\/toleranzraeume-unterstuetzerinnen-schulz-martin.jpg\" class=\"attachment-medium_large size-medium_large wp-image-4226\" alt=\"\" srcset=\"https:\/\/www.toleranzraeume.org\/wp-content\/uploads\/2022\/09\/toleranzraeume-unterstuetzerinnen-schulz-martin.jpg 272w, https:\/\/www.toleranzraeume.org\/wp-content\/uploads\/2022\/09\/toleranzraeume-unterstuetzerinnen-schulz-martin-200x300.jpg 200w\" sizes=\"(max-width: 272px) 100vw, 272px\" \/><\/div><div class=\"uael-grid-img-overlay\"><\/div><\/a><figcaption class=\"uael-grid-img-content\"><div class=\"uael-grid-img-caption\"><h4 class=\"uael-grid-caption-text\"><b>Martin Schulz<\/b><br \/>Vorsitzender, Friedrich Ebert Stiftung<\/h4><\/div><\/figcaption><\/div><\/div><div class=\"uael-grid-item  uael-img-gallery-item-82\"><div class=\"uael-grid-item-content\"><a class=\"uael-grid-img uael-grid-gallery-img uael-ins-hover elementor-clickable\" target=\"_blank\" rel=\"dofollow noopener\" href=\"https:\/\/www.lvjgnds.de\/\" data-elementor-open-lightbox=\"no\"><div class=\"uael-grid-img-thumbnail uael-ins-target\"><img loading=\"lazy\" decoding=\"async\" width=\"300\" height=\"450\" src=\"https:\/\/www.toleranzraeume.org\/wp-content\/uploads\/2022\/09\/toleranzraeume-unterstuetzerinnen-fuerst-michael.jpg\" class=\"attachment-medium_large size-medium_large wp-image-4152\" alt=\"\" srcset=\"https:\/\/www.toleranzraeume.org\/wp-content\/uploads\/2022\/09\/toleranzraeume-unterstuetzerinnen-fuerst-michael.jpg 300w, https:\/\/www.toleranzraeume.org\/wp-content\/uploads\/2022\/09\/toleranzraeume-unterstuetzerinnen-fuerst-michael-200x300.jpg 200w\" sizes=\"(max-width: 300px) 100vw, 300px\" \/><\/div><div class=\"uael-grid-img-overlay\"><\/div><\/a><figcaption class=\"uael-grid-img-content\"><div class=\"uael-grid-img-caption\"><h4 class=\"uael-grid-caption-text\"><b>Michael F\u00fcrst<\/b><br \/>Pr\u00e4sident, LV der J\u00fcdischen Gemeinden in Niedersachsen<\/h4><\/div><\/figcaption><\/div><\/div><div class=\"uael-grid-item  uael-img-gallery-item-88\"><div class=\"uael-grid-item-content\"><a class=\"uael-grid-img uael-grid-gallery-img uael-ins-hover elementor-clickable\" target=\"_blank\" rel=\"dofollow\" href=\"www.christian-duerr.de\" data-elementor-open-lightbox=\"no\"><div class=\"uael-grid-img-thumbnail uael-ins-target\"><img loading=\"lazy\" decoding=\"async\" width=\"272\" height=\"408\" src=\"https:\/\/www.toleranzraeume.org\/wp-content\/uploads\/2022\/09\/toleranzraeume-unterstuetzerinnen-duerr-christian.jpg\" class=\"attachment-medium_large size-medium_large wp-image-4145\" alt=\"\" srcset=\"https:\/\/www.toleranzraeume.org\/wp-content\/uploads\/2022\/09\/toleranzraeume-unterstuetzerinnen-duerr-christian.jpg 272w, https:\/\/www.toleranzraeume.org\/wp-content\/uploads\/2022\/09\/toleranzraeume-unterstuetzerinnen-duerr-christian-200x300.jpg 200w\" sizes=\"(max-width: 272px) 100vw, 272px\" \/><\/div><div class=\"uael-grid-img-overlay\"><\/div><\/a><figcaption class=\"uael-grid-img-content\"><div class=\"uael-grid-img-caption\"><h4 class=\"uael-grid-caption-text\"><b>Christian D\u00fcrr<\/b><br \/>MdB, Fraktionsvorsitzender der FDP-Bundestagsfraktion<\/h4><\/div><\/figcaption><\/div><\/div><div class=\"uael-grid-item  uael-img-gallery-item-127\"><div class=\"uael-grid-item-content\"><a class=\"uael-grid-img uael-grid-gallery-img uael-ins-hover elementor-clickable\" target=\"_blank\" rel=\"dofollow noopener\" href=\"https:\/\/www.auswaertiges-amt.de\/de\/\" data-elementor-open-lightbox=\"no\"><div class=\"uael-grid-img-thumbnail uael-ins-target\"><img loading=\"lazy\" decoding=\"async\" width=\"1\" height=\"1\" src=\"https:\/\/www.toleranzraeume.org\/wp-content\/uploads\/2022\/10\/Kachel_lightgrey-cyan_00009.svg\" class=\"attachment-medium_large size-medium_large wp-image-5222\" alt=\"\" \/><\/div><div class=\"uael-grid-img-overlay\"><\/div><\/a><figcaption class=\"uael-grid-img-content\"><div class=\"uael-grid-img-caption\"><h4 class=\"uael-grid-caption-text\"><b>Michaela K\u00fcchler<\/b><br \/>Sonderbeauftragte des Ausw\u00e4rtigen Amts f\u00fcr Holocausterinnerung<\/h4><\/div><\/figcaption><\/div><\/div><div class=\"uael-grid-item  uael-img-gallery-item-93\"><div class=\"uael-grid-item-content\"><a class=\"uael-grid-img uael-grid-gallery-img uael-ins-hover elementor-clickable\" target=\"_blank\" rel=\"dofollow noopener\" href=\"https:\/\/carlo-cronenberg.de\/\" data-elementor-open-lightbox=\"no\"><div class=\"uael-grid-img-thumbnail uael-ins-target\"><img loading=\"lazy\" decoding=\"async\" width=\"254\" height=\"381\" src=\"https:\/\/www.toleranzraeume.org\/wp-content\/uploads\/2022\/09\/toleranzraeume-unterstuetzerinnen-cronenberg-carl-julius.jpg\" class=\"attachment-medium_large size-medium_large wp-image-4137\" alt=\"\" srcset=\"https:\/\/www.toleranzraeume.org\/wp-content\/uploads\/2022\/09\/toleranzraeume-unterstuetzerinnen-cronenberg-carl-julius.jpg 254w, https:\/\/www.toleranzraeume.org\/wp-content\/uploads\/2022\/09\/toleranzraeume-unterstuetzerinnen-cronenberg-carl-julius-200x300.jpg 200w\" sizes=\"(max-width: 254px) 100vw, 254px\" \/><\/div><div class=\"uael-grid-img-overlay\"><\/div><\/a><figcaption class=\"uael-grid-img-content\"><div class=\"uael-grid-img-caption\"><h4 class=\"uael-grid-caption-text\"><b>Carl-Julius Cronenberg<\/b><br \/>MdB, FDP<\/h4><\/div><\/figcaption><\/div><\/div><div class=\"uael-grid-item  uael-img-gallery-item-136\"><div class=\"uael-grid-item-content\"><a class=\"uael-grid-img uael-grid-gallery-img uael-ins-hover elementor-clickable\" target=\"_blank\" rel=\"dofollow noopener\" href=\"https:\/\/www.rhein-kreis-neuss.de\/de\/\" data-elementor-open-lightbox=\"no\"><div class=\"uael-grid-img-thumbnail uael-ins-target\"><img loading=\"lazy\" decoding=\"async\" width=\"1\" height=\"1\" src=\"https:\/\/www.toleranzraeume.org\/wp-content\/uploads\/2022\/10\/Kachel_light-orange_00009.svg\" class=\"attachment-medium_large size-medium_large wp-image-5212\" alt=\"\" \/><\/div><div class=\"uael-grid-img-overlay\"><\/div><\/a><figcaption class=\"uael-grid-img-content\"><div class=\"uael-grid-img-caption\"><h4 class=\"uael-grid-caption-text\"><b>Hans-J\u00fcrgen Petrauschke<\/b><br \/>Landrat, Rhein-Kreis Neuss<\/h4><\/div><\/figcaption><\/div><\/div><div class=\"uael-grid-item  uael-img-gallery-item-145\"><div class=\"uael-grid-item-content\"><a class=\"uael-grid-img uael-grid-gallery-img uael-ins-hover elementor-clickable\" target=\"_blank\" rel=\"dofollow noopener\" href=\"https:\/\/www.landesverband-lippe.de\/\" data-elementor-open-lightbox=\"no\"><div class=\"uael-grid-img-thumbnail uael-ins-target\"><img loading=\"lazy\" decoding=\"async\" width=\"1\" height=\"1\" src=\"https:\/\/www.toleranzraeume.org\/wp-content\/uploads\/2022\/10\/Kachel_light-orange_00001.svg\" class=\"attachment-medium_large size-medium_large wp-image-5204\" alt=\"\" \/><\/div><div class=\"uael-grid-img-overlay\"><\/div><\/a><figcaption class=\"uael-grid-img-content\"><div class=\"uael-grid-img-caption\"><h4 class=\"uael-grid-caption-text\"><b>Zwi Rappoport<\/b><br \/>Vorstandsvorsitzender, Landesverband der J\u00fcdischen Gemeinden von Westfalen-Lippe K.d.\u00f6.R.<\/h4><\/div><\/figcaption><\/div><\/div><div class=\"uael-grid-item  uael-img-gallery-item-137\"><div class=\"uael-grid-item-content\"><span class=\"uael-grid-img uael-grid-gallery-img uael-ins-hover elementor-clickable\" data-elementor-open-lightbox=\"no\"><div class=\"uael-grid-img-thumbnail uael-ins-target\"><img loading=\"lazy\" decoding=\"async\" width=\"1\" height=\"1\" src=\"https:\/\/www.toleranzraeume.org\/wp-content\/uploads\/2022\/10\/Kachel_light-orange_00008.svg\" class=\"attachment-medium_large size-medium_large wp-image-5211\" alt=\"\" \/><\/div><div class=\"uael-grid-img-overlay\"><\/div><\/span><figcaption class=\"uael-grid-img-content\"><div class=\"uael-grid-img-caption\"><h4 class=\"uael-grid-caption-text\"><b>Dr. Peter Pahmeyer<\/b><br \/>Schulleiter, Mitglied des Kreistages Lippe, SPD<\/h4><\/div><\/figcaption><\/div><\/div><div class=\"uael-grid-item  uael-img-gallery-item-84\"><div class=\"uael-grid-item-content\"><a class=\"uael-grid-img uael-grid-gallery-img uael-ins-hover elementor-clickable\" target=\"_blank\" rel=\"dofollow noopener\" href=\"https:\/\/www.sachsen.de\/\" data-elementor-open-lightbox=\"no\"><div class=\"uael-grid-img-thumbnail uael-ins-target\"><img loading=\"lazy\" decoding=\"async\" width=\"768\" height=\"1152\" src=\"https:\/\/www.toleranzraeume.org\/wp-content\/uploads\/2022\/09\/toleranzraeume-unterstuetzerinnen-feist-thomas-768x1152.jpg\" class=\"attachment-medium_large size-medium_large wp-image-4150\" alt=\"\" srcset=\"https:\/\/www.toleranzraeume.org\/wp-content\/uploads\/2022\/09\/toleranzraeume-unterstuetzerinnen-feist-thomas-768x1152.jpg 768w, https:\/\/www.toleranzraeume.org\/wp-content\/uploads\/2022\/09\/toleranzraeume-unterstuetzerinnen-feist-thomas-200x300.jpg 200w, https:\/\/www.toleranzraeume.org\/wp-content\/uploads\/2022\/09\/toleranzraeume-unterstuetzerinnen-feist-thomas-683x1024.jpg 683w, https:\/\/www.toleranzraeume.org\/wp-content\/uploads\/2022\/09\/toleranzraeume-unterstuetzerinnen-feist-thomas-1024x1536.jpg 1024w, https:\/\/www.toleranzraeume.org\/wp-content\/uploads\/2022\/09\/toleranzraeume-unterstuetzerinnen-feist-thomas-1365x2048.jpg 1365w, https:\/\/www.toleranzraeume.org\/wp-content\/uploads\/2022\/09\/toleranzraeume-unterstuetzerinnen-feist-thomas-scaled.jpg 1706w\" sizes=\"(max-width: 768px) 100vw, 768px\" \/><\/div><div class=\"uael-grid-img-overlay\"><\/div><\/a><figcaption class=\"uael-grid-img-content\"><div class=\"uael-grid-img-caption\"><h4 class=\"uael-grid-caption-text\"><b>Dr. Thomas Feist<\/b><br \/>Beauftragter der S\u00e4chsischen Staatsregierung f\u00fcr das J\u00fcdische Leben<\/h4><\/div><\/figcaption><\/div><\/div><div class=\"uael-grid-item  uael-img-gallery-item-133\"><div class=\"uael-grid-item-content\"><a class=\"uael-grid-img uael-grid-gallery-img uael-ins-hover elementor-clickable\" target=\"_blank\" rel=\"dofollow noopener\" href=\"https:\/\/www.kreis-lippe.de\" data-elementor-open-lightbox=\"no\"><div class=\"uael-grid-img-thumbnail uael-ins-target\"><img loading=\"lazy\" decoding=\"async\" width=\"1\" height=\"1\" src=\"https:\/\/www.toleranzraeume.org\/wp-content\/uploads\/2022\/10\/Kachel_lightgrey-cyan_00002.svg\" class=\"attachment-medium_large size-medium_large wp-image-5215\" alt=\"\" \/><\/div><div class=\"uael-grid-img-overlay\"><\/div><\/a><figcaption class=\"uael-grid-img-content\"><div class=\"uael-grid-img-caption\"><h4 class=\"uael-grid-caption-text\"><b>Dr. Axel Lehmann<\/b><br \/>Landrat, Kreis Lippe<\/h4><\/div><\/figcaption><\/div><\/div><div class=\"uael-grid-item  uael-img-gallery-item-158\"><div class=\"uael-grid-item-content\"><a class=\"uael-grid-img uael-grid-gallery-img uael-ins-hover elementor-clickable\" target=\"_blank\" rel=\"dofollow noopener\" href=\"https:\/\/www.uni-bielefeld.de\" data-elementor-open-lightbox=\"no\"><div class=\"uael-grid-img-thumbnail uael-ins-target\"><img loading=\"lazy\" decoding=\"async\" width=\"1\" height=\"1\" src=\"https:\/\/www.toleranzraeume.org\/wp-content\/uploads\/2022\/10\/Kachel_cyan_00009.svg\" class=\"attachment-medium_large size-medium_large wp-image-5192\" alt=\"\" \/><\/div><div class=\"uael-grid-img-overlay\"><\/div><\/a><figcaption class=\"uael-grid-img-content\"><div class=\"uael-grid-img-caption\"><h4 class=\"uael-grid-caption-text\"><b>Paul Mecheril<\/b><br \/>Erziehungswissenschaftler<\/h4><\/div><\/figcaption><\/div><\/div><div class=\"uael-grid-item  uael-img-gallery-item-169\"><div class=\"uael-grid-item-content\"><a class=\"uael-grid-img uael-grid-gallery-img uael-ins-hover elementor-clickable\" target=\"_blank\" rel=\"dofollow noopener\" href=\"https:\/\/ausarten.org\/\" data-elementor-open-lightbox=\"no\"><div class=\"uael-grid-img-thumbnail uael-ins-target\"><img loading=\"lazy\" decoding=\"async\" width=\"768\" height=\"1152\" src=\"https:\/\/www.toleranzraeume.org\/wp-content\/uploads\/2022\/10\/toleranzraeume-unterstuetzerinnen-inan-erkan-768x1152.jpg\" class=\"attachment-medium_large size-medium_large wp-image-5361\" alt=\"Portr\u00e4t von Inan Erkan, Toleranzr\u00e4ume\" srcset=\"https:\/\/www.toleranzraeume.org\/wp-content\/uploads\/2022\/10\/toleranzraeume-unterstuetzerinnen-inan-erkan-768x1152.jpg 768w, https:\/\/www.toleranzraeume.org\/wp-content\/uploads\/2022\/10\/toleranzraeume-unterstuetzerinnen-inan-erkan-200x300.jpg 200w, https:\/\/www.toleranzraeume.org\/wp-content\/uploads\/2022\/10\/toleranzraeume-unterstuetzerinnen-inan-erkan-682x1024.jpg 682w, https:\/\/www.toleranzraeume.org\/wp-content\/uploads\/2022\/10\/toleranzraeume-unterstuetzerinnen-inan-erkan-1024x1536.jpg 1024w, https:\/\/www.toleranzraeume.org\/wp-content\/uploads\/2022\/10\/toleranzraeume-unterstuetzerinnen-inan-erkan.jpg 1181w\" sizes=\"(max-width: 768px) 100vw, 768px\" \/><\/div><div class=\"uael-grid-img-overlay\"><\/div><\/a><figcaption class=\"uael-grid-img-content\"><div class=\"uael-grid-img-caption\"><h4 class=\"uael-grid-caption-text\"><b>Erkan Inan<\/b><br \/>Gr\u00fcnder des ausARTen Festivals M\u00fcnchen<\/h4><\/div><\/figcaption><\/div><\/div><div class=\"uael-grid-item  uael-img-gallery-item-83\"><div class=\"uael-grid-item-content\"><a class=\"uael-grid-img uael-grid-gallery-img uael-ins-hover elementor-clickable\" target=\"_blank\" rel=\"dofollow noopener\" href=\"https:\/\/www.matthias-gastel.de\/\" data-elementor-open-lightbox=\"no\"><div class=\"uael-grid-img-thumbnail uael-ins-target\"><img loading=\"lazy\" decoding=\"async\" width=\"768\" height=\"1149\" src=\"https:\/\/www.toleranzraeume.org\/wp-content\/uploads\/2022\/09\/toleranzraeume-unterstuetzerinnen-gastel-matthias-768x1149.jpg\" class=\"attachment-medium_large size-medium_large wp-image-4153\" alt=\"\" srcset=\"https:\/\/www.toleranzraeume.org\/wp-content\/uploads\/2022\/09\/toleranzraeume-unterstuetzerinnen-gastel-matthias-768x1149.jpg 768w, https:\/\/www.toleranzraeume.org\/wp-content\/uploads\/2022\/09\/toleranzraeume-unterstuetzerinnen-gastel-matthias-201x300.jpg 201w, https:\/\/www.toleranzraeume.org\/wp-content\/uploads\/2022\/09\/toleranzraeume-unterstuetzerinnen-gastel-matthias-684x1024.jpg 684w, https:\/\/www.toleranzraeume.org\/wp-content\/uploads\/2022\/09\/toleranzraeume-unterstuetzerinnen-gastel-matthias.jpg 788w\" sizes=\"(max-width: 768px) 100vw, 768px\" \/><\/div><div class=\"uael-grid-img-overlay\"><\/div><\/a><figcaption class=\"uael-grid-img-content\"><div class=\"uael-grid-img-caption\"><h4 class=\"uael-grid-caption-text\"><b>Matthias Gastel<\/b><br \/>MdB, B\u00fcndnis 90\/Die Gr\u00fcnen<\/h4><\/div><\/figcaption><\/div><\/div><div class=\"uael-grid-item  uael-img-gallery-item-14\"><div class=\"uael-grid-item-content\"><span class=\"uael-grid-img uael-grid-gallery-img uael-ins-hover elementor-clickable\" data-elementor-open-lightbox=\"no\"><div class=\"uael-grid-img-thumbnail uael-ins-target\"><img loading=\"lazy\" decoding=\"async\" width=\"768\" height=\"1152\" src=\"https:\/\/www.toleranzraeume.org\/wp-content\/uploads\/2022\/09\/toleranzraeume-unterstuetzerinnen-stange-natalie-768x1152.jpg\" class=\"attachment-medium_large size-medium_large wp-image-4230\" alt=\"\" srcset=\"https:\/\/www.toleranzraeume.org\/wp-content\/uploads\/2022\/09\/toleranzraeume-unterstuetzerinnen-stange-natalie-768x1152.jpg 768w, https:\/\/www.toleranzraeume.org\/wp-content\/uploads\/2022\/09\/toleranzraeume-unterstuetzerinnen-stange-natalie-200x300.jpg 200w, https:\/\/www.toleranzraeume.org\/wp-content\/uploads\/2022\/09\/toleranzraeume-unterstuetzerinnen-stange-natalie-683x1024.jpg 683w, https:\/\/www.toleranzraeume.org\/wp-content\/uploads\/2022\/09\/toleranzraeume-unterstuetzerinnen-stange-natalie-1024x1536.jpg 1024w, https:\/\/www.toleranzraeume.org\/wp-content\/uploads\/2022\/09\/toleranzraeume-unterstuetzerinnen-stange-natalie-1365x2048.jpg 1365w, https:\/\/www.toleranzraeume.org\/wp-content\/uploads\/2022\/09\/toleranzraeume-unterstuetzerinnen-stange-natalie-scaled.jpg 1707w\" sizes=\"(max-width: 768px) 100vw, 768px\" \/><\/div><div class=\"uael-grid-img-overlay\"><\/div><\/span><figcaption class=\"uael-grid-img-content\"><div class=\"uael-grid-img-caption\"><h4 class=\"uael-grid-caption-text\"><b>Natalie Stange<\/b><br \/>Diplom-Kauffrau<\/h4><\/div><\/figcaption><\/div><\/div><div class=\"uael-grid-item  uael-img-gallery-item-108\"><div class=\"uael-grid-item-content\"><span class=\"uael-grid-img uael-grid-gallery-img uael-ins-hover elementor-clickable\" data-elementor-open-lightbox=\"no\"><div class=\"uael-grid-img-thumbnail uael-ins-target\"><img loading=\"lazy\" decoding=\"async\" width=\"1\" height=\"1\" src=\"https:\/\/www.toleranzraeume.org\/wp-content\/uploads\/2022\/10\/Kachel_vital-orange_00008.svg\" class=\"attachment-medium_large size-medium_large wp-image-5241\" alt=\"\" \/><\/div><div class=\"uael-grid-img-overlay\"><\/div><\/span><figcaption class=\"uael-grid-img-content\"><div class=\"uael-grid-img-caption\"><h4 class=\"uael-grid-caption-text\"><b>Monika u. Michael Becker<\/b><br \/>Psychotherapeuten<\/h4><\/div><\/figcaption><\/div><\/div><div class=\"uael-grid-item  uael-img-gallery-item-6\"><div class=\"uael-grid-item-content\"><a class=\"uael-grid-img uael-grid-gallery-img uael-ins-hover elementor-clickable\" target=\"_blank\" rel=\"dofollow noopener\" href=\"https:\/\/www.toncar.de\" data-elementor-open-lightbox=\"no\"><div class=\"uael-grid-img-thumbnail uael-ins-target\"><img loading=\"lazy\" decoding=\"async\" width=\"320\" height=\"480\" src=\"https:\/\/www.toleranzraeume.org\/wp-content\/uploads\/2022\/09\/toleranzraeume-unterstuetzerinnen-toncar-florian.jpg\" class=\"attachment-medium_large size-medium_large wp-image-4238\" alt=\"\" srcset=\"https:\/\/www.toleranzraeume.org\/wp-content\/uploads\/2022\/09\/toleranzraeume-unterstuetzerinnen-toncar-florian.jpg 320w, https:\/\/www.toleranzraeume.org\/wp-content\/uploads\/2022\/09\/toleranzraeume-unterstuetzerinnen-toncar-florian-200x300.jpg 200w\" sizes=\"(max-width: 320px) 100vw, 320px\" \/><\/div><div class=\"uael-grid-img-overlay\"><\/div><\/a><figcaption class=\"uael-grid-img-content\"><div class=\"uael-grid-img-caption\"><h4 class=\"uael-grid-caption-text\"><b>Dr. Florian Toncar<\/b><br \/>MdB, Parlamentarischer Gesch\u00e4ftsf\u00fchrer, FDP<\/h4><\/div><\/figcaption><\/div><\/div><div class=\"uael-grid-item  uael-img-gallery-item-115\"><div class=\"uael-grid-item-content\"><span class=\"uael-grid-img uael-grid-gallery-img uael-ins-hover elementor-clickable\" data-elementor-open-lightbox=\"no\"><div class=\"uael-grid-img-thumbnail uael-ins-target\"><img loading=\"lazy\" decoding=\"async\" width=\"1\" height=\"1\" src=\"https:\/\/www.toleranzraeume.org\/wp-content\/uploads\/2022\/10\/Kachel_vital-orange_00001.svg\" class=\"attachment-medium_large size-medium_large wp-image-5234\" alt=\"\" \/><\/div><div class=\"uael-grid-img-overlay\"><\/div><\/span><figcaption class=\"uael-grid-img-content\"><div class=\"uael-grid-img-caption\"><h4 class=\"uael-grid-caption-text\"><b>Katrin Girlich<\/b><br \/>SPD<\/h4><\/div><\/figcaption><\/div><\/div><div class=\"uael-grid-item  uael-img-gallery-item-20\"><div class=\"uael-grid-item-content\"><span class=\"uael-grid-img uael-grid-gallery-img uael-ins-hover elementor-clickable\" data-elementor-open-lightbox=\"no\"><div class=\"uael-grid-img-thumbnail uael-ins-target\"><img loading=\"lazy\" decoding=\"async\" width=\"768\" height=\"1152\" src=\"https:\/\/www.toleranzraeume.org\/wp-content\/uploads\/2022\/09\/toleranzraeume-unterstuetzerinnen-schieder-marianne-768x1152.jpg\" class=\"attachment-medium_large size-medium_large wp-image-4224\" alt=\"\" srcset=\"https:\/\/www.toleranzraeume.org\/wp-content\/uploads\/2022\/09\/toleranzraeume-unterstuetzerinnen-schieder-marianne-768x1152.jpg 768w, https:\/\/www.toleranzraeume.org\/wp-content\/uploads\/2022\/09\/toleranzraeume-unterstuetzerinnen-schieder-marianne-200x300.jpg 200w, https:\/\/www.toleranzraeume.org\/wp-content\/uploads\/2022\/09\/toleranzraeume-unterstuetzerinnen-schieder-marianne-682x1024.jpg 682w, https:\/\/www.toleranzraeume.org\/wp-content\/uploads\/2022\/09\/toleranzraeume-unterstuetzerinnen-schieder-marianne.jpg 769w\" sizes=\"(max-width: 768px) 100vw, 768px\" \/><\/div><div class=\"uael-grid-img-overlay\"><\/div><\/span><figcaption class=\"uael-grid-img-content\"><div class=\"uael-grid-img-caption\"><h4 class=\"uael-grid-caption-text\"><b>Marianne Schieder<\/b><br \/>MdB, Stiftung Denkmal f\u00fcr die ermordeten Juden Europas, SPD<\/h4><\/div><\/figcaption><\/div><\/div><div class=\"uael-grid-item  uael-img-gallery-item-46\"><div class=\"uael-grid-item-content\"><span class=\"uael-grid-img uael-grid-gallery-img uael-ins-hover elementor-clickable\" data-elementor-open-lightbox=\"no\"><div class=\"uael-grid-img-thumbnail uael-ins-target\"><img loading=\"lazy\" decoding=\"async\" width=\"235\" height=\"352\" src=\"https:\/\/www.toleranzraeume.org\/wp-content\/uploads\/2022\/09\/toleranzraeume-unterstuetzerinnen-kulitz-alexander.jpg\" class=\"attachment-medium_large size-medium_large wp-image-4194\" alt=\"\" srcset=\"https:\/\/www.toleranzraeume.org\/wp-content\/uploads\/2022\/09\/toleranzraeume-unterstuetzerinnen-kulitz-alexander.jpg 235w, https:\/\/www.toleranzraeume.org\/wp-content\/uploads\/2022\/09\/toleranzraeume-unterstuetzerinnen-kulitz-alexander-200x300.jpg 200w\" sizes=\"(max-width: 235px) 100vw, 235px\" \/><\/div><div class=\"uael-grid-img-overlay\"><\/div><\/span><figcaption class=\"uael-grid-img-content\"><div class=\"uael-grid-img-caption\"><h4 class=\"uael-grid-caption-text\"><b>Alexander Kulitz<\/b><br \/>ehemaliger MdB, FDP<\/h4><\/div><\/figcaption><\/div><\/div><div class=\"uael-grid-item  uael-img-gallery-item-160\"><div class=\"uael-grid-item-content\"><span class=\"uael-grid-img uael-grid-gallery-img uael-ins-hover elementor-clickable\" data-elementor-open-lightbox=\"no\"><div class=\"uael-grid-img-thumbnail uael-ins-target\"><img loading=\"lazy\" decoding=\"async\" width=\"1\" height=\"1\" src=\"https:\/\/www.toleranzraeume.org\/wp-content\/uploads\/2022\/10\/Kachel_cyan_00004.svg\" class=\"attachment-medium_large size-medium_large wp-image-5187\" alt=\"\" \/><\/div><div class=\"uael-grid-img-overlay\"><\/div><\/span><figcaption class=\"uael-grid-img-content\"><div class=\"uael-grid-img-caption\"><h4 class=\"uael-grid-caption-text\"><b>Miriam S\u00f6ling<\/b><br \/>Berufsschullehrerin<\/h4><\/div><\/figcaption><\/div><\/div><div class=\"uael-grid-item  uael-img-gallery-item-154\"><div class=\"uael-grid-item-content\"><span class=\"uael-grid-img uael-grid-gallery-img uael-ins-hover elementor-clickable\" data-elementor-open-lightbox=\"no\"><div class=\"uael-grid-img-thumbnail uael-ins-target\"><img loading=\"lazy\" decoding=\"async\" width=\"1\" height=\"1\" src=\"https:\/\/www.toleranzraeume.org\/wp-content\/uploads\/2022\/10\/Kachel_dynamic-red_00001.svg\" class=\"attachment-medium_large size-medium_large wp-image-5194\" alt=\"\" \/><\/div><div class=\"uael-grid-img-overlay\"><\/div><\/span><figcaption class=\"uael-grid-img-content\"><div class=\"uael-grid-img-caption\"><h4 class=\"uael-grid-caption-text\"><b>Johannes Vetter<\/b><br \/>Kirchenmusikdirektor, Musik mit Hand und Fu\u00df<\/h4><\/div><\/figcaption><\/div><\/div><div class=\"uael-grid-item  uael-img-gallery-item-114\"><div class=\"uael-grid-item-content\"><a class=\"uael-grid-img uael-grid-gallery-img uael-ins-hover elementor-clickable\" target=\"_blank\" rel=\"dofollow noopener\" href=\"https:\/\/www.uni-paderborn.de\/person\/193\/\" data-elementor-open-lightbox=\"no\"><div class=\"uael-grid-img-thumbnail uael-ins-target\"><img loading=\"lazy\" decoding=\"async\" width=\"1\" height=\"1\" src=\"https:\/\/www.toleranzraeume.org\/wp-content\/uploads\/2022\/10\/Kachel_vital-orange_00002.svg\" class=\"attachment-medium_large size-medium_large wp-image-5235\" alt=\"\" \/><\/div><div class=\"uael-grid-img-overlay\"><\/div><\/a><figcaption class=\"uael-grid-img-content\"><div class=\"uael-grid-img-caption\"><h4 class=\"uael-grid-caption-text\"><b>Prof. Dr. Rebecca Grotjahn<\/b><br \/>Hochschullehrerin, Universit\u00e4t Paderborn u. HfM Detmold<\/h4><\/div><\/figcaption><\/div><\/div><div class=\"uael-grid-item  uael-img-gallery-item-168\"><div class=\"uael-grid-item-content\"><span class=\"uael-grid-img uael-grid-gallery-img uael-ins-hover elementor-clickable\" data-elementor-open-lightbox=\"no\"><div class=\"uael-grid-img-thumbnail uael-ins-target\"><img loading=\"lazy\" decoding=\"async\" width=\"1\" height=\"1\" src=\"https:\/\/www.toleranzraeume.org\/wp-content\/uploads\/2022\/10\/Kachel_blueberry_00003.svg\" class=\"attachment-medium_large size-medium_large wp-image-5176\" alt=\"\" \/><\/div><div class=\"uael-grid-img-overlay\"><\/div><\/span><figcaption class=\"uael-grid-img-content\"><div class=\"uael-grid-img-caption\"><h4 class=\"uael-grid-caption-text\"><b>Stella Schwake<\/b><br \/>Studentin<\/h4><\/div><\/figcaption><\/div><\/div><div class=\"uael-grid-item  uael-img-gallery-item-117\"><div class=\"uael-grid-item-content\"><a class=\"uael-grid-img uael-grid-gallery-img uael-ins-hover elementor-clickable\" target=\"_blank\" rel=\"dofollow noopener\" href=\"https:\/\/www.llb-detmold.de\/\" data-elementor-open-lightbox=\"no\"><div class=\"uael-grid-img-thumbnail uael-ins-target\"><img loading=\"lazy\" decoding=\"async\" width=\"1\" height=\"1\" src=\"https:\/\/www.toleranzraeume.org\/wp-content\/uploads\/2022\/10\/Kachel_soft-purple_00008.svg\" class=\"attachment-medium_large size-medium_large wp-image-5231\" alt=\"\" \/><\/div><div class=\"uael-grid-img-overlay\"><\/div><\/a><figcaption class=\"uael-grid-img-content\"><div class=\"uael-grid-img-caption\"><h4 class=\"uael-grid-caption-text\"><b>Dr. Joachim Eberhardt<\/b><br \/>Bibliotheksdirektor, Lippische Landesbibliothek<\/h4><\/div><\/figcaption><\/div><\/div><div class=\"uael-grid-item  uael-img-gallery-item-36\"><div class=\"uael-grid-item-content\"><a class=\"uael-grid-img uael-grid-gallery-img uael-ins-hover elementor-clickable\" target=\"_blank\" rel=\"dofollow noopener\" href=\"https:\/\/www.kreis-herford.de\" data-elementor-open-lightbox=\"no\"><div class=\"uael-grid-img-thumbnail uael-ins-target\"><img loading=\"lazy\" decoding=\"async\" width=\"768\" height=\"1152\" src=\"https:\/\/www.toleranzraeume.org\/wp-content\/uploads\/2022\/09\/toleranzraeume-unterstuetzerinnen-mueller-manfed-768x1152.jpg\" class=\"attachment-medium_large size-medium_large wp-image-4205\" alt=\"\" srcset=\"https:\/\/www.toleranzraeume.org\/wp-content\/uploads\/2022\/09\/toleranzraeume-unterstuetzerinnen-mueller-manfed-768x1152.jpg 768w, https:\/\/www.toleranzraeume.org\/wp-content\/uploads\/2022\/09\/toleranzraeume-unterstuetzerinnen-mueller-manfed-200x300.jpg 200w, https:\/\/www.toleranzraeume.org\/wp-content\/uploads\/2022\/09\/toleranzraeume-unterstuetzerinnen-mueller-manfed-683x1024.jpg 683w, https:\/\/www.toleranzraeume.org\/wp-content\/uploads\/2022\/09\/toleranzraeume-unterstuetzerinnen-mueller-manfed-1024x1536.jpg 1024w, https:\/\/www.toleranzraeume.org\/wp-content\/uploads\/2022\/09\/toleranzraeume-unterstuetzerinnen-mueller-manfed-1366x2048.jpg 1366w, https:\/\/www.toleranzraeume.org\/wp-content\/uploads\/2022\/09\/toleranzraeume-unterstuetzerinnen-mueller-manfed.jpg 1653w\" sizes=\"(max-width: 768px) 100vw, 768px\" \/><\/div><div class=\"uael-grid-img-overlay\"><\/div><\/a><figcaption class=\"uael-grid-img-content\"><div class=\"uael-grid-img-caption\"><h4 class=\"uael-grid-caption-text\"><b>Manfred M\u00fcller<\/b><br \/>Landrat a.D. Kreis Paderborn<\/h4><\/div><\/figcaption><\/div><\/div><div class=\"uael-grid-item  uael-img-gallery-item-70\"><div class=\"uael-grid-item-content\"><a class=\"uael-grid-img uael-grid-gallery-img uael-ins-hover elementor-clickable\" target=\"_blank\" rel=\"dofollow noopener\" href=\"https:\/\/www.kreis-mettmann.de\/\" data-elementor-open-lightbox=\"no\"><div class=\"uael-grid-img-thumbnail uael-ins-target\"><img loading=\"lazy\" decoding=\"async\" width=\"768\" height=\"1152\" src=\"https:\/\/www.toleranzraeume.org\/wp-content\/uploads\/2022\/09\/toleranzraeume-unterstuetzerinnen-hendele-thomas-768x1152.jpg\" class=\"attachment-medium_large size-medium_large wp-image-4167\" alt=\"\" srcset=\"https:\/\/www.toleranzraeume.org\/wp-content\/uploads\/2022\/09\/toleranzraeume-unterstuetzerinnen-hendele-thomas-768x1152.jpg 768w, https:\/\/www.toleranzraeume.org\/wp-content\/uploads\/2022\/09\/toleranzraeume-unterstuetzerinnen-hendele-thomas-200x300.jpg 200w, https:\/\/www.toleranzraeume.org\/wp-content\/uploads\/2022\/09\/toleranzraeume-unterstuetzerinnen-hendele-thomas-683x1024.jpg 683w, https:\/\/www.toleranzraeume.org\/wp-content\/uploads\/2022\/09\/toleranzraeume-unterstuetzerinnen-hendele-thomas-1024x1536.jpg 1024w, https:\/\/www.toleranzraeume.org\/wp-content\/uploads\/2022\/09\/toleranzraeume-unterstuetzerinnen-hendele-thomas-1365x2048.jpg 1365w, https:\/\/www.toleranzraeume.org\/wp-content\/uploads\/2022\/09\/toleranzraeume-unterstuetzerinnen-hendele-thomas-scaled.jpg 1707w\" sizes=\"(max-width: 768px) 100vw, 768px\" \/><\/div><div class=\"uael-grid-img-overlay\"><\/div><\/a><figcaption class=\"uael-grid-img-content\"><div class=\"uael-grid-img-caption\"><h4 class=\"uael-grid-caption-text\"><b>Thomas Hendele<\/b><br \/>Landrat, Kreis Mettmann<\/h4><\/div><\/figcaption><\/div><\/div><div class=\"uael-grid-item  uael-img-gallery-item-38\"><div class=\"uael-grid-item-content\"><span class=\"uael-grid-img uael-grid-gallery-img uael-ins-hover elementor-clickable\" data-elementor-open-lightbox=\"no\"><div class=\"uael-grid-img-thumbnail uael-ins-target\"><img loading=\"lazy\" decoding=\"async\" width=\"371\" height=\"556\" src=\"https:\/\/www.toleranzraeume.org\/wp-content\/uploads\/2022\/09\/toleranzraeume-unterstuetzerinnen-makiolla-michael.jpg\" class=\"attachment-medium_large size-medium_large wp-image-4203\" alt=\"\" srcset=\"https:\/\/www.toleranzraeume.org\/wp-content\/uploads\/2022\/09\/toleranzraeume-unterstuetzerinnen-makiolla-michael.jpg 371w, https:\/\/www.toleranzraeume.org\/wp-content\/uploads\/2022\/09\/toleranzraeume-unterstuetzerinnen-makiolla-michael-200x300.jpg 200w\" sizes=\"(max-width: 371px) 100vw, 371px\" \/><\/div><div class=\"uael-grid-img-overlay\"><\/div><\/span><figcaption class=\"uael-grid-img-content\"><div class=\"uael-grid-img-caption\"><h4 class=\"uael-grid-caption-text\"><b>Michael Makiolla<\/b><br \/>Landrat a.D. Kreis Unna<\/h4><\/div><\/figcaption><\/div><\/div><div class=\"uael-grid-item  uael-img-gallery-item-118\"><div class=\"uael-grid-item-content\"><a class=\"uael-grid-img uael-grid-gallery-img uael-ins-hover elementor-clickable\" target=\"_blank\" rel=\"dofollow\" href=\"www.staedtetag.de\/ueber-uns\/gremien\" data-elementor-open-lightbox=\"no\"><div class=\"uael-grid-img-thumbnail uael-ins-target\"><img loading=\"lazy\" decoding=\"async\" width=\"1\" height=\"1\" src=\"https:\/\/www.toleranzraeume.org\/wp-content\/uploads\/2022\/10\/Kachel_soft-purple_00007.svg\" class=\"attachment-medium_large size-medium_large wp-image-5230\" alt=\"\" \/><\/div><div class=\"uael-grid-img-overlay\"><\/div><\/a><figcaption class=\"uael-grid-img-content\"><div class=\"uael-grid-img-caption\"><h4 class=\"uael-grid-caption-text\"><b>Jan-Philipp Zymny<\/b><br \/>Deutscher St\u00e4dte-und Gemeindebund<\/h4><\/div><\/figcaption><\/div><\/div><div class=\"uael-grid-item  uael-img-gallery-item-27\"><div class=\"uael-grid-item-content\"><span class=\"uael-grid-img uael-grid-gallery-img uael-ins-hover elementor-clickable\" data-elementor-open-lightbox=\"no\"><div class=\"uael-grid-img-thumbnail uael-ins-target\"><img loading=\"lazy\" decoding=\"async\" width=\"253\" height=\"379\" src=\"https:\/\/www.toleranzraeume.org\/wp-content\/uploads\/2022\/09\/toleranzraeume-unterstuetzerinnen-rabanus-martin.jpg\" class=\"attachment-medium_large size-medium_large wp-image-4216\" alt=\"\" srcset=\"https:\/\/www.toleranzraeume.org\/wp-content\/uploads\/2022\/09\/toleranzraeume-unterstuetzerinnen-rabanus-martin.jpg 253w, https:\/\/www.toleranzraeume.org\/wp-content\/uploads\/2022\/09\/toleranzraeume-unterstuetzerinnen-rabanus-martin-200x300.jpg 200w\" sizes=\"(max-width: 253px) 100vw, 253px\" \/><\/div><div class=\"uael-grid-img-overlay\"><\/div><\/span><figcaption class=\"uael-grid-img-content\"><div class=\"uael-grid-img-caption\"><h4 class=\"uael-grid-caption-text\"><b>Martin Rabanus<\/b><br \/>ehemaliger MdB, SPD<\/h4><\/div><\/figcaption><\/div><\/div><div class=\"uael-grid-item  uael-img-gallery-item-162\"><div class=\"uael-grid-item-content\"><a class=\"uael-grid-img uael-grid-gallery-img uael-ins-hover elementor-clickable\" target=\"_blank\" rel=\"dofollow noopener\" href=\"https:\/\/tracingthepast.org\/\" data-elementor-open-lightbox=\"no\"><div class=\"uael-grid-img-thumbnail uael-ins-target\"><img loading=\"lazy\" decoding=\"async\" width=\"1\" height=\"1\" src=\"https:\/\/www.toleranzraeume.org\/wp-content\/uploads\/2022\/10\/Kachel_cyan_00001.svg\" class=\"attachment-medium_large size-medium_large wp-image-5184\" alt=\"\" \/><\/div><div class=\"uael-grid-img-overlay\"><\/div><\/a><figcaption class=\"uael-grid-img-content\"><div class=\"uael-grid-img-caption\"><h4 class=\"uael-grid-caption-text\"><b>Roderick Miller<\/b><br \/>Vorsitzender, Tracing the Past e.V.<\/h4><\/div><\/figcaption><\/div><\/div><div class=\"uael-grid-item  uael-img-gallery-item-71\"><div class=\"uael-grid-item-content\"><a class=\"uael-grid-img uael-grid-gallery-img uael-ins-hover elementor-clickable\" target=\"_blank\" rel=\"dofollow noopener\" href=\"https:\/\/www.helling-plahr.de\" data-elementor-open-lightbox=\"no\"><div class=\"uael-grid-img-thumbnail uael-ins-target\"><img loading=\"lazy\" decoding=\"async\" width=\"768\" height=\"1152\" src=\"https:\/\/www.toleranzraeume.org\/wp-content\/uploads\/2022\/09\/toleranzraeume-unterstuetzerinnen-helling-plahr-katrin-768x1152.jpg\" class=\"attachment-medium_large size-medium_large wp-image-4166\" alt=\"\" srcset=\"https:\/\/www.toleranzraeume.org\/wp-content\/uploads\/2022\/09\/toleranzraeume-unterstuetzerinnen-helling-plahr-katrin-768x1152.jpg 768w, https:\/\/www.toleranzraeume.org\/wp-content\/uploads\/2022\/09\/toleranzraeume-unterstuetzerinnen-helling-plahr-katrin-200x300.jpg 200w, https:\/\/www.toleranzraeume.org\/wp-content\/uploads\/2022\/09\/toleranzraeume-unterstuetzerinnen-helling-plahr-katrin-683x1024.jpg 683w, https:\/\/www.toleranzraeume.org\/wp-content\/uploads\/2022\/09\/toleranzraeume-unterstuetzerinnen-helling-plahr-katrin-1024x1536.jpg 1024w, https:\/\/www.toleranzraeume.org\/wp-content\/uploads\/2022\/09\/toleranzraeume-unterstuetzerinnen-helling-plahr-katrin-1365x2048.jpg 1365w, https:\/\/www.toleranzraeume.org\/wp-content\/uploads\/2022\/09\/toleranzraeume-unterstuetzerinnen-helling-plahr-katrin-scaled.jpg 1707w\" sizes=\"(max-width: 768px) 100vw, 768px\" \/><\/div><div class=\"uael-grid-img-overlay\"><\/div><\/a><figcaption class=\"uael-grid-img-content\"><div class=\"uael-grid-img-caption\"><h4 class=\"uael-grid-caption-text\"><b>Katrin Helling-Plahr<\/b><br \/>MdB, FDP<\/h4><\/div><\/figcaption><\/div><\/div><div class=\"uael-grid-item  uael-img-gallery-item-96\"><div class=\"uael-grid-item-content\"><a class=\"uael-grid-img uael-grid-gallery-img uael-ins-hover elementor-clickable\" target=\"_blank\" rel=\"dofollow\" href=\"www.sandrabubendorferlicht.de\" data-elementor-open-lightbox=\"no\"><div class=\"uael-grid-img-thumbnail uael-ins-target\"><img loading=\"lazy\" decoding=\"async\" width=\"253\" height=\"379\" src=\"https:\/\/www.toleranzraeume.org\/wp-content\/uploads\/2022\/09\/toleranzraeume-unterstuetzerinnen-bubendorfer-licht-sandra.jpg\" class=\"attachment-medium_large size-medium_large wp-image-4133\" alt=\"\" srcset=\"https:\/\/www.toleranzraeume.org\/wp-content\/uploads\/2022\/09\/toleranzraeume-unterstuetzerinnen-bubendorfer-licht-sandra.jpg 253w, https:\/\/www.toleranzraeume.org\/wp-content\/uploads\/2022\/09\/toleranzraeume-unterstuetzerinnen-bubendorfer-licht-sandra-200x300.jpg 200w\" sizes=\"(max-width: 253px) 100vw, 253px\" \/><\/div><div class=\"uael-grid-img-overlay\"><\/div><\/a><figcaption class=\"uael-grid-img-content\"><div class=\"uael-grid-img-caption\"><h4 class=\"uael-grid-caption-text\"><b>Sandra Bubendorfer-Licht<\/b><br \/>MdB, FDP<\/h4><\/div><\/figcaption><\/div><\/div><div class=\"uael-grid-item  uael-img-gallery-item-123\"><div class=\"uael-grid-item-content\"><span class=\"uael-grid-img uael-grid-gallery-img uael-ins-hover elementor-clickable\" data-elementor-open-lightbox=\"no\"><div class=\"uael-grid-img-thumbnail uael-ins-target\"><img loading=\"lazy\" decoding=\"async\" width=\"1\" height=\"1\" src=\"https:\/\/www.toleranzraeume.org\/wp-content\/uploads\/2022\/10\/Kachel_soft-purple_00002.svg\" class=\"attachment-medium_large size-medium_large wp-image-5225\" alt=\"\" \/><\/div><div class=\"uael-grid-img-overlay\"><\/div><\/span><figcaption class=\"uael-grid-img-content\"><div class=\"uael-grid-img-caption\"><h4 class=\"uael-grid-caption-text\"><b>Rainer Hunold<\/b><br \/>Schauspieler, Bildhauer<\/h4><\/div><\/figcaption><\/div><\/div><div class=\"uael-grid-item  uael-img-gallery-item-26\"><div class=\"uael-grid-item-content\"><span class=\"uael-grid-img uael-grid-gallery-img uael-ins-hover elementor-clickable\" data-elementor-open-lightbox=\"no\"><div class=\"uael-grid-img-thumbnail uael-ins-target\"><img loading=\"lazy\" decoding=\"async\" width=\"227\" height=\"341\" src=\"https:\/\/www.toleranzraeume.org\/wp-content\/uploads\/2022\/09\/toleranzraeume-unterstuetzerinnen-rahe-ernst-wilhelm.jpg\" class=\"attachment-medium_large size-medium_large wp-image-4217\" alt=\"\" srcset=\"https:\/\/www.toleranzraeume.org\/wp-content\/uploads\/2022\/09\/toleranzraeume-unterstuetzerinnen-rahe-ernst-wilhelm.jpg 227w, https:\/\/www.toleranzraeume.org\/wp-content\/uploads\/2022\/09\/toleranzraeume-unterstuetzerinnen-rahe-ernst-wilhelm-200x300.jpg 200w\" sizes=\"(max-width: 227px) 100vw, 227px\" \/><\/div><div class=\"uael-grid-img-overlay\"><\/div><\/span><figcaption class=\"uael-grid-img-content\"><div class=\"uael-grid-img-caption\"><h4 class=\"uael-grid-caption-text\"><b>Ernst-Wilhelm Rahe<\/b><br \/>ehemaliger MdL NRW, SPD<\/h4><\/div><\/figcaption><\/div><\/div><div class=\"uael-grid-item  uael-img-gallery-item-11\"><div class=\"uael-grid-item-content\"><a class=\"uael-grid-img uael-grid-gallery-img uael-ins-hover elementor-clickable\" target=\"_blank\" rel=\"dofollow noopener\" href=\"https:\/\/www.regierung-mv.de\/Landesregierung\/jm\/\" data-elementor-open-lightbox=\"no\"><div class=\"uael-grid-img-thumbnail uael-ins-target\"><img loading=\"lazy\" decoding=\"async\" width=\"253\" height=\"379\" src=\"https:\/\/www.toleranzraeume.org\/wp-content\/uploads\/2022\/09\/toleranzraeume-unterstuetzerinnen-straetmanns-friedrich.jpg\" class=\"attachment-medium_large size-medium_large wp-image-4233\" alt=\"\" srcset=\"https:\/\/www.toleranzraeume.org\/wp-content\/uploads\/2022\/09\/toleranzraeume-unterstuetzerinnen-straetmanns-friedrich.jpg 253w, https:\/\/www.toleranzraeume.org\/wp-content\/uploads\/2022\/09\/toleranzraeume-unterstuetzerinnen-straetmanns-friedrich-200x300.jpg 200w\" sizes=\"(max-width: 253px) 100vw, 253px\" \/><\/div><div class=\"uael-grid-img-overlay\"><\/div><\/a><figcaption class=\"uael-grid-img-content\"><div class=\"uael-grid-img-caption\"><h4 class=\"uael-grid-caption-text\"><b>Friedrich Straetmanns<\/b><br \/>Staatssekret\u00e4r, Ministerium f\u00fcr Justiz, Gleichstellung und Verbraucherschutz des Landes MV<\/h4><\/div><\/figcaption><\/div><\/div><div class=\"uael-grid-item  uael-img-gallery-item-40\"><div class=\"uael-grid-item-content\"><span class=\"uael-grid-img uael-grid-gallery-img uael-ins-hover elementor-clickable\" data-elementor-open-lightbox=\"no\"><div class=\"uael-grid-img-thumbnail uael-ins-target\"><img loading=\"lazy\" decoding=\"async\" width=\"768\" height=\"1152\" src=\"https:\/\/www.toleranzraeume.org\/wp-content\/uploads\/2022\/09\/toleranzraeume-unterstuetzerinnen-lindner-christian-768x1152.jpg\" class=\"attachment-medium_large size-medium_large wp-image-4200\" alt=\"\" srcset=\"https:\/\/www.toleranzraeume.org\/wp-content\/uploads\/2022\/09\/toleranzraeume-unterstuetzerinnen-lindner-christian-768x1152.jpg 768w, https:\/\/www.toleranzraeume.org\/wp-content\/uploads\/2022\/09\/toleranzraeume-unterstuetzerinnen-lindner-christian-200x300.jpg 200w, https:\/\/www.toleranzraeume.org\/wp-content\/uploads\/2022\/09\/toleranzraeume-unterstuetzerinnen-lindner-christian-682x1024.jpg 682w, https:\/\/www.toleranzraeume.org\/wp-content\/uploads\/2022\/09\/toleranzraeume-unterstuetzerinnen-lindner-christian-1024x1536.jpg 1024w, https:\/\/www.toleranzraeume.org\/wp-content\/uploads\/2022\/09\/toleranzraeume-unterstuetzerinnen-lindner-christian-1365x2048.jpg 1365w, https:\/\/www.toleranzraeume.org\/wp-content\/uploads\/2022\/09\/toleranzraeume-unterstuetzerinnen-lindner-christian-scaled.jpg 1706w\" sizes=\"(max-width: 768px) 100vw, 768px\" \/><\/div><div class=\"uael-grid-img-overlay\"><\/div><\/span><figcaption class=\"uael-grid-img-content\"><div class=\"uael-grid-img-caption\"><h4 class=\"uael-grid-caption-text\"><b>Christian Lindner<\/b><br \/>Bundesminister der Finanzen, FDP<\/h4><\/div><\/figcaption><\/div><\/div><div class=\"uael-grid-item  uael-img-gallery-item-105\"><div class=\"uael-grid-item-content\"><a class=\"uael-grid-img uael-grid-gallery-img uael-ins-hover elementor-clickable\" target=\"_blank\" rel=\"dofollow noopener\" href=\"https:\/\/www.ruhr-uni-bochum.de\/de\" data-elementor-open-lightbox=\"no\"><div class=\"uael-grid-img-thumbnail uael-ins-target\"><img loading=\"lazy\" decoding=\"async\" width=\"418\" height=\"627\" src=\"https:\/\/www.toleranzraeume.org\/wp-content\/uploads\/2022\/10\/toleranzraeume-unterstuetzerinnen-newen-albert-2.jpg\" class=\"attachment-medium_large size-medium_large wp-image-5172\" alt=\"Prof. Dr. Albert NewenProfessor f\u00fcr Philosophie, Universit\u00e4t Bochum\" srcset=\"https:\/\/www.toleranzraeume.org\/wp-content\/uploads\/2022\/10\/toleranzraeume-unterstuetzerinnen-newen-albert-2.jpg 418w, https:\/\/www.toleranzraeume.org\/wp-content\/uploads\/2022\/10\/toleranzraeume-unterstuetzerinnen-newen-albert-2-200x300.jpg 200w\" sizes=\"(max-width: 418px) 100vw, 418px\" \/><\/div><div class=\"uael-grid-img-overlay\"><\/div><\/a><figcaption class=\"uael-grid-img-content\"><div class=\"uael-grid-img-caption\"><h4 class=\"uael-grid-caption-text\"><b>Prof. Dr. Albert Newen<\/b><br \/>Professor f\u00fcr Philosophie, Universit\u00e4t Bochum<\/h4><\/div><\/figcaption><\/div><\/div><div class=\"uael-grid-item  uael-img-gallery-item-59\"><div class=\"uael-grid-item-content\"><span class=\"uael-grid-img uael-grid-gallery-img uael-ins-hover elementor-clickable\" data-elementor-open-lightbox=\"no\"><div class=\"uael-grid-img-thumbnail uael-ins-target\"><img loading=\"lazy\" decoding=\"async\" width=\"768\" height=\"1152\" src=\"https:\/\/www.toleranzraeume.org\/wp-content\/uploads\/2022\/09\/toleranzraeume-unterstuetzerinnen-kaessmann-margot-768x1152.jpg\" class=\"attachment-medium_large size-medium_large wp-image-4179\" alt=\"\" srcset=\"https:\/\/www.toleranzraeume.org\/wp-content\/uploads\/2022\/09\/toleranzraeume-unterstuetzerinnen-kaessmann-margot-768x1152.jpg 768w, https:\/\/www.toleranzraeume.org\/wp-content\/uploads\/2022\/09\/toleranzraeume-unterstuetzerinnen-kaessmann-margot-200x300.jpg 200w, https:\/\/www.toleranzraeume.org\/wp-content\/uploads\/2022\/09\/toleranzraeume-unterstuetzerinnen-kaessmann-margot-683x1024.jpg 683w, https:\/\/www.toleranzraeume.org\/wp-content\/uploads\/2022\/09\/toleranzraeume-unterstuetzerinnen-kaessmann-margot-1024x1536.jpg 1024w, https:\/\/www.toleranzraeume.org\/wp-content\/uploads\/2022\/09\/toleranzraeume-unterstuetzerinnen-kaessmann-margot-1365x2048.jpg 1365w, https:\/\/www.toleranzraeume.org\/wp-content\/uploads\/2022\/09\/toleranzraeume-unterstuetzerinnen-kaessmann-margot-scaled.jpg 1707w\" sizes=\"(max-width: 768px) 100vw, 768px\" \/><\/div><div class=\"uael-grid-img-overlay\"><\/div><\/span><figcaption class=\"uael-grid-img-content\"><div class=\"uael-grid-img-caption\"><h4 class=\"uael-grid-caption-text\"><b>Prof. Dr. Dr. h.c. Margot K\u00e4\u00dfmann<\/b><br \/>Theologin<\/h4><\/div><\/figcaption><\/div><\/div><div class=\"uael-grid-item  uael-img-gallery-item-107\"><div class=\"uael-grid-item-content\"><span class=\"uael-grid-img uael-grid-gallery-img uael-ins-hover elementor-clickable\" data-elementor-open-lightbox=\"no\"><div class=\"uael-grid-img-thumbnail uael-ins-target\"><img loading=\"lazy\" decoding=\"async\" width=\"1\" height=\"1\" src=\"https:\/\/www.toleranzraeume.org\/wp-content\/uploads\/2022\/10\/Kachel_vital-orange_00009.svg\" class=\"attachment-medium_large size-medium_large wp-image-5242\" alt=\"\" \/><\/div><div class=\"uael-grid-img-overlay\"><\/div><\/span><figcaption class=\"uael-grid-img-content\"><div class=\"uael-grid-img-caption\"><h4 class=\"uael-grid-caption-text\"><b>Paul Anduschus<\/b><br \/>Student, Singer\/Songwriter<\/h4><\/div><\/figcaption><\/div><\/div><div class=\"uael-grid-item  uael-img-gallery-item-87\"><div class=\"uael-grid-item-content\"><span class=\"uael-grid-img uael-grid-gallery-img uael-ins-hover elementor-clickable\" data-elementor-open-lightbox=\"no\"><div class=\"uael-grid-img-thumbnail uael-ins-target\"><img loading=\"lazy\" decoding=\"async\" width=\"253\" height=\"379\" src=\"https:\/\/www.toleranzraeume.org\/wp-content\/uploads\/2022\/09\/toleranzraeume-unterstuetzerinnen-ebbing-hartmut.jpg\" class=\"attachment-medium_large size-medium_large wp-image-4146\" alt=\"\" srcset=\"https:\/\/www.toleranzraeume.org\/wp-content\/uploads\/2022\/09\/toleranzraeume-unterstuetzerinnen-ebbing-hartmut.jpg 253w, https:\/\/www.toleranzraeume.org\/wp-content\/uploads\/2022\/09\/toleranzraeume-unterstuetzerinnen-ebbing-hartmut-200x300.jpg 200w\" sizes=\"(max-width: 253px) 100vw, 253px\" \/><\/div><div class=\"uael-grid-img-overlay\"><\/div><\/span><figcaption class=\"uael-grid-img-content\"><div class=\"uael-grid-img-caption\"><h4 class=\"uael-grid-caption-text\"><b>Hartmut Ebbing<\/b><br \/>ehemaliger MdB, FDP<\/h4><\/div><\/figcaption><\/div><\/div><div class=\"uael-grid-item  uael-img-gallery-item-152\"><div class=\"uael-grid-item-content\"><a class=\"uael-grid-img uael-grid-gallery-img uael-ins-hover elementor-clickable\" target=\"_blank\" rel=\"dofollow noopener\" href=\"http:\/\/www.elisabeth-kaesemann-stiftung.com\/\" data-elementor-open-lightbox=\"no\"><div class=\"uael-grid-img-thumbnail uael-ins-target\"><img loading=\"lazy\" decoding=\"async\" width=\"1\" height=\"1\" src=\"https:\/\/www.toleranzraeume.org\/wp-content\/uploads\/2022\/10\/Kachel_dynamic-red_00003.svg\" class=\"attachment-medium_large size-medium_large wp-image-5196\" alt=\"\" \/><\/div><div class=\"uael-grid-img-overlay\"><\/div><\/a><figcaption class=\"uael-grid-img-content\"><div class=\"uael-grid-img-caption\"><h4 class=\"uael-grid-caption-text\"><b>Dr. Dorothee Weitbrecht<\/b><br \/>Gesch\u00e4ftsf\u00fchrerin, Elisabeth K\u00e4semann Stiftung<\/h4><\/div><\/figcaption><\/div><\/div><div class=\"uael-grid-item  uael-img-gallery-item-45\"><div class=\"uael-grid-item-content\"><a class=\"uael-grid-img uael-grid-gallery-img uael-ins-hover elementor-clickable\" target=\"_blank\" rel=\"dofollow noopener\" href=\"https:\/\/armin-laschet.de\/\" data-elementor-open-lightbox=\"no\"><div class=\"uael-grid-img-thumbnail uael-ins-target\"><img loading=\"lazy\" decoding=\"async\" width=\"253\" height=\"379\" src=\"https:\/\/www.toleranzraeume.org\/wp-content\/uploads\/2022\/09\/toleranzraeume-unterstuetzerinnen-laschet-armin.jpg\" class=\"attachment-medium_large size-medium_large wp-image-4195\" alt=\"\" srcset=\"https:\/\/www.toleranzraeume.org\/wp-content\/uploads\/2022\/09\/toleranzraeume-unterstuetzerinnen-laschet-armin.jpg 253w, https:\/\/www.toleranzraeume.org\/wp-content\/uploads\/2022\/09\/toleranzraeume-unterstuetzerinnen-laschet-armin-200x300.jpg 200w\" sizes=\"(max-width: 253px) 100vw, 253px\" \/><\/div><div class=\"uael-grid-img-overlay\"><\/div><\/a><figcaption class=\"uael-grid-img-content\"><div class=\"uael-grid-img-caption\"><h4 class=\"uael-grid-caption-text\"><b>Armin Laschet<\/b><br \/>MdB, Ministerp\u00e4sident a.D., CDU<\/h4><\/div><\/figcaption><\/div><\/div><div class=\"uael-grid-item  uael-img-gallery-item-171\"><div class=\"uael-grid-item-content\"><a class=\"uael-grid-img uael-grid-gallery-img uael-ins-hover elementor-clickable\" target=\"_blank\" rel=\"dofollow noopener\" href=\"https:\/\/www.spd-detmold.de\/rainer-friedrich\" data-elementor-open-lightbox=\"no\"><div class=\"uael-grid-img-thumbnail uael-ins-target\"><img loading=\"lazy\" decoding=\"async\" width=\"383\" height=\"575\" src=\"https:\/\/www.toleranzraeume.org\/wp-content\/uploads\/2023\/01\/toleranzraeume-unterstuetzerinnen-friedrich-rainer.png\" class=\"attachment-medium_large size-medium_large wp-image-6008\" alt=\"\" srcset=\"https:\/\/www.toleranzraeume.org\/wp-content\/uploads\/2023\/01\/toleranzraeume-unterstuetzerinnen-friedrich-rainer.png 383w, https:\/\/www.toleranzraeume.org\/wp-content\/uploads\/2023\/01\/toleranzraeume-unterstuetzerinnen-friedrich-rainer-200x300.png 200w\" sizes=\"(max-width: 383px) 100vw, 383px\" \/><\/div><div class=\"uael-grid-img-overlay\"><\/div><\/a><figcaption class=\"uael-grid-img-content\"><div class=\"uael-grid-img-caption\"><h4 class=\"uael-grid-caption-text\"><b>Rainer Friedrich<\/b><br \/>Ratsfraktionsvorsitzender, SPD Detmold<\/h4><\/div><\/figcaption><\/div><\/div><div class=\"uael-grid-item  uael-img-gallery-item-69\"><div class=\"uael-grid-item-content\"><span class=\"uael-grid-img uael-grid-gallery-img uael-ins-hover elementor-clickable\" data-elementor-open-lightbox=\"no\"><div class=\"uael-grid-img-thumbnail uael-ins-target\"><img loading=\"lazy\" decoding=\"async\" width=\"535\" height=\"801\" src=\"https:\/\/www.toleranzraeume.org\/wp-content\/uploads\/2022\/09\/toleranzraeume-unterstuetzerinnen-hengelbrock-tom.jpg\" class=\"attachment-medium_large size-medium_large wp-image-4168\" alt=\"\" srcset=\"https:\/\/www.toleranzraeume.org\/wp-content\/uploads\/2022\/09\/toleranzraeume-unterstuetzerinnen-hengelbrock-tom.jpg 535w, https:\/\/www.toleranzraeume.org\/wp-content\/uploads\/2022\/09\/toleranzraeume-unterstuetzerinnen-hengelbrock-tom-200x300.jpg 200w\" sizes=\"(max-width: 535px) 100vw, 535px\" \/><\/div><div class=\"uael-grid-img-overlay\"><\/div><\/span><figcaption class=\"uael-grid-img-content\"><div class=\"uael-grid-img-caption\"><h4 class=\"uael-grid-caption-text\"><b>Tom Hengelbrock<\/b><br \/>Songwriter\/Musik<\/h4><\/div><\/figcaption><\/div><\/div><div class=\"uael-grid-item  uael-img-gallery-item-166\"><div class=\"uael-grid-item-content\"><a class=\"uael-grid-img uael-grid-gallery-img uael-ins-hover elementor-clickable\" target=\"_blank\" rel=\"dofollow noopener\" href=\"https:\/\/sthomae.abgeordnete.fdpbt.de\/\" data-elementor-open-lightbox=\"no\"><div class=\"uael-grid-img-thumbnail uael-ins-target\"><img loading=\"lazy\" decoding=\"async\" width=\"1\" height=\"1\" src=\"https:\/\/www.toleranzraeume.org\/wp-content\/uploads\/2022\/10\/Kachel_blueberry_00005.svg\" class=\"attachment-medium_large size-medium_large wp-image-5178\" alt=\"\" \/><\/div><div class=\"uael-grid-img-overlay\"><\/div><\/a><figcaption class=\"uael-grid-img-content\"><div class=\"uael-grid-img-caption\"><h4 class=\"uael-grid-caption-text\"><b>Stefan Thomae<\/b><br \/>MdB, zweiter parl. Gesch\u00e4ftsf\u00fchrer der FDP-Bundestagsfraktion<\/h4><\/div><\/figcaption><\/div><\/div><div class=\"uael-grid-item  uael-img-gallery-item-164\"><div class=\"uael-grid-item-content\"><span class=\"uael-grid-img uael-grid-gallery-img uael-ins-hover elementor-clickable\" data-elementor-open-lightbox=\"no\"><div class=\"uael-grid-img-thumbnail uael-ins-target\"><img loading=\"lazy\" decoding=\"async\" width=\"1\" height=\"1\" src=\"https:\/\/www.toleranzraeume.org\/wp-content\/uploads\/2022\/10\/Kachel_blueberry_00009.svg\" class=\"attachment-medium_large size-medium_large wp-image-5182\" alt=\"\" \/><\/div><div class=\"uael-grid-img-overlay\"><\/div><\/span><figcaption class=\"uael-grid-img-content\"><div class=\"uael-grid-img-caption\"><h4 class=\"uael-grid-caption-text\"><b>Fritz Spratte<\/b><br \/>SPD Landtagsfraktion NRW<\/h4><\/div><\/figcaption><\/div><\/div><div class=\"uael-grid-item  uael-img-gallery-item-148\"><div class=\"uael-grid-item-content\"><a class=\"uael-grid-img uael-grid-gallery-img uael-ins-hover elementor-clickable\" target=\"_blank\" rel=\"dofollow noopener\" href=\"https:\/\/www.eaberlin.de\/\" data-elementor-open-lightbox=\"no\"><div class=\"uael-grid-img-thumbnail uael-ins-target\"><img loading=\"lazy\" decoding=\"async\" width=\"1\" height=\"1\" src=\"https:\/\/www.toleranzraeume.org\/wp-content\/uploads\/2022\/10\/Kachel_dynamic-red_00007.svg\" class=\"attachment-medium_large size-medium_large wp-image-5200\" alt=\"\" \/><\/div><div class=\"uael-grid-img-overlay\"><\/div><\/a><figcaption class=\"uael-grid-img-content\"><div class=\"uael-grid-img-caption\"><h4 class=\"uael-grid-caption-text\"><b>Dr. Christian Staffa<\/b><br \/>Studienleitung, Evangelische Akademie zu Berlin<\/h4><\/div><\/figcaption><\/div><\/div><div class=\"uael-grid-item  uael-img-gallery-item-146\"><div class=\"uael-grid-item-content\"><span class=\"uael-grid-img uael-grid-gallery-img uael-ins-hover elementor-clickable\" data-elementor-open-lightbox=\"no\"><div class=\"uael-grid-img-thumbnail uael-ins-target\"><img loading=\"lazy\" decoding=\"async\" width=\"1\" height=\"1\" src=\"https:\/\/www.toleranzraeume.org\/wp-content\/uploads\/2022\/10\/Kachel_dynamic-red_00009.svg\" class=\"attachment-medium_large size-medium_large wp-image-5202\" alt=\"\" \/><\/div><div class=\"uael-grid-img-overlay\"><\/div><\/span><figcaption class=\"uael-grid-img-content\"><div class=\"uael-grid-img-caption\"><h4 class=\"uael-grid-caption-text\"><b>Dirk Ukena<\/b><br \/>Volkshochschuldirektor i.R. Bielefeld<\/h4><\/div><\/figcaption><\/div><\/div><div class=\"uael-grid-item  uael-img-gallery-item-102\"><div class=\"uael-grid-item-content\"><a class=\"uael-grid-img uael-grid-gallery-img uael-ins-hover elementor-clickable\" target=\"_blank\" rel=\"dofollow\" href=\"www.jensbeeck.de\" data-elementor-open-lightbox=\"no\"><div class=\"uael-grid-img-thumbnail uael-ins-target\"><img loading=\"lazy\" decoding=\"async\" width=\"768\" height=\"1151\" src=\"https:\/\/www.toleranzraeume.org\/wp-content\/uploads\/2022\/09\/toleranzraeume-unterstuetzerinnen-beeck-jens-768x1151.jpg\" class=\"attachment-medium_large size-medium_large wp-image-4125\" alt=\"\" srcset=\"https:\/\/www.toleranzraeume.org\/wp-content\/uploads\/2022\/09\/toleranzraeume-unterstuetzerinnen-beeck-jens-768x1151.jpg 768w, https:\/\/www.toleranzraeume.org\/wp-content\/uploads\/2022\/09\/toleranzraeume-unterstuetzerinnen-beeck-jens-200x300.jpg 200w, https:\/\/www.toleranzraeume.org\/wp-content\/uploads\/2022\/09\/toleranzraeume-unterstuetzerinnen-beeck-jens-683x1024.jpg 683w, https:\/\/www.toleranzraeume.org\/wp-content\/uploads\/2022\/09\/toleranzraeume-unterstuetzerinnen-beeck-jens-1025x1536.jpg 1025w, https:\/\/www.toleranzraeume.org\/wp-content\/uploads\/2022\/09\/toleranzraeume-unterstuetzerinnen-beeck-jens-1366x2048.jpg 1366w, https:\/\/www.toleranzraeume.org\/wp-content\/uploads\/2022\/09\/toleranzraeume-unterstuetzerinnen-beeck-jens-scaled.jpg 1708w\" sizes=\"(max-width: 768px) 100vw, 768px\" \/><\/div><div class=\"uael-grid-img-overlay\"><\/div><\/a><figcaption class=\"uael-grid-img-content\"><div class=\"uael-grid-img-caption\"><h4 class=\"uael-grid-caption-text\"><b>Jens Beeck<\/b><br \/>MdB, FDP<\/h4><\/div><\/figcaption><\/div><\/div><div class=\"uael-grid-item  uael-img-gallery-item-21\"><div class=\"uael-grid-item-content\"><span class=\"uael-grid-img uael-grid-gallery-img uael-ins-hover elementor-clickable\" data-elementor-open-lightbox=\"no\"><div class=\"uael-grid-img-thumbnail uael-ins-target\"><img loading=\"lazy\" decoding=\"async\" width=\"768\" height=\"1152\" src=\"https:\/\/www.toleranzraeume.org\/wp-content\/uploads\/2022\/09\/toleranzraeume-unterstuetzerinnen-sanoussi-bliss-pierre-768x1152.jpg\" class=\"attachment-medium_large size-medium_large wp-image-4223\" alt=\"\" srcset=\"https:\/\/www.toleranzraeume.org\/wp-content\/uploads\/2022\/09\/toleranzraeume-unterstuetzerinnen-sanoussi-bliss-pierre-768x1152.jpg 768w, https:\/\/www.toleranzraeume.org\/wp-content\/uploads\/2022\/09\/toleranzraeume-unterstuetzerinnen-sanoussi-bliss-pierre-200x300.jpg 200w, https:\/\/www.toleranzraeume.org\/wp-content\/uploads\/2022\/09\/toleranzraeume-unterstuetzerinnen-sanoussi-bliss-pierre-683x1024.jpg 683w, https:\/\/www.toleranzraeume.org\/wp-content\/uploads\/2022\/09\/toleranzraeume-unterstuetzerinnen-sanoussi-bliss-pierre-1024x1536.jpg 1024w, https:\/\/www.toleranzraeume.org\/wp-content\/uploads\/2022\/09\/toleranzraeume-unterstuetzerinnen-sanoussi-bliss-pierre-1365x2048.jpg 1365w, https:\/\/www.toleranzraeume.org\/wp-content\/uploads\/2022\/09\/toleranzraeume-unterstuetzerinnen-sanoussi-bliss-pierre-scaled.jpg 1706w\" sizes=\"(max-width: 768px) 100vw, 768px\" \/><\/div><div class=\"uael-grid-img-overlay\"><\/div><\/span><figcaption class=\"uael-grid-img-content\"><div class=\"uael-grid-img-caption\"><h4 class=\"uael-grid-caption-text\"><b>Pierre Sanoussi-Bliss<\/b><br \/>Diplom-Schauspieler<\/h4><\/div><\/figcaption><\/div><\/div><div class=\"uael-grid-item  uael-img-gallery-item-132\"><div class=\"uael-grid-item-content\"><span class=\"uael-grid-img uael-grid-gallery-img uael-ins-hover elementor-clickable\" data-elementor-open-lightbox=\"no\"><div class=\"uael-grid-img-thumbnail uael-ins-target\"><img loading=\"lazy\" decoding=\"async\" width=\"1\" height=\"1\" src=\"https:\/\/www.toleranzraeume.org\/wp-content\/uploads\/2022\/10\/Kachel_lightgrey-cyan_00003.svg\" class=\"attachment-medium_large size-medium_large wp-image-5216\" alt=\"\" \/><\/div><div class=\"uael-grid-img-overlay\"><\/div><\/span><figcaption class=\"uael-grid-img-content\"><div class=\"uael-grid-img-caption\"><h4 class=\"uael-grid-caption-text\"><b>Sylvia L\u00f6hrmann<\/b><br \/>Staatsministerin a.D., Generalsekret\u00e4rin \u00bb2021: 1700 Jahre j\u00fcdisches Leben in Deutschland\u00ab<\/h4><\/div><\/figcaption><\/div><\/div><div class=\"uael-grid-item  uael-img-gallery-item-8\"><div class=\"uael-grid-item-content\"><span class=\"uael-grid-img uael-grid-gallery-img uael-ins-hover elementor-clickable\" data-elementor-open-lightbox=\"no\"><div class=\"uael-grid-img-thumbnail uael-ins-target\"><img loading=\"lazy\" decoding=\"async\" width=\"768\" height=\"1152\" src=\"https:\/\/www.toleranzraeume.org\/wp-content\/uploads\/2022\/09\/toleranzraeume-unterstuetzerinnen-suding-katja-768x1152.jpg\" class=\"attachment-medium_large size-medium_large wp-image-4236\" alt=\"\" srcset=\"https:\/\/www.toleranzraeume.org\/wp-content\/uploads\/2022\/09\/toleranzraeume-unterstuetzerinnen-suding-katja-768x1152.jpg 768w, https:\/\/www.toleranzraeume.org\/wp-content\/uploads\/2022\/09\/toleranzraeume-unterstuetzerinnen-suding-katja-200x300.jpg 200w, https:\/\/www.toleranzraeume.org\/wp-content\/uploads\/2022\/09\/toleranzraeume-unterstuetzerinnen-suding-katja-683x1024.jpg 683w, https:\/\/www.toleranzraeume.org\/wp-content\/uploads\/2022\/09\/toleranzraeume-unterstuetzerinnen-suding-katja-1024x1536.jpg 1024w, https:\/\/www.toleranzraeume.org\/wp-content\/uploads\/2022\/09\/toleranzraeume-unterstuetzerinnen-suding-katja.jpg 1223w\" sizes=\"(max-width: 768px) 100vw, 768px\" \/><\/div><div class=\"uael-grid-img-overlay\"><\/div><\/span><figcaption class=\"uael-grid-img-content\"><div class=\"uael-grid-img-caption\"><h4 class=\"uael-grid-caption-text\"><b>Katja Suding<\/b><br \/>ehemalige MdB, FDP<\/h4><\/div><\/figcaption><\/div><\/div><div class=\"uael-grid-item  uael-img-gallery-item-74\"><div class=\"uael-grid-item-content\"><span class=\"uael-grid-img uael-grid-gallery-img uael-ins-hover elementor-clickable\" data-elementor-open-lightbox=\"no\"><div class=\"uael-grid-img-thumbnail uael-ins-target\"><img loading=\"lazy\" decoding=\"async\" width=\"267\" height=\"399\" src=\"https:\/\/www.toleranzraeume.org\/wp-content\/uploads\/2022\/09\/toleranzraeume-unterstuetzerinnen-harnack-klaus.jpg\" class=\"attachment-medium_large size-medium_large wp-image-4163\" alt=\"\" srcset=\"https:\/\/www.toleranzraeume.org\/wp-content\/uploads\/2022\/09\/toleranzraeume-unterstuetzerinnen-harnack-klaus.jpg 267w, https:\/\/www.toleranzraeume.org\/wp-content\/uploads\/2022\/09\/toleranzraeume-unterstuetzerinnen-harnack-klaus-201x300.jpg 201w\" sizes=\"(max-width: 267px) 100vw, 267px\" \/><\/div><div class=\"uael-grid-img-overlay\"><\/div><\/span><figcaption class=\"uael-grid-img-content\"><div class=\"uael-grid-img-caption\"><h4 class=\"uael-grid-caption-text\"><b>Klaus Harnack<\/b><br \/>Gesch\u00e4ftsf\u00fchrender Gesellschafter<\/h4><\/div><\/figcaption><\/div><\/div><div class=\"uael-grid-item  uael-img-gallery-item-73\"><div class=\"uael-grid-item-content\"><a class=\"uael-grid-img uael-grid-gallery-img uael-ins-hover elementor-clickable\" target=\"_blank\" rel=\"dofollow noopener\" href=\"https:\/\/britta-hasselmann.de\/\" data-elementor-open-lightbox=\"no\"><div class=\"uael-grid-img-thumbnail uael-ins-target\"><img loading=\"lazy\" decoding=\"async\" width=\"253\" height=\"379\" src=\"https:\/\/www.toleranzraeume.org\/wp-content\/uploads\/2022\/09\/toleranzraeume-unterstuetzerinnen-hasselmann-britta.jpg\" class=\"attachment-medium_large size-medium_large wp-image-4164\" alt=\"\" srcset=\"https:\/\/www.toleranzraeume.org\/wp-content\/uploads\/2022\/09\/toleranzraeume-unterstuetzerinnen-hasselmann-britta.jpg 253w, https:\/\/www.toleranzraeume.org\/wp-content\/uploads\/2022\/09\/toleranzraeume-unterstuetzerinnen-hasselmann-britta-200x300.jpg 200w\" sizes=\"(max-width: 253px) 100vw, 253px\" \/><\/div><div class=\"uael-grid-img-overlay\"><\/div><\/a><figcaption class=\"uael-grid-img-content\"><div class=\"uael-grid-img-caption\"><h4 class=\"uael-grid-caption-text\"><b>Britta Ha\u00dfelmann<\/b><br \/>MdB, Vorsitzende der Bundestagsfraktion, B\u00fcndnis 90\/Die Gr\u00fcnen<\/h4><\/div><\/figcaption><\/div><\/div><div class=\"uael-grid-item  uael-img-gallery-item-85\"><div class=\"uael-grid-item-content\"><a class=\"uael-grid-img uael-grid-gallery-img uael-ins-hover elementor-clickable\" target=\"_blank\" rel=\"dofollow noopener\" href=\"https:\/\/mfaber.abgeordnete.fdpbt.de\/\" data-elementor-open-lightbox=\"no\"><div class=\"uael-grid-img-thumbnail uael-ins-target\"><img loading=\"lazy\" decoding=\"async\" width=\"253\" height=\"379\" src=\"https:\/\/www.toleranzraeume.org\/wp-content\/uploads\/2022\/09\/toleranzraeume-unterstuetzerinnen-faber-dr-marcus.jpg\" class=\"attachment-medium_large size-medium_large wp-image-4149\" alt=\"\" srcset=\"https:\/\/www.toleranzraeume.org\/wp-content\/uploads\/2022\/09\/toleranzraeume-unterstuetzerinnen-faber-dr-marcus.jpg 253w, https:\/\/www.toleranzraeume.org\/wp-content\/uploads\/2022\/09\/toleranzraeume-unterstuetzerinnen-faber-dr-marcus-200x300.jpg 200w\" sizes=\"(max-width: 253px) 100vw, 253px\" \/><\/div><div class=\"uael-grid-img-overlay\"><\/div><\/a><figcaption class=\"uael-grid-img-content\"><div class=\"uael-grid-img-caption\"><h4 class=\"uael-grid-caption-text\"><b>Dr. Marcus Faber<\/b><br \/>MdB, FDP<\/h4><\/div><\/figcaption><\/div><\/div><div class=\"uael-grid-item  uael-img-gallery-item-110\"><div class=\"uael-grid-item-content\"><a class=\"uael-grid-img uael-grid-gallery-img uael-ins-hover elementor-clickable\" target=\"_blank\" rel=\"dofollow noopener\" href=\"https:\/\/www.vielrespektzentrum.de\/\" data-elementor-open-lightbox=\"no\"><div class=\"uael-grid-img-thumbnail uael-ins-target\"><img loading=\"lazy\" decoding=\"async\" width=\"1\" height=\"1\" src=\"https:\/\/www.toleranzraeume.org\/wp-content\/uploads\/2022\/10\/Kachel_vital-orange_00006.svg\" class=\"attachment-medium_large size-medium_large wp-image-5239\" alt=\"\" \/><\/div><div class=\"uael-grid-img-overlay\"><\/div><\/a><figcaption class=\"uael-grid-img-content\"><div class=\"uael-grid-img-caption\"><h4 class=\"uael-grid-caption-text\"><b>Ali Can<\/b><br \/>Gesch\u00e4ftsf\u00fchrer und Leiter, VielRespektZentrum<\/h4><\/div><\/figcaption><\/div><\/div><div class=\"uael-grid-item  uael-img-gallery-item-143\"><div class=\"uael-grid-item-content\"><a class=\"uael-grid-img uael-grid-gallery-img uael-ins-hover elementor-clickable\" target=\"_blank\" rel=\"dofollow noopener\" href=\"https:\/\/dresdner-sinfoniker.de\/\" data-elementor-open-lightbox=\"no\"><div class=\"uael-grid-img-thumbnail uael-ins-target\"><img loading=\"lazy\" decoding=\"async\" width=\"1\" height=\"1\" src=\"https:\/\/www.toleranzraeume.org\/wp-content\/uploads\/2022\/10\/Kachel_light-orange_00003.svg\" class=\"attachment-medium_large size-medium_large wp-image-5206\" alt=\"\" \/><\/div><div class=\"uael-grid-img-overlay\"><\/div><\/a><figcaption class=\"uael-grid-img-content\"><div class=\"uael-grid-img-caption\"><h4 class=\"uael-grid-caption-text\"><b>Markus Rindt<\/b><br \/>Intendant, Dresdner Sinfoniker<\/h4><\/div><\/figcaption><\/div><\/div><div class=\"uael-grid-item  uael-img-gallery-item-116\"><div class=\"uael-grid-item-content\"><a class=\"uael-grid-img uael-grid-gallery-img uael-ins-hover elementor-clickable\" target=\"_blank\" rel=\"dofollow\" href=\"www-vielfalt-lieben.de\" data-elementor-open-lightbox=\"no\"><div class=\"uael-grid-img-thumbnail uael-ins-target\"><img loading=\"lazy\" decoding=\"async\" width=\"1\" height=\"1\" src=\"https:\/\/www.toleranzraeume.org\/wp-content\/uploads\/2022\/10\/Kachel_soft-purple_00009.svg\" class=\"attachment-medium_large size-medium_large wp-image-5232\" alt=\"\" \/><\/div><div class=\"uael-grid-img-overlay\"><\/div><\/a><figcaption class=\"uael-grid-img-content\"><div class=\"uael-grid-img-caption\"><h4 class=\"uael-grid-caption-text\"><b>Victoria Evers<\/b><br \/>Demokratie-B\u00fcro \u201eVielfalt Lieben\u201c Kreis Paderborn<\/h4><\/div><\/figcaption><\/div><\/div><div class=\"uael-grid-item  uael-img-gallery-item-103\"><div class=\"uael-grid-item-content\"><a class=\"uael-grid-img uael-grid-gallery-img uael-ins-hover elementor-clickable\" target=\"_blank\" rel=\"dofollow noopener\" href=\"https:\/\/www.dietmar-bartsch.de\/\" data-elementor-open-lightbox=\"no\"><div class=\"uael-grid-img-thumbnail uael-ins-target\"><img loading=\"lazy\" decoding=\"async\" width=\"289\" height=\"434\" src=\"https:\/\/www.toleranzraeume.org\/wp-content\/uploads\/2022\/09\/toleranzraeume-unterstuetzerinnen-bartsch-dietmar.jpg\" class=\"attachment-medium_large size-medium_large wp-image-4124\" alt=\"\" srcset=\"https:\/\/www.toleranzraeume.org\/wp-content\/uploads\/2022\/09\/toleranzraeume-unterstuetzerinnen-bartsch-dietmar.jpg 289w, https:\/\/www.toleranzraeume.org\/wp-content\/uploads\/2022\/09\/toleranzraeume-unterstuetzerinnen-bartsch-dietmar-200x300.jpg 200w\" sizes=\"(max-width: 289px) 100vw, 289px\" \/><\/div><div class=\"uael-grid-img-overlay\"><\/div><\/a><figcaption class=\"uael-grid-img-content\"><div class=\"uael-grid-img-caption\"><h4 class=\"uael-grid-caption-text\"><b>Dietmar Bartsch<\/b><br \/>MdB, Fraktionsvositzender der Linksfraktion<\/h4><\/div><\/figcaption><\/div><\/div><div class=\"uael-grid-item  uael-img-gallery-item-43\"><div class=\"uael-grid-item-content\"><span class=\"uael-grid-img uael-grid-gallery-img uael-ins-hover elementor-clickable\" data-elementor-open-lightbox=\"no\"><div class=\"uael-grid-img-thumbnail uael-ins-target\"><img loading=\"lazy\" decoding=\"async\" width=\"97\" height=\"146\" src=\"https:\/\/www.toleranzraeume.org\/wp-content\/uploads\/2022\/09\/toleranzraeume-unterstuetzerinnen-lettermann-eva.png\" class=\"attachment-medium_large size-medium_large wp-image-4197\" alt=\"\" \/><\/div><div class=\"uael-grid-img-overlay\"><\/div><\/span><figcaption class=\"uael-grid-img-content\"><div class=\"uael-grid-img-caption\"><h4 class=\"uael-grid-caption-text\"><b>Dr. Eva Lettermann<\/b><br \/>Fachleiterin Geschichte, ZfsL Paderborn<\/h4><\/div><\/figcaption><\/div><\/div><div class=\"uael-grid-item  uael-img-gallery-item-104\"><div class=\"uael-grid-item-content\"><a class=\"uael-grid-img uael-grid-gallery-img uael-ins-hover elementor-clickable\" target=\"_blank\" rel=\"dofollow noopener\" href=\"https:\/\/www.von-notz.de\/\" data-elementor-open-lightbox=\"no\"><div class=\"uael-grid-img-thumbnail uael-ins-target\"><img loading=\"lazy\" decoding=\"async\" width=\"506\" height=\"758\" src=\"https:\/\/www.toleranzraeume.org\/wp-content\/uploads\/2022\/10\/toleranzraeume-unterstuetzerinnen-von-notz-konstantin-2.jpg\" class=\"attachment-medium_large size-medium_large wp-image-5170\" alt=\"\" srcset=\"https:\/\/www.toleranzraeume.org\/wp-content\/uploads\/2022\/10\/toleranzraeume-unterstuetzerinnen-von-notz-konstantin-2.jpg 506w, https:\/\/www.toleranzraeume.org\/wp-content\/uploads\/2022\/10\/toleranzraeume-unterstuetzerinnen-von-notz-konstantin-2-200x300.jpg 200w\" sizes=\"(max-width: 506px) 100vw, 506px\" \/><\/div><div class=\"uael-grid-img-overlay\"><\/div><\/a><figcaption class=\"uael-grid-img-content\"><div class=\"uael-grid-img-caption\"><h4 class=\"uael-grid-caption-text\"><b>Dr. Konstantin von Notz<\/b><br \/>MdB, Stellv. Fraktions&shy;vor&shy;sitzender B\u00fcndnis 90\/Die Gr\u00fcnen<\/h4><\/div><\/figcaption><\/div><\/div><div class=\"uael-grid-item  uael-img-gallery-item-5\"><div class=\"uael-grid-item-content\"><a class=\"uael-grid-img uael-grid-gallery-img uael-ins-hover elementor-clickable\" target=\"_blank\" rel=\"dofollow noopener\" href=\"https:\/\/www.johannes-vogel.de\/\" data-elementor-open-lightbox=\"no\"><div class=\"uael-grid-img-thumbnail uael-ins-target\"><img loading=\"lazy\" decoding=\"async\" width=\"534\" height=\"799\" src=\"https:\/\/www.toleranzraeume.org\/wp-content\/uploads\/2022\/09\/toleranzraeume-unterstuetzerinnen-vogel-johannes.jpg\" class=\"attachment-medium_large size-medium_large wp-image-4241\" alt=\"\" srcset=\"https:\/\/www.toleranzraeume.org\/wp-content\/uploads\/2022\/09\/toleranzraeume-unterstuetzerinnen-vogel-johannes.jpg 534w, https:\/\/www.toleranzraeume.org\/wp-content\/uploads\/2022\/09\/toleranzraeume-unterstuetzerinnen-vogel-johannes-201x300.jpg 201w\" sizes=\"(max-width: 534px) 100vw, 534px\" \/><\/div><div class=\"uael-grid-img-overlay\"><\/div><\/a><figcaption class=\"uael-grid-img-content\"><div class=\"uael-grid-img-caption\"><h4 class=\"uael-grid-caption-text\"><b>Johannes Vogel<\/b><br \/>MdB, FDP<\/h4><\/div><\/figcaption><\/div><\/div><div class=\"uael-grid-item  uael-img-gallery-item-112\"><div class=\"uael-grid-item-content\"><a class=\"uael-grid-img uael-grid-gallery-img uael-ins-hover elementor-clickable\" target=\"_blank\" rel=\"dofollow noopener\" href=\"https:\/\/www.lippische-landeskirche.de\/1-4-36\" data-elementor-open-lightbox=\"no\"><div class=\"uael-grid-img-thumbnail uael-ins-target\"><img loading=\"lazy\" decoding=\"async\" width=\"1\" height=\"1\" src=\"https:\/\/www.toleranzraeume.org\/wp-content\/uploads\/2022\/10\/Kachel_vital-orange_00004.svg\" class=\"attachment-medium_large size-medium_large wp-image-5237\" alt=\"\" \/><\/div><div class=\"uael-grid-img-overlay\"><\/div><\/a><figcaption class=\"uael-grid-img-content\"><div class=\"uael-grid-img-caption\"><h4 class=\"uael-grid-caption-text\"><b>Dieter B\u00f6kemeier<\/b><br \/>Pfarrer f\u00fcr \u00d6kumene und Mission, Flucht und Migration, Lippische Landeskirche<\/h4><\/div><\/figcaption><\/div><\/div><div class=\"uael-grid-item  uael-img-gallery-item-99\"><div class=\"uael-grid-item-content\"><a class=\"uael-grid-img uael-grid-gallery-img uael-ins-hover elementor-clickable\" target=\"_blank\" rel=\"dofollow noopener\" href=\"https:\/\/stm.baden-wuerttemberg.de\/de\/startseite\/\" data-elementor-open-lightbox=\"no\"><div class=\"uael-grid-img-thumbnail uael-ins-target\"><img loading=\"lazy\" decoding=\"async\" width=\"768\" height=\"1152\" src=\"https:\/\/www.toleranzraeume.org\/wp-content\/uploads\/2022\/09\/toleranzraeume-unterstuetzerinnen-blume-michael-768x1152.jpg\" class=\"attachment-medium_large size-medium_large wp-image-4130\" alt=\"\" srcset=\"https:\/\/www.toleranzraeume.org\/wp-content\/uploads\/2022\/09\/toleranzraeume-unterstuetzerinnen-blume-michael-768x1152.jpg 768w, https:\/\/www.toleranzraeume.org\/wp-content\/uploads\/2022\/09\/toleranzraeume-unterstuetzerinnen-blume-michael-200x300.jpg 200w, https:\/\/www.toleranzraeume.org\/wp-content\/uploads\/2022\/09\/toleranzraeume-unterstuetzerinnen-blume-michael-683x1024.jpg 683w, https:\/\/www.toleranzraeume.org\/wp-content\/uploads\/2022\/09\/toleranzraeume-unterstuetzerinnen-blume-michael-1024x1536.jpg 1024w, https:\/\/www.toleranzraeume.org\/wp-content\/uploads\/2022\/09\/toleranzraeume-unterstuetzerinnen-blume-michael-1366x2048.jpg 1366w, https:\/\/www.toleranzraeume.org\/wp-content\/uploads\/2022\/09\/toleranzraeume-unterstuetzerinnen-blume-michael-scaled.jpg 1707w\" sizes=\"(max-width: 768px) 100vw, 768px\" \/><\/div><div class=\"uael-grid-img-overlay\"><\/div><\/a><figcaption class=\"uael-grid-img-content\"><div class=\"uael-grid-img-caption\"><h4 class=\"uael-grid-caption-text\"><b>Dr. Michael Blume<\/b><br \/>Antisemitismusbeauftragter, Staatsministerium Baden-W\u00fcrttemberg<\/h4><\/div><\/figcaption><\/div><\/div><div class=\"uael-grid-item  uael-img-gallery-item-128\"><div class=\"uael-grid-item-content\"><span class=\"uael-grid-img uael-grid-gallery-img uael-ins-hover elementor-clickable\" data-elementor-open-lightbox=\"no\"><div class=\"uael-grid-img-thumbnail uael-ins-target\"><img loading=\"lazy\" decoding=\"async\" width=\"1\" height=\"1\" src=\"https:\/\/www.toleranzraeume.org\/wp-content\/uploads\/2022\/10\/Kachel_lightgrey-cyan_00008.svg\" class=\"attachment-medium_large size-medium_large wp-image-5221\" alt=\"\" \/><\/div><div class=\"uael-grid-img-overlay\"><\/div><\/span><figcaption class=\"uael-grid-img-content\"><div class=\"uael-grid-img-caption\"><h4 class=\"uael-grid-caption-text\"><b>Matthias Klein<\/b><br \/>CEO<\/h4><\/div><\/figcaption><\/div><\/div><div class=\"uael-grid-item  uael-img-gallery-item-10\"><div class=\"uael-grid-item-content\"><a class=\"uael-grid-img uael-grid-gallery-img uael-ins-hover elementor-clickable\" target=\"_blank\" rel=\"dofollow noopener\" href=\"https:\/\/benjamin-strasser.de\/home\" data-elementor-open-lightbox=\"no\"><div class=\"uael-grid-img-thumbnail uael-ins-target\"><img loading=\"lazy\" decoding=\"async\" width=\"768\" height=\"1150\" src=\"https:\/\/www.toleranzraeume.org\/wp-content\/uploads\/2022\/09\/toleranzraeume-unterstuetzerinnen-strasser-benjamin-768x1150.jpg\" class=\"attachment-medium_large size-medium_large wp-image-4234\" alt=\"\" srcset=\"https:\/\/www.toleranzraeume.org\/wp-content\/uploads\/2022\/09\/toleranzraeume-unterstuetzerinnen-strasser-benjamin-768x1150.jpg 768w, https:\/\/www.toleranzraeume.org\/wp-content\/uploads\/2022\/09\/toleranzraeume-unterstuetzerinnen-strasser-benjamin-200x300.jpg 200w, https:\/\/www.toleranzraeume.org\/wp-content\/uploads\/2022\/09\/toleranzraeume-unterstuetzerinnen-strasser-benjamin-684x1024.jpg 684w, https:\/\/www.toleranzraeume.org\/wp-content\/uploads\/2022\/09\/toleranzraeume-unterstuetzerinnen-strasser-benjamin-1026x1536.jpg 1026w, https:\/\/www.toleranzraeume.org\/wp-content\/uploads\/2022\/09\/toleranzraeume-unterstuetzerinnen-strasser-benjamin-1368x2048.jpg 1368w, https:\/\/www.toleranzraeume.org\/wp-content\/uploads\/2022\/09\/toleranzraeume-unterstuetzerinnen-strasser-benjamin.jpg 1627w\" sizes=\"(max-width: 768px) 100vw, 768px\" \/><\/div><div class=\"uael-grid-img-overlay\"><\/div><\/a><figcaption class=\"uael-grid-img-content\"><div class=\"uael-grid-img-caption\"><h4 class=\"uael-grid-caption-text\"><b>Benjamin Strasser<\/b><br \/>MdB, FDP<\/h4><\/div><\/figcaption><\/div><\/div><div class=\"uael-grid-item  uael-img-gallery-item-47\"><div class=\"uael-grid-item-content\"><a class=\"uael-grid-img uael-grid-gallery-img uael-ins-hover elementor-clickable\" target=\"_blank\" rel=\"dofollow noopener\" href=\"https:\/\/www.konstantin-kuhle.de\" data-elementor-open-lightbox=\"no\"><div class=\"uael-grid-img-thumbnail uael-ins-target\"><img loading=\"lazy\" decoding=\"async\" width=\"272\" height=\"408\" src=\"https:\/\/www.toleranzraeume.org\/wp-content\/uploads\/2022\/09\/toleranzraeume-unterstuetzerinnen-kuhle-konstantin.jpg\" class=\"attachment-medium_large size-medium_large wp-image-4193\" alt=\"\" srcset=\"https:\/\/www.toleranzraeume.org\/wp-content\/uploads\/2022\/09\/toleranzraeume-unterstuetzerinnen-kuhle-konstantin.jpg 272w, https:\/\/www.toleranzraeume.org\/wp-content\/uploads\/2022\/09\/toleranzraeume-unterstuetzerinnen-kuhle-konstantin-200x300.jpg 200w\" sizes=\"(max-width: 272px) 100vw, 272px\" \/><\/div><div class=\"uael-grid-img-overlay\"><\/div><\/a><figcaption class=\"uael-grid-img-content\"><div class=\"uael-grid-img-caption\"><h4 class=\"uael-grid-caption-text\"><b>Konstantin Kuhle<\/b><br \/>MdB, innenpol. Sprecher der FDP-Fraktion<\/h4><\/div><\/figcaption><\/div><\/div><div class=\"uael-grid-item  uael-img-gallery-item-91\"><div class=\"uael-grid-item-content\"><a class=\"uael-grid-img uael-grid-gallery-img uael-ins-hover elementor-clickable\" target=\"_blank\" rel=\"dofollow\" href=\"www.staedtetag.de\/ueber-uns\/gremien\" data-elementor-open-lightbox=\"no\"><div class=\"uael-grid-img-thumbnail uael-ins-target\"><img loading=\"lazy\" decoding=\"async\" width=\"768\" height=\"1152\" src=\"https:\/\/www.toleranzraeume.org\/wp-content\/uploads\/2022\/09\/toleranzraeume-unterstuetzerinnen-dedy-helmut-768x1152.jpg\" class=\"attachment-medium_large size-medium_large wp-image-4139\" alt=\"\" srcset=\"https:\/\/www.toleranzraeume.org\/wp-content\/uploads\/2022\/09\/toleranzraeume-unterstuetzerinnen-dedy-helmut-768x1152.jpg 768w, https:\/\/www.toleranzraeume.org\/wp-content\/uploads\/2022\/09\/toleranzraeume-unterstuetzerinnen-dedy-helmut-200x300.jpg 200w, https:\/\/www.toleranzraeume.org\/wp-content\/uploads\/2022\/09\/toleranzraeume-unterstuetzerinnen-dedy-helmut-683x1024.jpg 683w, https:\/\/www.toleranzraeume.org\/wp-content\/uploads\/2022\/09\/toleranzraeume-unterstuetzerinnen-dedy-helmut.jpg 949w\" sizes=\"(max-width: 768px) 100vw, 768px\" \/><\/div><div class=\"uael-grid-img-overlay\"><\/div><\/a><figcaption class=\"uael-grid-img-content\"><div class=\"uael-grid-img-caption\"><h4 class=\"uael-grid-caption-text\"><b>Helmut Dedy<\/b><br \/>Hauptgesch\u00e4ftf\u00fchrer, Deutscher St\u00e4dte-und Gemeindebund<\/h4><\/div><\/figcaption><\/div><\/div><div class=\"uael-grid-item  uael-img-gallery-item-75\"><div class=\"uael-grid-item-content\"><a class=\"uael-grid-img uael-grid-gallery-img uael-ins-hover elementor-clickable\" target=\"_blank\" rel=\"dofollow noopener\" href=\"https:\/\/haasechristian.de\/\" data-elementor-open-lightbox=\"no\"><div class=\"uael-grid-img-thumbnail uael-ins-target\"><img loading=\"lazy\" decoding=\"async\" width=\"768\" height=\"1152\" src=\"https:\/\/www.toleranzraeume.org\/wp-content\/uploads\/2022\/09\/toleranzraeume-unterstuetzerinnen-haase-christian-e1666347461861-768x1152.jpg\" class=\"attachment-medium_large size-medium_large wp-image-4162\" alt=\"\" srcset=\"https:\/\/www.toleranzraeume.org\/wp-content\/uploads\/2022\/09\/toleranzraeume-unterstuetzerinnen-haase-christian-e1666347461861-768x1152.jpg 768w, https:\/\/www.toleranzraeume.org\/wp-content\/uploads\/2022\/09\/toleranzraeume-unterstuetzerinnen-haase-christian-e1666347461861-200x300.jpg 200w, https:\/\/www.toleranzraeume.org\/wp-content\/uploads\/2022\/09\/toleranzraeume-unterstuetzerinnen-haase-christian-e1666347461861-683x1024.jpg 683w, https:\/\/www.toleranzraeume.org\/wp-content\/uploads\/2022\/09\/toleranzraeume-unterstuetzerinnen-haase-christian-e1666347461861-1024x1536.jpg 1024w, https:\/\/www.toleranzraeume.org\/wp-content\/uploads\/2022\/09\/toleranzraeume-unterstuetzerinnen-haase-christian-e1666347461861-1366x2048.jpg 1366w, https:\/\/www.toleranzraeume.org\/wp-content\/uploads\/2022\/09\/toleranzraeume-unterstuetzerinnen-haase-christian-e1666347461861.jpg 1517w\" sizes=\"(max-width: 768px) 100vw, 768px\" \/><\/div><div class=\"uael-grid-img-overlay\"><\/div><\/a><figcaption class=\"uael-grid-img-content\"><div class=\"uael-grid-img-caption\"><h4 class=\"uael-grid-caption-text\"><b>Christian Haase<\/b><br \/>MdB, CDU<br \/><span style=\"font-size:0.8em\">\u00a9 Inga Haar<\/span><\/h4><\/div><\/figcaption><\/div><\/div><div class=\"uael-grid-item  uael-img-gallery-item-31\"><div class=\"uael-grid-item-content\"><a class=\"uael-grid-img uael-grid-gallery-img uael-ins-hover elementor-clickable\" target=\"_blank\" rel=\"dofollow noopener\" href=\"https:\/\/petra-pau.eu\/\" data-elementor-open-lightbox=\"no\"><div class=\"uael-grid-img-thumbnail uael-ins-target\"><img loading=\"lazy\" decoding=\"async\" width=\"768\" height=\"1152\" src=\"https:\/\/www.toleranzraeume.org\/wp-content\/uploads\/2022\/09\/toleranzraeume-unterstuetzerinnen-pau-petra-768x1152.jpg\" class=\"attachment-medium_large size-medium_large wp-image-4212\" alt=\"\" srcset=\"https:\/\/www.toleranzraeume.org\/wp-content\/uploads\/2022\/09\/toleranzraeume-unterstuetzerinnen-pau-petra-768x1152.jpg 768w, https:\/\/www.toleranzraeume.org\/wp-content\/uploads\/2022\/09\/toleranzraeume-unterstuetzerinnen-pau-petra-200x300.jpg 200w, https:\/\/www.toleranzraeume.org\/wp-content\/uploads\/2022\/09\/toleranzraeume-unterstuetzerinnen-pau-petra-682x1024.jpg 682w, https:\/\/www.toleranzraeume.org\/wp-content\/uploads\/2022\/09\/toleranzraeume-unterstuetzerinnen-pau-petra-1024x1536.jpg 1024w, https:\/\/www.toleranzraeume.org\/wp-content\/uploads\/2022\/09\/toleranzraeume-unterstuetzerinnen-pau-petra-1365x2048.jpg 1365w, https:\/\/www.toleranzraeume.org\/wp-content\/uploads\/2022\/09\/toleranzraeume-unterstuetzerinnen-pau-petra.jpg 1556w\" sizes=\"(max-width: 768px) 100vw, 768px\" \/><\/div><div class=\"uael-grid-img-overlay\"><\/div><\/a><figcaption class=\"uael-grid-img-content\"><div class=\"uael-grid-img-caption\"><h4 class=\"uael-grid-caption-text\"><b>Petra Pau<\/b><br \/>Vizepr\u00e4sidentin Deutscher Bundestag, Die Linke<br \/><span style=\"font-size:0.8em\">\u00a9 Stella von Saldern<\/span><\/h4><\/div><\/figcaption><\/div><\/div><div class=\"uael-grid-item  uael-img-gallery-item-55\"><div class=\"uael-grid-item-content\"><a class=\"uael-grid-img uael-grid-gallery-img uael-ins-hover elementor-clickable\" target=\"_blank\" rel=\"dofollow noopener\" href=\"https:\/\/www.bmi.bund.de\/DE\/ministerium\/beauftragte\/beauftragter-antisemitismus\/beauftragter-antisemitismus-artikel.html\" data-elementor-open-lightbox=\"no\"><div class=\"uael-grid-img-thumbnail uael-ins-target\"><img loading=\"lazy\" decoding=\"async\" width=\"345\" height=\"517\" src=\"https:\/\/www.toleranzraeume.org\/wp-content\/uploads\/2022\/09\/toleranzraeume-unterstuetzerinnen-klein-felix.jpg\" class=\"attachment-medium_large size-medium_large wp-image-4184\" alt=\"\" srcset=\"https:\/\/www.toleranzraeume.org\/wp-content\/uploads\/2022\/09\/toleranzraeume-unterstuetzerinnen-klein-felix.jpg 345w, https:\/\/www.toleranzraeume.org\/wp-content\/uploads\/2022\/09\/toleranzraeume-unterstuetzerinnen-klein-felix-200x300.jpg 200w\" sizes=\"(max-width: 345px) 100vw, 345px\" \/><\/div><div class=\"uael-grid-img-overlay\"><\/div><\/a><figcaption class=\"uael-grid-img-content\"><div class=\"uael-grid-img-caption\"><h4 class=\"uael-grid-caption-text\"><b>Dr. Felix Klein<\/b><br \/>Beauftragter der Bundesregierung f\u00fcr j\u00fcdisches Leben in Deutschland und den Kampf gegen Antisemitismus<\/h4><\/div><\/figcaption><\/div><\/div><div class=\"uael-grid-item  uael-img-gallery-item-165\"><div class=\"uael-grid-item-content\"><span class=\"uael-grid-img uael-grid-gallery-img uael-ins-hover elementor-clickable\" data-elementor-open-lightbox=\"no\"><div class=\"uael-grid-img-thumbnail uael-ins-target\"><img loading=\"lazy\" decoding=\"async\" width=\"1\" height=\"1\" src=\"https:\/\/www.toleranzraeume.org\/wp-content\/uploads\/2022\/10\/Kachel_blueberry_00007.svg\" class=\"attachment-medium_large size-medium_large wp-image-5180\" alt=\"\" \/><\/div><div class=\"uael-grid-img-overlay\"><\/div><\/span><figcaption class=\"uael-grid-img-content\"><div class=\"uael-grid-img-caption\"><h4 class=\"uael-grid-caption-text\"><b>Johannes+C\u00e4cilia Wallbrecher<\/b><br \/>Managerin &amp; Tonmeister<\/h4><\/div><\/figcaption><\/div><\/div><div class=\"uael-grid-item  uael-img-gallery-item-64\"><div class=\"uael-grid-item-content\"><span class=\"uael-grid-img uael-grid-gallery-img uael-ins-hover elementor-clickable\" data-elementor-open-lightbox=\"no\"><div class=\"uael-grid-img-thumbnail uael-ins-target\"><img loading=\"lazy\" decoding=\"async\" width=\"375\" height=\"563\" src=\"https:\/\/www.toleranzraeume.org\/wp-content\/uploads\/2022\/09\/toleranzraeume-unterstuetzerinnen-holtmann-max.png\" class=\"attachment-medium_large size-medium_large wp-image-4173\" alt=\"\" srcset=\"https:\/\/www.toleranzraeume.org\/wp-content\/uploads\/2022\/09\/toleranzraeume-unterstuetzerinnen-holtmann-max.png 375w, https:\/\/www.toleranzraeume.org\/wp-content\/uploads\/2022\/09\/toleranzraeume-unterstuetzerinnen-holtmann-max-200x300.png 200w\" sizes=\"(max-width: 375px) 100vw, 375px\" \/><\/div><div class=\"uael-grid-img-overlay\"><\/div><\/span><figcaption class=\"uael-grid-img-content\"><div class=\"uael-grid-img-caption\"><h4 class=\"uael-grid-caption-text\"><b>Max Holtmann<\/b><br \/>Dipl. Tonmeister, Produktmanager, RME<\/h4><\/div><\/figcaption><\/div><\/div><div class=\"uael-grid-item  uael-img-gallery-item-111\"><div class=\"uael-grid-item-content\"><span class=\"uael-grid-img uael-grid-gallery-img uael-ins-hover elementor-clickable\" data-elementor-open-lightbox=\"no\"><div class=\"uael-grid-img-thumbnail uael-ins-target\"><img loading=\"lazy\" decoding=\"async\" width=\"1\" height=\"1\" src=\"https:\/\/www.toleranzraeume.org\/wp-content\/uploads\/2022\/10\/Kachel_vital-orange_00005.svg\" class=\"attachment-medium_large size-medium_large wp-image-5238\" alt=\"\" \/><\/div><div class=\"uael-grid-img-overlay\"><\/div><\/span><figcaption class=\"uael-grid-img-content\"><div class=\"uael-grid-img-caption\"><h4 class=\"uael-grid-caption-text\"><b>Walter Brinkmann<\/b><br \/>Politiker, Die Linke<\/h4><\/div><\/figcaption><\/div><\/div><div class=\"uael-grid-item  uael-img-gallery-item-156\"><div class=\"uael-grid-item-content\"><span class=\"uael-grid-img uael-grid-gallery-img uael-ins-hover elementor-clickable\" data-elementor-open-lightbox=\"no\"><div class=\"uael-grid-img-thumbnail uael-ins-target\"><img loading=\"lazy\" decoding=\"async\" width=\"1\" height=\"1\" src=\"https:\/\/www.toleranzraeume.org\/wp-content\/uploads\/2022\/10\/Kachel_cyan_00007.svg\" class=\"attachment-medium_large size-medium_large wp-image-5190\" alt=\"\" \/><\/div><div class=\"uael-grid-img-overlay\"><\/div><\/span><figcaption class=\"uael-grid-img-content\"><div class=\"uael-grid-img-caption\"><h4 class=\"uael-grid-caption-text\"><b>Werner Holtmann<\/b><br \/>P\u00e4dagoge<\/h4><\/div><\/figcaption><\/div><\/div><div class=\"uael-grid-item  uael-img-gallery-item-68\"><div class=\"uael-grid-item-content\"><a class=\"uael-grid-img uael-grid-gallery-img uael-ins-hover elementor-clickable\" target=\"_blank\" rel=\"dofollow noopener\" href=\"https:\/\/www.thorsten-herbst.de\" data-elementor-open-lightbox=\"no\"><div class=\"uael-grid-img-thumbnail uael-ins-target\"><img loading=\"lazy\" decoding=\"async\" width=\"768\" height=\"1152\" src=\"https:\/\/www.toleranzraeume.org\/wp-content\/uploads\/2022\/09\/toleranzraeume-unterstuetzerinnen-herbst-torsten-768x1152.jpg\" class=\"attachment-medium_large size-medium_large wp-image-4169\" alt=\"\" srcset=\"https:\/\/www.toleranzraeume.org\/wp-content\/uploads\/2022\/09\/toleranzraeume-unterstuetzerinnen-herbst-torsten-768x1152.jpg 768w, https:\/\/www.toleranzraeume.org\/wp-content\/uploads\/2022\/09\/toleranzraeume-unterstuetzerinnen-herbst-torsten-200x300.jpg 200w, https:\/\/www.toleranzraeume.org\/wp-content\/uploads\/2022\/09\/toleranzraeume-unterstuetzerinnen-herbst-torsten-682x1024.jpg 682w, https:\/\/www.toleranzraeume.org\/wp-content\/uploads\/2022\/09\/toleranzraeume-unterstuetzerinnen-herbst-torsten.jpg 853w\" sizes=\"(max-width: 768px) 100vw, 768px\" \/><\/div><div class=\"uael-grid-img-overlay\"><\/div><\/a><figcaption class=\"uael-grid-img-content\"><div class=\"uael-grid-img-caption\"><h4 class=\"uael-grid-caption-text\"><b>Torsten Herbst<\/b><br \/>MdB, FDP<\/h4><\/div><\/figcaption><\/div><\/div><div class=\"uael-grid-item  uael-img-gallery-item-124\"><div class=\"uael-grid-item-content\"><span class=\"uael-grid-img uael-grid-gallery-img uael-ins-hover elementor-clickable\" data-elementor-open-lightbox=\"no\"><div class=\"uael-grid-img-thumbnail uael-ins-target\"><img loading=\"lazy\" decoding=\"async\" width=\"1\" height=\"1\" src=\"https:\/\/www.toleranzraeume.org\/wp-content\/uploads\/2022\/10\/Kachel_soft-purple_00001.svg\" class=\"attachment-medium_large size-medium_large wp-image-5224\" alt=\"\" \/><\/div><div class=\"uael-grid-img-overlay\"><\/div><\/span><figcaption class=\"uael-grid-img-content\"><div class=\"uael-grid-img-caption\"><h4 class=\"uael-grid-caption-text\"><b>Prof. Dr. Wilhelm Heitmeyer<\/b><br \/>Fr\u00fcherer Direktor, Forschungsprofessor, Universit\u00e4t Bielefeld\/IKG<\/h4><\/div><\/figcaption><\/div><\/div><div class=\"uael-grid-item  uael-img-gallery-item-44\"><div class=\"uael-grid-item-content\"><a class=\"uael-grid-img uael-grid-gallery-img uael-ins-hover elementor-clickable\" target=\"_blank\" rel=\"dofollow noopener\" href=\"https:\/\/www.berlin.de\" data-elementor-open-lightbox=\"no\"><div class=\"uael-grid-img-thumbnail uael-ins-target\"><img loading=\"lazy\" decoding=\"async\" width=\"147\" height=\"220\" src=\"https:\/\/www.toleranzraeume.org\/wp-content\/uploads\/2022\/09\/toleranzraeume-unterstuetzerinnen-lederer-klaus.jpg\" class=\"attachment-medium_large size-medium_large wp-image-4196\" alt=\"\" \/><\/div><div class=\"uael-grid-img-overlay\"><\/div><\/a><figcaption class=\"uael-grid-img-content\"><div class=\"uael-grid-img-caption\"><h4 class=\"uael-grid-caption-text\"><b>Dr. Klaus Lederer<\/b><br \/>B\u00fcrgermeister, Kultur- &amp; Europasenator, Stadt Berlin<\/h4><\/div><\/figcaption><\/div><\/div><div class=\"uael-grid-item  uael-img-gallery-item-126\"><div class=\"uael-grid-item-content\"><a class=\"uael-grid-img uael-grid-gallery-img uael-ins-hover elementor-clickable\" target=\"_blank\" rel=\"dofollow noopener\" href=\"https:\/\/kafka-detmold.de\/\" data-elementor-open-lightbox=\"no\"><div class=\"uael-grid-img-thumbnail uael-ins-target\"><img loading=\"lazy\" decoding=\"async\" width=\"1\" height=\"1\" src=\"https:\/\/www.toleranzraeume.org\/wp-content\/uploads\/2022\/10\/Kachel_lightgrey-cyan_00010.svg\" class=\"attachment-medium_large size-medium_large wp-image-5223\" alt=\"\" \/><\/div><div class=\"uael-grid-img-overlay\"><\/div><\/a><figcaption class=\"uael-grid-img-content\"><div class=\"uael-grid-img-caption\"><h4 class=\"uael-grid-caption-text\"><b>Albert Lange<\/b><br \/>ehemaliger Inhaber, Buchhandlung KAFKA&amp;Co Detmold<\/h4><\/div><\/figcaption><\/div><\/div><div class=\"uael-grid-item  uael-img-gallery-item-147\"><div class=\"uael-grid-item-content\"><span class=\"uael-grid-img uael-grid-gallery-img uael-ins-hover elementor-clickable\" data-elementor-open-lightbox=\"no\"><div class=\"uael-grid-img-thumbnail uael-ins-target\"><img loading=\"lazy\" decoding=\"async\" width=\"1\" height=\"1\" src=\"https:\/\/www.toleranzraeume.org\/wp-content\/uploads\/2022\/10\/Kachel_dynamic-red_00008.svg\" class=\"attachment-medium_large size-medium_large wp-image-5201\" alt=\"\" \/><\/div><div class=\"uael-grid-img-overlay\"><\/div><\/span><figcaption class=\"uael-grid-img-content\"><div class=\"uael-grid-img-caption\"><h4 class=\"uael-grid-caption-text\"><b>Bill Trienekens<\/b><br \/>Kaufmann<\/h4><\/div><\/figcaption><\/div><\/div><div class=\"uael-grid-item  uael-img-gallery-item-66\"><div class=\"uael-grid-item-content\"><a class=\"uael-grid-img uael-grid-gallery-img uael-ins-hover elementor-clickable\" target=\"_blank\" rel=\"dofollow noopener\" href=\"https:\/\/www.christoph-hoffmann.info\" data-elementor-open-lightbox=\"no\"><div class=\"uael-grid-img-thumbnail uael-ins-target\"><img loading=\"lazy\" decoding=\"async\" width=\"506\" height=\"758\" src=\"https:\/\/www.toleranzraeume.org\/wp-content\/uploads\/2022\/09\/toleranzraeume-unterstuetzerinnen-hoffmann-christoph.jpg\" class=\"attachment-medium_large size-medium_large wp-image-4171\" alt=\"\" srcset=\"https:\/\/www.toleranzraeume.org\/wp-content\/uploads\/2022\/09\/toleranzraeume-unterstuetzerinnen-hoffmann-christoph.jpg 506w, https:\/\/www.toleranzraeume.org\/wp-content\/uploads\/2022\/09\/toleranzraeume-unterstuetzerinnen-hoffmann-christoph-200x300.jpg 200w\" sizes=\"(max-width: 506px) 100vw, 506px\" \/><\/div><div class=\"uael-grid-img-overlay\"><\/div><\/a><figcaption class=\"uael-grid-img-content\"><div class=\"uael-grid-img-caption\"><h4 class=\"uael-grid-caption-text\"><b>Dr. forest. Christoph Hoffmann<\/b><br \/>MdB, FDP<\/h4><\/div><\/figcaption><\/div><\/div><div class=\"uael-grid-item  uael-img-gallery-item-77\"><div class=\"uael-grid-item-content\"><span class=\"uael-grid-img uael-grid-gallery-img uael-ins-hover elementor-clickable\" data-elementor-open-lightbox=\"no\"><div class=\"uael-grid-img-thumbnail uael-ins-target\"><img loading=\"lazy\" decoding=\"async\" width=\"253\" height=\"379\" src=\"https:\/\/www.toleranzraeume.org\/wp-content\/uploads\/2022\/09\/toleranzraeume-unterstuetzerinnen-groehe-hermann.jpg\" class=\"attachment-medium_large size-medium_large wp-image-4160\" alt=\"\" srcset=\"https:\/\/www.toleranzraeume.org\/wp-content\/uploads\/2022\/09\/toleranzraeume-unterstuetzerinnen-groehe-hermann.jpg 253w, https:\/\/www.toleranzraeume.org\/wp-content\/uploads\/2022\/09\/toleranzraeume-unterstuetzerinnen-groehe-hermann-200x300.jpg 200w\" sizes=\"(max-width: 253px) 100vw, 253px\" \/><\/div><div class=\"uael-grid-img-overlay\"><\/div><\/span><figcaption class=\"uael-grid-img-content\"><div class=\"uael-grid-img-caption\"><h4 class=\"uael-grid-caption-text\"><b>Hermann Gr\u00f6he<\/b><br \/>MdB, Stellvertretender Vorsitzender der CDU\/CSU-Fraktion<\/h4><\/div><\/figcaption><\/div><\/div><div class=\"uael-grid-item  uael-img-gallery-item-52\"><div class=\"uael-grid-item-content\"><a class=\"uael-grid-img uael-grid-gallery-img uael-ins-hover elementor-clickable\" target=\"_blank\" rel=\"dofollow noopener\" href=\"https:\/\/pascal-kober.net\/\" data-elementor-open-lightbox=\"no\"><div class=\"uael-grid-img-thumbnail uael-ins-target\"><img loading=\"lazy\" decoding=\"async\" width=\"308\" height=\"462\" src=\"https:\/\/www.toleranzraeume.org\/wp-content\/uploads\/2022\/09\/toleranzraeume-unterstuetzerinnen-kober-pascal-e1666347389954.jpg\" class=\"attachment-medium_large size-medium_large wp-image-4187\" alt=\"\" srcset=\"https:\/\/www.toleranzraeume.org\/wp-content\/uploads\/2022\/09\/toleranzraeume-unterstuetzerinnen-kober-pascal-e1666347389954.jpg 308w, https:\/\/www.toleranzraeume.org\/wp-content\/uploads\/2022\/09\/toleranzraeume-unterstuetzerinnen-kober-pascal-e1666347389954-200x300.jpg 200w\" sizes=\"(max-width: 308px) 100vw, 308px\" \/><\/div><div class=\"uael-grid-img-overlay\"><\/div><\/a><figcaption class=\"uael-grid-img-content\"><div class=\"uael-grid-img-caption\"><h4 class=\"uael-grid-caption-text\"><b>Pascal Kober<\/b><br \/>MdB,  FDP<\/h4><\/div><\/figcaption><\/div><\/div><div class=\"uael-grid-item  uael-img-gallery-item-149\"><div class=\"uael-grid-item-content\"><span class=\"uael-grid-img uael-grid-gallery-img uael-ins-hover elementor-clickable\" data-elementor-open-lightbox=\"no\"><div class=\"uael-grid-img-thumbnail uael-ins-target\"><img loading=\"lazy\" decoding=\"async\" width=\"1\" height=\"1\" src=\"https:\/\/www.toleranzraeume.org\/wp-content\/uploads\/2022\/10\/Kachel_dynamic-red_00006.svg\" class=\"attachment-medium_large size-medium_large wp-image-5199\" alt=\"\" \/><\/div><div class=\"uael-grid-img-overlay\"><\/div><\/span><figcaption class=\"uael-grid-img-content\"><div class=\"uael-grid-img-caption\"><h4 class=\"uael-grid-caption-text\"><b>Prof. Dr. Bernd Simon<\/b><br \/>Leiter, Kieler Forschungsstelle Toleranz<\/h4><\/div><\/figcaption><\/div><\/div><div class=\"uael-grid-item  uael-img-gallery-item-51\"><div class=\"uael-grid-item-content\"><a class=\"uael-grid-img uael-grid-gallery-img uael-ins-hover elementor-clickable\" target=\"_blank\" rel=\"dofollow noopener\" href=\"https:\/\/www.lukaskoehler.de\" data-elementor-open-lightbox=\"no\"><div class=\"uael-grid-img-thumbnail uael-ins-target\"><img loading=\"lazy\" decoding=\"async\" width=\"768\" height=\"1155\" src=\"https:\/\/www.toleranzraeume.org\/wp-content\/uploads\/2022\/09\/toleranzraeume-unterstuetzerinnen-koehler-lukas-scaled-e1666346916716-768x1155.jpg\" class=\"attachment-medium_large size-medium_large wp-image-4188\" alt=\"\" srcset=\"https:\/\/www.toleranzraeume.org\/wp-content\/uploads\/2022\/09\/toleranzraeume-unterstuetzerinnen-koehler-lukas-scaled-e1666346916716-768x1155.jpg 768w, https:\/\/www.toleranzraeume.org\/wp-content\/uploads\/2022\/09\/toleranzraeume-unterstuetzerinnen-koehler-lukas-scaled-e1666346916716-199x300.jpg 199w, https:\/\/www.toleranzraeume.org\/wp-content\/uploads\/2022\/09\/toleranzraeume-unterstuetzerinnen-koehler-lukas-scaled-e1666346916716-681x1024.jpg 681w, https:\/\/www.toleranzraeume.org\/wp-content\/uploads\/2022\/09\/toleranzraeume-unterstuetzerinnen-koehler-lukas-scaled-e1666346916716-1021x1536.jpg 1021w, https:\/\/www.toleranzraeume.org\/wp-content\/uploads\/2022\/09\/toleranzraeume-unterstuetzerinnen-koehler-lukas-scaled-e1666346916716-1361x2048.jpg 1361w, https:\/\/www.toleranzraeume.org\/wp-content\/uploads\/2022\/09\/toleranzraeume-unterstuetzerinnen-koehler-lukas-scaled-e1666346916716.jpg 1497w\" sizes=\"(max-width: 768px) 100vw, 768px\" \/><\/div><div class=\"uael-grid-img-overlay\"><\/div><\/a><figcaption class=\"uael-grid-img-content\"><div class=\"uael-grid-img-caption\"><h4 class=\"uael-grid-caption-text\"><b>Dr. Lukas K\u00f6hler<\/b><br \/>MdB, stellv. Vorsitzender der FDP-Fraktion<\/h4><\/div><\/figcaption><\/div><\/div><div class=\"uael-grid-item  uael-img-gallery-item-90\"><div class=\"uael-grid-item-content\"><a class=\"uael-grid-img uael-grid-gallery-img uael-ins-hover elementor-clickable\" target=\"_blank\" rel=\"dofollow\" href=\"www.bielefeld.de\" data-elementor-open-lightbox=\"no\"><div class=\"uael-grid-img-thumbnail uael-ins-target\"><img loading=\"lazy\" decoding=\"async\" width=\"430\" height=\"640\" src=\"https:\/\/www.toleranzraeume.org\/wp-content\/uploads\/2022\/09\/toleranzraeume-unterstuetzerinnen-clausen-pit.jpg\" class=\"attachment-medium_large size-medium_large wp-image-4136\" alt=\"\" srcset=\"https:\/\/www.toleranzraeume.org\/wp-content\/uploads\/2022\/09\/toleranzraeume-unterstuetzerinnen-clausen-pit.jpg 430w, https:\/\/www.toleranzraeume.org\/wp-content\/uploads\/2022\/09\/toleranzraeume-unterstuetzerinnen-clausen-pit-202x300.jpg 202w\" sizes=\"(max-width: 430px) 100vw, 430px\" \/><\/div><div class=\"uael-grid-img-overlay\"><\/div><\/a><figcaption class=\"uael-grid-img-content\"><div class=\"uael-grid-img-caption\"><h4 class=\"uael-grid-caption-text\"><b>Pit Clausen<\/b><br \/>Oberb\u00fcrgermeister,Stadt Bielefeld<\/h4><\/div><\/figcaption><\/div><\/div><div class=\"uael-grid-item  uael-img-gallery-item-78\"><div class=\"uael-grid-item-content\"><span class=\"uael-grid-img uael-grid-gallery-img uael-ins-hover elementor-clickable\" data-elementor-open-lightbox=\"no\"><div class=\"uael-grid-img-thumbnail uael-ins-target\"><img loading=\"lazy\" decoding=\"async\" width=\"253\" height=\"379\" src=\"https:\/\/www.toleranzraeume.org\/wp-content\/uploads\/2022\/09\/toleranzraeume-unterstuetzerinnen-grigorios-aggelidis.jpg\" class=\"attachment-medium_large size-medium_large wp-image-4159\" alt=\"\" srcset=\"https:\/\/www.toleranzraeume.org\/wp-content\/uploads\/2022\/09\/toleranzraeume-unterstuetzerinnen-grigorios-aggelidis.jpg 253w, https:\/\/www.toleranzraeume.org\/wp-content\/uploads\/2022\/09\/toleranzraeume-unterstuetzerinnen-grigorios-aggelidis-200x300.jpg 200w\" sizes=\"(max-width: 253px) 100vw, 253px\" \/><\/div><div class=\"uael-grid-img-overlay\"><\/div><\/span><figcaption class=\"uael-grid-img-content\"><div class=\"uael-grid-img-caption\"><h4 class=\"uael-grid-caption-text\"><b>Grigorios Aggelidis<\/b><br \/>ehemaliger MdB, FDP<\/h4><\/div><\/figcaption><\/div><\/div><div class=\"uael-grid-item  uael-img-gallery-item-13\"><div class=\"uael-grid-item-content\"><a class=\"uael-grid-img uael-grid-gallery-img uael-ins-hover elementor-clickable\" target=\"_blank\" rel=\"dofollow noopener\" href=\"https:\/\/www.stark-watzinger.de\" data-elementor-open-lightbox=\"no\"><div class=\"uael-grid-img-thumbnail uael-ins-target\"><img loading=\"lazy\" decoding=\"async\" width=\"408\" height=\"611\" src=\"https:\/\/www.toleranzraeume.org\/wp-content\/uploads\/2022\/09\/toleranzraeume-unterstuetzerinnen-stark-watzinger-bettina.png\" class=\"attachment-medium_large size-medium_large wp-image-4231\" alt=\"\" srcset=\"https:\/\/www.toleranzraeume.org\/wp-content\/uploads\/2022\/09\/toleranzraeume-unterstuetzerinnen-stark-watzinger-bettina.png 408w, https:\/\/www.toleranzraeume.org\/wp-content\/uploads\/2022\/09\/toleranzraeume-unterstuetzerinnen-stark-watzinger-bettina-200x300.png 200w\" sizes=\"(max-width: 408px) 100vw, 408px\" \/><\/div><div class=\"uael-grid-img-overlay\"><\/div><\/a><figcaption class=\"uael-grid-img-content\"><div class=\"uael-grid-img-caption\"><h4 class=\"uael-grid-caption-text\"><b>Bettina Stark-Watzinger<\/b><br \/>MdB, Bundesministerin f\u00fcr Bildung und Forschung, FDP<\/h4><\/div><\/figcaption><\/div><\/div><div class=\"uael-grid-item  uael-img-gallery-item-120\"><div class=\"uael-grid-item-content\"><a class=\"uael-grid-img uael-grid-gallery-img uael-ins-hover elementor-clickable\" target=\"_blank\" rel=\"dofollow noopener\" href=\"https:\/\/www.landestheater-detmold.de\/de\/\" data-elementor-open-lightbox=\"no\"><div class=\"uael-grid-img-thumbnail uael-ins-target\"><img loading=\"lazy\" decoding=\"async\" width=\"1\" height=\"1\" src=\"https:\/\/www.toleranzraeume.org\/wp-content\/uploads\/2022\/10\/Kachel_soft-purple_00005.svg\" class=\"attachment-medium_large size-medium_large wp-image-5228\" alt=\"\" \/><\/div><div class=\"uael-grid-img-overlay\"><\/div><\/a><figcaption class=\"uael-grid-img-content\"><div class=\"uael-grid-img-caption\"><h4 class=\"uael-grid-caption-text\"><b>Georg Heckel<\/b><br \/>Intendant, Landestheater Detmold<\/h4><\/div><\/figcaption><\/div><\/div><div class=\"uael-grid-item  uael-img-gallery-item-41\"><div class=\"uael-grid-item-content\"><a class=\"uael-grid-img uael-grid-gallery-img uael-ins-hover elementor-clickable\" target=\"_blank\" rel=\"dofollow noopener\" href=\"https:\/\/www.helge-lindh.de\/\" data-elementor-open-lightbox=\"no\"><div class=\"uael-grid-img-thumbnail uael-ins-target\"><img loading=\"lazy\" decoding=\"async\" width=\"768\" height=\"1152\" src=\"https:\/\/www.toleranzraeume.org\/wp-content\/uploads\/2022\/09\/toleranzraeume-unterstuetzerinnen-lindh-helge-768x1152.jpg\" class=\"attachment-medium_large size-medium_large wp-image-4199\" alt=\"\" srcset=\"https:\/\/www.toleranzraeume.org\/wp-content\/uploads\/2022\/09\/toleranzraeume-unterstuetzerinnen-lindh-helge-768x1152.jpg 768w, https:\/\/www.toleranzraeume.org\/wp-content\/uploads\/2022\/09\/toleranzraeume-unterstuetzerinnen-lindh-helge-200x300.jpg 200w, https:\/\/www.toleranzraeume.org\/wp-content\/uploads\/2022\/09\/toleranzraeume-unterstuetzerinnen-lindh-helge-683x1024.jpg 683w, https:\/\/www.toleranzraeume.org\/wp-content\/uploads\/2022\/09\/toleranzraeume-unterstuetzerinnen-lindh-helge.jpg 990w\" sizes=\"(max-width: 768px) 100vw, 768px\" \/><\/div><div class=\"uael-grid-img-overlay\"><\/div><\/a><figcaption class=\"uael-grid-img-content\"><div class=\"uael-grid-img-caption\"><h4 class=\"uael-grid-caption-text\"><b>Helge Lindh<\/b><br \/>MdB, SPD<\/h4><\/div><\/figcaption><\/div><\/div><div class=\"uael-grid-item  uael-img-gallery-item-151\"><div class=\"uael-grid-item-content\"><a class=\"uael-grid-img uael-grid-gallery-img uael-ins-hover elementor-clickable\" target=\"_blank\" rel=\"dofollow noopener\" href=\"https:\/\/lippisches-landesmuseum.de\/\" data-elementor-open-lightbox=\"no\"><div class=\"uael-grid-img-thumbnail uael-ins-target\"><img loading=\"lazy\" decoding=\"async\" width=\"1\" height=\"1\" src=\"https:\/\/www.toleranzraeume.org\/wp-content\/uploads\/2022\/10\/Kachel_dynamic-red_00004.svg\" class=\"attachment-medium_large size-medium_large wp-image-5197\" alt=\"\" \/><\/div><div class=\"uael-grid-img-overlay\"><\/div><\/a><figcaption class=\"uael-grid-img-content\"><div class=\"uael-grid-img-caption\"><h4 class=\"uael-grid-caption-text\"><b>Dr. Michael Zelle<\/b><br \/>Direktor, Lippisches Landesmuseum<\/h4><\/div><\/figcaption><\/div><\/div><div class=\"uael-grid-item  uael-img-gallery-item-125\"><div class=\"uael-grid-item-content\"><span class=\"uael-grid-img uael-grid-gallery-img uael-ins-hover elementor-clickable\" data-elementor-open-lightbox=\"no\"><div class=\"uael-grid-img-thumbnail uael-ins-target\"><img loading=\"lazy\" decoding=\"async\" width=\"1\" height=\"1\" src=\"https:\/\/www.toleranzraeume.org\/wp-content\/uploads\/2022\/10\/Kachel_lightgrey-cyan_00006.svg\" class=\"attachment-medium_large size-medium_large wp-image-5219\" alt=\"\" \/><\/div><div class=\"uael-grid-img-overlay\"><\/div><\/span><figcaption class=\"uael-grid-img-content\"><div class=\"uael-grid-img-caption\"><h4 class=\"uael-grid-caption-text\"><b>Leyla Jagiella<\/b><br \/>Fachreferentin f\u00fcr Sexualit\u00e4t und Geschlecht im Islam, Projektkoordinatorin<\/h4><\/div><\/figcaption><\/div><\/div><div class=\"uael-grid-item  uael-img-gallery-item-50\"><div class=\"uael-grid-item-content\"><a class=\"uael-grid-img uael-grid-gallery-img uael-ins-hover elementor-clickable\" target=\"_blank\" rel=\"dofollow noopener\" href=\"https:\/\/www.baerbel-kofler.de\" data-elementor-open-lightbox=\"no\"><div class=\"uael-grid-img-thumbnail uael-ins-target\"><img loading=\"lazy\" decoding=\"async\" width=\"388\" height=\"582\" src=\"https:\/\/www.toleranzraeume.org\/wp-content\/uploads\/2022\/09\/toleranzraeume-unterstuetzerinnen-kofler-baerbel.jpg\" class=\"attachment-medium_large size-medium_large wp-image-4189\" alt=\"\" srcset=\"https:\/\/www.toleranzraeume.org\/wp-content\/uploads\/2022\/09\/toleranzraeume-unterstuetzerinnen-kofler-baerbel.jpg 388w, https:\/\/www.toleranzraeume.org\/wp-content\/uploads\/2022\/09\/toleranzraeume-unterstuetzerinnen-kofler-baerbel-200x300.jpg 200w\" sizes=\"(max-width: 388px) 100vw, 388px\" \/><\/div><div class=\"uael-grid-img-overlay\"><\/div><\/a><figcaption class=\"uael-grid-img-content\"><div class=\"uael-grid-img-caption\"><h4 class=\"uael-grid-caption-text\"><b>Dr. B\u00e4rbel Kofler<\/b><br \/>MdB, SPD<\/h4><\/div><\/figcaption><\/div><\/div><div class=\"uael-grid-item  uael-img-gallery-item-170\"><div class=\"uael-grid-item-content\"><span class=\"uael-grid-img uael-grid-gallery-img uael-ins-hover elementor-clickable\" data-elementor-open-lightbox=\"no\"><div class=\"uael-grid-img-thumbnail uael-ins-target\"><img loading=\"lazy\" decoding=\"async\" width=\"768\" height=\"1152\" src=\"https:\/\/www.toleranzraeume.org\/wp-content\/uploads\/2022\/12\/toleranzraeume_unterstuetzerinnen_hilker_frank-768x1152.jpg\" class=\"attachment-medium_large size-medium_large wp-image-5754\" alt=\"\" srcset=\"https:\/\/www.toleranzraeume.org\/wp-content\/uploads\/2022\/12\/toleranzraeume_unterstuetzerinnen_hilker_frank-768x1152.jpg 768w, https:\/\/www.toleranzraeume.org\/wp-content\/uploads\/2022\/12\/toleranzraeume_unterstuetzerinnen_hilker_frank-200x300.jpg 200w, https:\/\/www.toleranzraeume.org\/wp-content\/uploads\/2022\/12\/toleranzraeume_unterstuetzerinnen_hilker_frank-683x1024.jpg 683w, https:\/\/www.toleranzraeume.org\/wp-content\/uploads\/2022\/12\/toleranzraeume_unterstuetzerinnen_hilker_frank-1024x1536.jpg 1024w, https:\/\/www.toleranzraeume.org\/wp-content\/uploads\/2022\/12\/toleranzraeume_unterstuetzerinnen_hilker_frank-1366x2048.jpg 1366w, https:\/\/www.toleranzraeume.org\/wp-content\/uploads\/2022\/12\/toleranzraeume_unterstuetzerinnen_hilker_frank.jpg 1641w\" sizes=\"(max-width: 768px) 100vw, 768px\" \/><\/div><div class=\"uael-grid-img-overlay\"><\/div><\/span><figcaption class=\"uael-grid-img-content\"><div class=\"uael-grid-img-caption\"><h4 class=\"uael-grid-caption-text\"><b>Frank Hilker<\/b><br \/>B\u00fcrgermeister der Stadt Detmold<\/h4><\/div><\/figcaption><\/div><\/div><div class=\"uael-grid-item  uael-img-gallery-item-94\"><div class=\"uael-grid-item-content\"><a class=\"uael-grid-img uael-grid-gallery-img uael-ins-hover elementor-clickable\" target=\"_blank\" rel=\"dofollow noopener\" href=\"https:\/\/mbuschmann.abgeordnete.fdpbt.de\/\" data-elementor-open-lightbox=\"no\"><div class=\"uael-grid-img-thumbnail uael-ins-target\"><img loading=\"lazy\" decoding=\"async\" width=\"768\" height=\"1152\" src=\"https:\/\/www.toleranzraeume.org\/wp-content\/uploads\/2022\/09\/toleranzraeume-unterstuetzerinnen-buschmann-marco-768x1152.jpg\" class=\"attachment-medium_large size-medium_large wp-image-4135\" alt=\"\" srcset=\"https:\/\/www.toleranzraeume.org\/wp-content\/uploads\/2022\/09\/toleranzraeume-unterstuetzerinnen-buschmann-marco-768x1152.jpg 768w, https:\/\/www.toleranzraeume.org\/wp-content\/uploads\/2022\/09\/toleranzraeume-unterstuetzerinnen-buschmann-marco-200x300.jpg 200w, https:\/\/www.toleranzraeume.org\/wp-content\/uploads\/2022\/09\/toleranzraeume-unterstuetzerinnen-buschmann-marco-683x1024.jpg 683w, https:\/\/www.toleranzraeume.org\/wp-content\/uploads\/2022\/09\/toleranzraeume-unterstuetzerinnen-buschmann-marco-1024x1536.jpg 1024w, https:\/\/www.toleranzraeume.org\/wp-content\/uploads\/2022\/09\/toleranzraeume-unterstuetzerinnen-buschmann-marco-1366x2048.jpg 1366w, https:\/\/www.toleranzraeume.org\/wp-content\/uploads\/2022\/09\/toleranzraeume-unterstuetzerinnen-buschmann-marco-scaled.jpg 1707w\" sizes=\"(max-width: 768px) 100vw, 768px\" \/><\/div><div class=\"uael-grid-img-overlay\"><\/div><\/a><figcaption class=\"uael-grid-img-content\"><div class=\"uael-grid-img-caption\"><h4 class=\"uael-grid-caption-text\"><b>Dr. Marco Buschmann<\/b><br \/>Bundesminister der Justiz, FDP<\/h4><\/div><\/figcaption><\/div><\/div><div class=\"uael-grid-item  uael-img-gallery-item-140\"><div class=\"uael-grid-item-content\"><a class=\"uael-grid-img uael-grid-gallery-img uael-ins-hover elementor-clickable\" target=\"_blank\" rel=\"dofollow noopener\" href=\"https:\/\/stk.sachsen-anhalt.de\/staatskanzlei-und-ministerium-fuer-kultur\/\" data-elementor-open-lightbox=\"no\"><div class=\"uael-grid-img-thumbnail uael-ins-target\"><img loading=\"lazy\" decoding=\"async\" width=\"1\" height=\"1\" src=\"https:\/\/www.toleranzraeume.org\/wp-content\/uploads\/2022\/10\/Kachel_dynamic-red_00010.svg\" class=\"attachment-medium_large size-medium_large wp-image-5203\" alt=\"\" \/><\/div><div class=\"uael-grid-img-overlay\"><\/div><\/a><figcaption class=\"uael-grid-img-content\"><div class=\"uael-grid-img-caption\"><h4 class=\"uael-grid-caption-text\"><b>Dr. Wolfgang Schnei\u00df<\/b><br \/>Ansprechpartner f\u00fcr j\u00fcdisches Leben in Sachsen-Anhalt und gegen Antisemitismus<\/h4><\/div><\/figcaption><\/div><\/div><div class=\"uael-grid-item  uael-img-gallery-item-138\"><div class=\"uael-grid-item-content\"><a class=\"uael-grid-img uael-grid-gallery-img uael-ins-hover elementor-clickable\" target=\"_blank\" rel=\"dofollow noopener\" href=\"https:\/\/www.bi-nemo.de\" data-elementor-open-lightbox=\"no\"><div class=\"uael-grid-img-thumbnail uael-ins-target\"><img loading=\"lazy\" decoding=\"async\" width=\"1\" height=\"1\" src=\"https:\/\/www.toleranzraeume.org\/wp-content\/uploads\/2022\/10\/Kachel_light-orange_00007.svg\" class=\"attachment-medium_large size-medium_large wp-image-5210\" alt=\"\" \/><\/div><div class=\"uael-grid-img-overlay\"><\/div><\/a><figcaption class=\"uael-grid-img-content\"><div class=\"uael-grid-img-caption\"><h4 class=\"uael-grid-caption-text\"><b>Cemalettin \u00d6zer<\/b><br \/>Vorstandsmitglied, Binemo e.V.<\/h4><\/div><\/figcaption><\/div><\/div><div class=\"uael-grid-item  uael-img-gallery-item-7\"><div class=\"uael-grid-item-content\"><a class=\"uael-grid-img uael-grid-gallery-img uael-ins-hover elementor-clickable\" target=\"_blank\" rel=\"dofollow noopener\" href=\"https:\/\/mtodtenhausen.abgeordnete.fdpbt.de\/\" data-elementor-open-lightbox=\"no\"><div class=\"uael-grid-img-thumbnail uael-ins-target\"><img loading=\"lazy\" decoding=\"async\" width=\"768\" height=\"1152\" src=\"https:\/\/www.toleranzraeume.org\/wp-content\/uploads\/2022\/09\/toleranzraeume-unterstuetzerinnen-todtenhausen-manfred-768x1152.jpg\" class=\"attachment-medium_large size-medium_large wp-image-4237\" alt=\"\" srcset=\"https:\/\/www.toleranzraeume.org\/wp-content\/uploads\/2022\/09\/toleranzraeume-unterstuetzerinnen-todtenhausen-manfred-768x1152.jpg 768w, https:\/\/www.toleranzraeume.org\/wp-content\/uploads\/2022\/09\/toleranzraeume-unterstuetzerinnen-todtenhausen-manfred-200x300.jpg 200w, https:\/\/www.toleranzraeume.org\/wp-content\/uploads\/2022\/09\/toleranzraeume-unterstuetzerinnen-todtenhausen-manfred-683x1024.jpg 683w, https:\/\/www.toleranzraeume.org\/wp-content\/uploads\/2022\/09\/toleranzraeume-unterstuetzerinnen-todtenhausen-manfred-1024x1536.jpg 1024w, https:\/\/www.toleranzraeume.org\/wp-content\/uploads\/2022\/09\/toleranzraeume-unterstuetzerinnen-todtenhausen-manfred-1366x2048.jpg 1366w, https:\/\/www.toleranzraeume.org\/wp-content\/uploads\/2022\/09\/toleranzraeume-unterstuetzerinnen-todtenhausen-manfred-scaled.jpg 1707w\" sizes=\"(max-width: 768px) 100vw, 768px\" \/><\/div><div class=\"uael-grid-img-overlay\"><\/div><\/a><figcaption class=\"uael-grid-img-content\"><div class=\"uael-grid-img-caption\"><h4 class=\"uael-grid-caption-text\"><b>Manfred Todtenhausen<\/b><br \/>MdB, FDP<\/h4><\/div><\/figcaption><\/div><\/div><div class=\"uael-grid-item  uael-img-gallery-item-76\"><div class=\"uael-grid-item-content\"><a class=\"uael-grid-img uael-grid-gallery-img uael-ins-hover elementor-clickable\" target=\"_blank\" rel=\"dofollow noopener\" href=\"https:\/\/www.linksfraktion.de\/fraktion\/abgeordnete\/profil\/dr-gregor-gysi\/\" data-elementor-open-lightbox=\"no\"><div class=\"uael-grid-img-thumbnail uael-ins-target\"><img loading=\"lazy\" decoding=\"async\" width=\"768\" height=\"1152\" src=\"https:\/\/www.toleranzraeume.org\/wp-content\/uploads\/2022\/09\/toleranzraeume-unterstuetzerinnen-gysi-gregor-768x1152.jpg\" class=\"attachment-medium_large size-medium_large wp-image-4161\" alt=\"\" srcset=\"https:\/\/www.toleranzraeume.org\/wp-content\/uploads\/2022\/09\/toleranzraeume-unterstuetzerinnen-gysi-gregor-768x1152.jpg 768w, https:\/\/www.toleranzraeume.org\/wp-content\/uploads\/2022\/09\/toleranzraeume-unterstuetzerinnen-gysi-gregor-200x300.jpg 200w, https:\/\/www.toleranzraeume.org\/wp-content\/uploads\/2022\/09\/toleranzraeume-unterstuetzerinnen-gysi-gregor-683x1024.jpg 683w, https:\/\/www.toleranzraeume.org\/wp-content\/uploads\/2022\/09\/toleranzraeume-unterstuetzerinnen-gysi-gregor-1024x1536.jpg 1024w, https:\/\/www.toleranzraeume.org\/wp-content\/uploads\/2022\/09\/toleranzraeume-unterstuetzerinnen-gysi-gregor-1365x2048.jpg 1365w, https:\/\/www.toleranzraeume.org\/wp-content\/uploads\/2022\/09\/toleranzraeume-unterstuetzerinnen-gysi-gregor.jpg 1386w\" sizes=\"(max-width: 768px) 100vw, 768px\" \/><\/div><div class=\"uael-grid-img-overlay\"><\/div><\/a><figcaption class=\"uael-grid-img-content\"><div class=\"uael-grid-img-caption\"><h4 class=\"uael-grid-caption-text\"><b>Dr. Gregor Gysi<\/b><br \/>MdB, Die Linke<\/h4><\/div><\/figcaption><\/div><\/div><div class=\"uael-grid-item  uael-img-gallery-item-89\"><div class=\"uael-grid-item-content\"><a class=\"uael-grid-img uael-grid-gallery-img uael-ins-hover elementor-clickable\" target=\"_blank\" rel=\"dofollow noopener\" href=\"https:\/\/www.karamba-diaby.de\/\" data-elementor-open-lightbox=\"no\"><div class=\"uael-grid-img-thumbnail uael-ins-target\"><img loading=\"lazy\" decoding=\"async\" width=\"768\" height=\"1152\" src=\"https:\/\/www.toleranzraeume.org\/wp-content\/uploads\/2022\/09\/toleranzraeume-unterstuetzerinnen-diaby-dr-karamba-768x1152.jpg\" class=\"attachment-medium_large size-medium_large wp-image-4140\" alt=\"\" srcset=\"https:\/\/www.toleranzraeume.org\/wp-content\/uploads\/2022\/09\/toleranzraeume-unterstuetzerinnen-diaby-dr-karamba-768x1152.jpg 768w, https:\/\/www.toleranzraeume.org\/wp-content\/uploads\/2022\/09\/toleranzraeume-unterstuetzerinnen-diaby-dr-karamba-200x300.jpg 200w, https:\/\/www.toleranzraeume.org\/wp-content\/uploads\/2022\/09\/toleranzraeume-unterstuetzerinnen-diaby-dr-karamba-683x1024.jpg 683w, https:\/\/www.toleranzraeume.org\/wp-content\/uploads\/2022\/09\/toleranzraeume-unterstuetzerinnen-diaby-dr-karamba.jpg 960w\" sizes=\"(max-width: 768px) 100vw, 768px\" \/><\/div><div class=\"uael-grid-img-overlay\"><\/div><\/a><figcaption class=\"uael-grid-img-content\"><div class=\"uael-grid-img-caption\"><h4 class=\"uael-grid-caption-text\"><b>Dr. Karamba Diaby<\/b><br \/>MdB, Integrationsbeauftragter der SPD-Bundestagsfraktion<\/h4><\/div><\/figcaption><\/div><\/div><div class=\"uael-grid-item  uael-img-gallery-item-25\"><div class=\"uael-grid-item-content\"><a class=\"uael-grid-img uael-grid-gallery-img uael-ins-hover elementor-clickable\" target=\"_blank\" rel=\"dofollow noopener\" href=\"https:\/\/zentralrat.sintiundroma.de\/\" data-elementor-open-lightbox=\"no\"><div class=\"uael-grid-img-thumbnail uael-ins-target\"><img loading=\"lazy\" decoding=\"async\" width=\"342\" height=\"513\" src=\"https:\/\/www.toleranzraeume.org\/wp-content\/uploads\/2022\/09\/toleranzraeume-unterstuetzerinnen-rose-romani.jpg\" class=\"attachment-medium_large size-medium_large wp-image-4220\" alt=\"\" srcset=\"https:\/\/www.toleranzraeume.org\/wp-content\/uploads\/2022\/09\/toleranzraeume-unterstuetzerinnen-rose-romani.jpg 342w, https:\/\/www.toleranzraeume.org\/wp-content\/uploads\/2022\/09\/toleranzraeume-unterstuetzerinnen-rose-romani-200x300.jpg 200w\" sizes=\"(max-width: 342px) 100vw, 342px\" \/><\/div><div class=\"uael-grid-img-overlay\"><\/div><\/a><figcaption class=\"uael-grid-img-content\"><div class=\"uael-grid-img-caption\"><h4 class=\"uael-grid-caption-text\"><b>Romani Rose<\/b><br \/>Vorsitzender, Zentralrat Deutscher Sinti und Roma<\/h4><\/div><\/figcaption><\/div><\/div><div class=\"uael-grid-item  uael-img-gallery-item-37\"><div class=\"uael-grid-item-content\"><a class=\"uael-grid-img uael-grid-gallery-img uael-ins-hover elementor-clickable\" target=\"_blank\" rel=\"dofollow noopener\" href=\"https:\/\/tmansmann.abgeordnete.fdpbt.de\/\" data-elementor-open-lightbox=\"no\"><div class=\"uael-grid-img-thumbnail uael-ins-target\"><img loading=\"lazy\" decoding=\"async\" width=\"208\" height=\"312\" src=\"https:\/\/www.toleranzraeume.org\/wp-content\/uploads\/2022\/09\/toleranzraeume-unterstuetzerinnen-mansmann-till.jpg\" class=\"attachment-medium_large size-medium_large wp-image-4204\" alt=\"\" srcset=\"https:\/\/www.toleranzraeume.org\/wp-content\/uploads\/2022\/09\/toleranzraeume-unterstuetzerinnen-mansmann-till.jpg 208w, https:\/\/www.toleranzraeume.org\/wp-content\/uploads\/2022\/09\/toleranzraeume-unterstuetzerinnen-mansmann-till-200x300.jpg 200w\" sizes=\"(max-width: 208px) 100vw, 208px\" \/><\/div><div class=\"uael-grid-img-overlay\"><\/div><\/a><figcaption class=\"uael-grid-img-content\"><div class=\"uael-grid-img-caption\"><h4 class=\"uael-grid-caption-text\"><b>Till Mansmann<\/b><br \/>MdB, FDP<\/h4><\/div><\/figcaption><\/div><\/div><div class=\"uael-grid-item  uael-img-gallery-item-167\"><div class=\"uael-grid-item-content\"><span class=\"uael-grid-img uael-grid-gallery-img uael-ins-hover elementor-clickable\" data-elementor-open-lightbox=\"no\"><div class=\"uael-grid-img-thumbnail uael-ins-target\"><img loading=\"lazy\" decoding=\"async\" width=\"1\" height=\"1\" src=\"https:\/\/www.toleranzraeume.org\/wp-content\/uploads\/2022\/10\/Kachel_blueberry_00001.svg\" class=\"attachment-medium_large size-medium_large wp-image-5174\" alt=\"\" \/><\/div><div class=\"uael-grid-img-overlay\"><\/div><\/span><figcaption class=\"uael-grid-img-content\"><div class=\"uael-grid-img-caption\"><h4 class=\"uael-grid-caption-text\"><b>John Kampfner<\/b><br \/>brit. Autor, Rundfunksprecher u. Kommentator<\/h4><\/div><\/figcaption><\/div><\/div><div class=\"uael-grid-item  uael-img-gallery-item-109\"><div class=\"uael-grid-item-content\"><a class=\"uael-grid-img uael-grid-gallery-img uael-ins-hover elementor-clickable\" target=\"_blank\" rel=\"dofollow\" href=\"www.forum-baukultur-owl.de\" data-elementor-open-lightbox=\"no\"><div class=\"uael-grid-img-thumbnail uael-ins-target\"><img loading=\"lazy\" decoding=\"async\" width=\"1\" height=\"1\" src=\"https:\/\/www.toleranzraeume.org\/wp-content\/uploads\/2022\/10\/Kachel_vital-orange_00007.svg\" class=\"attachment-medium_large size-medium_large wp-image-5240\" alt=\"\" \/><\/div><div class=\"uael-grid-img-overlay\"><\/div><\/a><figcaption class=\"uael-grid-img-content\"><div class=\"uael-grid-img-caption\"><h4 class=\"uael-grid-caption-text\"><b>Dipl.-Ing. Volker Crayen<\/b><br \/>1. Vositzender, Forum Baukultur OWL e.V.<\/h4><\/div><\/figcaption><\/div><\/div><div class=\"uael-grid-item  uael-img-gallery-item-49\"><div class=\"uael-grid-item-content\"><span class=\"uael-grid-img uael-grid-gallery-img uael-ins-hover elementor-clickable\" data-elementor-open-lightbox=\"no\"><div class=\"uael-grid-img-thumbnail uael-ins-target\"><img loading=\"lazy\" decoding=\"async\" width=\"400\" height=\"600\" src=\"https:\/\/www.toleranzraeume.org\/wp-content\/uploads\/2022\/09\/toleranzraeume-unterstuetzerinnen-kopp-herr-regina.jpg\" class=\"attachment-medium_large size-medium_large wp-image-4190\" alt=\"\" srcset=\"https:\/\/www.toleranzraeume.org\/wp-content\/uploads\/2022\/09\/toleranzraeume-unterstuetzerinnen-kopp-herr-regina.jpg 400w, https:\/\/www.toleranzraeume.org\/wp-content\/uploads\/2022\/09\/toleranzraeume-unterstuetzerinnen-kopp-herr-regina-200x300.jpg 200w\" sizes=\"(max-width: 400px) 100vw, 400px\" \/><\/div><div class=\"uael-grid-img-overlay\"><\/div><\/span><figcaption class=\"uael-grid-img-content\"><div class=\"uael-grid-img-caption\"><h4 class=\"uael-grid-caption-text\"><b>Regina Kopp-Herr<\/b><br \/>ehemalige MdL NRW, SPD<\/h4><\/div><\/figcaption><\/div><\/div><div class=\"uael-grid-item  uael-img-gallery-item-79\"><div class=\"uael-grid-item-content\"><a class=\"uael-grid-img uael-grid-gallery-img uael-ins-hover elementor-clickable\" target=\"_blank\" rel=\"dofollow noopener\" href=\"https:\/\/www.kerstin-griese.de\" data-elementor-open-lightbox=\"no\"><div class=\"uael-grid-img-thumbnail uael-ins-target\"><img loading=\"lazy\" decoding=\"async\" width=\"768\" height=\"1152\" src=\"https:\/\/www.toleranzraeume.org\/wp-content\/uploads\/2022\/09\/toleranzraeume-unterstuetzerinnen-griese-kerstin-e1666347441486-768x1152.jpg\" class=\"attachment-medium_large size-medium_large wp-image-4158\" alt=\"\" srcset=\"https:\/\/www.toleranzraeume.org\/wp-content\/uploads\/2022\/09\/toleranzraeume-unterstuetzerinnen-griese-kerstin-e1666347441486-768x1152.jpg 768w, https:\/\/www.toleranzraeume.org\/wp-content\/uploads\/2022\/09\/toleranzraeume-unterstuetzerinnen-griese-kerstin-e1666347441486-200x300.jpg 200w, https:\/\/www.toleranzraeume.org\/wp-content\/uploads\/2022\/09\/toleranzraeume-unterstuetzerinnen-griese-kerstin-e1666347441486-683x1024.jpg 683w, https:\/\/www.toleranzraeume.org\/wp-content\/uploads\/2022\/09\/toleranzraeume-unterstuetzerinnen-griese-kerstin-e1666347441486-1024x1536.jpg 1024w, https:\/\/www.toleranzraeume.org\/wp-content\/uploads\/2022\/09\/toleranzraeume-unterstuetzerinnen-griese-kerstin-e1666347441486-1365x2048.jpg 1365w, https:\/\/www.toleranzraeume.org\/wp-content\/uploads\/2022\/09\/toleranzraeume-unterstuetzerinnen-griese-kerstin-e1666347441486.jpg 1466w\" sizes=\"(max-width: 768px) 100vw, 768px\" \/><\/div><div class=\"uael-grid-img-overlay\"><\/div><\/a><figcaption class=\"uael-grid-img-content\"><div class=\"uael-grid-img-caption\"><h4 class=\"uael-grid-caption-text\"><b>Kerstin Griese<\/b><br \/>MdB, Staatssekret\u00e4rin f\u00fcr Arbeit und Soziales, SPD<\/h4><\/div><\/figcaption><\/div><\/div><div class=\"uael-grid-item  uael-img-gallery-item-101\"><div class=\"uael-grid-item-content\"><a class=\"uael-grid-img uael-grid-gallery-img uael-ins-hover elementor-clickable\" target=\"_blank\" rel=\"dofollow noopener\" href=\"https:\/\/www.irisberben.de\/\" data-elementor-open-lightbox=\"no\"><div class=\"uael-grid-img-thumbnail uael-ins-target\"><img loading=\"lazy\" decoding=\"async\" width=\"533\" height=\"799\" src=\"https:\/\/www.toleranzraeume.org\/wp-content\/uploads\/2022\/09\/toleranzraeume-unterstuetzerinnen-berben-iris.jpg\" class=\"attachment-medium_large size-medium_large wp-image-4126\" alt=\"\" srcset=\"https:\/\/www.toleranzraeume.org\/wp-content\/uploads\/2022\/09\/toleranzraeume-unterstuetzerinnen-berben-iris.jpg 533w, https:\/\/www.toleranzraeume.org\/wp-content\/uploads\/2022\/09\/toleranzraeume-unterstuetzerinnen-berben-iris-200x300.jpg 200w\" sizes=\"(max-width: 533px) 100vw, 533px\" \/><\/div><div class=\"uael-grid-img-overlay\"><\/div><\/a><figcaption class=\"uael-grid-img-content\"><div class=\"uael-grid-img-caption\"><h4 class=\"uael-grid-caption-text\"><b>Iris Berben<\/b><br \/>Schauspielerin<\/h4><\/div><\/figcaption><\/div><\/div><div class=\"uael-grid-item  uael-img-gallery-item-42\"><div class=\"uael-grid-item-content\"><a class=\"uael-grid-img uael-grid-gallery-img uael-ins-hover elementor-clickable\" target=\"_blank\" rel=\"dofollow noopener\" href=\"https:\/\/www.land.nrw\/antisemitismusbeauftragte\" data-elementor-open-lightbox=\"no\"><div class=\"uael-grid-img-thumbnail uael-ins-target\"><img loading=\"lazy\" decoding=\"async\" width=\"353\" height=\"530\" src=\"https:\/\/www.toleranzraeume.org\/wp-content\/uploads\/2022\/09\/toleranzraeume-unterstuetzerinnen-leutheusser-schnarrenberger-sabine.jpg\" class=\"attachment-medium_large size-medium_large wp-image-4198\" alt=\"\" srcset=\"https:\/\/www.toleranzraeume.org\/wp-content\/uploads\/2022\/09\/toleranzraeume-unterstuetzerinnen-leutheusser-schnarrenberger-sabine.jpg 353w, https:\/\/www.toleranzraeume.org\/wp-content\/uploads\/2022\/09\/toleranzraeume-unterstuetzerinnen-leutheusser-schnarrenberger-sabine-200x300.jpg 200w\" sizes=\"(max-width: 353px) 100vw, 353px\" \/><\/div><div class=\"uael-grid-img-overlay\"><\/div><\/a><figcaption class=\"uael-grid-img-content\"><div class=\"uael-grid-img-caption\"><h4 class=\"uael-grid-caption-text\"><b>Sabine Leutheusser-Schnarrenberger<\/b><br \/>Antisemitismusbeauftragte, Land NRW<br \/><span style=\"font-size:0.8em\">\u00a9 Tobias Koch<\/span><\/h4><\/div><\/figcaption><\/div><\/div><div class=\"uael-grid-item  uael-img-gallery-item-54\"><div class=\"uael-grid-item-content\"><a class=\"uael-grid-img uael-grid-gallery-img uael-ins-hover elementor-clickable\" target=\"_blank\" rel=\"dofollow noopener\" href=\"https:\/\/www.hfm-detmold.de\/\" data-elementor-open-lightbox=\"no\"><div class=\"uael-grid-img-thumbnail uael-ins-target\"><img loading=\"lazy\" decoding=\"async\" width=\"768\" height=\"1152\" src=\"https:\/\/www.toleranzraeume.org\/wp-content\/uploads\/2022\/09\/toleranzraeume-unterstuetzerinnen-kleinert-christian-768x1152.jpg\" class=\"attachment-medium_large size-medium_large wp-image-4185\" alt=\"\" srcset=\"https:\/\/www.toleranzraeume.org\/wp-content\/uploads\/2022\/09\/toleranzraeume-unterstuetzerinnen-kleinert-christian-768x1152.jpg 768w, https:\/\/www.toleranzraeume.org\/wp-content\/uploads\/2022\/09\/toleranzraeume-unterstuetzerinnen-kleinert-christian-200x300.jpg 200w, https:\/\/www.toleranzraeume.org\/wp-content\/uploads\/2022\/09\/toleranzraeume-unterstuetzerinnen-kleinert-christian-683x1024.jpg 683w, https:\/\/www.toleranzraeume.org\/wp-content\/uploads\/2022\/09\/toleranzraeume-unterstuetzerinnen-kleinert-christian-1024x1536.jpg 1024w, https:\/\/www.toleranzraeume.org\/wp-content\/uploads\/2022\/09\/toleranzraeume-unterstuetzerinnen-kleinert-christian-1366x2048.jpg 1366w, https:\/\/www.toleranzraeume.org\/wp-content\/uploads\/2022\/09\/toleranzraeume-unterstuetzerinnen-kleinert-christian-scaled.jpg 1707w\" sizes=\"(max-width: 768px) 100vw, 768px\" \/><\/div><div class=\"uael-grid-img-overlay\"><\/div><\/a><figcaption class=\"uael-grid-img-content\"><div class=\"uael-grid-img-caption\"><h4 class=\"uael-grid-caption-text\"><b>Christian Kleinert<\/b><br \/>Schauspieler, Dozent, HfM Detmold<\/h4><\/div><\/figcaption><\/div><\/div><div class=\"uael-grid-item  uael-img-gallery-item-141\"><div class=\"uael-grid-item-content\"><a class=\"uael-grid-img uael-grid-gallery-img uael-ins-hover elementor-clickable\" target=\"_blank\" rel=\"dofollow noopener\" href=\"https:\/\/www.hochsauerlandkreis.de\/hochsauerlandkreis\" data-elementor-open-lightbox=\"no\"><div class=\"uael-grid-img-thumbnail uael-ins-target\"><img loading=\"lazy\" decoding=\"async\" width=\"1\" height=\"1\" src=\"https:\/\/www.toleranzraeume.org\/wp-content\/uploads\/2022\/10\/Kachel_light-orange_00005.svg\" class=\"attachment-medium_large size-medium_large wp-image-5208\" alt=\"\" \/><\/div><div class=\"uael-grid-img-overlay\"><\/div><\/a><figcaption class=\"uael-grid-img-content\"><div class=\"uael-grid-img-caption\"><h4 class=\"uael-grid-caption-text\"><b>Dr. Karl Schneider<\/b><br \/>Landrat Hochsauerlandkreis<\/h4><\/div><\/figcaption><\/div><\/div><div class=\"uael-grid-item  uael-img-gallery-item-2\"><div class=\"uael-grid-item-content\"><span class=\"uael-grid-img uael-grid-gallery-img uael-ins-hover elementor-clickable\" data-elementor-open-lightbox=\"no\"><div class=\"uael-grid-img-thumbnail uael-ins-target\"><img loading=\"lazy\" decoding=\"async\" width=\"768\" height=\"1152\" src=\"https:\/\/www.toleranzraeume.org\/wp-content\/uploads\/2022\/09\/toleranzraeume-unterstuetzerinnen-willkomm-katharina-768x1152.jpg\" class=\"attachment-medium_large size-medium_large wp-image-4246\" alt=\"\" srcset=\"https:\/\/www.toleranzraeume.org\/wp-content\/uploads\/2022\/09\/toleranzraeume-unterstuetzerinnen-willkomm-katharina-768x1152.jpg 768w, https:\/\/www.toleranzraeume.org\/wp-content\/uploads\/2022\/09\/toleranzraeume-unterstuetzerinnen-willkomm-katharina-200x300.jpg 200w, https:\/\/www.toleranzraeume.org\/wp-content\/uploads\/2022\/09\/toleranzraeume-unterstuetzerinnen-willkomm-katharina-683x1024.jpg 683w, https:\/\/www.toleranzraeume.org\/wp-content\/uploads\/2022\/09\/toleranzraeume-unterstuetzerinnen-willkomm-katharina-1024x1536.jpg 1024w, https:\/\/www.toleranzraeume.org\/wp-content\/uploads\/2022\/09\/toleranzraeume-unterstuetzerinnen-willkomm-katharina-1365x2048.jpg 1365w, https:\/\/www.toleranzraeume.org\/wp-content\/uploads\/2022\/09\/toleranzraeume-unterstuetzerinnen-willkomm-katharina-scaled.jpg 1707w\" sizes=\"(max-width: 768px) 100vw, 768px\" \/><\/div><div class=\"uael-grid-img-overlay\"><\/div><\/span><figcaption class=\"uael-grid-img-content\"><div class=\"uael-grid-img-caption\"><h4 class=\"uael-grid-caption-text\"><b>Katharina Willkomm<\/b><br \/>ehemalige MdB<\/h4><\/div><\/figcaption><\/div><\/div><div class=\"uael-grid-item  uael-img-gallery-item-129\"><div class=\"uael-grid-item-content\"><a class=\"uael-grid-img uael-grid-gallery-img uael-ins-hover elementor-clickable\" target=\"_blank\" rel=\"dofollow\" href=\"www.difek.de\" data-elementor-open-lightbox=\"no\"><div class=\"uael-grid-img-thumbnail uael-ins-target\"><img loading=\"lazy\" decoding=\"async\" width=\"1\" height=\"1\" src=\"https:\/\/www.toleranzraeume.org\/wp-content\/uploads\/2022\/10\/Kachel_lightgrey-cyan_00007.svg\" class=\"attachment-medium_large size-medium_large wp-image-5220\" alt=\"\" \/><\/div><div class=\"uael-grid-img-overlay\"><\/div><\/a><figcaption class=\"uael-grid-img-content\"><div class=\"uael-grid-img-caption\"><h4 class=\"uael-grid-caption-text\"><b>Dr. Sarah Kass<\/b><br \/>Leiterin Deutsches Institut f\u00fcr Erinnerungskultur<\/h4><\/div><\/figcaption><\/div><\/div><div class=\"uael-grid-item  uael-img-gallery-item-34\"><div class=\"uael-grid-item-content\"><span class=\"uael-grid-img uael-grid-gallery-img uael-ins-hover elementor-clickable\" data-elementor-open-lightbox=\"no\"><div class=\"uael-grid-img-thumbnail uael-ins-target\"><img loading=\"lazy\" decoding=\"async\" width=\"372\" height=\"558\" src=\"https:\/\/www.toleranzraeume.org\/wp-content\/uploads\/2022\/09\/toleranzraeume-unterstuetzerinnen-neisinger-thomas.jpg\" class=\"attachment-medium_large size-medium_large wp-image-4208\" alt=\"\" srcset=\"https:\/\/www.toleranzraeume.org\/wp-content\/uploads\/2022\/09\/toleranzraeume-unterstuetzerinnen-neisinger-thomas.jpg 372w, https:\/\/www.toleranzraeume.org\/wp-content\/uploads\/2022\/09\/toleranzraeume-unterstuetzerinnen-neisinger-thomas-200x300.jpg 200w\" sizes=\"(max-width: 372px) 100vw, 372px\" \/><\/div><div class=\"uael-grid-img-overlay\"><\/div><\/span><figcaption class=\"uael-grid-img-content\"><div class=\"uael-grid-img-caption\"><h4 class=\"uael-grid-caption-text\"><b>Thomas Neisinger<\/b><br \/>Deutscher Botschafter a.D.<\/h4><\/div><\/figcaption><\/div><\/div><div class=\"uael-grid-item  uael-img-gallery-item-139\"><div class=\"uael-grid-item-content\"><a class=\"uael-grid-img uael-grid-gallery-img uael-ins-hover elementor-clickable\" target=\"_blank\" rel=\"dofollow noopener\" href=\"https:\/\/www.gfcjz-lippe.de\/\" data-elementor-open-lightbox=\"no\"><div class=\"uael-grid-img-thumbnail uael-ins-target\"><img loading=\"lazy\" decoding=\"async\" width=\"1\" height=\"1\" src=\"https:\/\/www.toleranzraeume.org\/wp-content\/uploads\/2022\/10\/Kachel_light-orange_00006.svg\" class=\"attachment-medium_large size-medium_large wp-image-5209\" alt=\"\" \/><\/div><div class=\"uael-grid-img-overlay\"><\/div><\/a><figcaption class=\"uael-grid-img-content\"><div class=\"uael-grid-img-caption\"><h4 class=\"uael-grid-caption-text\"><b>Micheline Pr\u00fcter-M\u00fcller<\/b><br \/>Gesch\u00e4ftsf\u00fchrerin, GFCJZ<\/h4><\/div><\/figcaption><\/div><\/div><div class=\"uael-grid-item  uael-img-gallery-item-81\"><div class=\"uael-grid-item-content\"><a class=\"uael-grid-img uael-grid-gallery-img uael-ins-hover elementor-clickable\" target=\"_blank\" rel=\"dofollow\" href=\"www.kai-gehring.de\" data-elementor-open-lightbox=\"no\"><div class=\"uael-grid-img-thumbnail uael-ins-target\"><img loading=\"lazy\" decoding=\"async\" width=\"768\" height=\"1152\" src=\"https:\/\/www.toleranzraeume.org\/wp-content\/uploads\/2022\/09\/toleranzraeume-unterstuetzerinnen-gehring-kai-e1666347154115-768x1152.jpg\" class=\"attachment-medium_large size-medium_large wp-image-4155\" alt=\"\" srcset=\"https:\/\/www.toleranzraeume.org\/wp-content\/uploads\/2022\/09\/toleranzraeume-unterstuetzerinnen-gehring-kai-e1666347154115-768x1152.jpg 768w, https:\/\/www.toleranzraeume.org\/wp-content\/uploads\/2022\/09\/toleranzraeume-unterstuetzerinnen-gehring-kai-e1666347154115-200x300.jpg 200w, https:\/\/www.toleranzraeume.org\/wp-content\/uploads\/2022\/09\/toleranzraeume-unterstuetzerinnen-gehring-kai-e1666347154115-683x1024.jpg 683w, https:\/\/www.toleranzraeume.org\/wp-content\/uploads\/2022\/09\/toleranzraeume-unterstuetzerinnen-gehring-kai-e1666347154115.jpg 1024w\" sizes=\"(max-width: 768px) 100vw, 768px\" \/><\/div><div class=\"uael-grid-img-overlay\"><\/div><\/a><figcaption class=\"uael-grid-img-content\"><div class=\"uael-grid-img-caption\"><h4 class=\"uael-grid-caption-text\"><b>Kai Gehring<\/b><br \/>MdB, B\u00fcndnis 90\/Die Gr\u00fcnen<\/h4><\/div><\/figcaption><\/div><\/div><div class=\"uael-grid-item  uael-img-gallery-item-153\"><div class=\"uael-grid-item-content\"><span class=\"uael-grid-img uael-grid-gallery-img uael-ins-hover elementor-clickable\" data-elementor-open-lightbox=\"no\"><div class=\"uael-grid-img-thumbnail uael-ins-target\"><img loading=\"lazy\" decoding=\"async\" width=\"1\" height=\"1\" src=\"https:\/\/www.toleranzraeume.org\/wp-content\/uploads\/2022\/10\/Kachel_dynamic-red_00002.svg\" class=\"attachment-medium_large size-medium_large wp-image-5195\" alt=\"\" \/><\/div><div class=\"uael-grid-img-overlay\"><\/div><\/span><figcaption class=\"uael-grid-img-content\"><div class=\"uael-grid-img-caption\"><h4 class=\"uael-grid-caption-text\"><b>Josepha Wallbrecher<\/b><br \/>Inhaberin, Kl\u00f6sterl Apotheke<\/h4><\/div><\/figcaption><\/div><\/div><div class=\"uael-grid-item  uael-img-gallery-item-62\"><div class=\"uael-grid-item-content\"><a class=\"uael-grid-img uael-grid-gallery-img uael-ins-hover elementor-clickable\" target=\"_blank\" rel=\"dofollow noopener\" href=\"https:\/\/gjensen.abgeordnete.fdpbt.de\/\" data-elementor-open-lightbox=\"no\"><div class=\"uael-grid-img-thumbnail uael-ins-target\"><img loading=\"lazy\" decoding=\"async\" width=\"272\" height=\"408\" src=\"https:\/\/www.toleranzraeume.org\/wp-content\/uploads\/2022\/09\/toleranzraeume-unterstuetzerinnen-jensen-gyde.jpg\" class=\"attachment-medium_large size-medium_large wp-image-4176\" alt=\"\" srcset=\"https:\/\/www.toleranzraeume.org\/wp-content\/uploads\/2022\/09\/toleranzraeume-unterstuetzerinnen-jensen-gyde.jpg 272w, https:\/\/www.toleranzraeume.org\/wp-content\/uploads\/2022\/09\/toleranzraeume-unterstuetzerinnen-jensen-gyde-200x300.jpg 200w\" sizes=\"(max-width: 272px) 100vw, 272px\" \/><\/div><div class=\"uael-grid-img-overlay\"><\/div><\/a><figcaption class=\"uael-grid-img-content\"><div class=\"uael-grid-img-caption\"><h4 class=\"uael-grid-caption-text\"><b>Gyde Jensen<\/b><br \/>MdB, FDP<\/h4><\/div><\/figcaption><\/div><\/div><div class=\"uael-grid-item  uael-img-gallery-item-130\"><div class=\"uael-grid-item-content\"><span class=\"uael-grid-img uael-grid-gallery-img uael-ins-hover elementor-clickable\" data-elementor-open-lightbox=\"no\"><div class=\"uael-grid-img-thumbnail uael-ins-target\"><img loading=\"lazy\" decoding=\"async\" width=\"1\" height=\"1\" src=\"https:\/\/www.toleranzraeume.org\/wp-content\/uploads\/2022\/10\/Kachel_lightgrey-cyan_00005.svg\" class=\"attachment-medium_large size-medium_large wp-image-5218\" alt=\"\" \/><\/div><div class=\"uael-grid-img-overlay\"><\/div><\/span><figcaption class=\"uael-grid-img-content\"><div class=\"uael-grid-img-caption\"><h4 class=\"uael-grid-caption-text\"><b>Gudrun Mitschke-Buchholz<\/b><br \/>Historikerin<\/h4><\/div><\/figcaption><\/div><\/div><div class=\"uael-grid-item  uael-img-gallery-item-150\"><div class=\"uael-grid-item-content\"><a class=\"uael-grid-img uael-grid-gallery-img uael-ins-hover elementor-clickable\" target=\"_blank\" rel=\"dofollow noopener\" href=\"https:\/\/www.uni-paderborn.de\/\" data-elementor-open-lightbox=\"no\"><div class=\"uael-grid-img-thumbnail uael-ins-target\"><img loading=\"lazy\" decoding=\"async\" width=\"1\" height=\"1\" src=\"https:\/\/www.toleranzraeume.org\/wp-content\/uploads\/2022\/10\/Kachel_dynamic-red_00005.svg\" class=\"attachment-medium_large size-medium_large wp-image-5198\" alt=\"\" \/><\/div><div class=\"uael-grid-img-overlay\"><\/div><\/a><figcaption class=\"uael-grid-img-content\"><div class=\"uael-grid-img-caption\"><h4 class=\"uael-grid-caption-text\"><b>Prof. Dr. Ulrich Schwerdt<\/b><br \/>Erziehungswissenschaftler, Universit\u00e4t Paderborn<\/h4><\/div><\/figcaption><\/div><\/div><div class=\"uael-grid-item  uael-img-gallery-item-134\"><div class=\"uael-grid-item-content\"><span class=\"uael-grid-img uael-grid-gallery-img uael-ins-hover elementor-clickable\" data-elementor-open-lightbox=\"no\"><div class=\"uael-grid-img-thumbnail uael-ins-target\"><img loading=\"lazy\" decoding=\"async\" width=\"1\" height=\"1\" src=\"https:\/\/www.toleranzraeume.org\/wp-content\/uploads\/2022\/10\/Kachel_lightgrey-cyan_00001.svg\" class=\"attachment-medium_large size-medium_large wp-image-5214\" alt=\"\" \/><\/div><div class=\"uael-grid-img-overlay\"><\/div><\/span><figcaption class=\"uael-grid-img-content\"><div class=\"uael-grid-img-caption\"><h4 class=\"uael-grid-caption-text\"><b>Christoph Laue<\/b><br \/>Stadtarchivar, Stadt Herford<\/h4><\/div><\/figcaption><\/div><\/div><div class=\"uael-grid-item  uael-img-gallery-item-24\"><div class=\"uael-grid-item-content\"><span class=\"uael-grid-img uael-grid-gallery-img uael-ins-hover elementor-clickable\" data-elementor-open-lightbox=\"no\"><div class=\"uael-grid-img-thumbnail uael-ins-target\"><img loading=\"lazy\" decoding=\"async\" width=\"402\" height=\"602\" src=\"https:\/\/www.toleranzraeume.org\/wp-content\/uploads\/2022\/09\/toleranzraeume-unterstuetzerinnen-roemer-duque-omar-david.png\" class=\"attachment-medium_large size-medium_large wp-image-4219\" alt=\"\" srcset=\"https:\/\/www.toleranzraeume.org\/wp-content\/uploads\/2022\/09\/toleranzraeume-unterstuetzerinnen-roemer-duque-omar-david.png 402w, https:\/\/www.toleranzraeume.org\/wp-content\/uploads\/2022\/09\/toleranzraeume-unterstuetzerinnen-roemer-duque-omar-david-200x300.png 200w\" sizes=\"(max-width: 402px) 100vw, 402px\" \/><\/div><div class=\"uael-grid-img-overlay\"><\/div><\/span><figcaption class=\"uael-grid-img-content\"><div class=\"uael-grid-img-caption\"><h4 class=\"uael-grid-caption-text\"><b>Omar David R\u00f6mer Duque<\/b><br \/>Musiker, S\u00e4nger, K\u00fcnstler<\/h4><\/div><\/figcaption><\/div><\/div><div class=\"uael-grid-item  uael-img-gallery-item-15\"><div class=\"uael-grid-item-content\"><a class=\"uael-grid-img uael-grid-gallery-img uael-ins-hover elementor-clickable\" target=\"_blank\" rel=\"dofollow noopener\" href=\"https:\/\/stefan-schwartze.de\/\" data-elementor-open-lightbox=\"no\"><div class=\"uael-grid-img-thumbnail uael-ins-target\"><img loading=\"lazy\" decoding=\"async\" width=\"253\" height=\"379\" src=\"https:\/\/www.toleranzraeume.org\/wp-content\/uploads\/2022\/09\/toleranzraeume-unterstuetzerinnen-schwartze-stefan.jpg\" class=\"attachment-medium_large size-medium_large wp-image-4229\" alt=\"\" srcset=\"https:\/\/www.toleranzraeume.org\/wp-content\/uploads\/2022\/09\/toleranzraeume-unterstuetzerinnen-schwartze-stefan.jpg 253w, https:\/\/www.toleranzraeume.org\/wp-content\/uploads\/2022\/09\/toleranzraeume-unterstuetzerinnen-schwartze-stefan-200x300.jpg 200w\" sizes=\"(max-width: 253px) 100vw, 253px\" \/><\/div><div class=\"uael-grid-img-overlay\"><\/div><\/a><figcaption class=\"uael-grid-img-content\"><div class=\"uael-grid-img-caption\"><h4 class=\"uael-grid-caption-text\"><b>Stefan Schwartze<\/b><br \/>MdB, SPD<\/h4><\/div><\/figcaption><\/div><\/div><div class=\"uael-grid-item  uael-img-gallery-item-58\"><div class=\"uael-grid-item-content\"><a class=\"uael-grid-img uael-grid-gallery-img uael-ins-hover elementor-clickable\" target=\"_blank\" rel=\"dofollow noopener\" href=\"https:\/\/www.dfb.de\" data-elementor-open-lightbox=\"no\"><div class=\"uael-grid-img-thumbnail uael-ins-target\"><img loading=\"lazy\" decoding=\"async\" width=\"285\" height=\"427\" src=\"https:\/\/www.toleranzraeume.org\/wp-content\/uploads\/2022\/09\/toleranzraeume-unterstuetzerinnen-keller-fritz.jpg\" class=\"attachment-medium_large size-medium_large wp-image-4180\" alt=\"\" srcset=\"https:\/\/www.toleranzraeume.org\/wp-content\/uploads\/2022\/09\/toleranzraeume-unterstuetzerinnen-keller-fritz.jpg 285w, https:\/\/www.toleranzraeume.org\/wp-content\/uploads\/2022\/09\/toleranzraeume-unterstuetzerinnen-keller-fritz-200x300.jpg 200w\" sizes=\"(max-width: 285px) 100vw, 285px\" \/><\/div><div class=\"uael-grid-img-overlay\"><\/div><\/a><figcaption class=\"uael-grid-img-content\"><div class=\"uael-grid-img-caption\"><h4 class=\"uael-grid-caption-text\"><b>Fritz Keller<\/b><br \/>ehemaliger Pr\u00e4sident, DFB<\/h4><\/div><\/figcaption><\/div><\/div><div class=\"uael-grid-item  uael-img-gallery-item-92\"><div class=\"uael-grid-item-content\"><a class=\"uael-grid-img uael-grid-gallery-img uael-ins-hover elementor-clickable\" target=\"_blank\" rel=\"dofollow noopener\" href=\"https:\/\/www.christian-dahm.de\/\" data-elementor-open-lightbox=\"no\"><div class=\"uael-grid-img-thumbnail uael-ins-target\"><img loading=\"lazy\" decoding=\"async\" width=\"285\" height=\"427\" src=\"https:\/\/www.toleranzraeume.org\/wp-content\/uploads\/2022\/09\/toleranzraeume-unterstuetzerinnen-dahm-christian.jpg\" class=\"attachment-medium_large size-medium_large wp-image-4138\" alt=\"\" srcset=\"https:\/\/www.toleranzraeume.org\/wp-content\/uploads\/2022\/09\/toleranzraeume-unterstuetzerinnen-dahm-christian.jpg 285w, https:\/\/www.toleranzraeume.org\/wp-content\/uploads\/2022\/09\/toleranzraeume-unterstuetzerinnen-dahm-christian-200x300.jpg 200w\" sizes=\"(max-width: 285px) 100vw, 285px\" \/><\/div><div class=\"uael-grid-img-overlay\"><\/div><\/a><figcaption class=\"uael-grid-img-content\"><div class=\"uael-grid-img-caption\"><h4 class=\"uael-grid-caption-text\"><b>Christian Dahm<\/b><br \/>MdL, SPD<\/h4><\/div><\/figcaption><\/div><\/div><div class=\"uael-grid-item  uael-img-gallery-item-3\"><div class=\"uael-grid-item-content\"><a class=\"uael-grid-img uael-grid-gallery-img uael-ins-hover elementor-clickable\" target=\"_blank\" rel=\"dofollow noopener\" href=\"https:\/\/www.sandra-weeser.de\/\" data-elementor-open-lightbox=\"no\"><div class=\"uael-grid-img-thumbnail uael-ins-target\"><img loading=\"lazy\" decoding=\"async\" width=\"768\" height=\"1150\" src=\"https:\/\/www.toleranzraeume.org\/wp-content\/uploads\/2022\/09\/toleranzraeume-unterstuetzerinnen-weeser-sandra-768x1150.jpg\" class=\"attachment-medium_large size-medium_large wp-image-4244\" alt=\"\" srcset=\"https:\/\/www.toleranzraeume.org\/wp-content\/uploads\/2022\/09\/toleranzraeume-unterstuetzerinnen-weeser-sandra-768x1150.jpg 768w, https:\/\/www.toleranzraeume.org\/wp-content\/uploads\/2022\/09\/toleranzraeume-unterstuetzerinnen-weeser-sandra-200x300.jpg 200w, https:\/\/www.toleranzraeume.org\/wp-content\/uploads\/2022\/09\/toleranzraeume-unterstuetzerinnen-weeser-sandra-684x1024.jpg 684w, https:\/\/www.toleranzraeume.org\/wp-content\/uploads\/2022\/09\/toleranzraeume-unterstuetzerinnen-weeser-sandra-1026x1536.jpg 1026w, https:\/\/www.toleranzraeume.org\/wp-content\/uploads\/2022\/09\/toleranzraeume-unterstuetzerinnen-weeser-sandra.jpg 1115w\" sizes=\"(max-width: 768px) 100vw, 768px\" \/><\/div><div class=\"uael-grid-img-overlay\"><\/div><\/a><figcaption class=\"uael-grid-img-content\"><div class=\"uael-grid-img-caption\"><h4 class=\"uael-grid-caption-text\"><b>Sandra Weeser<\/b><br \/>MdB, FDP<\/h4><\/div><\/figcaption><\/div><\/div><div class=\"uael-grid-item  uael-img-gallery-item-17\"><div class=\"uael-grid-item-content\"><a class=\"uael-grid-img uael-grid-gallery-img uael-ins-hover elementor-clickable\" target=\"_blank\" rel=\"dofollow noopener\" href=\"https:\/\/www.uni-paderborn.de\/\" data-elementor-open-lightbox=\"no\"><div class=\"uael-grid-img-thumbnail uael-ins-target\"><img loading=\"lazy\" decoding=\"async\" width=\"286\" height=\"429\" src=\"https:\/\/www.toleranzraeume.org\/wp-content\/uploads\/2022\/09\/toleranzraeume-unterstuetzerinnen-schuster-prof-dr-britt-marie.jpg\" class=\"attachment-medium_large size-medium_large wp-image-4227\" alt=\"\" srcset=\"https:\/\/www.toleranzraeume.org\/wp-content\/uploads\/2022\/09\/toleranzraeume-unterstuetzerinnen-schuster-prof-dr-britt-marie.jpg 286w, https:\/\/www.toleranzraeume.org\/wp-content\/uploads\/2022\/09\/toleranzraeume-unterstuetzerinnen-schuster-prof-dr-britt-marie-200x300.jpg 200w\" sizes=\"(max-width: 286px) 100vw, 286px\" \/><\/div><div class=\"uael-grid-img-overlay\"><\/div><\/a><figcaption class=\"uael-grid-img-content\"><div class=\"uael-grid-img-caption\"><h4 class=\"uael-grid-caption-text\"><b>Prof. Dr. Britt-Marie Schuster<\/b><br \/>Professorin, Universit\u00e4t Paderborn<\/h4><\/div><\/figcaption><\/div><\/div><div class=\"uael-grid-item  uael-img-gallery-item-53\"><div class=\"uael-grid-item-content\"><a class=\"uael-grid-img uael-grid-gallery-img uael-ins-hover elementor-clickable\" target=\"_blank\" rel=\"dofollow noopener\" href=\"https:\/\/www.lars-klingbeil.de\/\" data-elementor-open-lightbox=\"no\"><div class=\"uael-grid-img-thumbnail uael-ins-target\"><img loading=\"lazy\" decoding=\"async\" width=\"768\" height=\"1153\" src=\"https:\/\/www.toleranzraeume.org\/wp-content\/uploads\/2022\/09\/toleranzraeume-unterstuetzerinnen-klingbeil-lars-768x1153.jpg\" class=\"attachment-medium_large size-medium_large wp-image-4186\" alt=\"\" srcset=\"https:\/\/www.toleranzraeume.org\/wp-content\/uploads\/2022\/09\/toleranzraeume-unterstuetzerinnen-klingbeil-lars-768x1153.jpg 768w, https:\/\/www.toleranzraeume.org\/wp-content\/uploads\/2022\/09\/toleranzraeume-unterstuetzerinnen-klingbeil-lars-200x300.jpg 200w, https:\/\/www.toleranzraeume.org\/wp-content\/uploads\/2022\/09\/toleranzraeume-unterstuetzerinnen-klingbeil-lars-682x1024.jpg 682w, https:\/\/www.toleranzraeume.org\/wp-content\/uploads\/2022\/09\/toleranzraeume-unterstuetzerinnen-klingbeil-lars-1023x1536.jpg 1023w, https:\/\/www.toleranzraeume.org\/wp-content\/uploads\/2022\/09\/toleranzraeume-unterstuetzerinnen-klingbeil-lars.jpg 1128w\" sizes=\"(max-width: 768px) 100vw, 768px\" \/><\/div><div class=\"uael-grid-img-overlay\"><\/div><\/a><figcaption class=\"uael-grid-img-content\"><div class=\"uael-grid-img-caption\"><h4 class=\"uael-grid-caption-text\"><b>Lars Klingbeil<\/b><br \/>MdB, Bundesvorsitzender, SPD<\/h4><\/div><\/figcaption><\/div><\/div><div class=\"uael-grid-item  uael-img-gallery-item-131\"><div class=\"uael-grid-item-content\"><span class=\"uael-grid-img uael-grid-gallery-img uael-ins-hover elementor-clickable\" data-elementor-open-lightbox=\"no\"><div class=\"uael-grid-img-thumbnail uael-ins-target\"><img loading=\"lazy\" decoding=\"async\" width=\"1\" height=\"1\" src=\"https:\/\/www.toleranzraeume.org\/wp-content\/uploads\/2022\/10\/Kachel_lightgrey-cyan_00004.svg\" class=\"attachment-medium_large size-medium_large wp-image-5217\" alt=\"\" \/><\/div><div class=\"uael-grid-img-overlay\"><\/div><\/span><figcaption class=\"uael-grid-img-content\"><div class=\"uael-grid-img-caption\"><h4 class=\"uael-grid-caption-text\"><b>Ulrich Matthes<\/b><br \/>Schauspieler<\/h4><\/div><\/figcaption><\/div><\/div><div class=\"uael-grid-item  uael-img-gallery-item-32\"><div class=\"uael-grid-item-content\"><span class=\"uael-grid-img uael-grid-gallery-img uael-ins-hover elementor-clickable\" data-elementor-open-lightbox=\"no\"><div class=\"uael-grid-img-thumbnail uael-ins-target\"><img loading=\"lazy\" decoding=\"async\" width=\"253\" height=\"379\" src=\"https:\/\/www.toleranzraeume.org\/wp-content\/uploads\/2022\/09\/toleranzraeume-unterstuetzerinnen-nissen-ulli.jpg\" class=\"attachment-medium_large size-medium_large wp-image-4211\" alt=\"\" srcset=\"https:\/\/www.toleranzraeume.org\/wp-content\/uploads\/2022\/09\/toleranzraeume-unterstuetzerinnen-nissen-ulli.jpg 253w, https:\/\/www.toleranzraeume.org\/wp-content\/uploads\/2022\/09\/toleranzraeume-unterstuetzerinnen-nissen-ulli-200x300.jpg 200w\" sizes=\"(max-width: 253px) 100vw, 253px\" \/><\/div><div class=\"uael-grid-img-overlay\"><\/div><\/span><figcaption class=\"uael-grid-img-content\"><div class=\"uael-grid-img-caption\"><h4 class=\"uael-grid-caption-text\"><b>Ulli Nissen<\/b><br \/>ehemalige MdB, SPD<\/h4><\/div><\/figcaption><\/div><\/div><div class=\"uael-grid-item  uael-img-gallery-item-4\"><div class=\"uael-grid-item-content\"><a class=\"uael-grid-img uael-grid-gallery-img uael-ins-hover elementor-clickable\" target=\"_blank\" rel=\"dofollow noopener\" href=\"https:\/\/robin-wagener.de\/\" data-elementor-open-lightbox=\"no\"><div class=\"uael-grid-img-thumbnail uael-ins-target\"><img loading=\"lazy\" decoding=\"async\" width=\"768\" height=\"1152\" src=\"https:\/\/www.toleranzraeume.org\/wp-content\/uploads\/2022\/09\/toleranzraeume-unterstuetzerinnen-wagener-robin-768x1152.jpg\" class=\"attachment-medium_large size-medium_large wp-image-4243\" alt=\"\" srcset=\"https:\/\/www.toleranzraeume.org\/wp-content\/uploads\/2022\/09\/toleranzraeume-unterstuetzerinnen-wagener-robin-768x1152.jpg 768w, https:\/\/www.toleranzraeume.org\/wp-content\/uploads\/2022\/09\/toleranzraeume-unterstuetzerinnen-wagener-robin-200x300.jpg 200w, https:\/\/www.toleranzraeume.org\/wp-content\/uploads\/2022\/09\/toleranzraeume-unterstuetzerinnen-wagener-robin-683x1024.jpg 683w, https:\/\/www.toleranzraeume.org\/wp-content\/uploads\/2022\/09\/toleranzraeume-unterstuetzerinnen-wagener-robin-1024x1536.jpg 1024w, https:\/\/www.toleranzraeume.org\/wp-content\/uploads\/2022\/09\/toleranzraeume-unterstuetzerinnen-wagener-robin-1365x2048.jpg 1365w, https:\/\/www.toleranzraeume.org\/wp-content\/uploads\/2022\/09\/toleranzraeume-unterstuetzerinnen-wagener-robin-scaled.jpg 1706w\" sizes=\"(max-width: 768px) 100vw, 768px\" \/><\/div><div class=\"uael-grid-img-overlay\"><\/div><\/a><figcaption class=\"uael-grid-img-content\"><div class=\"uael-grid-img-caption\"><h4 class=\"uael-grid-caption-text\"><b>Robin Wagener<\/b><br \/>MdB, B\u00fcndnis 90\/Die Gr\u00fcnen<br \/><span style=\"font-size:0.8em\">\u00a9 Gr\u00fcne im Bundestag, S. Kaminski<\/span><\/h4><\/div><\/figcaption><\/div><\/div><div class=\"uael-grid-item  uael-img-gallery-item-63\"><div class=\"uael-grid-item-content\"><a class=\"uael-grid-img uael-grid-gallery-img uael-ins-hover elementor-clickable\" target=\"_blank\" rel=\"dofollow noopener\" href=\"https:\/\/www.reinhard-houben.de\" data-elementor-open-lightbox=\"no\"><div class=\"uael-grid-img-thumbnail uael-ins-target\"><img loading=\"lazy\" decoding=\"async\" width=\"768\" height=\"1152\" src=\"https:\/\/www.toleranzraeume.org\/wp-content\/uploads\/2022\/09\/toleranzraeume-unterstuetzerinnen-houben-reinhard-768x1152.jpg\" class=\"attachment-medium_large size-medium_large wp-image-4174\" alt=\"\" srcset=\"https:\/\/www.toleranzraeume.org\/wp-content\/uploads\/2022\/09\/toleranzraeume-unterstuetzerinnen-houben-reinhard-768x1152.jpg 768w, https:\/\/www.toleranzraeume.org\/wp-content\/uploads\/2022\/09\/toleranzraeume-unterstuetzerinnen-houben-reinhard-200x300.jpg 200w, https:\/\/www.toleranzraeume.org\/wp-content\/uploads\/2022\/09\/toleranzraeume-unterstuetzerinnen-houben-reinhard-683x1024.jpg 683w, https:\/\/www.toleranzraeume.org\/wp-content\/uploads\/2022\/09\/toleranzraeume-unterstuetzerinnen-houben-reinhard-1024x1536.jpg 1024w, https:\/\/www.toleranzraeume.org\/wp-content\/uploads\/2022\/09\/toleranzraeume-unterstuetzerinnen-houben-reinhard.jpg 1067w\" sizes=\"(max-width: 768px) 100vw, 768px\" \/><\/div><div class=\"uael-grid-img-overlay\"><\/div><\/a><figcaption class=\"uael-grid-img-content\"><div class=\"uael-grid-img-caption\"><h4 class=\"uael-grid-caption-text\"><b>Reinhard Houben<\/b><br \/>MdB, wirtschaftspol. Sprecher, FDP<\/h4><\/div><\/figcaption><\/div><\/div><div class=\"uael-grid-item  uael-img-gallery-item-22\"><div class=\"uael-grid-item-content\"><span class=\"uael-grid-img uael-grid-gallery-img uael-ins-hover elementor-clickable\" data-elementor-open-lightbox=\"no\"><div class=\"uael-grid-img-thumbnail uael-ins-target\"><img loading=\"lazy\" decoding=\"async\" width=\"285\" height=\"427\" src=\"https:\/\/www.toleranzraeume.org\/wp-content\/uploads\/2022\/09\/toleranzraeume-unterstuetzerinnen-rukwied-joachim.jpg\" class=\"attachment-medium_large size-medium_large wp-image-4222\" alt=\"\" srcset=\"https:\/\/www.toleranzraeume.org\/wp-content\/uploads\/2022\/09\/toleranzraeume-unterstuetzerinnen-rukwied-joachim.jpg 285w, https:\/\/www.toleranzraeume.org\/wp-content\/uploads\/2022\/09\/toleranzraeume-unterstuetzerinnen-rukwied-joachim-200x300.jpg 200w\" sizes=\"(max-width: 285px) 100vw, 285px\" \/><\/div><div class=\"uael-grid-img-overlay\"><\/div><\/span><figcaption class=\"uael-grid-img-content\"><div class=\"uael-grid-img-caption\"><h4 class=\"uael-grid-caption-text\"><b>Joachim Rukwied<\/b><br \/>Pr\u00e4sident, Deutscher Bauernverband e.V.<\/h4><\/div><\/figcaption><\/div><\/div><div class=\"uael-grid-item  uael-img-gallery-item-172\"><div class=\"uael-grid-item-content\"><a class=\"uael-grid-img uael-grid-gallery-img uael-ins-hover elementor-clickable\" target=\"_blank\" rel=\"dofollow noopener\" href=\"https:\/\/susanne-rutenkroeger.de\/\" data-elementor-open-lightbox=\"no\"><div class=\"uael-grid-img-thumbnail uael-ins-target\"><img loading=\"lazy\" decoding=\"async\" width=\"500\" height=\"751\" src=\"https:\/\/www.toleranzraeume.org\/wp-content\/uploads\/2023\/09\/toleranzraeume-unterstuetzerinnen-rutenkroeger-susanne-3.jpg\" class=\"attachment-medium_large size-medium_large wp-image-15050\" alt=\"\" srcset=\"https:\/\/www.toleranzraeume.org\/wp-content\/uploads\/2023\/09\/toleranzraeume-unterstuetzerinnen-rutenkroeger-susanne-3.jpg 500w, https:\/\/www.toleranzraeume.org\/wp-content\/uploads\/2023\/09\/toleranzraeume-unterstuetzerinnen-rutenkroeger-susanne-3-200x300.jpg 200w\" sizes=\"(max-width: 500px) 100vw, 500px\" \/><\/div><div class=\"uael-grid-img-overlay\"><\/div><\/a><figcaption class=\"uael-grid-img-content\"><div class=\"uael-grid-img-caption\"><h4 class=\"uael-grid-caption-text\"><b>Susanne Rutenkr\u00f6ger<\/b><br \/>B\u00fcrgermeisterin der Stadt B\u00fcnde<\/h4><\/div><\/figcaption><\/div><\/div><div class=\"uael-grid-item  uael-img-gallery-item-155\"><div class=\"uael-grid-item-content\"><span class=\"uael-grid-img uael-grid-gallery-img uael-ins-hover elementor-clickable\" data-elementor-open-lightbox=\"no\"><div class=\"uael-grid-img-thumbnail uael-ins-target\"><img loading=\"lazy\" decoding=\"async\" width=\"1\" height=\"1\" src=\"https:\/\/www.toleranzraeume.org\/wp-content\/uploads\/2022\/10\/Kachel_cyan_00010.svg\" class=\"attachment-medium_large size-medium_large wp-image-5193\" alt=\"\" \/><\/div><div class=\"uael-grid-img-overlay\"><\/div><\/span><figcaption class=\"uael-grid-img-content\"><div class=\"uael-grid-img-caption\"><h4 class=\"uael-grid-caption-text\"><b>Robert Schupp<\/b><br \/>Schauspieler<\/h4><\/div><\/figcaption><\/div><\/div><div class=\"uael-grid-item  uael-img-gallery-item-56\"><div class=\"uael-grid-item-content\"><a class=\"uael-grid-img uael-grid-gallery-img uael-ins-hover elementor-clickable\" target=\"_blank\" rel=\"dofollow noopener\" href=\"https:\/\/www.roderich-kiesewetter.de\/startseite.html\" data-elementor-open-lightbox=\"no\"><div class=\"uael-grid-img-thumbnail uael-ins-target\"><img loading=\"lazy\" decoding=\"async\" width=\"768\" height=\"1146\" src=\"https:\/\/www.toleranzraeume.org\/wp-content\/uploads\/2022\/09\/toleranzraeume-unterstuetzerinnen-kiesewetter-roderich-768x1146.jpg\" class=\"attachment-medium_large size-medium_large wp-image-4183\" alt=\"\" srcset=\"https:\/\/www.toleranzraeume.org\/wp-content\/uploads\/2022\/09\/toleranzraeume-unterstuetzerinnen-kiesewetter-roderich-768x1146.jpg 768w, https:\/\/www.toleranzraeume.org\/wp-content\/uploads\/2022\/09\/toleranzraeume-unterstuetzerinnen-kiesewetter-roderich-201x300.jpg 201w, https:\/\/www.toleranzraeume.org\/wp-content\/uploads\/2022\/09\/toleranzraeume-unterstuetzerinnen-kiesewetter-roderich-686x1024.jpg 686w, https:\/\/www.toleranzraeume.org\/wp-content\/uploads\/2022\/09\/toleranzraeume-unterstuetzerinnen-kiesewetter-roderich.jpg 1029w\" sizes=\"(max-width: 768px) 100vw, 768px\" \/><\/div><div class=\"uael-grid-img-overlay\"><\/div><\/a><figcaption class=\"uael-grid-img-content\"><div class=\"uael-grid-img-caption\"><h4 class=\"uael-grid-caption-text\"><b>Dipl.-Kfm. (univ.) Roderich Kiesewetter<\/b><br \/>MdB, CDU<\/h4><\/div><\/figcaption><\/div><\/div><div class=\"uael-grid-item  uael-img-gallery-item-60\"><div class=\"uael-grid-item-content\"><a class=\"uael-grid-img uael-grid-gallery-img uael-ins-hover elementor-clickable\" target=\"_blank\" rel=\"dofollow noopener\" href=\"https:\/\/www.herford.de\" data-elementor-open-lightbox=\"no\"><div class=\"uael-grid-img-thumbnail uael-ins-target\"><img loading=\"lazy\" decoding=\"async\" width=\"768\" height=\"1152\" src=\"https:\/\/www.toleranzraeume.org\/wp-content\/uploads\/2022\/09\/toleranzraeume-unterstuetzerinnen-kaehler-tim-768x1152.jpg\" class=\"attachment-medium_large size-medium_large wp-image-4178\" alt=\"\" srcset=\"https:\/\/www.toleranzraeume.org\/wp-content\/uploads\/2022\/09\/toleranzraeume-unterstuetzerinnen-kaehler-tim-768x1152.jpg 768w, https:\/\/www.toleranzraeume.org\/wp-content\/uploads\/2022\/09\/toleranzraeume-unterstuetzerinnen-kaehler-tim-200x300.jpg 200w, https:\/\/www.toleranzraeume.org\/wp-content\/uploads\/2022\/09\/toleranzraeume-unterstuetzerinnen-kaehler-tim-682x1024.jpg 682w, https:\/\/www.toleranzraeume.org\/wp-content\/uploads\/2022\/09\/toleranzraeume-unterstuetzerinnen-kaehler-tim-1024x1536.jpg 1024w, https:\/\/www.toleranzraeume.org\/wp-content\/uploads\/2022\/09\/toleranzraeume-unterstuetzerinnen-kaehler-tim-1365x2048.jpg 1365w, https:\/\/www.toleranzraeume.org\/wp-content\/uploads\/2022\/09\/toleranzraeume-unterstuetzerinnen-kaehler-tim-scaled.jpg 1706w\" sizes=\"(max-width: 768px) 100vw, 768px\" \/><\/div><div class=\"uael-grid-img-overlay\"><\/div><\/a><figcaption class=\"uael-grid-img-content\"><div class=\"uael-grid-img-caption\"><h4 class=\"uael-grid-caption-text\"><b>Tim K\u00e4hler<\/b><br \/>B\u00fcrgermeister Herford<\/h4><\/div><\/figcaption><\/div><\/div><div class=\"uael-grid-item  uael-img-gallery-item-86\"><div class=\"uael-grid-item-content\"><a class=\"uael-grid-img uael-grid-gallery-img uael-ins-hover elementor-clickable\" target=\"_blank\" rel=\"dofollow noopener\" href=\"https:\/\/wiebke-esdar.de\" data-elementor-open-lightbox=\"no\"><div class=\"uael-grid-img-thumbnail uael-ins-target\"><img loading=\"lazy\" decoding=\"async\" width=\"253\" height=\"379\" src=\"https:\/\/www.toleranzraeume.org\/wp-content\/uploads\/2022\/09\/toleranzraeume-unterstuetzerinnen-esdar-wiebke.jpg\" class=\"attachment-medium_large size-medium_large wp-image-4148\" alt=\"\" srcset=\"https:\/\/www.toleranzraeume.org\/wp-content\/uploads\/2022\/09\/toleranzraeume-unterstuetzerinnen-esdar-wiebke.jpg 253w, https:\/\/www.toleranzraeume.org\/wp-content\/uploads\/2022\/09\/toleranzraeume-unterstuetzerinnen-esdar-wiebke-200x300.jpg 200w\" sizes=\"(max-width: 253px) 100vw, 253px\" \/><\/div><div class=\"uael-grid-img-overlay\"><\/div><\/a><figcaption class=\"uael-grid-img-content\"><div class=\"uael-grid-img-caption\"><h4 class=\"uael-grid-caption-text\"><b>Dr. Wiebke Esdar<\/b><br \/>MdB, SPD<\/h4><\/div><\/figcaption><\/div><\/div><div class=\"uael-grid-item  uael-img-gallery-item-57\"><div class=\"uael-grid-item-content\"><a class=\"uael-grid-img uael-grid-gallery-img uael-ins-hover elementor-clickable\" target=\"_blank\" rel=\"dofollow noopener\" href=\"https:\/\/ash-berlin.academia.edu\/ozkeskinkilic\" data-elementor-open-lightbox=\"no\"><div class=\"uael-grid-img-thumbnail uael-ins-target\"><img loading=\"lazy\" decoding=\"async\" width=\"400\" height=\"600\" src=\"https:\/\/www.toleranzraeume.org\/wp-content\/uploads\/2022\/09\/toleranzraeume-unterstuetzerinnen-keskinkilic-ozan.jpg\" class=\"attachment-medium_large size-medium_large wp-image-4181\" alt=\"\" srcset=\"https:\/\/www.toleranzraeume.org\/wp-content\/uploads\/2022\/09\/toleranzraeume-unterstuetzerinnen-keskinkilic-ozan.jpg 400w, https:\/\/www.toleranzraeume.org\/wp-content\/uploads\/2022\/09\/toleranzraeume-unterstuetzerinnen-keskinkilic-ozan-200x300.jpg 200w\" sizes=\"(max-width: 400px) 100vw, 400px\" \/><\/div><div class=\"uael-grid-img-overlay\"><\/div><\/a><figcaption class=\"uael-grid-img-content\"><div class=\"uael-grid-img-caption\"><h4 class=\"uael-grid-caption-text\"><b>Ozan Zakariya Keskink\u0131l\u0131\u00e7<\/b><br \/>Politikwissenschaftler u.freier Autor<\/h4><\/div><\/figcaption><\/div><\/div><div class=\"uael-grid-item  uael-img-gallery-item-97\"><div class=\"uael-grid-item-content\"><span class=\"uael-grid-img uael-grid-gallery-img uael-ins-hover elementor-clickable\" data-elementor-open-lightbox=\"no\"><div class=\"uael-grid-img-thumbnail uael-ins-target\"><img loading=\"lazy\" decoding=\"async\" width=\"768\" height=\"1152\" src=\"https:\/\/www.toleranzraeume.org\/wp-content\/uploads\/2022\/09\/toleranzraeume-unterstuetzerinnen-brecht-eberhard-e1666346986689-768x1152.jpg\" class=\"attachment-medium_large size-medium_large wp-image-4132\" alt=\"\" srcset=\"https:\/\/www.toleranzraeume.org\/wp-content\/uploads\/2022\/09\/toleranzraeume-unterstuetzerinnen-brecht-eberhard-e1666346986689-768x1152.jpg 768w, https:\/\/www.toleranzraeume.org\/wp-content\/uploads\/2022\/09\/toleranzraeume-unterstuetzerinnen-brecht-eberhard-e1666346986689-200x300.jpg 200w, https:\/\/www.toleranzraeume.org\/wp-content\/uploads\/2022\/09\/toleranzraeume-unterstuetzerinnen-brecht-eberhard-e1666346986689-683x1024.jpg 683w, https:\/\/www.toleranzraeume.org\/wp-content\/uploads\/2022\/09\/toleranzraeume-unterstuetzerinnen-brecht-eberhard-e1666346986689-1024x1536.jpg 1024w, https:\/\/www.toleranzraeume.org\/wp-content\/uploads\/2022\/09\/toleranzraeume-unterstuetzerinnen-brecht-eberhard-e1666346986689-1365x2048.jpg 1365w, https:\/\/www.toleranzraeume.org\/wp-content\/uploads\/2022\/09\/toleranzraeume-unterstuetzerinnen-brecht-eberhard-e1666346986689.jpg 1500w\" sizes=\"(max-width: 768px) 100vw, 768px\" \/><\/div><div class=\"uael-grid-img-overlay\"><\/div><\/span><figcaption class=\"uael-grid-img-content\"><div class=\"uael-grid-img-caption\"><h4 class=\"uael-grid-caption-text\"><b>Dr. Eberhard Brecht<\/b><br \/>ehemaliger MdB, SPD<br \/><span style=\"font-size:0.8em\">\u00a9 Benno Kraehahn<\/span><\/h4><\/div><\/figcaption><\/div><\/div><div class=\"uael-grid-item  uael-img-gallery-item-9\"><div class=\"uael-grid-item-content\"><span class=\"uael-grid-img uael-grid-gallery-img uael-ins-hover elementor-clickable\" data-elementor-open-lightbox=\"no\"><div class=\"uael-grid-img-thumbnail uael-ins-target\"><img loading=\"lazy\" decoding=\"async\" width=\"444\" height=\"666\" src=\"https:\/\/www.toleranzraeume.org\/wp-content\/uploads\/2022\/09\/toleranzraeume-unterstuetzerinnen-stumpp-margit.jpg\" class=\"attachment-medium_large size-medium_large wp-image-4235\" alt=\"\" srcset=\"https:\/\/www.toleranzraeume.org\/wp-content\/uploads\/2022\/09\/toleranzraeume-unterstuetzerinnen-stumpp-margit.jpg 444w, https:\/\/www.toleranzraeume.org\/wp-content\/uploads\/2022\/09\/toleranzraeume-unterstuetzerinnen-stumpp-margit-200x300.jpg 200w\" sizes=\"(max-width: 444px) 100vw, 444px\" \/><\/div><div class=\"uael-grid-img-overlay\"><\/div><\/span><figcaption class=\"uael-grid-img-content\"><div class=\"uael-grid-img-caption\"><h4 class=\"uael-grid-caption-text\"><b>Margit Stumpp<\/b><br \/>ehemalige MdB, B\u00fcndnis 90\/Die Gr\u00fcnen<br \/><span style=\"font-size:0.8em\">\u00a9 Thomas K\u00f6hler<\/span><\/h4><\/div><\/figcaption><\/div><\/div><div class=\"uael-grid-item  uael-img-gallery-item-72\"><div class=\"uael-grid-item-content\"><span class=\"uael-grid-img uael-grid-gallery-img uael-ins-hover elementor-clickable\" data-elementor-open-lightbox=\"no\"><div class=\"uael-grid-img-thumbnail uael-ins-target\"><img loading=\"lazy\" decoding=\"async\" width=\"134\" height=\"201\" src=\"https:\/\/www.toleranzraeume.org\/wp-content\/uploads\/2022\/09\/toleranzraeume-unterstuetzerinnen-heller-rainer.jpg\" class=\"attachment-medium_large size-medium_large wp-image-4165\" alt=\"\" \/><\/div><div class=\"uael-grid-img-overlay\"><\/div><\/span><figcaption class=\"uael-grid-img-content\"><div class=\"uael-grid-img-caption\"><h4 class=\"uael-grid-caption-text\"><b>Rainer Heller<\/b><br \/>B\u00fcrgermeister a.D., Stadt Detmold<\/h4><\/div><\/figcaption><\/div><\/div><div class=\"uael-grid-item  uael-img-gallery-item-19\"><div class=\"uael-grid-item-content\"><span class=\"uael-grid-img uael-grid-gallery-img uael-ins-hover elementor-clickable\" data-elementor-open-lightbox=\"no\"><div class=\"uael-grid-img-thumbnail uael-ins-target\"><img loading=\"lazy\" decoding=\"async\" width=\"768\" height=\"1154\" src=\"https:\/\/www.toleranzraeume.org\/wp-content\/uploads\/2022\/09\/toleranzraeume-unterstuetzerinnen-schmidt-ulla-e1666347236299-768x1154.jpg\" class=\"attachment-medium_large size-medium_large wp-image-4225\" alt=\"\" srcset=\"https:\/\/www.toleranzraeume.org\/wp-content\/uploads\/2022\/09\/toleranzraeume-unterstuetzerinnen-schmidt-ulla-e1666347236299-768x1154.jpg 768w, https:\/\/www.toleranzraeume.org\/wp-content\/uploads\/2022\/09\/toleranzraeume-unterstuetzerinnen-schmidt-ulla-e1666347236299-200x300.jpg 200w, https:\/\/www.toleranzraeume.org\/wp-content\/uploads\/2022\/09\/toleranzraeume-unterstuetzerinnen-schmidt-ulla-e1666347236299-682x1024.jpg 682w, https:\/\/www.toleranzraeume.org\/wp-content\/uploads\/2022\/09\/toleranzraeume-unterstuetzerinnen-schmidt-ulla-e1666347236299-1023x1536.jpg 1023w, https:\/\/www.toleranzraeume.org\/wp-content\/uploads\/2022\/09\/toleranzraeume-unterstuetzerinnen-schmidt-ulla-e1666347236299-1363x2048.jpg 1363w, https:\/\/www.toleranzraeume.org\/wp-content\/uploads\/2022\/09\/toleranzraeume-unterstuetzerinnen-schmidt-ulla-e1666347236299.jpg 1382w\" sizes=\"(max-width: 768px) 100vw, 768px\" \/><\/div><div class=\"uael-grid-img-overlay\"><\/div><\/span><figcaption class=\"uael-grid-img-content\"><div class=\"uael-grid-img-caption\"><h4 class=\"uael-grid-caption-text\"><b>Ursula Schmidt<\/b><br \/>Bundestagsvizepr\u00e4sidentin a.D., SPD<br \/><span style=\"font-size:0.8em\">\u00a9 Renate Blanke<\/span><\/h4><\/div><\/figcaption><\/div><\/div><div class=\"uael-grid-item  uael-img-gallery-item-98\"><div class=\"uael-grid-item-content\"><a class=\"uael-grid-img uael-grid-gallery-img uael-ins-hover elementor-clickable\" target=\"_blank\" rel=\"dofollow\" href=\"www.jens-brandenburg.de\" data-elementor-open-lightbox=\"no\"><div class=\"uael-grid-img-thumbnail uael-ins-target\"><img loading=\"lazy\" decoding=\"async\" width=\"321\" height=\"482\" src=\"https:\/\/www.toleranzraeume.org\/wp-content\/uploads\/2022\/09\/toleranzraeume-unterstuetzerinnen-brandenburg-dr-jens.jpg\" class=\"attachment-medium_large size-medium_large wp-image-4131\" alt=\"\" srcset=\"https:\/\/www.toleranzraeume.org\/wp-content\/uploads\/2022\/09\/toleranzraeume-unterstuetzerinnen-brandenburg-dr-jens.jpg 321w, https:\/\/www.toleranzraeume.org\/wp-content\/uploads\/2022\/09\/toleranzraeume-unterstuetzerinnen-brandenburg-dr-jens-200x300.jpg 200w\" sizes=\"(max-width: 321px) 100vw, 321px\" \/><\/div><div class=\"uael-grid-img-overlay\"><\/div><\/a><figcaption class=\"uael-grid-img-content\"><div class=\"uael-grid-img-caption\"><h4 class=\"uael-grid-caption-text\"><b>Dr. Jens Brandenburg<\/b><br \/>Staatssekret\u00e4r BMBF, FDP<\/h4><\/div><\/figcaption><\/div><\/div><div class=\"uael-grid-item  uael-img-gallery-item-61\"><div class=\"uael-grid-item-content\"><a class=\"uael-grid-img uael-grid-gallery-img uael-ins-hover elementor-clickable\" target=\"_blank\" rel=\"dofollow noopener\" href=\"https:\/\/fdp-landtag-bw.de\/person\/dr-christian-jung\/\" data-elementor-open-lightbox=\"no\"><div class=\"uael-grid-img-thumbnail uael-ins-target\"><img loading=\"lazy\" decoding=\"async\" width=\"273\" height=\"408\" src=\"https:\/\/www.toleranzraeume.org\/wp-content\/uploads\/2022\/09\/toleranzraeume-unterstuetzerinnen-jung-christian.jpg\" class=\"attachment-medium_large size-medium_large wp-image-4177\" alt=\"\" srcset=\"https:\/\/www.toleranzraeume.org\/wp-content\/uploads\/2022\/09\/toleranzraeume-unterstuetzerinnen-jung-christian.jpg 273w, https:\/\/www.toleranzraeume.org\/wp-content\/uploads\/2022\/09\/toleranzraeume-unterstuetzerinnen-jung-christian-201x300.jpg 201w\" sizes=\"(max-width: 273px) 100vw, 273px\" \/><\/div><div class=\"uael-grid-img-overlay\"><\/div><\/a><figcaption class=\"uael-grid-img-content\"><div class=\"uael-grid-img-caption\"><h4 class=\"uael-grid-caption-text\"><b>Christian Jung<\/b><br \/>MdL Baden-W\u00fcrttemberg, FDP<\/h4><\/div><\/figcaption><\/div><\/div><div class=\"uael-grid-item  uael-img-gallery-item-39\"><div class=\"uael-grid-item-content\"><a class=\"uael-grid-img uael-grid-gallery-img uael-ins-hover elementor-clickable\" target=\"_blank\" rel=\"dofollow noopener\" href=\"https:\/\/www.dennis-maelzer.de\" data-elementor-open-lightbox=\"no\"><div class=\"uael-grid-img-thumbnail uael-ins-target\"><img loading=\"lazy\" decoding=\"async\" width=\"400\" height=\"600\" src=\"https:\/\/www.toleranzraeume.org\/wp-content\/uploads\/2022\/09\/toleranzraeume-unterstuetzerinnen-maelzer-dennis.png\" class=\"attachment-medium_large size-medium_large wp-image-4202\" alt=\"\" srcset=\"https:\/\/www.toleranzraeume.org\/wp-content\/uploads\/2022\/09\/toleranzraeume-unterstuetzerinnen-maelzer-dennis.png 400w, https:\/\/www.toleranzraeume.org\/wp-content\/uploads\/2022\/09\/toleranzraeume-unterstuetzerinnen-maelzer-dennis-200x300.png 200w\" sizes=\"(max-width: 400px) 100vw, 400px\" \/><\/div><div class=\"uael-grid-img-overlay\"><\/div><\/a><figcaption class=\"uael-grid-img-content\"><div class=\"uael-grid-img-caption\"><h4 class=\"uael-grid-caption-text\"><b>Dr. Dennis Maelzer<\/b><br \/>MdL NRW, SPD<\/h4><\/div><\/figcaption><\/div><\/div><div class=\"uael-grid-item  uael-img-gallery-item-135\"><div class=\"uael-grid-item-content\"><a class=\"uael-grid-img uael-grid-gallery-img uael-ins-hover elementor-clickable\" target=\"_blank\" rel=\"dofollow noopener\" href=\"https:\/\/www.bachschule-detmold.de\" data-elementor-open-lightbox=\"no\"><div class=\"uael-grid-img-thumbnail uael-ins-target\"><img loading=\"lazy\" decoding=\"async\" width=\"1\" height=\"1\" src=\"https:\/\/www.toleranzraeume.org\/wp-content\/uploads\/2022\/10\/Kachel_light-orange_00010.svg\" class=\"attachment-medium_large size-medium_large wp-image-5213\" alt=\"\" \/><\/div><div class=\"uael-grid-img-overlay\"><\/div><\/a><figcaption class=\"uael-grid-img-content\"><div class=\"uael-grid-img-caption\"><h4 class=\"uael-grid-caption-text\"><b>Elke Prasse<\/b><br \/>Schulleiterin, St\u00e4dt. Grundschule Bachschule<\/h4><\/div><\/figcaption><\/div><\/div><div class=\"uael-grid-item  uael-img-gallery-item-48\"><div class=\"uael-grid-item-content\"><span class=\"uael-grid-img uael-grid-gallery-img uael-ins-hover elementor-clickable\" data-elementor-open-lightbox=\"no\"><div class=\"uael-grid-img-thumbnail uael-ins-target\"><img loading=\"lazy\" decoding=\"async\" width=\"343\" height=\"514\" src=\"https:\/\/www.toleranzraeume.org\/wp-content\/uploads\/2022\/09\/toleranzraeume-unterstuetzerinnen-kraechter-simone.jpg\" class=\"attachment-medium_large size-medium_large wp-image-4191\" alt=\"\" srcset=\"https:\/\/www.toleranzraeume.org\/wp-content\/uploads\/2022\/09\/toleranzraeume-unterstuetzerinnen-kraechter-simone.jpg 343w, https:\/\/www.toleranzraeume.org\/wp-content\/uploads\/2022\/09\/toleranzraeume-unterstuetzerinnen-kraechter-simone-200x300.jpg 200w\" sizes=\"(max-width: 343px) 100vw, 343px\" \/><\/div><div class=\"uael-grid-img-overlay\"><\/div><\/span><figcaption class=\"uael-grid-img-content\"><div class=\"uael-grid-img-caption\"><h4 class=\"uael-grid-caption-text\"><b>Dr. Simone Kr\u00e4chter<\/b><br \/>Fach- und Kern-seminarleiterin, ZfsL PB<\/h4><\/div><\/figcaption><\/div><\/div><div class=\"uael-grid-item  uael-img-gallery-item-106\"><div class=\"uael-grid-item-content\"><a class=\"uael-grid-img uael-grid-gallery-img uael-ins-hover elementor-clickable\" target=\"_blank\" rel=\"dofollow noopener\" href=\"https:\/\/werteinitiative.de\/\" data-elementor-open-lightbox=\"no\"><div class=\"uael-grid-img-thumbnail uael-ins-target\"><img loading=\"lazy\" decoding=\"async\" width=\"1\" height=\"1\" src=\"https:\/\/www.toleranzraeume.org\/wp-content\/uploads\/2022\/10\/Kachel_vital-orange_00010.svg\" class=\"attachment-medium_large size-medium_large wp-image-5243\" alt=\"\" \/><\/div><div class=\"uael-grid-img-overlay\"><\/div><\/a><figcaption class=\"uael-grid-img-content\"><div class=\"uael-grid-img-caption\"><h4 class=\"uael-grid-caption-text\"><b>Dr. Elio Adler<\/b><br \/>Vorsitzender, WerteInitaitive - j\u00fcdisch-deutsche Positionen e.V.<\/h4><\/div><\/figcaption><\/div><\/div><div class=\"uael-grid-item  uael-img-gallery-item-122\"><div class=\"uael-grid-item-content\"><a class=\"uael-grid-img uael-grid-gallery-img uael-ins-hover elementor-clickable\" target=\"_blank\" rel=\"dofollow noopener\" href=\"https:\/\/www.deutsch-israelische-gesellschaft.de\/\" data-elementor-open-lightbox=\"no\"><div class=\"uael-grid-img-thumbnail uael-ins-target\"><img loading=\"lazy\" decoding=\"async\" width=\"1\" height=\"1\" src=\"https:\/\/www.toleranzraeume.org\/wp-content\/uploads\/2022\/10\/Kachel_soft-purple_00003.svg\" class=\"attachment-medium_large size-medium_large wp-image-5226\" alt=\"\" \/><\/div><div class=\"uael-grid-img-overlay\"><\/div><\/a><figcaption class=\"uael-grid-img-content\"><div class=\"uael-grid-img-caption\"><h4 class=\"uael-grid-caption-text\"><b>Dr. Uwe G\u00fcnther<\/b><br \/>Vorsitzender der AG Bielefeld, Deutsch-israelische Gesellschaft<\/h4><\/div><\/figcaption><\/div><\/div><div class=\"uael-grid-item  uael-img-gallery-item-1\"><div class=\"uael-grid-item-content\"><span class=\"uael-grid-img uael-grid-gallery-img uael-ins-hover elementor-clickable\" data-elementor-open-lightbox=\"no\"><div class=\"uael-grid-img-thumbnail uael-ins-target\"><img loading=\"lazy\" decoding=\"async\" width=\"768\" height=\"1152\" src=\"https:\/\/www.toleranzraeume.org\/wp-content\/uploads\/2022\/09\/toleranzraeume-unterstuetzerinnen-zymny-jan-philipp-768x1152.jpg\" class=\"attachment-medium_large size-medium_large wp-image-4247\" alt=\"\" srcset=\"https:\/\/www.toleranzraeume.org\/wp-content\/uploads\/2022\/09\/toleranzraeume-unterstuetzerinnen-zymny-jan-philipp-768x1152.jpg 768w, https:\/\/www.toleranzraeume.org\/wp-content\/uploads\/2022\/09\/toleranzraeume-unterstuetzerinnen-zymny-jan-philipp-200x300.jpg 200w, https:\/\/www.toleranzraeume.org\/wp-content\/uploads\/2022\/09\/toleranzraeume-unterstuetzerinnen-zymny-jan-philipp-683x1024.jpg 683w, https:\/\/www.toleranzraeume.org\/wp-content\/uploads\/2022\/09\/toleranzraeume-unterstuetzerinnen-zymny-jan-philipp-1024x1536.jpg 1024w, https:\/\/www.toleranzraeume.org\/wp-content\/uploads\/2022\/09\/toleranzraeume-unterstuetzerinnen-zymny-jan-philipp-1366x2048.jpg 1366w, https:\/\/www.toleranzraeume.org\/wp-content\/uploads\/2022\/09\/toleranzraeume-unterstuetzerinnen-zymny-jan-philipp-scaled.jpg 1707w\" sizes=\"(max-width: 768px) 100vw, 768px\" \/><\/div><div class=\"uael-grid-img-overlay\"><\/div><\/span><figcaption class=\"uael-grid-img-content\"><div class=\"uael-grid-img-caption\"><h4 class=\"uael-grid-caption-text\"><b>Jan-Philipp Zymny<\/b><br \/>Autor und Kabarettist<\/h4><\/div><\/figcaption><\/div><\/div><\/div><\/div>\t\t\t\t<\/div>\n\t\t\t\t<\/div>\n\t\t\t\t\t<\/div>\n\t\t<\/div>\n\t\t\t\t\t<\/div>\n\t\t<\/section>\n\t\t\t\t<section class=\"elementor-section elementor-top-section elementor-element elementor-element-73fb0c17 elementor-section-boxed elementor-section-height-default elementor-section-height-default\" data-id=\"73fb0c17\" data-element_type=\"section\">\n\t\t\t\t\t\t<div class=\"elementor-container elementor-column-gap-default\">\n\t\t\t\t\t<div class=\"elementor-column elementor-col-25 elementor-top-column elementor-element elementor-element-7c8d24ca\" data-id=\"7c8d24ca\" data-element_type=\"column\">\n\t\t\t<div class=\"elementor-widget-wrap elementor-element-populated\">\n\t\t\t\t\t\t<div class=\"elementor-element elementor-element-20114ca9 elementor-widget elementor-widget-image\" data-id=\"20114ca9\" data-element_type=\"widget\" data-widget_type=\"image.default\">\n\t\t\t\t<div class=\"elementor-widget-container\">\n\t\t\t\t\t\t\t\t\t\t\t\t\t\t\t\t<a href=\"http:\/\/www.bi-nemo.de\/de\/\" rel=\"nofollow noopener\" target=\"_blank\">\n\t\t\t\t\t\t\t<img loading=\"lazy\" decoding=\"async\" width=\"300\" height=\"150\" src=\"https:\/\/www.toleranzraeume.org\/wp-content\/uploads\/2022\/10\/Logo-BINEMO.jpg\" class=\"attachment-large size-large wp-image-20142\" alt=\"\" \/>\t\t\t\t\t\t\t\t<\/a>\n\t\t\t\t\t\t\t\t\t\t\t\t\t\t\t<\/div>\n\t\t\t\t<\/div>\n\t\t\t\t\t<\/div>\n\t\t<\/div>\n\t\t\t\t<div class=\"elementor-column elementor-col-25 elementor-top-column elementor-element elementor-element-49264c9c\" data-id=\"49264c9c\" data-element_type=\"column\">\n\t\t\t<div class=\"elementor-widget-wrap elementor-element-populated\">\n\t\t\t\t\t\t<div class=\"elementor-element elementor-element-7300e395 elementor-widget elementor-widget-image\" data-id=\"7300e395\" data-element_type=\"widget\" data-widget_type=\"image.default\">\n\t\t\t\t<div class=\"elementor-widget-container\">\n\t\t\t\t\t\t\t\t\t\t\t\t\t\t\t<img loading=\"lazy\" decoding=\"async\" width=\"253\" height=\"150\" src=\"https:\/\/www.toleranzraeume.org\/wp-content\/uploads\/2022\/10\/Logo-Landrat-Kreis-Herford.jpg\" class=\"attachment-large size-large wp-image-20152\" alt=\"\" \/>\t\t\t\t\t\t\t\t\t\t\t\t\t\t\t<\/div>\n\t\t\t\t<\/div>\n\t\t\t\t\t<\/div>\n\t\t<\/div>\n\t\t\t\t<div class=\"elementor-column elementor-col-25 elementor-top-column elementor-element elementor-element-2b633579\" data-id=\"2b633579\" data-element_type=\"column\">\n\t\t\t<div class=\"elementor-widget-wrap elementor-element-populated\">\n\t\t\t\t\t\t<div class=\"elementor-element elementor-element-588152a elementor-widget elementor-widget-image\" data-id=\"588152a\" data-element_type=\"widget\" data-widget_type=\"image.default\">\n\t\t\t\t<div class=\"elementor-widget-container\">\n\t\t\t\t\t\t\t\t\t\t\t\t\t\t\t<img loading=\"lazy\" decoding=\"async\" width=\"232\" height=\"150\" src=\"https:\/\/www.toleranzraeume.org\/wp-content\/uploads\/2022\/10\/rhein-kreis-neuss.png\" class=\"attachment-large size-large wp-image-20156\" alt=\"\" \/>\t\t\t\t\t\t\t\t\t\t\t\t\t\t\t<\/div>\n\t\t\t\t<\/div>\n\t\t\t\t\t<\/div>\n\t\t<\/div>\n\t\t\t\t<div class=\"elementor-column elementor-col-25 elementor-top-column elementor-element elementor-element-4fa89fec\" data-id=\"4fa89fec\" data-element_type=\"column\">\n\t\t\t<div class=\"elementor-widget-wrap elementor-element-populated\">\n\t\t\t\t\t\t<div class=\"elementor-element elementor-element-96f42b2 elementor-widget elementor-widget-image\" data-id=\"96f42b2\" data-element_type=\"widget\" data-widget_type=\"image.default\">\n\t\t\t\t<div class=\"elementor-widget-container\">\n\t\t\t\t\t\t\t\t\t\t\t\t\t\t\t\t<a href=\"https:\/\/musikschule-ouagadougou.jimdo.com\/\" rel=\"nofollow noopener\" target=\"_blank\">\n\t\t\t\t\t\t\t<img loading=\"lazy\" decoding=\"async\" width=\"163\" height=\"150\" src=\"https:\/\/www.toleranzraeume.org\/wp-content\/uploads\/2022\/10\/LOGO-AMEM.png\" class=\"attachment-large size-large wp-image-20138\" alt=\"\" \/>\t\t\t\t\t\t\t\t<\/a>\n\t\t\t\t\t\t\t\t\t\t\t\t\t\t\t<\/div>\n\t\t\t\t<\/div>\n\t\t\t\t\t<\/div>\n\t\t<\/div>\n\t\t\t\t\t<\/div>\n\t\t<\/section>\n\t\t\t\t<section class=\"elementor-section elementor-top-section elementor-element elementor-element-17b549a4 elementor-section-boxed elementor-section-height-default elementor-section-height-default\" data-id=\"17b549a4\" data-element_type=\"section\">\n\t\t\t\t\t\t<div class=\"elementor-container elementor-column-gap-default\">\n\t\t\t\t\t<div class=\"elementor-column elementor-col-25 elementor-top-column elementor-element elementor-element-1bf5bcb5\" data-id=\"1bf5bcb5\" data-element_type=\"column\">\n\t\t\t<div class=\"elementor-widget-wrap elementor-element-populated\">\n\t\t\t\t\t\t<div class=\"elementor-element elementor-element-21e1dd60 elementor-widget elementor-widget-image\" data-id=\"21e1dd60\" data-element_type=\"widget\" data-widget_type=\"image.default\">\n\t\t\t\t<div class=\"elementor-widget-container\">\n\t\t\t\t\t\t\t\t\t\t\t\t\t\t\t\t<a href=\"http:\/\/difek.de\/\" rel=\"nofollow noopener\" target=\"_blank\">\n\t\t\t\t\t\t\t<img loading=\"lazy\" decoding=\"async\" width=\"314\" height=\"150\" src=\"https:\/\/www.toleranzraeume.org\/wp-content\/uploads\/2022\/10\/Logo-deutsches-institur-fuer-erinnerungskultut.jpg\" class=\"attachment-large size-large wp-image-20144\" alt=\"\" srcset=\"https:\/\/www.toleranzraeume.org\/wp-content\/uploads\/2022\/10\/Logo-deutsches-institur-fuer-erinnerungskultut.jpg 314w, https:\/\/www.toleranzraeume.org\/wp-content\/uploads\/2022\/10\/Logo-deutsches-institur-fuer-erinnerungskultut-300x143.jpg 300w\" sizes=\"(max-width: 314px) 100vw, 314px\" \/>\t\t\t\t\t\t\t\t<\/a>\n\t\t\t\t\t\t\t\t\t\t\t\t\t\t\t<\/div>\n\t\t\t\t<\/div>\n\t\t\t\t\t<\/div>\n\t\t<\/div>\n\t\t\t\t<div class=\"elementor-column elementor-col-25 elementor-top-column elementor-element elementor-element-4a80ed3e\" data-id=\"4a80ed3e\" data-element_type=\"column\">\n\t\t\t<div class=\"elementor-widget-wrap elementor-element-populated\">\n\t\t\t\t\t\t<div class=\"elementor-element elementor-element-402a0b08 elementor-widget elementor-widget-image\" data-id=\"402a0b08\" data-element_type=\"widget\" data-widget_type=\"image.default\">\n\t\t\t\t<div class=\"elementor-widget-container\">\n\t\t\t\t\t\t\t\t\t\t\t\t\t\t\t\t<a href=\"https:\/\/www.dstgb.de\/\" rel=\"nofollow noopener\" target=\"_blank\">\n\t\t\t\t\t\t\t<img loading=\"lazy\" decoding=\"async\" width=\"343\" height=\"150\" src=\"https:\/\/www.toleranzraeume.org\/wp-content\/uploads\/2022\/10\/logo_dstgb.jpg\" class=\"attachment-large size-large wp-image-20134\" alt=\"\" srcset=\"https:\/\/www.toleranzraeume.org\/wp-content\/uploads\/2022\/10\/logo_dstgb.jpg 343w, https:\/\/www.toleranzraeume.org\/wp-content\/uploads\/2022\/10\/logo_dstgb-300x131.jpg 300w\" sizes=\"(max-width: 343px) 100vw, 343px\" \/>\t\t\t\t\t\t\t\t<\/a>\n\t\t\t\t\t\t\t\t\t\t\t\t\t\t\t<\/div>\n\t\t\t\t<\/div>\n\t\t\t\t\t<\/div>\n\t\t<\/div>\n\t\t\t\t<div class=\"elementor-column elementor-col-25 elementor-top-column elementor-element elementor-element-4817b32a\" data-id=\"4817b32a\" data-element_type=\"column\">\n\t\t\t<div class=\"elementor-widget-wrap elementor-element-populated\">\n\t\t\t\t\t\t<div class=\"elementor-element elementor-element-5a14363c elementor-widget elementor-widget-image\" data-id=\"5a14363c\" data-element_type=\"widget\" data-widget_type=\"image.default\">\n\t\t\t\t<div class=\"elementor-widget-container\">\n\t\t\t\t\t\t\t\t\t\t\t\t\t\t\t<img loading=\"lazy\" decoding=\"async\" width=\"175\" height=\"150\" src=\"https:\/\/www.toleranzraeume.org\/wp-content\/uploads\/2022\/10\/Logo_Musik-mit-hand-und-fuss.jpeg\" class=\"attachment-large size-large wp-image-20136\" alt=\"\" \/>\t\t\t\t\t\t\t\t\t\t\t\t\t\t\t<\/div>\n\t\t\t\t<\/div>\n\t\t\t\t\t<\/div>\n\t\t<\/div>\n\t\t\t\t<div class=\"elementor-column elementor-col-25 elementor-top-column elementor-element elementor-element-73212f3\" data-id=\"73212f3\" data-element_type=\"column\">\n\t\t\t<div class=\"elementor-widget-wrap elementor-element-populated\">\n\t\t\t\t\t\t<div class=\"elementor-element elementor-element-1224515a elementor-widget elementor-widget-image\" data-id=\"1224515a\" data-element_type=\"widget\" data-widget_type=\"image.default\">\n\t\t\t\t<div class=\"elementor-widget-container\">\n\t\t\t\t\t\t\t\t\t\t\t\t\t\t\t\t<a href=\"http:\/\/www.kreis-mettmann.de\/\" rel=\"nofollow noopener\" target=\"_blank\">\n\t\t\t\t\t\t\t<img loading=\"lazy\" decoding=\"async\" width=\"763\" height=\"150\" src=\"https:\/\/www.toleranzraeume.org\/wp-content\/uploads\/2022\/10\/Logo-Kreis-Mettmann.png\" class=\"attachment-large size-large wp-image-20150\" alt=\"\" srcset=\"https:\/\/www.toleranzraeume.org\/wp-content\/uploads\/2022\/10\/Logo-Kreis-Mettmann.png 763w, https:\/\/www.toleranzraeume.org\/wp-content\/uploads\/2022\/10\/Logo-Kreis-Mettmann-300x59.png 300w\" sizes=\"(max-width: 763px) 100vw, 763px\" \/>\t\t\t\t\t\t\t\t<\/a>\n\t\t\t\t\t\t\t\t\t\t\t\t\t\t\t<\/div>\n\t\t\t\t<\/div>\n\t\t\t\t\t<\/div>\n\t\t<\/div>\n\t\t\t\t\t<\/div>\n\t\t<\/section>\n\t\t\t\t<section class=\"elementor-section elementor-top-section elementor-element elementor-element-1b7b4a06 elementor-section-boxed elementor-section-height-default elementor-section-height-default\" data-id=\"1b7b4a06\" data-element_type=\"section\">\n\t\t\t\t\t\t<div class=\"elementor-container elementor-column-gap-default\">\n\t\t\t\t\t<div class=\"elementor-column elementor-col-25 elementor-top-column elementor-element elementor-element-4f57edc1\" data-id=\"4f57edc1\" data-element_type=\"column\">\n\t\t\t<div class=\"elementor-widget-wrap elementor-element-populated\">\n\t\t\t\t\t\t<div class=\"elementor-element elementor-element-80ad742 elementor-widget elementor-widget-image\" data-id=\"80ad742\" data-element_type=\"widget\" data-widget_type=\"image.default\">\n\t\t\t\t<div class=\"elementor-widget-container\">\n\t\t\t\t\t\t\t\t\t\t\t\t\t\t\t\t<a href=\"http:\/\/www.kft.uni-kiel.de\/de\" rel=\"nofollow noopener\" target=\"_blank\">\n\t\t\t\t\t\t\t<img loading=\"lazy\" decoding=\"async\" width=\"123\" height=\"150\" src=\"https:\/\/www.toleranzraeume.org\/wp-content\/uploads\/2022\/10\/Logo-Kieler-Forschungsstelle-Toleranz.png\" class=\"attachment-large size-large wp-image-20148\" alt=\"\" \/>\t\t\t\t\t\t\t\t<\/a>\n\t\t\t\t\t\t\t\t\t\t\t\t\t\t\t<\/div>\n\t\t\t\t<\/div>\n\t\t\t\t\t<\/div>\n\t\t<\/div>\n\t\t\t\t<div class=\"elementor-column elementor-col-25 elementor-top-column elementor-element elementor-element-4545767a\" data-id=\"4545767a\" data-element_type=\"column\">\n\t\t\t<div class=\"elementor-widget-wrap elementor-element-populated\">\n\t\t\t\t\t\t<div class=\"elementor-element elementor-element-4502570 elementor-widget elementor-widget-image\" data-id=\"4502570\" data-element_type=\"widget\" data-widget_type=\"image.default\">\n\t\t\t\t<div class=\"elementor-widget-container\">\n\t\t\t\t\t\t\t\t\t\t\t\t\t\t\t<img loading=\"lazy\" decoding=\"async\" width=\"469\" height=\"150\" src=\"https:\/\/www.toleranzraeume.org\/wp-content\/uploads\/2022\/10\/Logo-Dresdner-Sinfoniker.png\" class=\"attachment-large size-large wp-image-20146\" alt=\"\" srcset=\"https:\/\/www.toleranzraeume.org\/wp-content\/uploads\/2022\/10\/Logo-Dresdner-Sinfoniker.png 469w, https:\/\/www.toleranzraeume.org\/wp-content\/uploads\/2022\/10\/Logo-Dresdner-Sinfoniker-300x96.png 300w\" sizes=\"(max-width: 469px) 100vw, 469px\" \/>\t\t\t\t\t\t\t\t\t\t\t\t\t\t\t<\/div>\n\t\t\t\t<\/div>\n\t\t\t\t\t<\/div>\n\t\t<\/div>\n\t\t\t\t<div class=\"elementor-column elementor-col-25 elementor-top-column elementor-element elementor-element-5e93d67f\" data-id=\"5e93d67f\" data-element_type=\"column\">\n\t\t\t<div class=\"elementor-widget-wrap elementor-element-populated\">\n\t\t\t\t\t\t<div class=\"elementor-element elementor-element-afceccd elementor-widget elementor-widget-image\" data-id=\"afceccd\" data-element_type=\"widget\" data-widget_type=\"image.default\">\n\t\t\t\t<div class=\"elementor-widget-container\">\n\t\t\t\t\t\t\t\t\t\t\t\t\t\t\t<img loading=\"lazy\" decoding=\"async\" width=\"112\" height=\"150\" src=\"https:\/\/www.toleranzraeume.org\/wp-content\/uploads\/2022\/10\/Logo-Bach-Schule.jpg\" class=\"attachment-large size-large wp-image-20140\" alt=\"\" \/>\t\t\t\t\t\t\t\t\t\t\t\t\t\t\t<\/div>\n\t\t\t\t<\/div>\n\t\t\t\t\t<\/div>\n\t\t<\/div>\n\t\t\t\t<div class=\"elementor-column elementor-col-25 elementor-top-column elementor-element elementor-element-4cf9ee9\" data-id=\"4cf9ee9\" data-element_type=\"column\">\n\t\t\t<div class=\"elementor-widget-wrap elementor-element-populated\">\n\t\t\t\t\t\t<div class=\"elementor-element elementor-element-2365b2ec elementor-widget elementor-widget-image\" data-id=\"2365b2ec\" data-element_type=\"widget\" data-widget_type=\"image.default\">\n\t\t\t\t<div class=\"elementor-widget-container\">\n\t\t\t\t\t\t\t\t\t\t\t\t\t\t\t\t<a href=\"https:\/\/www.vielrespektzentrum.de\/\" rel=\"nofollow noopener\" target=\"_blank\">\n\t\t\t\t\t\t\t<img loading=\"lazy\" decoding=\"async\" width=\"215\" height=\"150\" src=\"https:\/\/www.toleranzraeume.org\/wp-content\/uploads\/2022\/10\/Logo-Viel-Respekt-Zentrum.png\" class=\"attachment-large size-large wp-image-20154\" alt=\"\" \/>\t\t\t\t\t\t\t\t<\/a>\n\t\t\t\t\t\t\t\t\t\t\t\t\t\t\t<\/div>\n\t\t\t\t<\/div>\n\t\t\t\t\t<\/div>\n\t\t<\/div>\n\t\t\t\t\t<\/div>\n\t\t<\/section>\n\t\t\t\t<\/div>\n\t\t","protected":false},"excerpt":{"rendered":"<p>\u042d\u043a\u0441\u043f\u043e\u0437\u0438\u0446\u0438\u044f \u042d\u043a\u0441\u043f\u043e\u0437\u0438\u0446\u0438\u044f ToleranzR\u00e4ume \u043e\u0444\u043e\u0440\u043c\u043b\u0435\u043d\u0430 \u0432 \u0432\u0438\u0434\u0435 \u043a\u0440\u0430\u0441\u043e\u0447\u043d\u044b\u0445 \u0432\u044b\u0441\u0442\u0430\u0432\u043e\u0447\u043d\u044b\u0445 \u043a\u043e\u043d\u0442\u0435\u0439\u043d\u0435\u0440\u043e\u0432, \u043a\u043e\u0442\u043e\u0440\u044b\u0435 \u0440\u0430\u0441\u043f\u043e\u043b\u0430\u0433\u0430\u044e\u0442\u0441\u044f \u0432 \u043e\u0436\u0438\u0432\u043b\u0435\u043d\u043d\u044b\u0445 \u043c\u0435\u0441\u0442\u0430\u0445 \u043d\u0435\u043c\u0435\u0446\u043a\u0438\u0445 \u0441\u043e\u043e\u0431\u0449\u0435\u0441\u0442\u0432. \u0415\u0435 \u0446\u0435\u043b\u044c \u2014 \u043f\u043e\u0437\u0432\u043e\u043b\u0438\u0442\u044c \u0430\u0443\u0434\u0438\u0442\u043e\u0440\u0438\u0438 \u043f\u043e-\u043d\u043e\u0432\u043e\u043c\u0443 \u0432\u0437\u0433\u043b\u044f\u043d\u0443\u0442\u044c \u043d\u0430 \u0442\u0435\u043c\u0443 \u0442\u043e\u043b\u0435\u0440\u0430\u043d\u0442\u043d\u043e\u0441\u0442\u0438 \u0438 \u043d\u0430 \u0436\u0438\u0437\u043d\u0435\u043d\u043d\u044b\u0435 \u043c\u0438\u0440\u044b \u0434\u0440\u0443\u0433\u0438\u0445 \u043b\u044e\u0434\u0435\u0439. \u0412\u0435\u0434\u044c \u0441\u043e\u0441\u0442\u0440\u0430\u0434\u0430\u043d\u0438\u0435 \u044f\u0432\u043b\u044f\u0435\u0442\u0441\u044f \u043f\u0440\u043e\u0438\u0437\u0432\u043e\u0434\u043d\u044b\u043c \u043e\u0442 \u043f\u043e\u043d\u0438\u043c\u0430\u043d\u0438\u044f. \u041f\u043e\u043d\u0438\u043c\u0430\u043d\u0438\u0435 \u2014 \u044d\u0442\u043e \u043e\u0441\u043d\u043e\u0432\u0430 \u0432\u0437\u0430\u0438\u043c\u043e\u0443\u0432\u0430\u0436\u0435\u043d\u0438\u044f ToleranzR\u00e4ume \u042d\u043a\u0441\u043f\u043e\u0437\u0438\u0446\u0438\u044f \u0432 \u043f\u0443\u0431\u043b\u0438\u0447\u043d\u043e\u043c \u043f\u0440\u043e\u0441\u0442\u0440\u0430\u043d\u0441\u0442\u0432\u0435 \u041e\u0431\u0449\u0435\u0441\u0442\u0432\u043e \u043c\u043e\u0436\u0435\u0442 \u0444\u0443\u043d\u043a\u0446\u0438\u043e\u043d\u0438\u0440\u043e\u0432\u0430\u0442\u044c \u0442\u043e\u043b\u044c\u043a\u043e \u0442\u043e\u0433\u0434\u0430, \u043a\u043e\u0433\u0434\u0430 \u0435\u0433\u043e [&hellip;]<\/p>\n","protected":false},"author":4,"featured_media":0,"parent":21442,"menu_order":0,"comment_status":"closed","ping_status":"closed","template":"","meta":{"site-sidebar-layout":"no-sidebar","site-content-layout":"page-builder","ast-site-content-layout":"default","site-content-style":"default","site-sidebar-style":"default","ast-global-header-display":"","ast-banner-title-visibility":"","ast-main-header-display":"","ast-hfb-above-header-display":"","ast-hfb-below-header-display":"","ast-hfb-mobile-header-display":"","site-post-title":"disabled","ast-breadcrumbs-content":"","ast-featured-img":"disabled","footer-sml-layout":"","theme-transparent-header-meta":"","adv-header-id-meta":"","stick-header-meta":"","header-above-stick-meta":"","header-main-stick-meta":"","header-below-stick-meta":"","astra-migrate-meta-layouts":"default","ast-page-background-enabled":"default","ast-page-background-meta":{"desktop":{"background-color":"","background-image":"","background-repeat":"repeat","background-position":"center center","background-size":"auto","background-attachment":"scroll","background-type":"","background-media":"","overlay-type":"","overlay-color":"","overlay-opacity":"","overlay-gradient":""},"tablet":{"background-color":"","background-image":"","background-repeat":"repeat","background-position":"center center","background-size":"auto","background-attachment":"scroll","background-type":"","background-media":"","overlay-type":"","overlay-color":"","overlay-opacity":"","overlay-gradient":""},"mobile":{"background-color":"","background-image":"","background-repeat":"repeat","background-position":"center center","background-size":"auto","background-attachment":"scroll","background-type":"","background-media":"","overlay-type":"","overlay-color":"","overlay-opacity":"","overlay-gradient":""}},"ast-content-background-meta":{"desktop":{"background-color":"var(--ast-global-color-5)","background-image":"","background-repeat":"repeat","background-position":"center center","background-size":"auto","background-attachment":"scroll","background-type":"","background-media":"","overlay-type":"","overlay-color":"","overlay-opacity":"","overlay-gradient":""},"tablet":{"background-color":"var(--ast-global-color-5)","background-image":"","background-repeat":"repeat","background-position":"center center","background-size":"auto","background-attachment":"scroll","background-type":"","background-media":"","overlay-type":"","overlay-color":"","overlay-opacity":"","overlay-gradient":""},"mobile":{"background-color":"var(--ast-global-color-5)","background-image":"","background-repeat":"repeat","background-position":"center center","background-size":"auto","background-attachment":"scroll","background-type":"","background-media":"","overlay-type":"","overlay-color":"","overlay-opacity":"","overlay-gradient":""}},"footnotes":""},"class_list":["post-21447","page","type-page","status-publish","hentry"],"_links":{"self":[{"href":"https:\/\/www.toleranzraeume.org\/ru\/wp-json\/wp\/v2\/pages\/21447","targetHints":{"allow":["GET"]}}],"collection":[{"href":"https:\/\/www.toleranzraeume.org\/ru\/wp-json\/wp\/v2\/pages"}],"about":[{"href":"https:\/\/www.toleranzraeume.org\/ru\/wp-json\/wp\/v2\/types\/page"}],"author":[{"embeddable":true,"href":"https:\/\/www.toleranzraeume.org\/ru\/wp-json\/wp\/v2\/users\/4"}],"replies":[{"embeddable":true,"href":"https:\/\/www.toleranzraeume.org\/ru\/wp-json\/wp\/v2\/comments?post=21447"}],"version-history":[{"count":4,"href":"https:\/\/www.toleranzraeume.org\/ru\/wp-json\/wp\/v2\/pages\/21447\/revisions"}],"predecessor-version":[{"id":22108,"href":"https:\/\/www.toleranzraeume.org\/ru\/wp-json\/wp\/v2\/pages\/21447\/revisions\/22108"}],"up":[{"embeddable":true,"href":"https:\/\/www.toleranzraeume.org\/ru\/wp-json\/wp\/v2\/pages\/21442"}],"wp:attachment":[{"href":"https:\/\/www.toleranzraeume.org\/ru\/wp-json\/wp\/v2\/media?parent=21447"}],"curies":[{"name":"wp","href":"https:\/\/api.w.org\/{rel}","templated":true}]}}