{"id":21676,"date":"2023-03-22T11:07:54","date_gmt":"2023-03-22T10:07:54","guid":{"rendered":"https:\/\/www.toleranzraeume.org\/esther-bejarano\/"},"modified":"2024-05-15T13:39:48","modified_gmt":"2024-05-15T11:39:48","slug":"esther-bejarano","status":"publish","type":"page","link":"https:\/\/www.toleranzraeume.org\/tr\/esther-bejarano\/","title":{"rendered":"Esther Bejarano"},"content":{"rendered":"\t\t<div data-elementor-type=\"wp-page\" data-elementor-id=\"21676\" class=\"elementor elementor-21676 elementor-8355\" data-elementor-post-type=\"page\">\n\t\t\t\t\t\t<section class=\"elementor-section elementor-top-section elementor-element elementor-element-388b6d60 elementor-section-boxed elementor-section-height-default elementor-section-height-default\" data-id=\"388b6d60\" data-element_type=\"section\" data-settings=\"{&quot;background_background&quot;:&quot;classic&quot;}\">\n\t\t\t\t\t\t<div class=\"elementor-container elementor-column-gap-default\">\n\t\t\t\t\t<div class=\"elementor-column elementor-col-100 elementor-top-column elementor-element elementor-element-a155193\" data-id=\"a155193\" data-element_type=\"column\">\n\t\t\t<div class=\"elementor-widget-wrap elementor-element-populated\">\n\t\t\t\t\t\t<div class=\"elementor-element elementor-element-3aeb2d8f elementor-widget elementor-widget-heading\" data-id=\"3aeb2d8f\" data-element_type=\"widget\" data-widget_type=\"heading.default\">\n\t\t\t\t<div class=\"elementor-widget-container\">\n\t\t\t\t\t<h1 class=\"elementor-heading-title elementor-size-default\">Esther Bejarano<\/h1>\t\t\t\t<\/div>\n\t\t\t\t<\/div>\n\t\t\t\t<div class=\"elementor-element elementor-element-629944c8 elementor-widget elementor-widget-heading\" data-id=\"629944c8\" data-element_type=\"widget\" data-widget_type=\"heading.default\">\n\t\t\t\t<div class=\"elementor-widget-container\">\n\t\t\t\t\t<h2 class=\"elementor-heading-title elementor-size-default\">(do\u011fum: 1924, Saarlouis \u2013 \u00f6l\u00fcm: 2021, Hamburg)<\/h2>\t\t\t\t<\/div>\n\t\t\t\t<\/div>\n\t\t\t\t\t<\/div>\n\t\t<\/div>\n\t\t\t\t\t<\/div>\n\t\t<\/section>\n\t\t\t\t<section class=\"elementor-section elementor-top-section elementor-element elementor-element-76399e9a elementor-reverse-mobile elementor-section-boxed elementor-section-height-default elementor-section-height-default\" data-id=\"76399e9a\" data-element_type=\"section\">\n\t\t\t\t\t\t<div class=\"elementor-container elementor-column-gap-default\">\n\t\t\t\t\t<div class=\"elementor-column elementor-col-66 elementor-top-column elementor-element elementor-element-4d3e5910\" data-id=\"4d3e5910\" data-element_type=\"column\">\n\t\t\t<div class=\"elementor-widget-wrap elementor-element-populated\">\n\t\t\t\t\t\t<div class=\"elementor-element elementor-element-6ef0429a elementor-widget elementor-widget-heading\" data-id=\"6ef0429a\" data-element_type=\"widget\" data-widget_type=\"heading.default\">\n\t\t\t\t<div class=\"elementor-widget-container\">\n\t\t\t\t\t<h2 class=\"elementor-heading-title elementor-size-default\">\u201cHaks\u0131zl\u0131k g\u00f6rd\u00fc\u011f\u00fcn\u00fczde bir daha asla susmay\u0131n. Dayan\u0131\u015f\u0131n! Birbirinize yard\u0131m edin! En zay\u0131flar\u0131 kollay\u0131n! Cesur kal\u0131n! Gen\u00e7li\u011fe g\u00fcveniyorum, size g\u00fcveniyorum! Fa\u015fizme hay\u0131r \u2013 sava\u015fa hay\u0131r!\u201c<\/h2>\t\t\t\t<\/div>\n\t\t\t\t<\/div>\n\t\t\t\t<div class=\"elementor-element elementor-element-241626cd elementor-widget elementor-widget-text-editor\" data-id=\"241626cd\" data-element_type=\"widget\" data-widget_type=\"text-editor.default\">\n\t\t\t\t<div class=\"elementor-widget-container\">\n\t\t\t\t\t\t\t\t\t<p>Esther Bejarano, Auschwitz\u2019ten kurtuldu, ya\u015fl\u0131l\u0131\u011f\u0131na kadar fa\u015fizmle sava\u015ft\u0131 ve \u2018Sa\u011fa kar\u015f\u0131 Rap\u2019i ke\u015ffetti.<\/p>\n<p>&nbsp;<\/p>\n<p>Esther Bejarano, 1920\u2019li y\u0131llar\u0131n ortas\u0131nda bir Alman Yahudi ailesinde do\u011fdu. Naziler iktidara geldiklerinde babas\u0131 Rudolf Loewy, Adolf Hitler\u2019in uzun s\u00fcre iktidara tutunamayaca\u011f\u0131na ve fa\u015fizm hayaletinin yak\u0131nda ortadan kaybolaca\u011f\u0131na inan\u0131yordu. \u0130ki b\u00fcy\u00fck karde\u015fi 1937\u2019de Filistin ve ABD\u2019ye ka\u00e7arken Bejarano anne babas\u0131yla Almanya\u2019da kald\u0131. Ne var ki Alman Yahudilerinin durumu gittik\u00e7e zorla\u015f\u0131yordu. K\u0131sa bir s\u00fcre sonra da art\u0131k \u00fclkeden \u00e7\u0131kmak imk\u00e2ns\u0131z hale gelmi\u015fti. 1939\u2019da Bejarano\u2019nun anne babas\u0131 Kowno\u2019da Naziler taraf\u0131ndan katledildi.<\/p>\n<p>&nbsp;<\/p>\n<p>20 Nisan April 1943\u2019te Esther Bejarano Berlin\u2019den Auschwitz\u2019e g\u00f6nderildi ve orada koluna 41948 mahpus numaras\u0131yla damgaland\u0131. Burada blok ba\u015fkan\u0131 i\u00e7in m\u00fczik yapmak zorunda kal\u0131nca \u201cK\u0131zlar Orkestras\u0131na\u201d al\u0131nd\u0131. Sonunda Naziler onu Auschwitz\u2019ten Ravensbr\u00fcck Toplama Kamp\u0131na, oradan da sava\u015f sona ermeden k\u0131sa bir s\u00fcre \u00f6nce \u00f6l\u00fcm mar\u015f\u0131na g\u00f6nderdi. 3 May\u0131s 1945\u2019te Esther Bejarano Amerikan askerleri taraf\u0131ndan kurtar\u0131ld\u0131 ve daha o y\u0131l \u0130srail\u2019e g\u00f6\u00e7 etti. 1960\u2019ta Almanya\u2019ya d\u00f6nd\u00fc ve Hamburg\u2019a yerle\u015fti. Burada \u201cNazi Rejimi Zulm\u00fcne U\u011frayanlar Derne\u011fi \u2013 Antifa\u015fistler Birli\u011fine (VVN-BdA)\u201d kat\u0131larak fa\u015fizmle m\u00fccadele etti.<\/p>\n<p>&nbsp;<\/p>\n<p>K\u00f6lnl\u00fc rap grubu \u201cMicrophone Mafia\u201d ile birlikte 2012\u2019de \u201cper la vita\u201d alb\u00fcm\u00fcn\u00fc, k\u0131sa bir s\u00fcre sonra da ikinci alb\u00fcm\u00fcn\u00fc kaydetti. \u00dc\u00e7 y\u0131l i\u00e7inde grup 150\u2019den fazla konser verdi. Esther Bejarano, 10 Temmuz 2021\u2019de yan\u0131nda ailesi ve arkada\u015flar\u0131 varken \u00f6ld\u00fc.<\/p>\n<p>&nbsp;<\/p>\n\t\t\t\t\t\t\t\t<\/div>\n\t\t\t\t<\/div>\n\t\t\t\t<div class=\"elementor-element elementor-element-776f9e49 elementor-widget elementor-widget-text-editor\" data-id=\"776f9e49\" data-element_type=\"widget\" data-widget_type=\"text-editor.default\">\n\t\t\t\t<div class=\"elementor-widget-container\">\n\t\t\t\t\t\t\t\t\t<p>Hein, F. ve Stoll, S.: Ihre Stimme wird uns fehlen (Sesini \u00f6zleyece\u011fiz), \u015funun i\u00e7inde: J\u00fcdische Allgemeine, 10.07.2021.<\/p>\n\t\t\t\t\t\t\t\t<\/div>\n\t\t\t\t<\/div>\n\t\t\t\t\t<\/div>\n\t\t<\/div>\n\t\t\t\t<div class=\"elementor-column elementor-col-33 elementor-top-column elementor-element elementor-element-7c492a8f\" data-id=\"7c492a8f\" data-element_type=\"column\">\n\t\t\t<div class=\"elementor-widget-wrap elementor-element-populated\">\n\t\t\t\t\t\t<div class=\"elementor-element elementor-element-55e64ae1 elementor-widget elementor-widget-image\" data-id=\"55e64ae1\" data-element_type=\"widget\" data-widget_type=\"image.default\">\n\t\t\t\t<div class=\"elementor-widget-container\">\n\t\t\t\t\t\t\t\t\t\t\t\t<figure class=\"wp-caption\">\n\t\t\t\t\t\t\t\t\t\t<img fetchpriority=\"high\" decoding=\"async\" width=\"500\" height=\"625\" src=\"https:\/\/www.toleranzraeume.org\/wp-content\/uploads\/2023\/03\/Esther-Bejarano.jpg\" class=\"attachment-large size-large wp-image-16196\" alt=\"\" srcset=\"https:\/\/www.toleranzraeume.org\/wp-content\/uploads\/2023\/03\/Esther-Bejarano.jpg 500w, https:\/\/www.toleranzraeume.org\/wp-content\/uploads\/2023\/03\/Esther-Bejarano-240x300.jpg 240w\" sizes=\"(max-width: 500px) 100vw, 500px\" \/>\t\t\t\t\t\t\t\t\t\t\t<figcaption class=\"widget-image-caption wp-caption-text\">Credits: Senatskanzlei Hamburg<\/figcaption>\n\t\t\t\t\t\t\t\t\t\t<\/figure>\n\t\t\t\t\t\t\t\t\t<\/div>\n\t\t\t\t<\/div>\n\t\t\t\t\t<\/div>\n\t\t<\/div>\n\t\t\t\t\t<\/div>\n\t\t<\/section>\n\t\t\t\t<\/div>\n\t\t","protected":false},"excerpt":{"rendered":"<p>Esther Bejarano (do\u011fum: 1924, Saarlouis \u2013 \u00f6l\u00fcm: 2021, Hamburg) \u201cHaks\u0131zl\u0131k g\u00f6rd\u00fc\u011f\u00fcn\u00fczde bir daha asla susmay\u0131n. Dayan\u0131\u015f\u0131n! Birbirinize yard\u0131m edin! En zay\u0131flar\u0131 kollay\u0131n! Cesur kal\u0131n! Gen\u00e7li\u011fe g\u00fcveniyorum, size g\u00fcveniyorum! Fa\u015fizme hay\u0131r \u2013 sava\u015fa hay\u0131r!\u201c Esther Bejarano, Auschwitz\u2019ten kurtuldu, ya\u015fl\u0131l\u0131\u011f\u0131na kadar fa\u015fizmle sava\u015ft\u0131 ve \u2018Sa\u011fa kar\u015f\u0131 Rap\u2019i ke\u015ffetti. &nbsp; Esther Bejarano, 1920\u2019li y\u0131llar\u0131n ortas\u0131nda bir Alman Yahudi [&hellip;]<\/p>\n","protected":false},"author":28,"featured_media":0,"parent":0,"menu_order":0,"comment_status":"closed","ping_status":"closed","template":"","meta":{"site-sidebar-layout":"no-sidebar","site-content-layout":"page-builder","ast-site-content-layout":"default","site-content-style":"default","site-sidebar-style":"default","ast-global-header-display":"","ast-banner-title-visibility":"","ast-main-header-display":"","ast-hfb-above-header-display":"","ast-hfb-below-header-display":"","ast-hfb-mobile-header-display":"","site-post-title":"disabled","ast-breadcrumbs-content":"","ast-featured-img":"disabled","footer-sml-layout":"","theme-transparent-header-meta":"","adv-header-id-meta":"","stick-header-meta":"","header-above-stick-meta":"","header-main-stick-meta":"","header-below-stick-meta":"","astra-migrate-meta-layouts":"default","ast-page-background-enabled":"default","ast-page-background-meta":{"desktop":{"background-color":"","background-image":"","background-repeat":"repeat","background-position":"center center","background-size":"auto","background-attachment":"scroll","background-type":"","background-media":"","overlay-type":"","overlay-color":"","overlay-opacity":"","overlay-gradient":""},"tablet":{"background-color":"","background-image":"","background-repeat":"repeat","background-position":"center center","background-size":"auto","background-attachment":"scroll","background-type":"","background-media":"","overlay-type":"","overlay-color":"","overlay-opacity":"","overlay-gradient":""},"mobile":{"background-color":"","background-image":"","background-repeat":"repeat","background-position":"center center","background-size":"auto","background-attachment":"scroll","background-type":"","background-media":"","overlay-type":"","overlay-color":"","overlay-opacity":"","overlay-gradient":""}},"ast-content-background-meta":{"desktop":{"background-color":"var(--ast-global-color-5)","background-image":"","background-repeat":"repeat","background-position":"center center","background-size":"auto","background-attachment":"scroll","background-type":"","background-media":"","overlay-type":"","overlay-color":"","overlay-opacity":"","overlay-gradient":""},"tablet":{"background-color":"var(--ast-global-color-5)","background-image":"","background-repeat":"repeat","background-position":"center center","background-size":"auto","background-attachment":"scroll","background-type":"","background-media":"","overlay-type":"","overlay-color":"","overlay-opacity":"","overlay-gradient":""},"mobile":{"background-color":"var(--ast-global-color-5)","background-image":"","background-repeat":"repeat","background-position":"center center","background-size":"auto","background-attachment":"scroll","background-type":"","background-media":"","overlay-type":"","overlay-color":"","overlay-opacity":"","overlay-gradient":""}},"footnotes":""},"class_list":["post-21676","page","type-page","status-publish","hentry"],"_links":{"self":[{"href":"https:\/\/www.toleranzraeume.org\/tr\/wp-json\/wp\/v2\/pages\/21676","targetHints":{"allow":["GET"]}}],"collection":[{"href":"https:\/\/www.toleranzraeume.org\/tr\/wp-json\/wp\/v2\/pages"}],"about":[{"href":"https:\/\/www.toleranzraeume.org\/tr\/wp-json\/wp\/v2\/types\/page"}],"author":[{"embeddable":true,"href":"https:\/\/www.toleranzraeume.org\/tr\/wp-json\/wp\/v2\/users\/28"}],"replies":[{"embeddable":true,"href":"https:\/\/www.toleranzraeume.org\/tr\/wp-json\/wp\/v2\/comments?post=21676"}],"version-history":[{"count":1,"href":"https:\/\/www.toleranzraeume.org\/tr\/wp-json\/wp\/v2\/pages\/21676\/revisions"}],"predecessor-version":[{"id":21677,"href":"https:\/\/www.toleranzraeume.org\/tr\/wp-json\/wp\/v2\/pages\/21676\/revisions\/21677"}],"wp:attachment":[{"href":"https:\/\/www.toleranzraeume.org\/tr\/wp-json\/wp\/v2\/media?parent=21676"}],"curies":[{"name":"wp","href":"https:\/\/api.w.org\/{rel}","templated":true}]}}