{"id":21743,"date":"2023-03-22T12:02:22","date_gmt":"2023-03-22T11:02:22","guid":{"rendered":"https:\/\/www.toleranzraeume.org\/alexander-bojcan\/"},"modified":"2024-05-16T09:06:18","modified_gmt":"2024-05-16T07:06:18","slug":"alexander-bojcan","status":"publish","type":"page","link":"https:\/\/www.toleranzraeume.org\/tr\/alexander-bojcan\/","title":{"rendered":"Alexander Bojcan"},"content":{"rendered":"\t\t<div data-elementor-type=\"wp-page\" data-elementor-id=\"21743\" class=\"elementor elementor-21743 elementor-8419\" data-elementor-post-type=\"page\">\n\t\t\t\t\t\t<section class=\"elementor-section elementor-top-section elementor-element elementor-element-74a6f265 elementor-section-boxed elementor-section-height-default elementor-section-height-default\" data-id=\"74a6f265\" data-element_type=\"section\" data-settings=\"{&quot;background_background&quot;:&quot;classic&quot;}\">\n\t\t\t\t\t\t<div class=\"elementor-container elementor-column-gap-default\">\n\t\t\t\t\t<div class=\"elementor-column elementor-col-100 elementor-top-column elementor-element elementor-element-53769ebc\" data-id=\"53769ebc\" data-element_type=\"column\">\n\t\t\t<div class=\"elementor-widget-wrap elementor-element-populated\">\n\t\t\t\t\t\t<div class=\"elementor-element elementor-element-6df99442 elementor-widget elementor-widget-heading\" data-id=\"6df99442\" data-element_type=\"widget\" data-widget_type=\"heading.default\">\n\t\t\t\t<div class=\"elementor-widget-container\">\n\t\t\t\t\t<h1 class=\"elementor-heading-title elementor-size-default\">Alexander Bojcan<\/h1>\t\t\t\t<\/div>\n\t\t\t\t<\/div>\n\t\t\t\t<div class=\"elementor-element elementor-element-33eab60f elementor-widget elementor-widget-heading\" data-id=\"33eab60f\" data-element_type=\"widget\" data-widget_type=\"heading.default\">\n\t\t\t\t<div class=\"elementor-widget-container\">\n\t\t\t\t\t<h2 class=\"elementor-heading-title elementor-size-default\">(do\u011fum: 1974, Bat\u0131 Berlin)<\/h2>\t\t\t\t<\/div>\n\t\t\t\t<\/div>\n\t\t\t\t\t<\/div>\n\t\t<\/div>\n\t\t\t\t\t<\/div>\n\t\t<\/section>\n\t\t\t\t<section class=\"elementor-section elementor-top-section elementor-element elementor-element-51860526 elementor-reverse-mobile elementor-section-boxed elementor-section-height-default elementor-section-height-default\" data-id=\"51860526\" data-element_type=\"section\">\n\t\t\t\t\t\t<div class=\"elementor-container elementor-column-gap-default\">\n\t\t\t\t\t<div class=\"elementor-column elementor-col-66 elementor-top-column elementor-element elementor-element-62457f6b\" data-id=\"62457f6b\" data-element_type=\"column\">\n\t\t\t<div class=\"elementor-widget-wrap elementor-element-populated\">\n\t\t\t\t\t\t<div class=\"elementor-element elementor-element-56fc4705 elementor-widget elementor-widget-heading\" data-id=\"56fc4705\" data-element_type=\"widget\" data-widget_type=\"heading.default\">\n\t\t\t\t<div class=\"elementor-widget-container\">\n\t\t\t\t\t<h2 class=\"elementor-heading-title elementor-size-default\">\u201cOtuz y\u0131l depresyondayd\u0131m. Bununla ya\u015famam gerekiyor. Bu ger\u00e7e\u011fi gizlemeye de hi\u00e7 niyetim yok.\u201d<\/h2>\t\t\t\t<\/div>\n\t\t\t\t<\/div>\n\t\t\t\t<div class=\"elementor-element elementor-element-735d2a4 elementor-widget elementor-widget-text-editor\" data-id=\"735d2a4\" data-element_type=\"widget\" data-widget_type=\"text-editor.default\">\n\t\t\t\t<div class=\"elementor-widget-container\">\n\t\t\t\t\t\t\t\t\t<p>Alexander Bojcan, sanat\u00e7\u0131 ve birey olarak sadece d\u00fcnyaya a\u00e7\u0131k bir Almanya\u2019y\u0131 savunmuyor, ayn\u0131 zamanda depresyon gibi tabu bir konuyla nas\u0131l ilgilenildi\u011fini de sorguluyor.<\/p>\n<p>&nbsp;<\/p>\n<p>\u00d6zellikle sanat ki\u015fili\u011fi Kurt Kr\u00f6mer olarak tan\u0131nan Alexander Bojcan, komedyen, oyuncu ve yazar olarak Alman televizyonunda e\u011flence programlar\u0131n\u0131n en ba\u015far\u0131l\u0131 sanat\u00e7\u0131lar\u0131ndan biridir. Bir i\u015f\u00e7i ailesinin o\u011flu olarak Bat\u0131 Berlin\u2019in Neuk\u00f6lln ve Wedding semtlerinde b\u00fcy\u00fcd\u00fc. Meslek e\u011fitimine, bir erkek konfeksiyonu ve temizlik \u015firketinde ba\u015flad\u0131ktan sonra komediye olan tutkusunu ke\u015ffetti. Ekibiyle birlikte, bir\u00e7ok \u00f6d\u00fcl alan \u201cChez Kr\u00f6mer\u201d TV format\u0131yla mizahi ve toplumsal ele\u015ftiri yapan bir platform yaratt\u0131. Bu platformda bir\u00e7ok \u00fcnl\u00fc, siyaset\u00e7i ve sanat\u00e7\u0131 misafiri hi\u00e7 beklenmedik \u015fekillerde kendi z\u0131tl\u0131klar\u0131yla y\u00fczle\u015fiyorlar.<\/p>\n<p>Kurt Kr\u00f6mer karakteri ile insan Alexander Bojcan i\u00e7 i\u00e7e ge\u00e7iyor ve b\u00f6ylece bu ki\u015fi kli\u015feleri sorguluyor, ayr\u0131mc\u0131, \u0131rk\u00e7\u0131 ve e\u015fcinsellik d\u00fc\u015fman\u0131 fikirlerin kar\u015f\u0131s\u0131na konumlan\u0131rken insanlar\u0131 tahrik ediyor.<\/p>\n<p>Komedyen ve tek ba\u015f\u0131na \u00e7ocuk yeti\u015ftiren bir baba olarak, kendisi de y\u0131llarca depresyonla ya\u015fayan Bojcan, etki alan\u0131n\u0131 bu konuyu daha fazla kamuoyunun g\u00fcndemine sokmak i\u00e7in kullan\u0131yor. \u201cDu darfst nicht alles glauben, was Du denkst: Meine Depression\u201d (D\u00fc\u015f\u00fcnd\u00fc\u011f\u00fcn her \u015feye inanmamal\u0131s\u0131n: Depresyonum) adl\u0131 kitab\u0131nda engellerle dolu, tedaviye ba\u015flad\u0131\u011f\u0131nda ancak iyile\u015fmeye ba\u015flad\u0131\u011f\u0131n\u0131 anlat\u0131yor. Amac\u0131 ayn\u0131 durumda olan ba\u015fkalar\u0131n\u0131 te\u015fvik edip cesaretlendirmek.<\/p>\n<p>&nbsp;<\/p>\n<p>Yeni podcast\u2019\u0131 \u201cFeelings\u201dte (Duygular) kim oldu\u011funu bilmedi\u011fi misafirlerle bulu\u015farak bir kez daha samimi, anl\u0131k ve \u00f6zg\u00fcn diyaloglara giriyor.<\/p>\n\t\t\t\t\t\t\t\t<\/div>\n\t\t\t\t<\/div>\n\t\t\t\t<div class=\"elementor-element elementor-element-47e75dd7 elementor-widget elementor-widget-text-editor\" data-id=\"47e75dd7\" data-element_type=\"widget\" data-widget_type=\"text-editor.default\">\n\t\t\t\t<div class=\"elementor-widget-container\">\n\t\t\t\t\t\t\t\t\t<p>*\u00a0<a href=\"https:\/\/www.swr.de\/swr2\/literatur\/kurt-kroemer-spricht-ueber-seine-depression-100.html\" rel=\"nofollow noopener\" target=\"_blank\"><span data-contrast=\"auto\">https:\/\/www.swr.de\/swr2\/literatur\/kurt-kroemer-spricht-ueber-seine-depression-100.html<\/span><\/a><span data-contrast=\"auto\">\u00a0<\/span><span data-ccp-props=\"{&quot;201341983&quot;:0,&quot;335559740&quot;:257}\">\u00a0<\/span><\/p>\n\t\t\t\t\t\t\t\t<\/div>\n\t\t\t\t<\/div>\n\t\t\t\t\t<\/div>\n\t\t<\/div>\n\t\t\t\t<div class=\"elementor-column elementor-col-33 elementor-top-column elementor-element elementor-element-48844b57\" data-id=\"48844b57\" data-element_type=\"column\">\n\t\t\t<div class=\"elementor-widget-wrap elementor-element-populated\">\n\t\t\t\t\t\t<div class=\"elementor-element elementor-element-18c75f37 elementor-widget elementor-widget-image\" data-id=\"18c75f37\" data-element_type=\"widget\" data-widget_type=\"image.default\">\n\t\t\t\t<div class=\"elementor-widget-container\">\n\t\t\t\t\t\t\t\t\t\t\t\t<figure class=\"wp-caption\">\n\t\t\t\t\t\t\t\t\t\t<img fetchpriority=\"high\" decoding=\"async\" width=\"500\" height=\"750\" src=\"https:\/\/www.toleranzraeume.org\/wp-content\/uploads\/2023\/03\/alexander-bojcan.jpg\" class=\"attachment-large size-large wp-image-16203\" alt=\"\" srcset=\"https:\/\/www.toleranzraeume.org\/wp-content\/uploads\/2023\/03\/alexander-bojcan.jpg 500w, https:\/\/www.toleranzraeume.org\/wp-content\/uploads\/2023\/03\/alexander-bojcan-200x300.jpg 200w\" sizes=\"(max-width: 500px) 100vw, 500px\" \/>\t\t\t\t\t\t\t\t\t\t\t<figcaption class=\"widget-image-caption wp-caption-text\">Credits: Urban Zintel <\/figcaption>\n\t\t\t\t\t\t\t\t\t\t<\/figure>\n\t\t\t\t\t\t\t\t\t<\/div>\n\t\t\t\t<\/div>\n\t\t\t\t\t<\/div>\n\t\t<\/div>\n\t\t\t\t\t<\/div>\n\t\t<\/section>\n\t\t\t\t<\/div>\n\t\t","protected":false},"excerpt":{"rendered":"<p>Alexander Bojcan (do\u011fum: 1974, Bat\u0131 Berlin) \u201cOtuz y\u0131l depresyondayd\u0131m. Bununla ya\u015famam gerekiyor. Bu ger\u00e7e\u011fi gizlemeye de hi\u00e7 niyetim yok.\u201d Alexander Bojcan, sanat\u00e7\u0131 ve birey olarak sadece d\u00fcnyaya a\u00e7\u0131k bir Almanya\u2019y\u0131 savunmuyor, ayn\u0131 zamanda depresyon gibi tabu bir konuyla nas\u0131l ilgilenildi\u011fini de sorguluyor. &nbsp; \u00d6zellikle sanat ki\u015fili\u011fi Kurt Kr\u00f6mer olarak tan\u0131nan Alexander Bojcan, komedyen, oyuncu ve [&hellip;]<\/p>\n","protected":false},"author":28,"featured_media":0,"parent":0,"menu_order":0,"comment_status":"closed","ping_status":"closed","template":"","meta":{"site-sidebar-layout":"no-sidebar","site-content-layout":"page-builder","ast-site-content-layout":"default","site-content-style":"default","site-sidebar-style":"default","ast-global-header-display":"","ast-banner-title-visibility":"","ast-main-header-display":"","ast-hfb-above-header-display":"","ast-hfb-below-header-display":"","ast-hfb-mobile-header-display":"","site-post-title":"disabled","ast-breadcrumbs-content":"","ast-featured-img":"disabled","footer-sml-layout":"","theme-transparent-header-meta":"","adv-header-id-meta":"","stick-header-meta":"","header-above-stick-meta":"","header-main-stick-meta":"","header-below-stick-meta":"","astra-migrate-meta-layouts":"default","ast-page-background-enabled":"default","ast-page-background-meta":{"desktop":{"background-color":"","background-image":"","background-repeat":"repeat","background-position":"center center","background-size":"auto","background-attachment":"scroll","background-type":"","background-media":"","overlay-type":"","overlay-color":"","overlay-opacity":"","overlay-gradient":""},"tablet":{"background-color":"","background-image":"","background-repeat":"repeat","background-position":"center center","background-size":"auto","background-attachment":"scroll","background-type":"","background-media":"","overlay-type":"","overlay-color":"","overlay-opacity":"","overlay-gradient":""},"mobile":{"background-color":"","background-image":"","background-repeat":"repeat","background-position":"center center","background-size":"auto","background-attachment":"scroll","background-type":"","background-media":"","overlay-type":"","overlay-color":"","overlay-opacity":"","overlay-gradient":""}},"ast-content-background-meta":{"desktop":{"background-color":"var(--ast-global-color-5)","background-image":"","background-repeat":"repeat","background-position":"center center","background-size":"auto","background-attachment":"scroll","background-type":"","background-media":"","overlay-type":"","overlay-color":"","overlay-opacity":"","overlay-gradient":""},"tablet":{"background-color":"var(--ast-global-color-5)","background-image":"","background-repeat":"repeat","background-position":"center center","background-size":"auto","background-attachment":"scroll","background-type":"","background-media":"","overlay-type":"","overlay-color":"","overlay-opacity":"","overlay-gradient":""},"mobile":{"background-color":"var(--ast-global-color-5)","background-image":"","background-repeat":"repeat","background-position":"center center","background-size":"auto","background-attachment":"scroll","background-type":"","background-media":"","overlay-type":"","overlay-color":"","overlay-opacity":"","overlay-gradient":""}},"footnotes":""},"class_list":["post-21743","page","type-page","status-publish","hentry"],"_links":{"self":[{"href":"https:\/\/www.toleranzraeume.org\/tr\/wp-json\/wp\/v2\/pages\/21743","targetHints":{"allow":["GET"]}}],"collection":[{"href":"https:\/\/www.toleranzraeume.org\/tr\/wp-json\/wp\/v2\/pages"}],"about":[{"href":"https:\/\/www.toleranzraeume.org\/tr\/wp-json\/wp\/v2\/types\/page"}],"author":[{"embeddable":true,"href":"https:\/\/www.toleranzraeume.org\/tr\/wp-json\/wp\/v2\/users\/28"}],"replies":[{"embeddable":true,"href":"https:\/\/www.toleranzraeume.org\/tr\/wp-json\/wp\/v2\/comments?post=21743"}],"version-history":[{"count":1,"href":"https:\/\/www.toleranzraeume.org\/tr\/wp-json\/wp\/v2\/pages\/21743\/revisions"}],"predecessor-version":[{"id":21744,"href":"https:\/\/www.toleranzraeume.org\/tr\/wp-json\/wp\/v2\/pages\/21743\/revisions\/21744"}],"wp:attachment":[{"href":"https:\/\/www.toleranzraeume.org\/tr\/wp-json\/wp\/v2\/media?parent=21743"}],"curies":[{"name":"wp","href":"https:\/\/api.w.org\/{rel}","templated":true}]}}